{"id":9283,"date":"2021-11-12T12:15:52","date_gmt":"2021-11-12T12:15:52","guid":{"rendered":"https:\/\/www.stjb-delasalle.fr\/site\/?page_id=9283"},"modified":"2023-02-03T19:55:52","modified_gmt":"2023-02-03T19:55:52","slug":"galerie-dart-2019-2020","status":"publish","type":"page","link":"https:\/\/www.stjb-delasalle.fr\/site\/galerie-dart-2019-2020\/","title":{"rendered":"Programmation 2019-2020"},"content":{"rendered":"<div id=\"heading-c9b7fcad7f12d0b3fb5c86fd51eade55\" class=\"sh-heading\">\n<h2 class=\"sh-heading-content size-default text-center\" style=\"text-align: center;\">Galerie d&rsquo;art \u00e0 vocation p\u00e9dagogique<\/h2>\n<p style=\"text-align: center;\"><img decoding=\"async\" class=\"alignnone size-medium wp-image-12396\" src=\"https:\/\/www.stjb-delasalle.fr\/site\/wp-content\/uploads\/2023\/02\/logo-InSitu-galerie-couleur-300x164.png\" alt=\"\" width=\"300\" height=\"164\" srcset=\"https:\/\/www.stjb-delasalle.fr\/site\/wp-content\/uploads\/2023\/02\/logo-InSitu-galerie-couleur-300x164.png 300w, https:\/\/www.stjb-delasalle.fr\/site\/wp-content\/uploads\/2023\/02\/logo-InSitu-galerie-couleur-1024x559.png 1024w, https:\/\/www.stjb-delasalle.fr\/site\/wp-content\/uploads\/2023\/02\/logo-InSitu-galerie-couleur-768x419.png 768w, https:\/\/www.stjb-delasalle.fr\/site\/wp-content\/uploads\/2023\/02\/logo-InSitu-galerie-couleur-1536x838.png 1536w, https:\/\/www.stjb-delasalle.fr\/site\/wp-content\/uploads\/2023\/02\/logo-InSitu-galerie-couleur.png 1958w\" sizes=\"(max-width: 300px) 100vw, 300px\" \/><\/p>\n<p style=\"text-align: left;\">En cette fin d&rsquo;ann\u00e9e, nous vous proposons une ballade num\u00e9rique en trois articles &#8230;<\/p>\n<p><a href=\"https:\/\/www.stjb-delasalle.fr\/site\/2020\/06\/24\/arrivage-doeuvres-vu-par-les-3emes\/\">Le <em><strong>VOYAGE<\/strong> <\/em>vu par des 3\u00e8mes &gt; S\u00e9quence d&rsquo;arts plastiques<\/a><\/p>\n<p><a href=\"https:\/\/www.stjb-delasalle.fr\/site\/2020\/06\/22\/voyagevoyages-1-expo-galerie-dart\/\">Le <em><strong>VOYAGE<\/strong> <\/em>vu par 1 artiste &gt; Exposition dans la Galerie<\/a><\/p>\n<p><a href=\"https:\/\/www.stjb-delasalle.fr\/site\/2020\/06\/19\/voyage-immobile-defi-photo-confine\/\">Le <em><strong>VOYAGE<\/strong> <\/em>vu par les \u00e9l\u00e8ves &gt; Photos du confinement !<\/a><\/p>\n<pre>\"Le v\u00e9ritable voyage de d\u00e9couverte ne consiste pas \u00e0 chercher de nouveaux paysages, mais \u00e0 voir avec de nouveaux yeux.\"\r\nMarcel PROUST, \u00c0 la recherche du temps perdu (1918)<\/pre>\n<\/div>\n<div id=\"bdpp-post-masonry-1\" class=\"bdpp-wrap bdpp-lite bdpp-post-masonry-wrap bdpp-post-grid-wrap bdpp-post-data-wrap bdpp-design-2 bdpp-effect-1 bdpp-grid-2  bdpp-clearfix\">\r\n\t<div class=\"bdpp-post-masonry-inr-wrap bdpp-post-data-inr-wrap bdpp-clearfix\"><div class=\"bdpp-post-grid bdpp-col-2 bdpp-columns bdpp-post-6336 bdpp-post-gallery bdpp-has-thumb\">\r\n\t<div class=\"bdpp-post-grid-content\">\r\n\t\t\t\t<div class=\"bdpp-post-img-bg\">\r\n\t\t\t<a href=\"https:\/\/www.stjb-delasalle.fr\/site\/2020\/06\/24\/arrivage-doeuvres-vu-par-les-3emes\/\">\r\n\t\t\t\t<img decoding=\"async\" src=\"https:\/\/www.stjb-delasalle.fr\/site\/wp-content\/uploads\/2020\/06\/VISUEL-arrivage-1-1024x525-1-300x154.jpg\" class=\"bdpp-img bdpp-post-feat-img\" alt=\"ARRIVAGE &#8211; Arts plastiques 3\u00e8me\" \/>\r\n\t\t\t<\/a>\r\n\t\t<\/div>\r\n\t\t\r\n\t\t<div class=\"bdpp-post-margin-content\">\r\n\t\t\t\t\t\t<div class=\"bdpp-post-cats\"><a class=\"bdpp-post-cat-link bdpp-post-cat-55 bdpp-post-cat-arts-plastiques-2019-2020\" href=\"https:\/\/www.stjb-delasalle.fr\/site\/category\/arts-plastiques-2019-2020\/\">Arts plastiques 2019-2020<\/a> <a class=\"bdpp-post-cat-link bdpp-post-cat-6 bdpp-post-cat-college\" href=\"https:\/\/www.stjb-delasalle.fr\/site\/category\/college\/\">Coll\u00e8ge<\/a> <a class=\"bdpp-post-cat-link bdpp-post-cat-25 bdpp-post-cat-galerie1920\" href=\"https:\/\/www.stjb-delasalle.fr\/site\/category\/galerie1920\/\">Galerie 2019-2020<\/a><\/div>\r\n\t\t\t\r\n\t\t\t<h2 class=\"bdpp-post-title\">\r\n\t\t\t\t<a href=\"https:\/\/www.stjb-delasalle.fr\/site\/2020\/06\/24\/arrivage-doeuvres-vu-par-les-3emes\/\">ARRIVAGE &#8211; Arts plastiques 3\u00e8me<\/a>\r\n\t\t\t<\/h2>\r\n\r\n\t\t\t\t\t\t<div class=\"bdpp-post-content\">\r\n\t\t\t\t<div class=\"bdpp-post-desc\">En quoi l\u2019arrivage d\u2019\u0153uvres pour une exposition dans la galerie peuvent-ils \u00eatre source de cr\u00e9ation ? Cette s\u00e9quence s&#39;inscrit dans...<\/div>\r\n\t\t\t\t\t\t\t\t<a href=\"https:\/\/www.stjb-delasalle.fr\/site\/2020\/06\/24\/arrivage-doeuvres-vu-par-les-3emes\/\" class=\"bdpp-rdmr-btn\">Lire la suite<\/a>\r\n\t\t\t\t\t\t\t<\/div>\r\n\t\t\t\t\t<\/div>\r\n\t<\/div>\r\n<\/div><div class=\"bdpp-post-grid bdpp-col-2 bdpp-columns bdpp-post-6393 bdpp-post-gallery bdpp-has-thumb\">\r\n\t<div class=\"bdpp-post-grid-content\">\r\n\t\t\t\t<div class=\"bdpp-post-img-bg\">\r\n\t\t\t<a href=\"https:\/\/www.stjb-delasalle.fr\/site\/2020\/06\/22\/voyagevoyages-1-expo-galerie-dart\/\">\r\n\t\t\t\t<img decoding=\"async\" src=\"https:\/\/www.stjb-delasalle.fr\/site\/wp-content\/uploads\/2020\/06\/VISUEL-voyage-s-1-1024x525-1-300x154.jpg\" class=\"bdpp-img bdpp-post-feat-img\" alt=\"VOYAGE VOYAGE(S) # 1 &#8211; Expo GALERIE d&rsquo;ART\" \/>\r\n\t\t\t<\/a>\r\n\t\t<\/div>\r\n\t\t\r\n\t\t<div class=\"bdpp-post-margin-content\">\r\n\t\t\t\t\t\t<div class=\"bdpp-post-cats\"><a class=\"bdpp-post-cat-link bdpp-post-cat-55 bdpp-post-cat-arts-plastiques-2019-2020\" href=\"https:\/\/www.stjb-delasalle.fr\/site\/category\/arts-plastiques-2019-2020\/\">Arts plastiques 2019-2020<\/a> <a class=\"bdpp-post-cat-link bdpp-post-cat-6 bdpp-post-cat-college\" href=\"https:\/\/www.stjb-delasalle.fr\/site\/category\/college\/\">Coll\u00e8ge<\/a> <a class=\"bdpp-post-cat-link bdpp-post-cat-25 bdpp-post-cat-galerie1920\" href=\"https:\/\/www.stjb-delasalle.fr\/site\/category\/galerie1920\/\">Galerie 2019-2020<\/a><\/div>\r\n\t\t\t\r\n\t\t\t<h2 class=\"bdpp-post-title\">\r\n\t\t\t\t<a href=\"https:\/\/www.stjb-delasalle.fr\/site\/2020\/06\/22\/voyagevoyages-1-expo-galerie-dart\/\">VOYAGE VOYAGE(S) # 1 &#8211; Expo GALERIE d&rsquo;ART<\/a>\r\n\t\t\t<\/h2>\r\n\r\n\t\t\t\t\t\t<div class=\"bdpp-post-content\">\r\n\t\t\t\t<div class=\"bdpp-post-desc\">Nous accueillons depuis le mois de mars une exposition de photographies dans la Galerie d&#39;art du coll\u00e8ge, cette exposition a...<\/div>\r\n\t\t\t\t\t\t\t\t<a href=\"https:\/\/www.stjb-delasalle.fr\/site\/2020\/06\/22\/voyagevoyages-1-expo-galerie-dart\/\" class=\"bdpp-rdmr-btn\">Lire la suite<\/a>\r\n\t\t\t\t\t\t\t<\/div>\r\n\t\t\t\t\t<\/div>\r\n\t<\/div>\r\n<\/div><div class=\"bdpp-post-grid bdpp-col-2 bdpp-columns bdpp-post-6368 bdpp-post-gallery bdpp-has-thumb\">\r\n\t<div class=\"bdpp-post-grid-content\">\r\n\t\t\t\t<div class=\"bdpp-post-img-bg\">\r\n\t\t\t<a href=\"https:\/\/www.stjb-delasalle.fr\/site\/2020\/06\/19\/voyage-immobile-defi-photo-confine\/\">\r\n\t\t\t\t<img decoding=\"async\" src=\"https:\/\/www.stjb-delasalle.fr\/site\/wp-content\/uploads\/2020\/06\/VISUEL-entete-660x567-1-300x258.jpg\" class=\"bdpp-img bdpp-post-feat-img\" alt=\"VOYAGE IMMOBILE\" \/>\r\n\t\t\t<\/a>\r\n\t\t<\/div>\r\n\t\t\r\n\t\t<div class=\"bdpp-post-margin-content\">\r\n\t\t\t\t\t\t<div class=\"bdpp-post-cats\"><a class=\"bdpp-post-cat-link bdpp-post-cat-55 bdpp-post-cat-arts-plastiques-2019-2020\" href=\"https:\/\/www.stjb-delasalle.fr\/site\/category\/arts-plastiques-2019-2020\/\">Arts plastiques 2019-2020<\/a> <a class=\"bdpp-post-cat-link bdpp-post-cat-6 bdpp-post-cat-college\" href=\"https:\/\/www.stjb-delasalle.fr\/site\/category\/college\/\">Coll\u00e8ge<\/a> <a class=\"bdpp-post-cat-link bdpp-post-cat-25 bdpp-post-cat-galerie1920\" href=\"https:\/\/www.stjb-delasalle.fr\/site\/category\/galerie1920\/\">Galerie 2019-2020<\/a><\/div>\r\n\t\t\t\r\n\t\t\t<h2 class=\"bdpp-post-title\">\r\n\t\t\t\t<a href=\"https:\/\/www.stjb-delasalle.fr\/site\/2020\/06\/19\/voyage-immobile-defi-photo-confine\/\">VOYAGE IMMOBILE<\/a>\r\n\t\t\t<\/h2>\r\n\r\n\t\t\t\t\t\t<div class=\"bdpp-post-content\">\r\n\t\t\t\t<div class=\"bdpp-post-desc\">D\u00e9fi PHOTO confin\u00e9 ! La demande\u00a0 : R\u00e9aliser une ou plusieurs photos qui montre(nt) comment on peut voyager en restant...<\/div>\r\n\t\t\t\t\t\t\t\t<a href=\"https:\/\/www.stjb-delasalle.fr\/site\/2020\/06\/19\/voyage-immobile-defi-photo-confine\/\" class=\"bdpp-rdmr-btn\">Lire la suite<\/a>\r\n\t\t\t\t\t\t\t<\/div>\r\n\t\t\t\t\t<\/div>\r\n\t<\/div>\r\n<\/div><div class=\"bdpp-post-grid bdpp-col-2 bdpp-columns bdpp-post-4728 bdpp-post-standard bdpp-has-thumb\">\r\n\t<div class=\"bdpp-post-grid-content\">\r\n\t\t\t\t<div class=\"bdpp-post-img-bg\">\r\n\t\t\t<a href=\"https:\/\/www.stjb-delasalle.fr\/site\/2019\/12\/20\/venue-des-cm2-de-lecole-ste-therese-a-la-galerie-du-college\/\">\r\n\t\t\t\t<img decoding=\"async\" src=\"https:\/\/www.stjb-delasalle.fr\/site\/wp-content\/uploads\/2020\/06\/IMG_8597-1024x768-1-300x225.jpg\" class=\"bdpp-img bdpp-post-feat-img\" alt=\"Venue de CM2 \u00e0 la galerie Expo n\u00b01\" \/>\r\n\t\t\t<\/a>\r\n\t\t<\/div>\r\n\t\t\r\n\t\t<div class=\"bdpp-post-margin-content\">\r\n\t\t\t\t\t\t<div class=\"bdpp-post-cats\"><a class=\"bdpp-post-cat-link bdpp-post-cat-6 bdpp-post-cat-college\" href=\"https:\/\/www.stjb-delasalle.fr\/site\/category\/college\/\">Coll\u00e8ge<\/a> <a class=\"bdpp-post-cat-link bdpp-post-cat-25 bdpp-post-cat-galerie1920\" href=\"https:\/\/www.stjb-delasalle.fr\/site\/category\/galerie1920\/\">Galerie 2019-2020<\/a><\/div>\r\n\t\t\t\r\n\t\t\t<h2 class=\"bdpp-post-title\">\r\n\t\t\t\t<a href=\"https:\/\/www.stjb-delasalle.fr\/site\/2019\/12\/20\/venue-des-cm2-de-lecole-ste-therese-a-la-galerie-du-college\/\">Venue de CM2 \u00e0 la galerie Expo n\u00b01<\/a>\r\n\t\t\t<\/h2>\r\n\r\n\t\t\t\t\t\t<div class=\"bdpp-post-content\">\r\n\t\t\t\t<div class=\"bdpp-post-desc\">Vendredi 20 d\u00e9cembre, nous avons accueilli les 28 \u00e9l\u00e8ves de la classe de CM2 de l&#39;\u00e9cole Ste Th\u00e9r\u00e8se de Teloch\u00e9,...<\/div>\r\n\t\t\t\t\t\t\t\t<a href=\"https:\/\/www.stjb-delasalle.fr\/site\/2019\/12\/20\/venue-des-cm2-de-lecole-ste-therese-a-la-galerie-du-college\/\" class=\"bdpp-rdmr-btn\">Lire la suite<\/a>\r\n\t\t\t\t\t\t\t<\/div>\r\n\t\t\t\t\t<\/div>\r\n\t<\/div>\r\n<\/div><div class=\"bdpp-post-grid bdpp-col-2 bdpp-columns bdpp-post-4670 bdpp-post-standard bdpp-has-thumb\">\r\n\t<div class=\"bdpp-post-grid-content\">\r\n\t\t\t\t<div class=\"bdpp-post-img-bg\">\r\n\t\t\t<a href=\"https:\/\/www.stjb-delasalle.fr\/site\/2019\/12\/09\/installation-de-la-premiere-expo\/\">\r\n\t\t\t\t<img decoding=\"async\" src=\"https:\/\/www.stjb-delasalle.fr\/site\/wp-content\/uploads\/2020\/06\/photos-eleves-11-e1575877849403-768x1024-1-225x300.jpg\" class=\"bdpp-img bdpp-post-feat-img\" alt=\"Installation Expo n\u00b01\" \/>\r\n\t\t\t<\/a>\r\n\t\t<\/div>\r\n\t\t\r\n\t\t<div class=\"bdpp-post-margin-content\">\r\n\t\t\t\t\t\t<div class=\"bdpp-post-cats\"><a class=\"bdpp-post-cat-link bdpp-post-cat-6 bdpp-post-cat-college\" href=\"https:\/\/www.stjb-delasalle.fr\/site\/category\/college\/\">Coll\u00e8ge<\/a> <a class=\"bdpp-post-cat-link bdpp-post-cat-25 bdpp-post-cat-galerie1920\" href=\"https:\/\/www.stjb-delasalle.fr\/site\/category\/galerie1920\/\">Galerie 2019-2020<\/a><\/div>\r\n\t\t\t\r\n\t\t\t<h2 class=\"bdpp-post-title\">\r\n\t\t\t\t<a href=\"https:\/\/www.stjb-delasalle.fr\/site\/2019\/12\/09\/installation-de-la-premiere-expo\/\">Installation Expo n\u00b01<\/a>\r\n\t\t\t<\/h2>\r\n\r\n\t\t\t\t\t\t<div class=\"bdpp-post-content\">\r\n\t\t\t\t<div class=\"bdpp-post-desc\">Retour en images sur la mise en place de l&#39;exposition de C\u00e9cile Degouy, &quot;Les paysages, je les r\u00eave&quot;, vendredi 6...<\/div>\r\n\t\t\t\t\t\t\t\t<a href=\"https:\/\/www.stjb-delasalle.fr\/site\/2019\/12\/09\/installation-de-la-premiere-expo\/\" class=\"bdpp-rdmr-btn\">Lire la suite<\/a>\r\n\t\t\t\t\t\t\t<\/div>\r\n\t\t\t\t\t<\/div>\r\n\t<\/div>\r\n<\/div><div class=\"bdpp-post-grid bdpp-col-2 bdpp-columns bdpp-post-4666 bdpp-post-standard bdpp-has-thumb\">\r\n\t<div class=\"bdpp-post-grid-content\">\r\n\t\t\t\t<div class=\"bdpp-post-img-bg\">\r\n\t\t\t<a href=\"https:\/\/www.stjb-delasalle.fr\/site\/2019\/12\/09\/une-galerie-dart-au-college\/\">\r\n\t\t\t\t<img decoding=\"async\" src=\"https:\/\/www.stjb-delasalle.fr\/site\/wp-content\/uploads\/2020\/06\/VISUEL-2019-Degouy-Cecile-9-816x1024-1-239x300.jpg\" class=\"bdpp-img bdpp-post-feat-img\" alt=\"Une galerie d&rsquo;art au coll\u00e8ge\" \/>\r\n\t\t\t<\/a>\r\n\t\t<\/div>\r\n\t\t\r\n\t\t<div class=\"bdpp-post-margin-content\">\r\n\t\t\t\t\t\t<div class=\"bdpp-post-cats\"><a class=\"bdpp-post-cat-link bdpp-post-cat-6 bdpp-post-cat-college\" href=\"https:\/\/www.stjb-delasalle.fr\/site\/category\/college\/\">Coll\u00e8ge<\/a> <a class=\"bdpp-post-cat-link bdpp-post-cat-25 bdpp-post-cat-galerie1920\" href=\"https:\/\/www.stjb-delasalle.fr\/site\/category\/galerie1920\/\">Galerie 2019-2020<\/a><\/div>\r\n\t\t\t\r\n\t\t\t<h2 class=\"bdpp-post-title\">\r\n\t\t\t\t<a href=\"https:\/\/www.stjb-delasalle.fr\/site\/2019\/12\/09\/une-galerie-dart-au-college\/\">Une galerie d&rsquo;art au coll\u00e8ge<\/a>\r\n\t\t\t<\/h2>\r\n\r\n\t\t\t\t\t\t<div class=\"bdpp-post-content\">\r\n\t\t\t\t<div class=\"bdpp-post-desc\">Une Galerie d&#39;art \u00e0 vocation p\u00e9dagogique vient d&#39;ouvrir ses portes au sein du coll\u00e8ge, elle se situe dans l&#39;ancienne chapelle...<\/div>\r\n\t\t\t\t\t\t\t\t<a href=\"https:\/\/www.stjb-delasalle.fr\/site\/2019\/12\/09\/une-galerie-dart-au-college\/\" class=\"bdpp-rdmr-btn\">Lire la suite<\/a>\r\n\t\t\t\t\t\t\t<\/div>\r\n\t\t\t\t\t<\/div>\r\n\t<\/div>\r\n<\/div><div class=\"bdpp-post-grid bdpp-col-2 bdpp-columns bdpp-post-3924 bdpp-post-standard bdpp-has-thumb\">\r\n\t<div class=\"bdpp-post-grid-content\">\r\n\t\t\t\t<div class=\"bdpp-post-img-bg\">\r\n\t\t\t<a href=\"https:\/\/www.stjb-delasalle.fr\/site\/2019\/06\/18\/exposition-a-la-chapelle-dhiver\/\">\r\n\t\t\t\t<img decoding=\"async\" src=\"https:\/\/www.stjb-delasalle.fr\/site\/wp-content\/uploads\/2020\/06\/Expo14-28-juin-1024x911-1-300x267.jpg\" class=\"bdpp-img bdpp-post-feat-img\" alt=\"Des oeuvres du FRAC au coll\u00e8ge\" \/>\r\n\t\t\t<\/a>\r\n\t\t<\/div>\r\n\t\t\r\n\t\t<div class=\"bdpp-post-margin-content\">\r\n\t\t\t\t\t\t<div class=\"bdpp-post-cats\"><a class=\"bdpp-post-cat-link bdpp-post-cat-6 bdpp-post-cat-college\" href=\"https:\/\/www.stjb-delasalle.fr\/site\/category\/college\/\">Coll\u00e8ge<\/a> <a class=\"bdpp-post-cat-link bdpp-post-cat-25 bdpp-post-cat-galerie1920\" href=\"https:\/\/www.stjb-delasalle.fr\/site\/category\/galerie1920\/\">Galerie 2019-2020<\/a><\/div>\r\n\t\t\t\r\n\t\t\t<h2 class=\"bdpp-post-title\">\r\n\t\t\t\t<a href=\"https:\/\/www.stjb-delasalle.fr\/site\/2019\/06\/18\/exposition-a-la-chapelle-dhiver\/\">Des oeuvres du FRAC au coll\u00e8ge<\/a>\r\n\t\t\t<\/h2>\r\n\r\n\t\t\t\t\t\t<div class=\"bdpp-post-content\">\r\n\t\t\t\t<div class=\"bdpp-post-desc\">Deux expositions ont pris place au coll\u00e8ge ces derniers jours...La Chapelle d\u2019hiver - r\u00e9habilit\u00e9e en Galerie \u00e0 vocation p\u00e9dagogique -...<\/div>\r\n\t\t\t\t\t\t\t\t<a href=\"https:\/\/www.stjb-delasalle.fr\/site\/2019\/06\/18\/exposition-a-la-chapelle-dhiver\/\" class=\"bdpp-rdmr-btn\">Lire la suite<\/a>\r\n\t\t\t\t\t\t\t<\/div>\r\n\t\t\t\t\t<\/div>\r\n\t<\/div>\r\n<\/div>\t<\/div>\r\n\t<\/div>\n","protected":false},"excerpt":{"rendered":"<p>Galerie d&rsquo;art \u00e0 vocation p\u00e9dagogique En cette fin d&rsquo;ann\u00e9e, nous vous proposons une ballade num\u00e9rique en trois articles &#8230; Le VOYAGE vu par des 3\u00e8mes &gt; S\u00e9quence d&rsquo;arts plastiques Le VOYAGE vu par 1 artiste &gt; Exposition dans la Galerie Le VOYAGE vu par les \u00e9l\u00e8ves &gt; Photos du confinement ! \u00ab\u00a0Le v\u00e9ritable voyage de [&hellip;]<\/p>\n","protected":false},"author":1,"featured_media":9914,"parent":0,"menu_order":0,"comment_status":"closed","ping_status":"closed","template":"","meta":{"site-sidebar-layout":"default","site-content-layout":"default","ast-site-content-layout":"default","site-content-style":"default","site-sidebar-style":"default","ast-global-header-display":"","ast-banner-title-visibility":"","ast-main-header-display":"","ast-hfb-above-header-display":"","ast-hfb-below-header-display":"","ast-hfb-mobile-header-display":"","site-post-title":"","ast-breadcrumbs-content":"","ast-featured-img":"","footer-sml-layout":"","ast-disable-related-posts":"","theme-transparent-header-meta":"default","adv-header-id-meta":"","stick-header-meta":"","header-above-stick-meta":"","header-main-stick-meta":"","header-below-stick-meta":"","astra-migrate-meta-layouts":"default","ast-page-background-enabled":"default","ast-page-background-meta":{"desktop":{"background-color":"var(--ast-global-color-4)","background-image":"","background-repeat":"repeat","background-position":"center center","background-size":"auto","background-attachment":"scroll","background-type":"","background-media":"","overlay-type":"","overlay-color":"","overlay-opacity":"","overlay-gradient":""},"tablet":{"background-color":"","background-image":"","background-repeat":"repeat","background-position":"center center","background-size":"auto","background-attachment":"scroll","background-type":"","background-media":"","overlay-type":"","overlay-color":"","overlay-opacity":"","overlay-gradient":""},"mobile":{"background-color":"","background-image":"","background-repeat":"repeat","background-position":"center center","background-size":"auto","background-attachment":"scroll","background-type":"","background-media":"","overlay-type":"","overlay-color":"","overlay-opacity":"","overlay-gradient":""}},"ast-content-background-meta":{"desktop":{"background-color":"var(--ast-global-color-5)","background-image":"","background-repeat":"repeat","background-position":"center center","background-size":"auto","background-attachment":"scroll","background-type":"","background-media":"","overlay-type":"","overlay-color":"","overlay-opacity":"","overlay-gradient":""},"tablet":{"background-color":"var(--ast-global-color-5)","background-image":"","background-repeat":"repeat","background-position":"center center","background-size":"auto","background-attachment":"scroll","background-type":"","background-media":"","overlay-type":"","overlay-color":"","overlay-opacity":"","overlay-gradient":""},"mobile":{"background-color":"var(--ast-global-color-5)","background-image":"","background-repeat":"repeat","background-position":"center center","background-size":"auto","background-attachment":"scroll","background-type":"","background-media":"","overlay-type":"","overlay-color":"","overlay-opacity":"","overlay-gradient":""}},"footnotes":""},"class_list":["post-9283","page","type-page","status-publish","has-post-thumbnail","hentry"],"yoast_head":"<!-- This site is optimized with the Yoast SEO plugin v27.5 - https:\/\/yoast.com\/product\/yoast-seo-wordpress\/ -->\n<title>Programmation 2019-2020 - Coll\u00e8ge Saint Jean Baptiste de La Salle<\/title>\n<meta name=\"robots\" content=\"index, follow, max-snippet:-1, max-image-preview:large, max-video-preview:-1\" \/>\n<link rel=\"canonical\" href=\"https:\/\/www.stjb-delasalle.fr\/site\/galerie-dart-2019-2020\/\" \/>\n<meta property=\"og:locale\" content=\"fr_FR\" \/>\n<meta property=\"og:type\" content=\"article\" \/>\n<meta property=\"og:title\" content=\"Programmation 2019-2020 - Coll\u00e8ge Saint Jean Baptiste de La Salle\" \/>\n<meta property=\"og:description\" content=\"Galerie d&rsquo;art \u00e0 vocation p\u00e9dagogique En cette fin d&rsquo;ann\u00e9e, nous vous proposons une ballade num\u00e9rique en trois articles &#8230; Le VOYAGE vu par des 3\u00e8mes &gt; S\u00e9quence d&rsquo;arts plastiques Le VOYAGE vu par 1 artiste &gt; Exposition dans la Galerie Le VOYAGE vu par les \u00e9l\u00e8ves &gt; Photos du confinement ! &quot;Le v\u00e9ritable voyage de [&hellip;]\" \/>\n<meta property=\"og:url\" content=\"https:\/\/www.stjb-delasalle.fr\/site\/galerie-dart-2019-2020\/\" \/>\n<meta property=\"og:site_name\" content=\"Coll\u00e8ge Saint Jean Baptiste de La Salle\" \/>\n<meta property=\"article:modified_time\" content=\"2023-02-03T19:55:52+00:00\" \/>\n<meta property=\"og:image\" content=\"https:\/\/www.stjb-delasalle.fr\/site\/wp-content\/uploads\/2021\/12\/2019-2020.png\" \/>\n\t<meta property=\"og:image:width\" content=\"520\" \/>\n\t<meta property=\"og:image:height\" content=\"520\" \/>\n\t<meta property=\"og:image:type\" content=\"image\/png\" \/>\n<meta name=\"twitter:card\" content=\"summary_large_image\" \/>\n<script type=\"application\/ld+json\" class=\"yoast-schema-graph\">{\"@context\":\"https:\\\/\\\/schema.org\",\"@graph\":[{\"@type\":\"WebPage\",\"@id\":\"https:\\\/\\\/www.stjb-delasalle.fr\\\/site\\\/galerie-dart-2019-2020\\\/\",\"url\":\"https:\\\/\\\/www.stjb-delasalle.fr\\\/site\\\/galerie-dart-2019-2020\\\/\",\"name\":\"Programmation 2019-2020 - Coll\u00e8ge Saint Jean Baptiste de La Salle\",\"isPartOf\":{\"@id\":\"https:\\\/\\\/www.stjb-delasalle.fr\\\/site\\\/#website\"},\"primaryImageOfPage\":{\"@id\":\"https:\\\/\\\/www.stjb-delasalle.fr\\\/site\\\/galerie-dart-2019-2020\\\/#primaryimage\"},\"image\":{\"@id\":\"https:\\\/\\\/www.stjb-delasalle.fr\\\/site\\\/galerie-dart-2019-2020\\\/#primaryimage\"},\"thumbnailUrl\":\"https:\\\/\\\/www.stjb-delasalle.fr\\\/site\\\/wp-content\\\/uploads\\\/2021\\\/12\\\/2019-2020.png\",\"datePublished\":\"2021-11-12T12:15:52+00:00\",\"dateModified\":\"2023-02-03T19:55:52+00:00\",\"breadcrumb\":{\"@id\":\"https:\\\/\\\/www.stjb-delasalle.fr\\\/site\\\/galerie-dart-2019-2020\\\/#breadcrumb\"},\"inLanguage\":\"fr-FR\",\"potentialAction\":[{\"@type\":\"ReadAction\",\"target\":[\"https:\\\/\\\/www.stjb-delasalle.fr\\\/site\\\/galerie-dart-2019-2020\\\/\"]}]},{\"@type\":\"ImageObject\",\"inLanguage\":\"fr-FR\",\"@id\":\"https:\\\/\\\/www.stjb-delasalle.fr\\\/site\\\/galerie-dart-2019-2020\\\/#primaryimage\",\"url\":\"https:\\\/\\\/www.stjb-delasalle.fr\\\/site\\\/wp-content\\\/uploads\\\/2021\\\/12\\\/2019-2020.png\",\"contentUrl\":\"https:\\\/\\\/www.stjb-delasalle.fr\\\/site\\\/wp-content\\\/uploads\\\/2021\\\/12\\\/2019-2020.png\",\"width\":520,\"height\":520},{\"@type\":\"BreadcrumbList\",\"@id\":\"https:\\\/\\\/www.stjb-delasalle.fr\\\/site\\\/galerie-dart-2019-2020\\\/#breadcrumb\",\"itemListElement\":[{\"@type\":\"ListItem\",\"position\":1,\"name\":\"Accueil\",\"item\":\"https:\\\/\\\/www.stjb-delasalle.fr\\\/site\\\/\"},{\"@type\":\"ListItem\",\"position\":2,\"name\":\"Programmation 2019-2020\"}]},{\"@type\":\"WebSite\",\"@id\":\"https:\\\/\\\/www.stjb-delasalle.fr\\\/site\\\/#website\",\"url\":\"https:\\\/\\\/www.stjb-delasalle.fr\\\/site\\\/\",\"name\":\"Coll\u00e8ge Saint Jean Baptiste de La Salle\",\"description\":\"Notre coll\u00e8ge vous accueille sur le site du Rancher \u00e0 Teloch\u00e9\",\"publisher\":{\"@id\":\"https:\\\/\\\/www.stjb-delasalle.fr\\\/site\\\/#organization\"},\"potentialAction\":[{\"@type\":\"SearchAction\",\"target\":{\"@type\":\"EntryPoint\",\"urlTemplate\":\"https:\\\/\\\/www.stjb-delasalle.fr\\\/site\\\/?s={search_term_string}\"},\"query-input\":{\"@type\":\"PropertyValueSpecification\",\"valueRequired\":true,\"valueName\":\"search_term_string\"}}],\"inLanguage\":\"fr-FR\"},{\"@type\":\"Organization\",\"@id\":\"https:\\\/\\\/www.stjb-delasalle.fr\\\/site\\\/#organization\",\"name\":\"Coll\u00e8ge Saint Jean Baptiste de La Salle\",\"url\":\"https:\\\/\\\/www.stjb-delasalle.fr\\\/site\\\/\",\"logo\":{\"@type\":\"ImageObject\",\"inLanguage\":\"fr-FR\",\"@id\":\"https:\\\/\\\/www.stjb-delasalle.fr\\\/site\\\/#\\\/schema\\\/logo\\\/image\\\/\",\"url\":\"https:\\\/\\\/www.stjb-delasalle.fr\\\/site\\\/wp-content\\\/uploads\\\/2021\\\/11\\\/logostjb_petit_transp.png\",\"contentUrl\":\"https:\\\/\\\/www.stjb-delasalle.fr\\\/site\\\/wp-content\\\/uploads\\\/2021\\\/11\\\/logostjb_petit_transp.png\",\"width\":180,\"height\":127,\"caption\":\"Coll\u00e8ge Saint Jean Baptiste de La Salle\"},\"image\":{\"@id\":\"https:\\\/\\\/www.stjb-delasalle.fr\\\/site\\\/#\\\/schema\\\/logo\\\/image\\\/\"}}]}<\/script>\n<!-- \/ Yoast SEO plugin. -->","yoast_head_json":{"title":"Programmation 2019-2020 - Coll\u00e8ge Saint Jean Baptiste de La Salle","robots":{"index":"index","follow":"follow","max-snippet":"max-snippet:-1","max-image-preview":"max-image-preview:large","max-video-preview":"max-video-preview:-1"},"canonical":"https:\/\/www.stjb-delasalle.fr\/site\/galerie-dart-2019-2020\/","og_locale":"fr_FR","og_type":"article","og_title":"Programmation 2019-2020 - Coll\u00e8ge Saint Jean Baptiste de La Salle","og_description":"Galerie d&rsquo;art \u00e0 vocation p\u00e9dagogique En cette fin d&rsquo;ann\u00e9e, nous vous proposons une ballade num\u00e9rique en trois articles &#8230; Le VOYAGE vu par des 3\u00e8mes &gt; S\u00e9quence d&rsquo;arts plastiques Le VOYAGE vu par 1 artiste &gt; Exposition dans la Galerie Le VOYAGE vu par les \u00e9l\u00e8ves &gt; Photos du confinement ! \"Le v\u00e9ritable voyage de [&hellip;]","og_url":"https:\/\/www.stjb-delasalle.fr\/site\/galerie-dart-2019-2020\/","og_site_name":"Coll\u00e8ge Saint Jean Baptiste de La Salle","article_modified_time":"2023-02-03T19:55:52+00:00","og_image":[{"width":520,"height":520,"url":"https:\/\/www.stjb-delasalle.fr\/site\/wp-content\/uploads\/2021\/12\/2019-2020.png","type":"image\/png"}],"twitter_card":"summary_large_image","schema":{"@context":"https:\/\/schema.org","@graph":[{"@type":"WebPage","@id":"https:\/\/www.stjb-delasalle.fr\/site\/galerie-dart-2019-2020\/","url":"https:\/\/www.stjb-delasalle.fr\/site\/galerie-dart-2019-2020\/","name":"Programmation 2019-2020 - Coll\u00e8ge Saint Jean Baptiste de La Salle","isPartOf":{"@id":"https:\/\/www.stjb-delasalle.fr\/site\/#website"},"primaryImageOfPage":{"@id":"https:\/\/www.stjb-delasalle.fr\/site\/galerie-dart-2019-2020\/#primaryimage"},"image":{"@id":"https:\/\/www.stjb-delasalle.fr\/site\/galerie-dart-2019-2020\/#primaryimage"},"thumbnailUrl":"https:\/\/www.stjb-delasalle.fr\/site\/wp-content\/uploads\/2021\/12\/2019-2020.png","datePublished":"2021-11-12T12:15:52+00:00","dateModified":"2023-02-03T19:55:52+00:00","breadcrumb":{"@id":"https:\/\/www.stjb-delasalle.fr\/site\/galerie-dart-2019-2020\/#breadcrumb"},"inLanguage":"fr-FR","potentialAction":[{"@type":"ReadAction","target":["https:\/\/www.stjb-delasalle.fr\/site\/galerie-dart-2019-2020\/"]}]},{"@type":"ImageObject","inLanguage":"fr-FR","@id":"https:\/\/www.stjb-delasalle.fr\/site\/galerie-dart-2019-2020\/#primaryimage","url":"https:\/\/www.stjb-delasalle.fr\/site\/wp-content\/uploads\/2021\/12\/2019-2020.png","contentUrl":"https:\/\/www.stjb-delasalle.fr\/site\/wp-content\/uploads\/2021\/12\/2019-2020.png","width":520,"height":520},{"@type":"BreadcrumbList","@id":"https:\/\/www.stjb-delasalle.fr\/site\/galerie-dart-2019-2020\/#breadcrumb","itemListElement":[{"@type":"ListItem","position":1,"name":"Accueil","item":"https:\/\/www.stjb-delasalle.fr\/site\/"},{"@type":"ListItem","position":2,"name":"Programmation 2019-2020"}]},{"@type":"WebSite","@id":"https:\/\/www.stjb-delasalle.fr\/site\/#website","url":"https:\/\/www.stjb-delasalle.fr\/site\/","name":"Coll\u00e8ge Saint Jean Baptiste de La Salle","description":"Notre coll\u00e8ge vous accueille sur le site du Rancher \u00e0 Teloch\u00e9","publisher":{"@id":"https:\/\/www.stjb-delasalle.fr\/site\/#organization"},"potentialAction":[{"@type":"SearchAction","target":{"@type":"EntryPoint","urlTemplate":"https:\/\/www.stjb-delasalle.fr\/site\/?s={search_term_string}"},"query-input":{"@type":"PropertyValueSpecification","valueRequired":true,"valueName":"search_term_string"}}],"inLanguage":"fr-FR"},{"@type":"Organization","@id":"https:\/\/www.stjb-delasalle.fr\/site\/#organization","name":"Coll\u00e8ge Saint Jean Baptiste de La Salle","url":"https:\/\/www.stjb-delasalle.fr\/site\/","logo":{"@type":"ImageObject","inLanguage":"fr-FR","@id":"https:\/\/www.stjb-delasalle.fr\/site\/#\/schema\/logo\/image\/","url":"https:\/\/www.stjb-delasalle.fr\/site\/wp-content\/uploads\/2021\/11\/logostjb_petit_transp.png","contentUrl":"https:\/\/www.stjb-delasalle.fr\/site\/wp-content\/uploads\/2021\/11\/logostjb_petit_transp.png","width":180,"height":127,"caption":"Coll\u00e8ge Saint Jean Baptiste de La Salle"},"image":{"@id":"https:\/\/www.stjb-delasalle.fr\/site\/#\/schema\/logo\/image\/"}}]}},"_links":{"self":[{"href":"https:\/\/www.stjb-delasalle.fr\/site\/wp-json\/wp\/v2\/pages\/9283","targetHints":{"allow":["GET"]}}],"collection":[{"href":"https:\/\/www.stjb-delasalle.fr\/site\/wp-json\/wp\/v2\/pages"}],"about":[{"href":"https:\/\/www.stjb-delasalle.fr\/site\/wp-json\/wp\/v2\/types\/page"}],"author":[{"embeddable":true,"href":"https:\/\/www.stjb-delasalle.fr\/site\/wp-json\/wp\/v2\/users\/1"}],"replies":[{"embeddable":true,"href":"https:\/\/www.stjb-delasalle.fr\/site\/wp-json\/wp\/v2\/comments?post=9283"}],"version-history":[{"count":6,"href":"https:\/\/www.stjb-delasalle.fr\/site\/wp-json\/wp\/v2\/pages\/9283\/revisions"}],"predecessor-version":[{"id":12403,"href":"https:\/\/www.stjb-delasalle.fr\/site\/wp-json\/wp\/v2\/pages\/9283\/revisions\/12403"}],"wp:featuredmedia":[{"embeddable":true,"href":"https:\/\/www.stjb-delasalle.fr\/site\/wp-json\/wp\/v2\/media\/9914"}],"wp:attachment":[{"href":"https:\/\/www.stjb-delasalle.fr\/site\/wp-json\/wp\/v2\/media?parent=9283"}],"curies":[{"name":"wp","href":"https:\/\/api.w.org\/{rel}","templated":true}]}}