{"id":9169,"date":"2021-11-12T09:53:27","date_gmt":"2021-11-12T09:53:27","guid":{"rendered":"https:\/\/www.stjb-delasalle.fr\/site\/?page_id=9169"},"modified":"2023-10-30T14:31:32","modified_gmt":"2023-10-30T14:31:32","slug":"transports-scolaires","status":"publish","type":"page","link":"https:\/\/www.stjb-delasalle.fr\/site\/transports-scolaires\/","title":{"rendered":"Transports scolaires"},"content":{"rendered":"<p><img fetchpriority=\"high\" decoding=\"async\" class=\"wp-image-699 aligncenter\" src=\"http:\/\/www.stjb-delasalle.fr\/wp-content\/uploads\/2017\/10\/20171011_084512-1024x614.jpg\" alt=\"\" width=\"499\" height=\"300\" \/><\/p>\n<p><span style=\"color: #c82a59;\"><strong>Tarifs, modalit\u00e9s de fonctionnement des transports scolaires consultables sur le <a href=\"https:\/\/aleop.paysdelaloire.fr\/aleop-je-minforme-sur-les-transports-scolaires\" target=\"_blank\" rel=\"noopener noreferrer\">site de la R\u00e9gion des Pays de la Loire :<\/a><\/strong><\/span><\/p>\n<h1 class=\"node__title\">Al\u00e9op, je m\u2019informe sur les transports scolaires !<\/h1>\n<p>&nbsp;<\/p>\n<p><strong>Les transports sont assur\u00e9s par la R\u00e9gion des Pays de la Loire.<\/strong><\/p>\n<p><span style=\"color: #006ba8;\"><u>Les communes desservies par le coll\u00e8ge sont:<\/u><\/span><\/p>\n<ul>\n<li>Parign\u00e9 l&rsquo;Ev\u00eaque<\/li>\n<li>Brette-les-pins<\/li>\n<li>Saint Mars d&rsquo;Outill\u00e9<\/li>\n<li>Ruaudin<\/li>\n<li>Mulsanne<\/li>\n<li>Ecommoy<\/li>\n<li>Laign\u00e9-en-Belin<\/li>\n<li>Monc\u00e9-en-Belin<\/li>\n<li>Saint-Biez-en-Belin<\/li>\n<li>Saint-Ouen-en-Belin<\/li>\n<li>Saint-Gervais-en-Belin<\/li>\n<li>Le Grand Luc\u00e9<\/li>\n<li>Pruill\u00e9-l&rsquo;\u00c9guill\u00e9<\/li>\n<li>Villaines sous Luc\u00e9<\/li>\n<\/ul>\n","protected":false},"excerpt":{"rendered":"<p>Tarifs, modalit\u00e9s de fonctionnement des transports scolaires consultables sur le site de la R\u00e9gion des Pays de la Loire : Al\u00e9op, je m\u2019informe sur les transports scolaires ! &nbsp; Les transports sont assur\u00e9s par la R\u00e9gion des Pays de la Loire. Les communes desservies par le coll\u00e8ge sont: Parign\u00e9 l&rsquo;Ev\u00eaque Brette-les-pins Saint Mars d&rsquo;Outill\u00e9 Ruaudin [&hellip;]<\/p>\n","protected":false},"author":1,"featured_media":0,"parent":0,"menu_order":0,"comment_status":"closed","ping_status":"closed","template":"","meta":{"site-sidebar-layout":"default","site-content-layout":"default","ast-site-content-layout":"default","site-content-style":"default","site-sidebar-style":"default","ast-global-header-display":"","ast-banner-title-visibility":"","ast-main-header-display":"","ast-hfb-above-header-display":"","ast-hfb-below-header-display":"","ast-hfb-mobile-header-display":"","site-post-title":"","ast-breadcrumbs-content":"","ast-featured-img":"","footer-sml-layout":"","ast-disable-related-posts":"","theme-transparent-header-meta":"default","adv-header-id-meta":"","stick-header-meta":"","header-above-stick-meta":"","header-main-stick-meta":"","header-below-stick-meta":"","astra-migrate-meta-layouts":"set","ast-page-background-enabled":"default","ast-page-background-meta":{"desktop":{"background-color":"var(--ast-global-color-4)","background-image":"","background-repeat":"repeat","background-position":"center center","background-size":"auto","background-attachment":"scroll","background-type":"","background-media":"","overlay-type":"","overlay-color":"","overlay-opacity":"","overlay-gradient":""},"tablet":{"background-color":"","background-image":"","background-repeat":"repeat","background-position":"center center","background-size":"auto","background-attachment":"scroll","background-type":"","background-media":"","overlay-type":"","overlay-color":"","overlay-opacity":"","overlay-gradient":""},"mobile":{"background-color":"","background-image":"","background-repeat":"repeat","background-position":"center center","background-size":"auto","background-attachment":"scroll","background-type":"","background-media":"","overlay-type":"","overlay-color":"","overlay-opacity":"","overlay-gradient":""}},"ast-content-background-meta":{"desktop":{"background-color":"var(--ast-global-color-5)","background-image":"","background-repeat":"repeat","background-position":"center center","background-size":"auto","background-attachment":"scroll","background-type":"","background-media":"","overlay-type":"","overlay-color":"","overlay-opacity":"","overlay-gradient":""},"tablet":{"background-color":"var(--ast-global-color-5)","background-image":"","background-repeat":"repeat","background-position":"center center","background-size":"auto","background-attachment":"scroll","background-type":"","background-media":"","overlay-type":"","overlay-color":"","overlay-opacity":"","overlay-gradient":""},"mobile":{"background-color":"var(--ast-global-color-5)","background-image":"","background-repeat":"repeat","background-position":"center center","background-size":"auto","background-attachment":"scroll","background-type":"","background-media":"","overlay-type":"","overlay-color":"","overlay-opacity":"","overlay-gradient":""}},"footnotes":""},"class_list":["post-9169","page","type-page","status-publish","hentry"],"yoast_head":"<!-- This site is optimized with the Yoast SEO plugin v27.5 - https:\/\/yoast.com\/product\/yoast-seo-wordpress\/ -->\n<title>Transports scolaires - Coll\u00e8ge Saint Jean Baptiste de La Salle<\/title>\n<meta name=\"robots\" content=\"index, follow, max-snippet:-1, max-image-preview:large, max-video-preview:-1\" \/>\n<link rel=\"canonical\" href=\"https:\/\/www.stjb-delasalle.fr\/site\/transports-scolaires\/\" \/>\n<meta property=\"og:locale\" content=\"fr_FR\" \/>\n<meta property=\"og:type\" content=\"article\" \/>\n<meta property=\"og:title\" content=\"Transports scolaires - Coll\u00e8ge Saint Jean Baptiste de La Salle\" \/>\n<meta property=\"og:description\" content=\"Tarifs, modalit\u00e9s de fonctionnement des transports scolaires consultables sur le site de la R\u00e9gion des Pays de la Loire : Al\u00e9op, je m\u2019informe sur les transports scolaires ! &nbsp; Les transports sont assur\u00e9s par la R\u00e9gion des Pays de la Loire. Les communes desservies par le coll\u00e8ge sont: Parign\u00e9 l&rsquo;Ev\u00eaque Brette-les-pins Saint Mars d&rsquo;Outill\u00e9 Ruaudin [&hellip;]\" \/>\n<meta property=\"og:url\" content=\"https:\/\/www.stjb-delasalle.fr\/site\/transports-scolaires\/\" \/>\n<meta property=\"og:site_name\" content=\"Coll\u00e8ge Saint Jean Baptiste de La Salle\" \/>\n<meta property=\"article:modified_time\" content=\"2023-10-30T14:31:32+00:00\" \/>\n<meta property=\"og:image\" content=\"http:\/\/www.stjb-delasalle.fr\/wp-content\/uploads\/2017\/10\/20171011_084512-1024x614.jpg\" \/>\n<meta name=\"twitter:card\" content=\"summary_large_image\" \/>\n<meta name=\"twitter:label1\" content=\"Dur\u00e9e de lecture estim\u00e9e\" \/>\n\t<meta name=\"twitter:data1\" content=\"1 minute\" \/>\n<script type=\"application\/ld+json\" class=\"yoast-schema-graph\">{\"@context\":\"https:\\\/\\\/schema.org\",\"@graph\":[{\"@type\":\"WebPage\",\"@id\":\"https:\\\/\\\/www.stjb-delasalle.fr\\\/site\\\/transports-scolaires\\\/\",\"url\":\"https:\\\/\\\/www.stjb-delasalle.fr\\\/site\\\/transports-scolaires\\\/\",\"name\":\"Transports scolaires - Coll\u00e8ge Saint Jean Baptiste de La Salle\",\"isPartOf\":{\"@id\":\"https:\\\/\\\/www.stjb-delasalle.fr\\\/site\\\/#website\"},\"primaryImageOfPage\":{\"@id\":\"https:\\\/\\\/www.stjb-delasalle.fr\\\/site\\\/transports-scolaires\\\/#primaryimage\"},\"image\":{\"@id\":\"https:\\\/\\\/www.stjb-delasalle.fr\\\/site\\\/transports-scolaires\\\/#primaryimage\"},\"thumbnailUrl\":\"http:\\\/\\\/www.stjb-delasalle.fr\\\/wp-content\\\/uploads\\\/2017\\\/10\\\/20171011_084512-1024x614.jpg\",\"datePublished\":\"2021-11-12T09:53:27+00:00\",\"dateModified\":\"2023-10-30T14:31:32+00:00\",\"breadcrumb\":{\"@id\":\"https:\\\/\\\/www.stjb-delasalle.fr\\\/site\\\/transports-scolaires\\\/#breadcrumb\"},\"inLanguage\":\"fr-FR\",\"potentialAction\":[{\"@type\":\"ReadAction\",\"target\":[\"https:\\\/\\\/www.stjb-delasalle.fr\\\/site\\\/transports-scolaires\\\/\"]}]},{\"@type\":\"ImageObject\",\"inLanguage\":\"fr-FR\",\"@id\":\"https:\\\/\\\/www.stjb-delasalle.fr\\\/site\\\/transports-scolaires\\\/#primaryimage\",\"url\":\"http:\\\/\\\/www.stjb-delasalle.fr\\\/wp-content\\\/uploads\\\/2017\\\/10\\\/20171011_084512-1024x614.jpg\",\"contentUrl\":\"http:\\\/\\\/www.stjb-delasalle.fr\\\/wp-content\\\/uploads\\\/2017\\\/10\\\/20171011_084512-1024x614.jpg\"},{\"@type\":\"BreadcrumbList\",\"@id\":\"https:\\\/\\\/www.stjb-delasalle.fr\\\/site\\\/transports-scolaires\\\/#breadcrumb\",\"itemListElement\":[{\"@type\":\"ListItem\",\"position\":1,\"name\":\"Accueil\",\"item\":\"https:\\\/\\\/www.stjb-delasalle.fr\\\/site\\\/\"},{\"@type\":\"ListItem\",\"position\":2,\"name\":\"Transports scolaires\"}]},{\"@type\":\"WebSite\",\"@id\":\"https:\\\/\\\/www.stjb-delasalle.fr\\\/site\\\/#website\",\"url\":\"https:\\\/\\\/www.stjb-delasalle.fr\\\/site\\\/\",\"name\":\"Coll\u00e8ge Saint Jean Baptiste de La Salle\",\"description\":\"Notre coll\u00e8ge vous accueille sur le site du Rancher \u00e0 Teloch\u00e9\",\"publisher\":{\"@id\":\"https:\\\/\\\/www.stjb-delasalle.fr\\\/site\\\/#organization\"},\"potentialAction\":[{\"@type\":\"SearchAction\",\"target\":{\"@type\":\"EntryPoint\",\"urlTemplate\":\"https:\\\/\\\/www.stjb-delasalle.fr\\\/site\\\/?s={search_term_string}\"},\"query-input\":{\"@type\":\"PropertyValueSpecification\",\"valueRequired\":true,\"valueName\":\"search_term_string\"}}],\"inLanguage\":\"fr-FR\"},{\"@type\":\"Organization\",\"@id\":\"https:\\\/\\\/www.stjb-delasalle.fr\\\/site\\\/#organization\",\"name\":\"Coll\u00e8ge Saint Jean Baptiste de La Salle\",\"url\":\"https:\\\/\\\/www.stjb-delasalle.fr\\\/site\\\/\",\"logo\":{\"@type\":\"ImageObject\",\"inLanguage\":\"fr-FR\",\"@id\":\"https:\\\/\\\/www.stjb-delasalle.fr\\\/site\\\/#\\\/schema\\\/logo\\\/image\\\/\",\"url\":\"https:\\\/\\\/www.stjb-delasalle.fr\\\/site\\\/wp-content\\\/uploads\\\/2021\\\/11\\\/logostjb_petit_transp.png\",\"contentUrl\":\"https:\\\/\\\/www.stjb-delasalle.fr\\\/site\\\/wp-content\\\/uploads\\\/2021\\\/11\\\/logostjb_petit_transp.png\",\"width\":180,\"height\":127,\"caption\":\"Coll\u00e8ge Saint Jean Baptiste de La Salle\"},\"image\":{\"@id\":\"https:\\\/\\\/www.stjb-delasalle.fr\\\/site\\\/#\\\/schema\\\/logo\\\/image\\\/\"}}]}<\/script>\n<!-- \/ Yoast SEO plugin. -->","yoast_head_json":{"title":"Transports scolaires - Coll\u00e8ge Saint Jean Baptiste de La Salle","robots":{"index":"index","follow":"follow","max-snippet":"max-snippet:-1","max-image-preview":"max-image-preview:large","max-video-preview":"max-video-preview:-1"},"canonical":"https:\/\/www.stjb-delasalle.fr\/site\/transports-scolaires\/","og_locale":"fr_FR","og_type":"article","og_title":"Transports scolaires - Coll\u00e8ge Saint Jean Baptiste de La Salle","og_description":"Tarifs, modalit\u00e9s de fonctionnement des transports scolaires consultables sur le site de la R\u00e9gion des Pays de la Loire : Al\u00e9op, je m\u2019informe sur les transports scolaires ! &nbsp; Les transports sont assur\u00e9s par la R\u00e9gion des Pays de la Loire. Les communes desservies par le coll\u00e8ge sont: Parign\u00e9 l&rsquo;Ev\u00eaque Brette-les-pins Saint Mars d&rsquo;Outill\u00e9 Ruaudin [&hellip;]","og_url":"https:\/\/www.stjb-delasalle.fr\/site\/transports-scolaires\/","og_site_name":"Coll\u00e8ge Saint Jean Baptiste de La Salle","article_modified_time":"2023-10-30T14:31:32+00:00","og_image":[{"url":"http:\/\/www.stjb-delasalle.fr\/wp-content\/uploads\/2017\/10\/20171011_084512-1024x614.jpg","type":"","width":"","height":""}],"twitter_card":"summary_large_image","twitter_misc":{"Dur\u00e9e de lecture estim\u00e9e":"1 minute"},"schema":{"@context":"https:\/\/schema.org","@graph":[{"@type":"WebPage","@id":"https:\/\/www.stjb-delasalle.fr\/site\/transports-scolaires\/","url":"https:\/\/www.stjb-delasalle.fr\/site\/transports-scolaires\/","name":"Transports scolaires - Coll\u00e8ge Saint Jean Baptiste de La Salle","isPartOf":{"@id":"https:\/\/www.stjb-delasalle.fr\/site\/#website"},"primaryImageOfPage":{"@id":"https:\/\/www.stjb-delasalle.fr\/site\/transports-scolaires\/#primaryimage"},"image":{"@id":"https:\/\/www.stjb-delasalle.fr\/site\/transports-scolaires\/#primaryimage"},"thumbnailUrl":"http:\/\/www.stjb-delasalle.fr\/wp-content\/uploads\/2017\/10\/20171011_084512-1024x614.jpg","datePublished":"2021-11-12T09:53:27+00:00","dateModified":"2023-10-30T14:31:32+00:00","breadcrumb":{"@id":"https:\/\/www.stjb-delasalle.fr\/site\/transports-scolaires\/#breadcrumb"},"inLanguage":"fr-FR","potentialAction":[{"@type":"ReadAction","target":["https:\/\/www.stjb-delasalle.fr\/site\/transports-scolaires\/"]}]},{"@type":"ImageObject","inLanguage":"fr-FR","@id":"https:\/\/www.stjb-delasalle.fr\/site\/transports-scolaires\/#primaryimage","url":"http:\/\/www.stjb-delasalle.fr\/wp-content\/uploads\/2017\/10\/20171011_084512-1024x614.jpg","contentUrl":"http:\/\/www.stjb-delasalle.fr\/wp-content\/uploads\/2017\/10\/20171011_084512-1024x614.jpg"},{"@type":"BreadcrumbList","@id":"https:\/\/www.stjb-delasalle.fr\/site\/transports-scolaires\/#breadcrumb","itemListElement":[{"@type":"ListItem","position":1,"name":"Accueil","item":"https:\/\/www.stjb-delasalle.fr\/site\/"},{"@type":"ListItem","position":2,"name":"Transports scolaires"}]},{"@type":"WebSite","@id":"https:\/\/www.stjb-delasalle.fr\/site\/#website","url":"https:\/\/www.stjb-delasalle.fr\/site\/","name":"Coll\u00e8ge Saint Jean Baptiste de La Salle","description":"Notre coll\u00e8ge vous accueille sur le site du Rancher \u00e0 Teloch\u00e9","publisher":{"@id":"https:\/\/www.stjb-delasalle.fr\/site\/#organization"},"potentialAction":[{"@type":"SearchAction","target":{"@type":"EntryPoint","urlTemplate":"https:\/\/www.stjb-delasalle.fr\/site\/?s={search_term_string}"},"query-input":{"@type":"PropertyValueSpecification","valueRequired":true,"valueName":"search_term_string"}}],"inLanguage":"fr-FR"},{"@type":"Organization","@id":"https:\/\/www.stjb-delasalle.fr\/site\/#organization","name":"Coll\u00e8ge Saint Jean Baptiste de La Salle","url":"https:\/\/www.stjb-delasalle.fr\/site\/","logo":{"@type":"ImageObject","inLanguage":"fr-FR","@id":"https:\/\/www.stjb-delasalle.fr\/site\/#\/schema\/logo\/image\/","url":"https:\/\/www.stjb-delasalle.fr\/site\/wp-content\/uploads\/2021\/11\/logostjb_petit_transp.png","contentUrl":"https:\/\/www.stjb-delasalle.fr\/site\/wp-content\/uploads\/2021\/11\/logostjb_petit_transp.png","width":180,"height":127,"caption":"Coll\u00e8ge Saint Jean Baptiste de La Salle"},"image":{"@id":"https:\/\/www.stjb-delasalle.fr\/site\/#\/schema\/logo\/image\/"}}]}},"_links":{"self":[{"href":"https:\/\/www.stjb-delasalle.fr\/site\/wp-json\/wp\/v2\/pages\/9169","targetHints":{"allow":["GET"]}}],"collection":[{"href":"https:\/\/www.stjb-delasalle.fr\/site\/wp-json\/wp\/v2\/pages"}],"about":[{"href":"https:\/\/www.stjb-delasalle.fr\/site\/wp-json\/wp\/v2\/types\/page"}],"author":[{"embeddable":true,"href":"https:\/\/www.stjb-delasalle.fr\/site\/wp-json\/wp\/v2\/users\/1"}],"replies":[{"embeddable":true,"href":"https:\/\/www.stjb-delasalle.fr\/site\/wp-json\/wp\/v2\/comments?post=9169"}],"version-history":[{"count":4,"href":"https:\/\/www.stjb-delasalle.fr\/site\/wp-json\/wp\/v2\/pages\/9169\/revisions"}],"predecessor-version":[{"id":14047,"href":"https:\/\/www.stjb-delasalle.fr\/site\/wp-json\/wp\/v2\/pages\/9169\/revisions\/14047"}],"wp:attachment":[{"href":"https:\/\/www.stjb-delasalle.fr\/site\/wp-json\/wp\/v2\/media?parent=9169"}],"curies":[{"name":"wp","href":"https:\/\/api.w.org\/{rel}","templated":true}]}}