{"id":9148,"date":"2021-11-12T09:38:11","date_gmt":"2021-11-12T09:38:11","guid":{"rendered":"https:\/\/www.stjb-delasalle.fr\/site\/?page_id=9148"},"modified":"2025-10-21T09:17:15","modified_gmt":"2025-10-21T09:17:15","slug":"inscriptions-2025-2026","status":"publish","type":"page","link":"https:\/\/www.stjb-delasalle.fr\/site\/inscriptions-2025-2026\/","title":{"rendered":"Inscriptions 2026-2027"},"content":{"rendered":"\t\t<div data-elementor-type=\"wp-page\" data-elementor-id=\"9148\" class=\"elementor elementor-9148\">\n\t\t\t\t\t\t<section class=\"elementor-section elementor-top-section elementor-element elementor-element-7c23889 elementor-section-boxed elementor-section-height-default elementor-section-height-default\" data-id=\"7c23889\" data-element_type=\"section\" data-e-type=\"section\">\n\t\t\t\t\t\t<div class=\"elementor-container elementor-column-gap-default\">\n\t\t\t\t\t<div class=\"elementor-column elementor-col-100 elementor-top-column elementor-element elementor-element-da7ad34\" data-id=\"da7ad34\" data-element_type=\"column\" data-e-type=\"column\">\n\t\t\t<div class=\"elementor-widget-wrap elementor-element-populated\">\n\t\t\t\t\t\t<div class=\"elementor-element elementor-element-d306734 elementor-widget elementor-widget-heading\" data-id=\"d306734\" data-element_type=\"widget\" data-e-type=\"widget\" data-widget_type=\"heading.default\">\n\t\t\t\t<div class=\"elementor-widget-container\">\n\t\t\t\t\t<h1 class=\"elementor-heading-title elementor-size-default\">Rentr\u00e9e 2026<\/h1>\t\t\t\t<\/div>\n\t\t\t\t<\/div>\n\t\t\t\t\t<\/div>\n\t\t<\/div>\n\t\t\t\t\t<\/div>\n\t\t<\/section>\n\t\t\t\t<section class=\"elementor-section elementor-top-section elementor-element elementor-element-326ba61 elementor-section-boxed elementor-section-height-default elementor-section-height-default\" data-id=\"326ba61\" data-element_type=\"section\" data-e-type=\"section\">\n\t\t\t\t\t\t<div class=\"elementor-container elementor-column-gap-default\">\n\t\t\t\t\t<div class=\"elementor-column elementor-col-100 elementor-top-column elementor-element elementor-element-fe58084\" data-id=\"fe58084\" data-element_type=\"column\" data-e-type=\"column\">\n\t\t\t<div class=\"elementor-widget-wrap elementor-element-populated\">\n\t\t\t\t\t\t<div class=\"elementor-element elementor-element-261eade elementor-widget elementor-widget-heading\" data-id=\"261eade\" data-element_type=\"widget\" data-e-type=\"widget\" data-widget_type=\"heading.default\">\n\t\t\t\t<div class=\"elementor-widget-container\">\n\t\t\t\t\t<h1 class=\"elementor-heading-title elementor-size-default\"><div><main><div data-elementor-type=\"single-page\" data-elementor-id=\"9092\" data-elementor-title=\"Single Page\"><section data-id=\"ffde705\" data-element_type=\"section\"><div data-id=\"f3655ba\" data-element_type=\"column\"><div data-id=\"af0a954\" data-element_type=\"widget\" data-widget_type=\"theme-post-content.default\"><div data-elementor-type=\"wp-page\" data-elementor-id=\"9148\" data-elementor-title=\"Page\"><section data-id=\"247fc84d\" data-element_type=\"section\" data-model-cid=\"c34\"><div data-id=\"3e02ce3d\" data-element_type=\"column\" data-model-cid=\"c35\" data-col=\"100\"><div data-id=\"5f9ed6e1\" data-element_type=\"widget\" data-model-cid=\"c36\" data-widget_type=\"text-editor.default\"><div data-elementor-setting-key=\"editor\" data-elementor-inline-editing-toolbar=\"advanced\" data-pen-placeholder=\"\u00c9crivez ici...\"><h3 style=\"text-align: center\"><br><span style=\"border: 0px;font-size: 1.733333rem;margin: 0px;padding: 0px;vertical-align: baseline;clear: both;line-height: 1.3em\"><b><u>Contactez-nous au 02 43 42 04 34&nbsp;<\/u><\/b><\/span><\/h3><h3 style=\"text-align: center\"><strong>Demande d\u2019inscription pour Septembre 2026 en classe de 6, 5, 4, 3\u00e8me<\/strong><span style=\"font-family: Roboto, sans-serif;font-size: 2.66667rem;font-style: inherit;font-weight: 600\"><\/span><\/h3><\/div><\/div><\/div><\/section><\/div><\/div><\/div><\/section><\/div><\/main><\/div><\/h1>\t\t\t\t<\/div>\n\t\t\t\t<\/div>\n\t\t\t\t\t<\/div>\n\t\t<\/div>\n\t\t\t\t\t<\/div>\n\t\t<\/section>\n\t\t\t\t<section class=\"elementor-section elementor-top-section elementor-element elementor-element-0969807 elementor-section-boxed elementor-section-height-default elementor-section-height-default\" data-id=\"0969807\" data-element_type=\"section\" data-e-type=\"section\">\n\t\t\t\t\t\t<div class=\"elementor-container elementor-column-gap-default\">\n\t\t\t\t\t<div class=\"elementor-column elementor-col-100 elementor-top-column elementor-element elementor-element-dd8c1b5\" data-id=\"dd8c1b5\" data-element_type=\"column\" data-e-type=\"column\">\n\t\t\t<div class=\"elementor-widget-wrap elementor-element-populated\">\n\t\t\t\t\t\t<div class=\"elementor-element elementor-element-a0228ac elementor-widget elementor-widget-heading\" data-id=\"a0228ac\" data-element_type=\"widget\" data-e-type=\"widget\" data-widget_type=\"heading.default\">\n\t\t\t\t<div class=\"elementor-widget-container\">\n\t\t\t\t\t<h1 class=\"elementor-heading-title elementor-size-default\"><a href=\"https:\/\/preinscriptions.ecoledirecte.com\/?RNE=0721261E\" target=\"_blank\"><div><div><div><div><main><div data-elementor-type=\"single-page\" data-elementor-id=\"9092\" data-elementor-title=\"Single Page\"><div><section data-id=\"ffde705\" data-element_type=\"section\"><div><div data-id=\"f3655ba\" data-element_type=\"column\"><div><div data-id=\"af0a954\" data-element_type=\"widget\" data-widget_type=\"theme-post-content.default\"><div><div data-elementor-type=\"wp-page\" data-elementor-id=\"9148\" data-elementor-title=\"Page\"><div><section data-id=\"326ba61\" data-element_type=\"section\" data-model-cid=\"c43\"><div><div data-id=\"fe58084\" data-element_type=\"column\" data-model-cid=\"c44\" data-col=\"100\"><div><div data-id=\"261eade\" data-element_type=\"widget\" data-model-cid=\"c45\" data-widget_type=\"heading.default\"><div><h1 data-elementor-setting-key=\"title\" data-pen-placeholder=\"\u00c9crivez ici...\"><div><div><div><div><main><div data-elementor-type=\"single-page\" data-elementor-id=\"9092\" data-elementor-title=\"Single Page\"><div><section data-id=\"ffde705\" data-element_type=\"section\"><div><div data-id=\"f3655ba\" data-element_type=\"column\"><div><div data-id=\"af0a954\" data-element_type=\"widget\" data-widget_type=\"theme-post-content.default\"><div><div data-elementor-type=\"wp-page\" data-elementor-id=\"9148\" data-elementor-title=\"Page\"><div><section data-id=\"247fc84d\" data-element_type=\"section\" data-model-cid=\"c34\"><div><div data-id=\"3e02ce3d\" data-element_type=\"column\" data-model-cid=\"c35\" data-col=\"100\"><div><div data-id=\"5f9ed6e1\" data-element_type=\"widget\" data-model-cid=\"c36\" data-widget_type=\"text-editor.default\"><div><div data-elementor-setting-key=\"editor\" data-elementor-inline-editing-toolbar=\"advanced\" data-pen-placeholder=\"\u00c9crivez ici...\"><h1 data-elementor-setting-key=\"title\" data-pen-placeholder=\"\u00c9crivez ici...\"><\/h1><h3 style=\"text-align: center\"><b><a href=\"https:\/\/preinscriptions.ecoledirecte.com\/?RNE=0721261E\" target=\"_blank\" rel=\"noopener\"><span style=\"text-decoration: underline\">Formulaire \u00e0 remplir en ligne<\/span><\/a><\/b><\/h3><\/div><\/div><\/div><\/div><\/div><\/div><\/section><\/div><\/div><\/div><\/div><\/div><\/div><\/div><\/section><\/div><\/div><\/main><\/div><\/div><\/div><\/div><\/h1><\/div><\/div><\/div><\/div><\/div><\/section><\/div><\/div><\/div><\/div><\/div><\/div><\/div><\/section><\/div><\/div><\/main><\/div><\/div><\/div><\/div><\/a><\/h1>\t\t\t\t<\/div>\n\t\t\t\t<\/div>\n\t\t\t\t\t<\/div>\n\t\t<\/div>\n\t\t\t\t\t<\/div>\n\t\t<\/section>\n\t\t\t\t<section class=\"elementor-section elementor-top-section elementor-element elementor-element-e520106 elementor-section-boxed elementor-section-height-default elementor-section-height-default\" data-id=\"e520106\" data-element_type=\"section\" data-e-type=\"section\">\n\t\t\t\t\t\t<div class=\"elementor-container elementor-column-gap-default\">\n\t\t\t\t\t<div class=\"elementor-column elementor-col-100 elementor-top-column elementor-element elementor-element-0ed6a96\" data-id=\"0ed6a96\" data-element_type=\"column\" data-e-type=\"column\">\n\t\t\t<div class=\"elementor-widget-wrap elementor-element-populated\">\n\t\t\t\t\t\t<div class=\"elementor-element elementor-element-6448176 elementor-widget__width-initial elementor-widget elementor-widget-text-editor\" data-id=\"6448176\" data-element_type=\"widget\" data-e-type=\"widget\" data-widget_type=\"text-editor.default\">\n\t\t\t\t<div class=\"elementor-widget-container\">\n\t\t\t\t\t\t\t\t\t<p class=\"x_MsoNormal\" data-olk-copy-source=\"MessageBody\">Cliquer ci-dessous pour acc\u00e9der aux documents suivants :\u00a0<\/p><ul><li class=\"x_MsoNormal\" data-olk-copy-source=\"MessageBody\"><span style=\"text-decoration: underline;\"><a href=\"https:\/\/www.stjb-delasalle.fr\/site\/wp-content\/uploads\/2024\/10\/Contrat-de-scolarisation-2025-2026.pdf\" target=\"_blank\" rel=\"noopener\">Contrat de scolarisation 2025-26<\/a><\/span><\/li><li class=\"x_MsoNormal\" data-olk-copy-source=\"MessageBody\"><span style=\"text-decoration: underline;\"><a href=\"https:\/\/www.stjb-delasalle.fr\/site\/wp-content\/uploads\/2024\/10\/Annexe-2-du-contrat-de-scolarisation-Le-projet-educatif-de-letablissement.pdf\" target=\"_blank\" rel=\"noopener\">Annexe 2<\/a><\/span><\/li><li class=\"x_MsoNormal\" data-olk-copy-source=\"MessageBody\"><span style=\"text-decoration: underline;\"><a href=\"https:\/\/www.stjb-delasalle.fr\/site\/wp-content\/uploads\/2024\/10\/Annexe-3-du-contrat-de-scolarisation-Le-projet-educatif-Lasallien.pdf\" target=\"_blank\" rel=\"noopener\">Annexe 3<\/a><\/span><\/li><li class=\"x_MsoNormal\" data-olk-copy-source=\"MessageBody\"><span style=\"text-decoration: underline;\"><a href=\"https:\/\/www.stjb-delasalle.fr\/site\/wp-content\/uploads\/2024\/10\/Annexe-4-du-contrat-de-scolarisation-Le-contrat-du-collegien.pdf\" target=\"_blank\" rel=\"noopener\">Annexe 4<\/a><\/span><\/li><\/ul>\t\t\t\t\t\t\t\t<\/div>\n\t\t\t\t<\/div>\n\t\t\t\t\t<\/div>\n\t\t<\/div>\n\t\t\t\t\t<\/div>\n\t\t<\/section>\n\t\t\t\t<section class=\"elementor-section elementor-top-section elementor-element elementor-element-10d4478 elementor-section-boxed elementor-section-height-default elementor-section-height-default\" data-id=\"10d4478\" data-element_type=\"section\" data-e-type=\"section\">\n\t\t\t\t\t\t<div class=\"elementor-container elementor-column-gap-default\">\n\t\t\t\t\t<div class=\"elementor-column elementor-col-100 elementor-top-column elementor-element elementor-element-67af6e2\" data-id=\"67af6e2\" data-element_type=\"column\" data-e-type=\"column\">\n\t\t\t<div class=\"elementor-widget-wrap elementor-element-populated\">\n\t\t\t\t\t\t<div class=\"elementor-element elementor-element-1ef52eb elementor-widget elementor-widget-heading\" data-id=\"1ef52eb\" data-element_type=\"widget\" data-e-type=\"widget\" data-widget_type=\"heading.default\">\n\t\t\t\t<div class=\"elementor-widget-container\">\n\t\t\t\t\t<h2 class=\"elementor-heading-title elementor-size-default\">D\u00e8s la 6\u00e8me<\/h2>\t\t\t\t<\/div>\n\t\t\t\t<\/div>\n\t\t\t\t\t<\/div>\n\t\t<\/div>\n\t\t\t\t\t<\/div>\n\t\t<\/section>\n\t\t\t\t<section class=\"elementor-section elementor-top-section elementor-element elementor-element-dd53d3a elementor-section-boxed elementor-section-height-default elementor-section-height-default\" data-id=\"dd53d3a\" data-element_type=\"section\" data-e-type=\"section\">\n\t\t\t\t\t\t<div class=\"elementor-container elementor-column-gap-default\">\n\t\t\t\t\t<div class=\"elementor-column elementor-col-100 elementor-top-column elementor-element elementor-element-f5d936d\" data-id=\"f5d936d\" data-element_type=\"column\" data-e-type=\"column\">\n\t\t\t<div class=\"elementor-widget-wrap elementor-element-populated\">\n\t\t\t\t\t\t<div class=\"elementor-element elementor-element-0036a9c elementor-widget elementor-widget-heading\" data-id=\"0036a9c\" data-element_type=\"widget\" data-e-type=\"widget\" data-widget_type=\"heading.default\">\n\t\t\t\t<div class=\"elementor-widget-container\">\n\t\t\t\t\t<h2 class=\"elementor-heading-title elementor-size-default\"><div><div><div><div><main><div data-elementor-type=\"single-page\" data-elementor-id=\"9092\" data-elementor-title=\"Single Page\"><div><section data-id=\"ffde705\" data-element_type=\"section\"><div><div data-id=\"f3655ba\" data-element_type=\"column\"><div><div data-id=\"af0a954\" data-element_type=\"widget\" data-widget_type=\"theme-post-content.default\"><div><div data-elementor-type=\"wp-page\" data-elementor-id=\"9148\" data-elementor-title=\"Page\"><div><section data-id=\"247fc84d\" data-element_type=\"section\" data-model-cid=\"c34\"><div><div data-id=\"3e02ce3d\" data-element_type=\"column\" data-model-cid=\"c35\" data-col=\"100\"><div><div data-id=\"5f9ed6e1\" data-element_type=\"widget\" data-model-cid=\"c36\" data-widget_type=\"text-editor.default\"><div><div data-elementor-setting-key=\"editor\" data-elementor-inline-editing-toolbar=\"advanced\" data-pen-placeholder=\"\u00c9crivez ici...\"><h3><strong>Nous vous proposons de d\u00e9couvrir les options qu'un \u00e9l\u00e8ve peut choisir lors de son entr\u00e9e au coll\u00e8ge.&nbsp;<\/strong><strong>Le coll\u00e8ge dispose de :<\/strong><\/h3><h3>&nbsp;<\/h3><h3><strong>- La Section Bilangue (anglais + allemand)<\/strong><\/h3><h3><b>- L'Academy Football<\/b><\/h3><h3><b>- Le Chant choral <\/b><\/h3><h3><b>- L'Atelier scientifique<\/b><\/h3><h3><\/h3><\/div><\/div><\/div><\/div><\/div><\/div><\/section><\/div><\/div><\/div><\/div><\/div><\/div><\/div><\/section><\/div><\/div><\/main><\/div><\/div><\/div><\/div><\/h2>\t\t\t\t<\/div>\n\t\t\t\t<\/div>\n\t\t\t\t\t<\/div>\n\t\t<\/div>\n\t\t\t\t\t<\/div>\n\t\t<\/section>\n\t\t\t\t<section class=\"elementor-section elementor-top-section elementor-element elementor-element-247fc84d elementor-section-boxed elementor-section-height-default elementor-section-height-default\" data-id=\"247fc84d\" data-element_type=\"section\" data-e-type=\"section\">\n\t\t\t\t\t\t<div class=\"elementor-container elementor-column-gap-default\">\n\t\t\t\t\t<div class=\"elementor-column elementor-col-100 elementor-top-column elementor-element elementor-element-3e02ce3d\" data-id=\"3e02ce3d\" data-element_type=\"column\" data-e-type=\"column\">\n\t\t\t<div class=\"elementor-widget-wrap elementor-element-populated\">\n\t\t\t\t\t\t<div class=\"elementor-element elementor-element-5f9ed6e1 elementor-widget__width-initial elementor-widget elementor-widget-text-editor\" data-id=\"5f9ed6e1\" data-element_type=\"widget\" data-e-type=\"widget\" data-widget_type=\"text-editor.default\">\n\t\t\t\t<div class=\"elementor-widget-container\">\n\t\t\t\t\t\t\t\t\t<h6><u><i><strong>L<\/strong><b>a<\/b><b> section bilangue<\/b><\/i><\/u><\/h6><div>\u00a0<\/div><p><strong>C&rsquo;est quoi exactement ?<\/strong> Nous vous proposons cet outil interactif pour r\u00e9pondre \u00e0 vos questions, la section bilangue <strong>se poursuit <\/strong>sur les trois autres ann\u00e9es avec l&rsquo;arriv\u00e9e de la LV2 <em>(Langue Vivante)<b>. <\/b><\/em><a href=\"https:\/\/www.stjb-delasalle.fr\/site\/section-bilangue\/\" target=\"_blank\" rel=\"noopener\"><span data-ccp-props=\"{&quot;134233117&quot;:true,&quot;134233118&quot;:true,&quot;335551550&quot;:6,&quot;335551620&quot;:6,&quot;335559738&quot;:0,&quot;335559739&quot;:0}\">C<i>liquer pour + d&rsquo;infos<\/i><\/span><\/a><\/p><div style=\"width: 100%;\"><div style=\"position: relative; padding-bottom: 50%; padding-top: 0; height: 0;\"><iframe style=\"position: absolute; top: 0; left: 0; width: 100%; height: 100%;\" src=\"https:\/\/view.genial.ly\/5f8975d6ded92c0d11f2f801\" width=\"1600px\" height=\"800px\" frameborder=\"0\" scrolling=\"yes\" allowfullscreen=\"allowfullscreen\"><\/iframe><\/div><div><hr \/><\/div><div>\u00a0<\/div><div>\u00a0<\/div><\/div>\t\t\t\t\t\t\t\t<\/div>\n\t\t\t\t<\/div>\n\t\t\t\t\t<\/div>\n\t\t<\/div>\n\t\t\t\t\t<\/div>\n\t\t<\/section>\n\t\t\t\t<section class=\"elementor-section elementor-top-section elementor-element elementor-element-833da1f elementor-section-boxed elementor-section-height-default elementor-section-height-default\" data-id=\"833da1f\" data-element_type=\"section\" data-e-type=\"section\">\n\t\t\t\t\t\t<div class=\"elementor-container elementor-column-gap-default\">\n\t\t\t\t\t<div class=\"elementor-column elementor-col-100 elementor-top-column elementor-element elementor-element-b3e9885\" data-id=\"b3e9885\" data-element_type=\"column\" data-e-type=\"column\">\n\t\t\t<div class=\"elementor-widget-wrap elementor-element-populated\">\n\t\t\t\t\t\t<div class=\"elementor-element elementor-element-999c173 elementor-widget elementor-widget-text-editor\" data-id=\"999c173\" data-element_type=\"widget\" data-e-type=\"widget\" data-widget_type=\"text-editor.default\">\n\t\t\t\t<div class=\"elementor-widget-container\">\n\t\t\t\t\t\t\t\t\t<h6><u><strong><img fetchpriority=\"high\" decoding=\"async\" class=\"alignnone size-large wp-image-16554\" src=\"https:\/\/www.stjb-delasalle.fr\/site\/wp-content\/uploads\/2024\/10\/thumbnail_269c803a-5d86-46b9-994e-f86a1ec61eba-1024x543.jpg\" alt=\"academy foot promo 2323 24\" width=\"1024\" height=\"543\" srcset=\"https:\/\/www.stjb-delasalle.fr\/site\/wp-content\/uploads\/2024\/10\/thumbnail_269c803a-5d86-46b9-994e-f86a1ec61eba-1024x543.jpg 1024w, https:\/\/www.stjb-delasalle.fr\/site\/wp-content\/uploads\/2024\/10\/thumbnail_269c803a-5d86-46b9-994e-f86a1ec61eba-300x159.jpg 300w, https:\/\/www.stjb-delasalle.fr\/site\/wp-content\/uploads\/2024\/10\/thumbnail_269c803a-5d86-46b9-994e-f86a1ec61eba-768x407.jpg 768w, https:\/\/www.stjb-delasalle.fr\/site\/wp-content\/uploads\/2024\/10\/thumbnail_269c803a-5d86-46b9-994e-f86a1ec61eba.jpg 1280w\" sizes=\"(max-width: 1024px) 100vw, 1024px\" \/>L&rsquo;Academy Football <\/strong><\/u><\/h6><div>\u00a0<\/div><div><p>L&rsquo;Academy Football a pour objectif d\u2019apporter un apprentissage social qui conduit \u00e0 une meilleure compr\u00e9hension des autres et de soi-m\u00eame. Elle permet de d\u00e9velopper le go\u00fbt de l\u2019effort, indispensable dans la vie comme dans le sport. <a href=\"https:\/\/www.stjb-delasalle.fr\/site\/football-academy\/\" target=\"_blank\" rel=\"noopener\"><span data-ccp-props=\"{&quot;134233117&quot;:true,&quot;134233118&quot;:true,&quot;335551550&quot;:6,&quot;335551620&quot;:6,&quot;335559738&quot;:0,&quot;335559739&quot;:0}\">C<i>liquer pour + d&rsquo;infos<\/i><\/span><\/a><\/p><\/div><div>\u00a0<\/div><div>\u00a0<\/div>\t\t\t\t\t\t\t\t<\/div>\n\t\t\t\t<\/div>\n\t\t\t\t\t<\/div>\n\t\t<\/div>\n\t\t\t\t\t<\/div>\n\t\t<\/section>\n\t\t\t\t<section class=\"elementor-section elementor-top-section elementor-element elementor-element-6cac84a elementor-section-boxed elementor-section-height-default elementor-section-height-default\" data-id=\"6cac84a\" data-element_type=\"section\" data-e-type=\"section\">\n\t\t\t\t\t\t<div class=\"elementor-container elementor-column-gap-default\">\n\t\t\t\t\t<div class=\"elementor-column elementor-col-100 elementor-top-column elementor-element elementor-element-ec19ec5\" data-id=\"ec19ec5\" data-element_type=\"column\" data-e-type=\"column\">\n\t\t\t<div class=\"elementor-widget-wrap elementor-element-populated\">\n\t\t\t\t\t\t<div class=\"elementor-element elementor-element-4427e1c elementor-widget__width-initial elementor-widget elementor-widget-text-editor\" data-id=\"4427e1c\" data-element_type=\"widget\" data-e-type=\"widget\" data-widget_type=\"text-editor.default\">\n\t\t\t\t<div class=\"elementor-widget-container\">\n\t\t\t\t\t\t\t\t\t<h6><u><strong>Le Chant Choral<\/strong><\/u><\/h6><div>\u00a0<\/div><p><span data-contrast=\"none\">L\u2019enseignement facultatif de chant choral au coll\u00e8ge c\u2019est un projet artistique approfondi en lien avec le socle commun de connaissances, de comp\u00e9tences et de culture. C\u2019est un enseignement facultatif qui s\u2019adresse aux \u00e9l\u00e8ves du cycle 3 et du cycle 4, une heure par semaine.<\/span><span data-contrast=\"none\">\u202f<\/span><a href=\"https:\/\/www.stjb-delasalle.fr\/site\/chant-choral\/\" target=\"_blank\" rel=\"noopener\"><span data-ccp-props=\"{&quot;134233117&quot;:true,&quot;134233118&quot;:true,&quot;335551550&quot;:6,&quot;335551620&quot;:6,&quot;335559738&quot;:0,&quot;335559739&quot;:0}\"> C<i>liquer pour + d&rsquo;infos<\/i><\/span><\/a><\/p>\t\t\t\t\t\t\t\t<\/div>\n\t\t\t\t<\/div>\n\t\t\t\t\t<\/div>\n\t\t<\/div>\n\t\t\t\t\t<\/div>\n\t\t<\/section>\n\t\t\t\t<section class=\"elementor-section elementor-top-section elementor-element elementor-element-fdcb70b elementor-section-boxed elementor-section-height-default elementor-section-height-default\" data-id=\"fdcb70b\" data-element_type=\"section\" data-e-type=\"section\">\n\t\t\t\t\t\t<div class=\"elementor-container elementor-column-gap-default\">\n\t\t\t\t\t<div class=\"elementor-column elementor-col-100 elementor-top-column elementor-element elementor-element-bdaf869\" data-id=\"bdaf869\" data-element_type=\"column\" data-e-type=\"column\">\n\t\t\t<div class=\"elementor-widget-wrap elementor-element-populated\">\n\t\t\t\t\t\t<div class=\"elementor-element elementor-element-ed06e30 elementor-widget elementor-widget-image\" data-id=\"ed06e30\" data-element_type=\"widget\" data-e-type=\"widget\" data-widget_type=\"image.default\">\n\t\t\t\t<div class=\"elementor-widget-container\">\n\t\t\t\t\t\t\t\t\t\t\t\t\t\t\t<img decoding=\"async\" width=\"1024\" height=\"768\" src=\"https:\/\/www.stjb-delasalle.fr\/site\/wp-content\/uploads\/2024\/01\/20231208_105716826_iOS-1024x768.jpg\" class=\"attachment-large size-large wp-image-14761\" alt=\"chant choral coll\u00e8ge teloch\u00e9\" srcset=\"https:\/\/www.stjb-delasalle.fr\/site\/wp-content\/uploads\/2024\/01\/20231208_105716826_iOS-1024x768.jpg 1024w, https:\/\/www.stjb-delasalle.fr\/site\/wp-content\/uploads\/2024\/01\/20231208_105716826_iOS-300x225.jpg 300w, https:\/\/www.stjb-delasalle.fr\/site\/wp-content\/uploads\/2024\/01\/20231208_105716826_iOS-768x576.jpg 768w, https:\/\/www.stjb-delasalle.fr\/site\/wp-content\/uploads\/2024\/01\/20231208_105716826_iOS-1536x1152.jpg 1536w, https:\/\/www.stjb-delasalle.fr\/site\/wp-content\/uploads\/2024\/01\/20231208_105716826_iOS.jpg 1920w\" sizes=\"(max-width: 1024px) 100vw, 1024px\" \/>\t\t\t\t\t\t\t\t\t\t\t\t\t\t\t<\/div>\n\t\t\t\t<\/div>\n\t\t\t\t\t<\/div>\n\t\t<\/div>\n\t\t\t\t\t<\/div>\n\t\t<\/section>\n\t\t\t\t<section class=\"elementor-section elementor-top-section elementor-element elementor-element-ed52700 elementor-section-boxed elementor-section-height-default elementor-section-height-default\" data-id=\"ed52700\" data-element_type=\"section\" data-e-type=\"section\">\n\t\t\t\t\t\t<div class=\"elementor-container elementor-column-gap-default\">\n\t\t\t\t\t<div class=\"elementor-column elementor-col-100 elementor-top-column elementor-element elementor-element-8b6adce\" data-id=\"8b6adce\" data-element_type=\"column\" data-e-type=\"column\">\n\t\t\t<div class=\"elementor-widget-wrap elementor-element-populated\">\n\t\t\t\t\t\t<div class=\"elementor-element elementor-element-5c3eddc elementor-widget elementor-widget-text-editor\" data-id=\"5c3eddc\" data-element_type=\"widget\" data-e-type=\"widget\" data-widget_type=\"text-editor.default\">\n\t\t\t\t<div class=\"elementor-widget-container\">\n\t\t\t\t\t\t\t\t\t<p><u><b>L&rsquo; Atelier scientifique<\/b><\/u><\/p><p>De la 6\u00e8me \u00e0 la 3\u00e8me, les \u00e9l\u00e8ves vont pratiquer une d\u00e9marche d\u2019investigation mobilisant l\u2019exp\u00e9rimentation encadr\u00e9s par plusieurs enseignants issus de diverses disciplines. Cette pratique va d\u00e9velopper l\u2019attractivit\u00e9\u0301 des \u00e9l\u00e8ves vers les sciences mais aussi faire d\u00e9couvrir aux \u00e9l\u00e8ves le monde de la recherche, gr\u00e2ce \u00e0 l&rsquo;accueil d&rsquo;intervenants ext\u00e9rieurs.<\/p><p>\u00a0<\/p>\t\t\t\t\t\t\t\t<\/div>\n\t\t\t\t<\/div>\n\t\t\t\t\t<\/div>\n\t\t<\/div>\n\t\t\t\t\t<\/div>\n\t\t<\/section>\n\t\t\t\t<section class=\"elementor-section elementor-top-section elementor-element elementor-element-7630438 elementor-section-boxed elementor-section-height-default elementor-section-height-default\" data-id=\"7630438\" data-element_type=\"section\" data-e-type=\"section\">\n\t\t\t\t\t\t<div class=\"elementor-container elementor-column-gap-default\">\n\t\t\t\t\t<div class=\"elementor-column elementor-col-100 elementor-top-column elementor-element elementor-element-ca8bf16\" data-id=\"ca8bf16\" data-element_type=\"column\" data-e-type=\"column\">\n\t\t\t<div class=\"elementor-widget-wrap elementor-element-populated\">\n\t\t\t\t\t\t<div class=\"elementor-element elementor-element-8082b91 elementor-widget elementor-widget-heading\" data-id=\"8082b91\" data-element_type=\"widget\" data-e-type=\"widget\" data-widget_type=\"heading.default\">\n\t\t\t\t<div class=\"elementor-widget-container\">\n\t\t\t\t\t<h2 class=\"elementor-heading-title elementor-size-default\"><br>D\u00e8s la 5\u00e8me<\/h2>\t\t\t\t<\/div>\n\t\t\t\t<\/div>\n\t\t\t\t\t<\/div>\n\t\t<\/div>\n\t\t\t\t\t<\/div>\n\t\t<\/section>\n\t\t\t\t<section class=\"elementor-section elementor-top-section elementor-element elementor-element-d68d86f elementor-section-boxed elementor-section-height-default elementor-section-height-default\" data-id=\"d68d86f\" data-element_type=\"section\" data-e-type=\"section\">\n\t\t\t\t\t\t<div class=\"elementor-container elementor-column-gap-default\">\n\t\t\t\t\t<div class=\"elementor-column elementor-col-100 elementor-top-column elementor-element elementor-element-18bef79\" data-id=\"18bef79\" data-element_type=\"column\" data-e-type=\"column\">\n\t\t\t<div class=\"elementor-widget-wrap elementor-element-populated\">\n\t\t\t\t\t\t<div class=\"elementor-element elementor-element-5dba90b elementor-widget elementor-widget-text-editor\" data-id=\"5dba90b\" data-element_type=\"widget\" data-e-type=\"widget\" data-widget_type=\"text-editor.default\">\n\t\t\t\t<div class=\"elementor-widget-container\">\n\t\t\t\t\t\t\t\t\t<h3><strong>Le coll\u00e8ge propose une initiation au Latin en classe de 5\u00e8me.<\/strong><\/h3>\t\t\t\t\t\t\t\t<\/div>\n\t\t\t\t<\/div>\n\t\t\t\t\t<\/div>\n\t\t<\/div>\n\t\t\t\t\t<\/div>\n\t\t<\/section>\n\t\t\t\t<section class=\"elementor-section elementor-top-section elementor-element elementor-element-a446854 elementor-section-boxed elementor-section-height-default elementor-section-height-default\" data-id=\"a446854\" data-element_type=\"section\" data-e-type=\"section\">\n\t\t\t\t\t\t<div class=\"elementor-container elementor-column-gap-default\">\n\t\t\t\t\t<div class=\"elementor-column elementor-col-100 elementor-top-column elementor-element elementor-element-fc93ced\" data-id=\"fc93ced\" data-element_type=\"column\" data-e-type=\"column\">\n\t\t\t<div class=\"elementor-widget-wrap elementor-element-populated\">\n\t\t\t\t\t\t<div class=\"elementor-element elementor-element-ade9fe1 elementor-widget elementor-widget-heading\" data-id=\"ade9fe1\" data-element_type=\"widget\" data-e-type=\"widget\" data-widget_type=\"heading.default\">\n\t\t\t\t<div class=\"elementor-widget-container\">\n\t\t\t\t\t<h2 class=\"elementor-heading-title elementor-size-default\"><br>D\u00e8s la 4\u00e8me<\/h2>\t\t\t\t<\/div>\n\t\t\t\t<\/div>\n\t\t\t\t\t<\/div>\n\t\t<\/div>\n\t\t\t\t\t<\/div>\n\t\t<\/section>\n\t\t\t\t<section class=\"elementor-section elementor-top-section elementor-element elementor-element-e15484e elementor-section-boxed elementor-section-height-default elementor-section-height-default\" data-id=\"e15484e\" data-element_type=\"section\" data-e-type=\"section\">\n\t\t\t\t\t\t<div class=\"elementor-container elementor-column-gap-default\">\n\t\t\t\t\t<div class=\"elementor-column elementor-col-100 elementor-top-column elementor-element elementor-element-b89bc20\" data-id=\"b89bc20\" data-element_type=\"column\" data-e-type=\"column\">\n\t\t\t<div class=\"elementor-widget-wrap elementor-element-populated\">\n\t\t\t\t\t\t<div class=\"elementor-element elementor-element-f172ac2 elementor-widget elementor-widget-heading\" data-id=\"f172ac2\" data-element_type=\"widget\" data-e-type=\"widget\" data-widget_type=\"heading.default\">\n\t\t\t\t<div class=\"elementor-widget-container\">\n\t\t\t\t\t<h2 class=\"elementor-heading-title elementor-size-default\"><div><div><div><div><main><div data-elementor-type=\"single-page\" data-elementor-id=\"9092\" data-elementor-title=\"Single Page\"><div><section data-id=\"ffde705\" data-element_type=\"section\"><div><div data-id=\"f3655ba\" data-element_type=\"column\"><div><div data-id=\"af0a954\" data-element_type=\"widget\" data-widget_type=\"theme-post-content.default\"><div><div data-elementor-type=\"wp-page\" data-elementor-id=\"9148\" data-elementor-title=\"Page\"><div><section data-id=\"dd53d3a\" data-element_type=\"section\" data-model-cid=\"c17237\"><div><div data-id=\"f5d936d\" data-element_type=\"column\" data-model-cid=\"c17763\" data-col=\"100\"><div><div data-id=\"0036a9c\" data-element_type=\"widget\" data-model-cid=\"c18388\" data-widget_type=\"heading.default\"><div><h2 data-elementor-setting-key=\"title\" data-pen-placeholder=\"\u00c9crivez ici...\"><div><div><div><div><main><div data-elementor-type=\"single-page\" data-elementor-id=\"9092\" data-elementor-title=\"Single Page\"><div><section data-id=\"ffde705\" data-element_type=\"section\"><div><div data-id=\"f3655ba\" data-element_type=\"column\"><div><div data-id=\"af0a954\" data-element_type=\"widget\" data-widget_type=\"theme-post-content.default\"><div><div data-elementor-type=\"wp-page\" data-elementor-id=\"9148\" data-elementor-title=\"Page\"><div><section data-id=\"247fc84d\" data-element_type=\"section\" data-model-cid=\"c34\"><div><div data-id=\"3e02ce3d\" data-element_type=\"column\" data-model-cid=\"c35\" data-col=\"100\"><div><div data-id=\"5f9ed6e1\" data-element_type=\"widget\" data-model-cid=\"c36\" data-widget_type=\"text-editor.default\"><div><div data-elementor-setting-key=\"editor\" data-elementor-inline-editing-toolbar=\"advanced\" data-pen-placeholder=\"\u00c9crivez ici...\"><h2 data-elementor-setting-key=\"title\" data-pen-placeholder=\"\u00c9crivez ici...\"><\/h2><h3><strong>Nous vous proposons de d\u00e9couvrir les options qu'un \u00e9l\u00e8ve peut choisir en 4\u00e8me\/3\u00e8me.&nbsp;<\/strong><strong>Le coll\u00e8ge propose :<\/strong><\/h3><\/div><\/div><\/div><\/div><\/div><\/div><\/section><\/div><\/div><\/div><\/div><\/div><\/div><\/div><\/section><\/div><\/div><\/main><\/div><\/div><\/div><\/div><\/h2><\/div><\/div><\/div><\/div><\/div><\/section><\/div><\/div><\/div><\/div><\/div><\/div><\/div><\/section><\/div><\/div><\/main><\/div><\/div><\/div><\/div><\/h2>\t\t\t\t<\/div>\n\t\t\t\t<\/div>\n\t\t\t\t\t<\/div>\n\t\t<\/div>\n\t\t\t\t\t<\/div>\n\t\t<\/section>\n\t\t\t\t<section class=\"elementor-section elementor-top-section elementor-element elementor-element-c907008 elementor-section-boxed elementor-section-height-default elementor-section-height-default\" data-id=\"c907008\" data-element_type=\"section\" data-e-type=\"section\">\n\t\t\t\t\t\t<div class=\"elementor-container elementor-column-gap-default\">\n\t\t\t\t\t<div class=\"elementor-column elementor-col-100 elementor-top-column elementor-element elementor-element-e9a6081\" data-id=\"e9a6081\" data-element_type=\"column\" data-e-type=\"column\">\n\t\t\t<div class=\"elementor-widget-wrap elementor-element-populated\">\n\t\t\t\t\t\t<div class=\"elementor-element elementor-element-97e3c46 elementor-widget elementor-widget-text-editor\" data-id=\"97e3c46\" data-element_type=\"widget\" data-e-type=\"widget\" data-widget_type=\"text-editor.default\">\n\t\t\t\t<div class=\"elementor-widget-container\">\n\t\t\t\t\t\t\t\t\t<p><u><b>LCA Langues et Cultures de l&rsquo;Antiquit\u00e9<\/b><\/u><\/p><p>En <strong>5\u00e8me<\/strong>, les \u00e9l\u00e8ves re\u00e7oivent un enseignement interdisciplinaire (fran\u00e7ais, langues, histoire-g\u00e9ographie, SVT) : L\u2019EPI LCA.<br \/>En <strong>4\u00e8me<\/strong>, l\u2019option latin leur est propos\u00e9e \u00e0 raison de 2 heures hebdomadaires.<br \/>Les \u00e9l\u00e8ves poursuivent leurs apprentissages en classe de <strong>3\u00e8me<\/strong> avec le m\u00eame temps d\u2019enseignement. <a href=\"https:\/\/www.stjb-delasalle.fr\/site\/9257-2\/\" target=\"_blank\" rel=\"noopener\"><span data-ccp-props=\"{&quot;134233117&quot;:true,&quot;134233118&quot;:true,&quot;335551550&quot;:6,&quot;335551620&quot;:6,&quot;335559738&quot;:0,&quot;335559739&quot;:0}\">C<i>liquer pour + d&rsquo;infos<\/i><\/span><\/a><\/p>\t\t\t\t\t\t\t\t<\/div>\n\t\t\t\t<\/div>\n\t\t\t\t\t<\/div>\n\t\t<\/div>\n\t\t\t\t\t<\/div>\n\t\t<\/section>\n\t\t\t\t<section class=\"elementor-section elementor-top-section elementor-element elementor-element-35fd49c elementor-section-boxed elementor-section-height-default elementor-section-height-default\" data-id=\"35fd49c\" data-element_type=\"section\" data-e-type=\"section\">\n\t\t\t\t\t\t<div class=\"elementor-container elementor-column-gap-default\">\n\t\t\t\t\t<div class=\"elementor-column elementor-col-100 elementor-top-column elementor-element elementor-element-14f8fd9\" data-id=\"14f8fd9\" data-element_type=\"column\" data-e-type=\"column\">\n\t\t\t<div class=\"elementor-widget-wrap elementor-element-populated\">\n\t\t\t\t\t\t<div class=\"elementor-element elementor-element-be400e3 elementor-widget elementor-widget-text-editor\" data-id=\"be400e3\" data-element_type=\"widget\" data-e-type=\"widget\" data-widget_type=\"text-editor.default\">\n\t\t\t\t<div class=\"elementor-widget-container\">\n\t\t\t\t\t\t\t\t\t<p><u><b>LCE Langues et Cultures Europ\u00e9ennes<\/b><\/u><span data-contrast=\"auto\"><u><b> \u2013 anglais<\/b><\/u> <\/span><\/p><p><span data-contrast=\"auto\">Cet enseignement facultatif <\/span><span data-contrast=\"auto\">est propos\u00e9 \u00e0 partir de la 4\u00e8me, \u00e0 raison de 2 heures hebdomadaires. Il vise \u00e0 renforcer les comp\u00e9tences langagi\u00e8res, culturelles et transversales des jeunes ainsi que leur autonomie \u00e0 travers des projets stimulants et originaux leur permettant de d\u00e9couvrir la culture europ\u00e9enne et la culture des pays anglophones<\/span>. <a href=\"https:\/\/www.stjb-delasalle.fr\/site\/langues-et-cultures-europeennes-anglais\/\" target=\"_blank\" rel=\"noopener\"><span data-ccp-props=\"{&quot;134233117&quot;:true,&quot;134233118&quot;:true,&quot;335551550&quot;:6,&quot;335551620&quot;:6,&quot;335559738&quot;:0,&quot;335559739&quot;:0}\">C<i>liquer pour + d&rsquo;infos<\/i><\/span><\/a><\/p>\t\t\t\t\t\t\t\t<\/div>\n\t\t\t\t<\/div>\n\t\t\t\t\t<\/div>\n\t\t<\/div>\n\t\t\t\t\t<\/div>\n\t\t<\/section>\n\t\t\t\t<section class=\"elementor-section elementor-top-section elementor-element elementor-element-d65fb58 elementor-section-boxed elementor-section-height-default elementor-section-height-default\" data-id=\"d65fb58\" data-element_type=\"section\" data-e-type=\"section\">\n\t\t\t\t\t\t<div class=\"elementor-container elementor-column-gap-default\">\n\t\t\t\t\t<div class=\"elementor-column elementor-col-100 elementor-top-column elementor-element elementor-element-d2e4f63\" data-id=\"d2e4f63\" data-element_type=\"column\" data-e-type=\"column\">\n\t\t\t<div class=\"elementor-widget-wrap elementor-element-populated\">\n\t\t\t\t\t\t<div class=\"elementor-element elementor-element-beb7157 elementor-widget elementor-widget-text-editor\" data-id=\"beb7157\" data-element_type=\"widget\" data-e-type=\"widget\" data-widget_type=\"text-editor.default\">\n\t\t\t\t<div class=\"elementor-widget-container\">\n\t\t\t\t\t\t\t\t\t<p><u><b>Atelier Th\u00e9\u00e2tre<br \/><\/b><\/u><\/p><p>Cette option comporte trois orientations:<br \/>\u2013 D\u00e9couvrir &#8230;le spectacle vivant gr\u00e2ce \u00e0 l\u2019Ecole du spectateur qui nous permet d\u2019assister \u00e0 3 pi\u00e8ces dans l\u2019ann\u00e9e.<br \/>\u2013 Rencontrer &#8230;des professionnels du monde du spectacle gr\u00e2ce \u00e0 des stages et \u00e0 l&rsquo;intervention d\u2019une com\u00e9dienne qui soutient notre travail de cr\u00e9ation.<br \/>\u2013 Pratiquer &#8230;le th\u00e9\u00e2tre. L\u2019option monte un spectacle propos\u00e9 en fin d\u2019ann\u00e9e que nous r\u00e9p\u00e9tons deux heures chaque semaine.\u00a0 <a href=\"https:\/\/www.stjb-delasalle.fr\/site\/theatre\/\" target=\"_blank\" rel=\"noopener\"><span data-ccp-props=\"{&quot;134233117&quot;:true,&quot;134233118&quot;:true,&quot;335551550&quot;:6,&quot;335551620&quot;:6,&quot;335559738&quot;:0,&quot;335559739&quot;:0}\">C<i>liquer pour + d&rsquo;infos<\/i><\/span><\/a><\/p>\t\t\t\t\t\t\t\t<\/div>\n\t\t\t\t<\/div>\n\t\t\t\t\t<\/div>\n\t\t<\/div>\n\t\t\t\t\t<\/div>\n\t\t<\/section>\n\t\t\t\t<section class=\"elementor-section elementor-top-section elementor-element elementor-element-c61032f elementor-section-boxed elementor-section-height-default elementor-section-height-default\" data-id=\"c61032f\" data-element_type=\"section\" data-e-type=\"section\">\n\t\t\t\t\t\t<div class=\"elementor-container elementor-column-gap-default\">\n\t\t\t\t\t<div class=\"elementor-column elementor-col-100 elementor-top-column elementor-element elementor-element-23fec5d\" data-id=\"23fec5d\" data-element_type=\"column\" data-e-type=\"column\">\n\t\t\t<div class=\"elementor-widget-wrap elementor-element-populated\">\n\t\t\t\t\t\t<div class=\"elementor-element elementor-element-e5914e4 elementor-widget elementor-widget-text-editor\" data-id=\"e5914e4\" data-element_type=\"widget\" data-e-type=\"widget\" data-widget_type=\"text-editor.default\">\n\t\t\t\t<div class=\"elementor-widget-container\">\n\t\t\t\t\t\t\t\t\t<p><u><b>Parcours renforc\u00e9 Arts plastiques<br \/><\/b><\/u><\/p><p>A partir de la 4\u00e8me, les \u00e9l\u00e8ves ont la possibilit\u00e9 de participer au parcours renforc\u00e9 \u00ab arts plastiques \u00bb pour les deux derni\u00e8res ann\u00e9es du coll\u00e8ge. L\u2019objectif<strong> :<\/strong> Disposer d\u2019un temps plus long pour d\u00e9velopper chez le jeune, une sensibilit\u00e9 \u00e0 l\u2019art d\u2019un point de vue pratique et historique, \u00e0 raison de 2 heures par semaine. <\/p><p><a href=\"https:\/\/www.stjb-delasalle.fr\/site\/parcours-renforce-arts-plastiques-2\/\" target=\"_blank\" rel=\"noopener\"><span data-ccp-props=\"{&quot;134233117&quot;:true,&quot;134233118&quot;:true,&quot;335551550&quot;:6,&quot;335551620&quot;:6,&quot;335559738&quot;:0,&quot;335559739&quot;:0}\">C<i>liquer pour + d&rsquo;infos<\/i><\/span><\/a><\/p>\t\t\t\t\t\t\t\t<\/div>\n\t\t\t\t<\/div>\n\t\t\t\t\t<\/div>\n\t\t<\/div>\n\t\t\t\t\t<\/div>\n\t\t<\/section>\n\t\t\t\t<section class=\"elementor-section elementor-top-section elementor-element elementor-element-ece6f4d elementor-section-boxed elementor-section-height-default elementor-section-height-default\" data-id=\"ece6f4d\" data-element_type=\"section\" data-e-type=\"section\">\n\t\t\t\t\t\t<div class=\"elementor-container elementor-column-gap-default\">\n\t\t\t\t\t<div class=\"elementor-column elementor-col-100 elementor-top-column elementor-element elementor-element-41169a2\" data-id=\"41169a2\" data-element_type=\"column\" data-e-type=\"column\">\n\t\t\t<div class=\"elementor-widget-wrap elementor-element-populated\">\n\t\t\t\t\t\t<div class=\"elementor-element elementor-element-d9394f4 elementor-widget elementor-widget-text-editor\" data-id=\"d9394f4\" data-element_type=\"widget\" data-e-type=\"widget\" data-widget_type=\"text-editor.default\">\n\t\t\t\t<div class=\"elementor-widget-container\">\n\t\t\t\t\t\t\t\t\t<p>&lt;br&gt;D\u00e8s la 4\u00e8me<\/p>\t\t\t\t\t\t\t\t<\/div>\n\t\t\t\t<\/div>\n\t\t\t\t\t<\/div>\n\t\t<\/div>\n\t\t\t\t\t<\/div>\n\t\t<\/section>\n\t\t\t\t<\/div>\n\t\t","protected":false},"excerpt":{"rendered":"<p>Rentr\u00e9e 2026 Contactez-nous au 02 43 42 04 34\u00a0 Demande d\u2019inscription pour Septembre 2026 en classe de 6, 5, 4, 3\u00e8me &nbsp; Formulaire \u00e0 remplir en ligne &nbsp; &nbsp; Cliquer ci-dessous pour acc\u00e9der aux documents suivants : Contrat de scolarisation 2025-26 Annexe 2 Annexe 3 Annexe 4 D\u00e8s la 6\u00e8me Nous vous proposons de d\u00e9couvrir [&hellip;]<\/p>\n","protected":false},"author":1,"featured_media":0,"parent":0,"menu_order":0,"comment_status":"closed","ping_status":"closed","template":"","meta":{"site-sidebar-layout":"default","site-content-layout":"default","ast-site-content-layout":"default","site-content-style":"default","site-sidebar-style":"default","ast-global-header-display":"","ast-banner-title-visibility":"","ast-main-header-display":"","ast-hfb-above-header-display":"","ast-hfb-below-header-display":"","ast-hfb-mobile-header-display":"","site-post-title":"","ast-breadcrumbs-content":"","ast-featured-img":"","footer-sml-layout":"","ast-disable-related-posts":"","theme-transparent-header-meta":"default","adv-header-id-meta":"","stick-header-meta":"","header-above-stick-meta":"","header-main-stick-meta":"","header-below-stick-meta":"","astra-migrate-meta-layouts":"set","ast-page-background-enabled":"default","ast-page-background-meta":{"desktop":{"background-color":"var(--ast-global-color-4)","background-image":"","background-repeat":"repeat","background-position":"center center","background-size":"auto","background-attachment":"scroll","background-type":"","background-media":"","overlay-type":"","overlay-color":"","overlay-opacity":"","overlay-gradient":""},"tablet":{"background-color":"","background-image":"","background-repeat":"repeat","background-position":"center center","background-size":"auto","background-attachment":"scroll","background-type":"","background-media":"","overlay-type":"","overlay-color":"","overlay-opacity":"","overlay-gradient":""},"mobile":{"background-color":"","background-image":"","background-repeat":"repeat","background-position":"center center","background-size":"auto","background-attachment":"scroll","background-type":"","background-media":"","overlay-type":"","overlay-color":"","overlay-opacity":"","overlay-gradient":""}},"ast-content-background-meta":{"desktop":{"background-color":"var(--ast-global-color-5)","background-image":"","background-repeat":"repeat","background-position":"center center","background-size":"auto","background-attachment":"scroll","background-type":"","background-media":"","overlay-type":"","overlay-color":"","overlay-opacity":"","overlay-gradient":""},"tablet":{"background-color":"var(--ast-global-color-5)","background-image":"","background-repeat":"repeat","background-position":"center center","background-size":"auto","background-attachment":"scroll","background-type":"","background-media":"","overlay-type":"","overlay-color":"","overlay-opacity":"","overlay-gradient":""},"mobile":{"background-color":"var(--ast-global-color-5)","background-image":"","background-repeat":"repeat","background-position":"center center","background-size":"auto","background-attachment":"scroll","background-type":"","background-media":"","overlay-type":"","overlay-color":"","overlay-opacity":"","overlay-gradient":""}},"footnotes":""},"class_list":["post-9148","page","type-page","status-publish","hentry"],"yoast_head":"<!-- This site is optimized with the Yoast SEO plugin v27.5 - https:\/\/yoast.com\/product\/yoast-seo-wordpress\/ -->\n<title>Coll\u00e8ge St Jean-Baptiste de La Salle - Le Rancher Teloch\u00e9<\/title>\n<meta name=\"description\" content=\"Le Coll\u00e8ge St Jean-Baptiste de La Salle accueille les \u00e9l\u00e8ves dans un cadre exceptionnel \u00e0 Teloch\u00e9 depuis 1973, et d\u00e9veloppe au quotidien des projets innovants au service des jeunes.\" \/>\n<meta name=\"robots\" content=\"index, follow, max-snippet:-1, max-image-preview:large, max-video-preview:-1\" \/>\n<link rel=\"canonical\" href=\"https:\/\/www.stjb-delasalle.fr\/site\/inscriptions-2025-2026\/\" \/>\n<meta property=\"og:locale\" content=\"fr_FR\" \/>\n<meta property=\"og:type\" content=\"article\" \/>\n<meta property=\"og:title\" content=\"Coll\u00e8ge St Jean-Baptiste de La Salle - Le Rancher Teloch\u00e9\" \/>\n<meta property=\"og:description\" content=\"Le Coll\u00e8ge St Jean-Baptiste de La Salle accueille les \u00e9l\u00e8ves dans un cadre exceptionnel \u00e0 Teloch\u00e9 depuis 1973, et d\u00e9veloppe au quotidien des projets innovants au service des jeunes.\" \/>\n<meta property=\"og:url\" content=\"https:\/\/www.stjb-delasalle.fr\/site\/inscriptions-2025-2026\/\" \/>\n<meta property=\"og:site_name\" content=\"Coll\u00e8ge Saint Jean Baptiste de La Salle\" \/>\n<meta property=\"article:modified_time\" content=\"2025-10-21T09:17:15+00:00\" \/>\n<meta property=\"og:image\" content=\"https:\/\/www.stjb-delasalle.fr\/site\/wp-content\/uploads\/2024\/10\/thumbnail_269c803a-5d86-46b9-994e-f86a1ec61eba-1024x543.jpg\" \/>\n<meta name=\"twitter:card\" content=\"summary_large_image\" \/>\n<meta name=\"twitter:label1\" content=\"Dur\u00e9e de lecture estim\u00e9e\" \/>\n\t<meta name=\"twitter:data1\" content=\"4 minutes\" \/>\n<script type=\"application\/ld+json\" class=\"yoast-schema-graph\">{\"@context\":\"https:\\\/\\\/schema.org\",\"@graph\":[{\"@type\":\"WebPage\",\"@id\":\"https:\\\/\\\/www.stjb-delasalle.fr\\\/site\\\/inscriptions-2025-2026\\\/\",\"url\":\"https:\\\/\\\/www.stjb-delasalle.fr\\\/site\\\/inscriptions-2025-2026\\\/\",\"name\":\"Coll\u00e8ge St Jean-Baptiste de La Salle - Le Rancher Teloch\u00e9\",\"isPartOf\":{\"@id\":\"https:\\\/\\\/www.stjb-delasalle.fr\\\/site\\\/#website\"},\"primaryImageOfPage\":{\"@id\":\"https:\\\/\\\/www.stjb-delasalle.fr\\\/site\\\/inscriptions-2025-2026\\\/#primaryimage\"},\"image\":{\"@id\":\"https:\\\/\\\/www.stjb-delasalle.fr\\\/site\\\/inscriptions-2025-2026\\\/#primaryimage\"},\"thumbnailUrl\":\"https:\\\/\\\/www.stjb-delasalle.fr\\\/site\\\/wp-content\\\/uploads\\\/2024\\\/10\\\/thumbnail_269c803a-5d86-46b9-994e-f86a1ec61eba-1024x543.jpg\",\"datePublished\":\"2021-11-12T09:38:11+00:00\",\"dateModified\":\"2025-10-21T09:17:15+00:00\",\"description\":\"Le Coll\u00e8ge St Jean-Baptiste de La Salle accueille les \u00e9l\u00e8ves dans un cadre exceptionnel \u00e0 Teloch\u00e9 depuis 1973, et d\u00e9veloppe au quotidien des projets innovants au service des jeunes.\",\"breadcrumb\":{\"@id\":\"https:\\\/\\\/www.stjb-delasalle.fr\\\/site\\\/inscriptions-2025-2026\\\/#breadcrumb\"},\"inLanguage\":\"fr-FR\",\"potentialAction\":[{\"@type\":\"ReadAction\",\"target\":[\"https:\\\/\\\/www.stjb-delasalle.fr\\\/site\\\/inscriptions-2025-2026\\\/\"]}]},{\"@type\":\"ImageObject\",\"inLanguage\":\"fr-FR\",\"@id\":\"https:\\\/\\\/www.stjb-delasalle.fr\\\/site\\\/inscriptions-2025-2026\\\/#primaryimage\",\"url\":\"https:\\\/\\\/www.stjb-delasalle.fr\\\/site\\\/wp-content\\\/uploads\\\/2024\\\/10\\\/thumbnail_269c803a-5d86-46b9-994e-f86a1ec61eba.jpg\",\"contentUrl\":\"https:\\\/\\\/www.stjb-delasalle.fr\\\/site\\\/wp-content\\\/uploads\\\/2024\\\/10\\\/thumbnail_269c803a-5d86-46b9-994e-f86a1ec61eba.jpg\",\"width\":1280,\"height\":679,\"caption\":\"academy foot promo 2323 24\"},{\"@type\":\"BreadcrumbList\",\"@id\":\"https:\\\/\\\/www.stjb-delasalle.fr\\\/site\\\/inscriptions-2025-2026\\\/#breadcrumb\",\"itemListElement\":[{\"@type\":\"ListItem\",\"position\":1,\"name\":\"Accueil\",\"item\":\"https:\\\/\\\/www.stjb-delasalle.fr\\\/site\\\/\"},{\"@type\":\"ListItem\",\"position\":2,\"name\":\"Inscriptions 2026-2027\"}]},{\"@type\":\"WebSite\",\"@id\":\"https:\\\/\\\/www.stjb-delasalle.fr\\\/site\\\/#website\",\"url\":\"https:\\\/\\\/www.stjb-delasalle.fr\\\/site\\\/\",\"name\":\"Coll\u00e8ge Saint Jean Baptiste de La Salle\",\"description\":\"Notre coll\u00e8ge vous accueille sur le site du Rancher \u00e0 Teloch\u00e9\",\"publisher\":{\"@id\":\"https:\\\/\\\/www.stjb-delasalle.fr\\\/site\\\/#organization\"},\"potentialAction\":[{\"@type\":\"SearchAction\",\"target\":{\"@type\":\"EntryPoint\",\"urlTemplate\":\"https:\\\/\\\/www.stjb-delasalle.fr\\\/site\\\/?s={search_term_string}\"},\"query-input\":{\"@type\":\"PropertyValueSpecification\",\"valueRequired\":true,\"valueName\":\"search_term_string\"}}],\"inLanguage\":\"fr-FR\"},{\"@type\":\"Organization\",\"@id\":\"https:\\\/\\\/www.stjb-delasalle.fr\\\/site\\\/#organization\",\"name\":\"Coll\u00e8ge Saint Jean Baptiste de La Salle\",\"url\":\"https:\\\/\\\/www.stjb-delasalle.fr\\\/site\\\/\",\"logo\":{\"@type\":\"ImageObject\",\"inLanguage\":\"fr-FR\",\"@id\":\"https:\\\/\\\/www.stjb-delasalle.fr\\\/site\\\/#\\\/schema\\\/logo\\\/image\\\/\",\"url\":\"https:\\\/\\\/www.stjb-delasalle.fr\\\/site\\\/wp-content\\\/uploads\\\/2021\\\/11\\\/logostjb_petit_transp.png\",\"contentUrl\":\"https:\\\/\\\/www.stjb-delasalle.fr\\\/site\\\/wp-content\\\/uploads\\\/2021\\\/11\\\/logostjb_petit_transp.png\",\"width\":180,\"height\":127,\"caption\":\"Coll\u00e8ge Saint Jean Baptiste de La Salle\"},\"image\":{\"@id\":\"https:\\\/\\\/www.stjb-delasalle.fr\\\/site\\\/#\\\/schema\\\/logo\\\/image\\\/\"}}]}<\/script>\n<!-- \/ Yoast SEO plugin. -->","yoast_head_json":{"title":"Coll\u00e8ge St Jean-Baptiste de La Salle - Le Rancher Teloch\u00e9","description":"Le Coll\u00e8ge St Jean-Baptiste de La Salle accueille les \u00e9l\u00e8ves dans un cadre exceptionnel \u00e0 Teloch\u00e9 depuis 1973, et d\u00e9veloppe au quotidien des projets innovants au service des jeunes.","robots":{"index":"index","follow":"follow","max-snippet":"max-snippet:-1","max-image-preview":"max-image-preview:large","max-video-preview":"max-video-preview:-1"},"canonical":"https:\/\/www.stjb-delasalle.fr\/site\/inscriptions-2025-2026\/","og_locale":"fr_FR","og_type":"article","og_title":"Coll\u00e8ge St Jean-Baptiste de La Salle - Le Rancher Teloch\u00e9","og_description":"Le Coll\u00e8ge St Jean-Baptiste de La Salle accueille les \u00e9l\u00e8ves dans un cadre exceptionnel \u00e0 Teloch\u00e9 depuis 1973, et d\u00e9veloppe au quotidien des projets innovants au service des jeunes.","og_url":"https:\/\/www.stjb-delasalle.fr\/site\/inscriptions-2025-2026\/","og_site_name":"Coll\u00e8ge Saint Jean Baptiste de La Salle","article_modified_time":"2025-10-21T09:17:15+00:00","og_image":[{"url":"https:\/\/www.stjb-delasalle.fr\/site\/wp-content\/uploads\/2024\/10\/thumbnail_269c803a-5d86-46b9-994e-f86a1ec61eba-1024x543.jpg","type":"","width":"","height":""}],"twitter_card":"summary_large_image","twitter_misc":{"Dur\u00e9e de lecture estim\u00e9e":"4 minutes"},"schema":{"@context":"https:\/\/schema.org","@graph":[{"@type":"WebPage","@id":"https:\/\/www.stjb-delasalle.fr\/site\/inscriptions-2025-2026\/","url":"https:\/\/www.stjb-delasalle.fr\/site\/inscriptions-2025-2026\/","name":"Coll\u00e8ge St Jean-Baptiste de La Salle - Le Rancher Teloch\u00e9","isPartOf":{"@id":"https:\/\/www.stjb-delasalle.fr\/site\/#website"},"primaryImageOfPage":{"@id":"https:\/\/www.stjb-delasalle.fr\/site\/inscriptions-2025-2026\/#primaryimage"},"image":{"@id":"https:\/\/www.stjb-delasalle.fr\/site\/inscriptions-2025-2026\/#primaryimage"},"thumbnailUrl":"https:\/\/www.stjb-delasalle.fr\/site\/wp-content\/uploads\/2024\/10\/thumbnail_269c803a-5d86-46b9-994e-f86a1ec61eba-1024x543.jpg","datePublished":"2021-11-12T09:38:11+00:00","dateModified":"2025-10-21T09:17:15+00:00","description":"Le Coll\u00e8ge St Jean-Baptiste de La Salle accueille les \u00e9l\u00e8ves dans un cadre exceptionnel \u00e0 Teloch\u00e9 depuis 1973, et d\u00e9veloppe au quotidien des projets innovants au service des jeunes.","breadcrumb":{"@id":"https:\/\/www.stjb-delasalle.fr\/site\/inscriptions-2025-2026\/#breadcrumb"},"inLanguage":"fr-FR","potentialAction":[{"@type":"ReadAction","target":["https:\/\/www.stjb-delasalle.fr\/site\/inscriptions-2025-2026\/"]}]},{"@type":"ImageObject","inLanguage":"fr-FR","@id":"https:\/\/www.stjb-delasalle.fr\/site\/inscriptions-2025-2026\/#primaryimage","url":"https:\/\/www.stjb-delasalle.fr\/site\/wp-content\/uploads\/2024\/10\/thumbnail_269c803a-5d86-46b9-994e-f86a1ec61eba.jpg","contentUrl":"https:\/\/www.stjb-delasalle.fr\/site\/wp-content\/uploads\/2024\/10\/thumbnail_269c803a-5d86-46b9-994e-f86a1ec61eba.jpg","width":1280,"height":679,"caption":"academy foot promo 2323 24"},{"@type":"BreadcrumbList","@id":"https:\/\/www.stjb-delasalle.fr\/site\/inscriptions-2025-2026\/#breadcrumb","itemListElement":[{"@type":"ListItem","position":1,"name":"Accueil","item":"https:\/\/www.stjb-delasalle.fr\/site\/"},{"@type":"ListItem","position":2,"name":"Inscriptions 2026-2027"}]},{"@type":"WebSite","@id":"https:\/\/www.stjb-delasalle.fr\/site\/#website","url":"https:\/\/www.stjb-delasalle.fr\/site\/","name":"Coll\u00e8ge Saint Jean Baptiste de La Salle","description":"Notre coll\u00e8ge vous accueille sur le site du Rancher \u00e0 Teloch\u00e9","publisher":{"@id":"https:\/\/www.stjb-delasalle.fr\/site\/#organization"},"potentialAction":[{"@type":"SearchAction","target":{"@type":"EntryPoint","urlTemplate":"https:\/\/www.stjb-delasalle.fr\/site\/?s={search_term_string}"},"query-input":{"@type":"PropertyValueSpecification","valueRequired":true,"valueName":"search_term_string"}}],"inLanguage":"fr-FR"},{"@type":"Organization","@id":"https:\/\/www.stjb-delasalle.fr\/site\/#organization","name":"Coll\u00e8ge Saint Jean Baptiste de La Salle","url":"https:\/\/www.stjb-delasalle.fr\/site\/","logo":{"@type":"ImageObject","inLanguage":"fr-FR","@id":"https:\/\/www.stjb-delasalle.fr\/site\/#\/schema\/logo\/image\/","url":"https:\/\/www.stjb-delasalle.fr\/site\/wp-content\/uploads\/2021\/11\/logostjb_petit_transp.png","contentUrl":"https:\/\/www.stjb-delasalle.fr\/site\/wp-content\/uploads\/2021\/11\/logostjb_petit_transp.png","width":180,"height":127,"caption":"Coll\u00e8ge Saint Jean Baptiste de La Salle"},"image":{"@id":"https:\/\/www.stjb-delasalle.fr\/site\/#\/schema\/logo\/image\/"}}]}},"_links":{"self":[{"href":"https:\/\/www.stjb-delasalle.fr\/site\/wp-json\/wp\/v2\/pages\/9148","targetHints":{"allow":["GET"]}}],"collection":[{"href":"https:\/\/www.stjb-delasalle.fr\/site\/wp-json\/wp\/v2\/pages"}],"about":[{"href":"https:\/\/www.stjb-delasalle.fr\/site\/wp-json\/wp\/v2\/types\/page"}],"author":[{"embeddable":true,"href":"https:\/\/www.stjb-delasalle.fr\/site\/wp-json\/wp\/v2\/users\/1"}],"replies":[{"embeddable":true,"href":"https:\/\/www.stjb-delasalle.fr\/site\/wp-json\/wp\/v2\/comments?post=9148"}],"version-history":[{"count":5,"href":"https:\/\/www.stjb-delasalle.fr\/site\/wp-json\/wp\/v2\/pages\/9148\/revisions"}],"predecessor-version":[{"id":18292,"href":"https:\/\/www.stjb-delasalle.fr\/site\/wp-json\/wp\/v2\/pages\/9148\/revisions\/18292"}],"wp:attachment":[{"href":"https:\/\/www.stjb-delasalle.fr\/site\/wp-json\/wp\/v2\/media?parent=9148"}],"curies":[{"name":"wp","href":"https:\/\/api.w.org\/{rel}","templated":true}]}}