{"id":16444,"date":"2024-09-30T16:53:04","date_gmt":"2024-09-30T16:53:04","guid":{"rendered":"https:\/\/www.stjb-delasalle.fr\/site\/?page_id=16444"},"modified":"2024-09-30T16:53:04","modified_gmt":"2024-09-30T16:53:04","slug":"parcours-renforce-arts-plastiques-2024-2025","status":"publish","type":"page","link":"https:\/\/www.stjb-delasalle.fr\/site\/parcours-renforce-arts-plastiques-2024-2025\/","title":{"rendered":"Parcours renforc\u00e9 Arts plastiques 2024-2025"},"content":{"rendered":"<div id=\"bdpp-post-masonry-1\" class=\"bdpp-wrap bdpp-lite bdpp-post-masonry-wrap bdpp-post-grid-wrap bdpp-post-data-wrap bdpp-design-2 bdpp-effect-1 bdpp-grid-2  bdpp-clearfix\">\r\n\t<div class=\"bdpp-post-masonry-inr-wrap bdpp-post-data-inr-wrap bdpp-clearfix\"><div class=\"bdpp-post-grid bdpp-col-2 bdpp-columns bdpp-post-18576 bdpp-post-standard bdpp-has-thumb\">\r\n\t<div class=\"bdpp-post-grid-content\">\r\n\t\t\t\t<div class=\"bdpp-post-img-bg\">\r\n\t\t\t<a href=\"https:\/\/www.stjb-delasalle.fr\/site\/2025\/12\/16\/journee-culturelle-au-mans-pour-les-eleves-de-quatrieme-du-parcours-renforce\/\">\r\n\t\t\t\t<img decoding=\"async\" src=\"https:\/\/www.stjb-delasalle.fr\/site\/wp-content\/uploads\/2025\/12\/IMG_0805-e1765900082153-300x238.jpg\" class=\"bdpp-img bdpp-post-feat-img\" alt=\"Journ\u00e9e culturelle au Mans pour les \u00e9l\u00e8ves de quatri\u00e8me du parcours renforc\u00e9\" \/>\r\n\t\t\t<\/a>\r\n\t\t<\/div>\r\n\t\t\r\n\t\t<div class=\"bdpp-post-margin-content\">\r\n\t\t\t\t\t\t<div class=\"bdpp-post-cats\"><a class=\"bdpp-post-cat-link bdpp-post-cat-59 bdpp-post-cat-activites-4e\" href=\"https:\/\/www.stjb-delasalle.fr\/site\/category\/activites-4e\/\">Activit\u00e9s 4e<\/a> <a class=\"bdpp-post-cat-link bdpp-post-cat-6 bdpp-post-cat-college\" href=\"https:\/\/www.stjb-delasalle.fr\/site\/category\/college\/\">Coll\u00e8ge<\/a> <a class=\"bdpp-post-cat-link bdpp-post-cat-99 bdpp-post-cat-option-arts-2024-2025\" href=\"https:\/\/www.stjb-delasalle.fr\/site\/category\/option-arts-2024-2025\/\">Option arts 2024-2025<\/a><\/div>\r\n\t\t\t\r\n\t\t\t<h2 class=\"bdpp-post-title\">\r\n\t\t\t\t<a href=\"https:\/\/www.stjb-delasalle.fr\/site\/2025\/12\/16\/journee-culturelle-au-mans-pour-les-eleves-de-quatrieme-du-parcours-renforce\/\">Journ\u00e9e culturelle au Mans pour les \u00e9l\u00e8ves de quatri\u00e8me du parcours renforc\u00e9<\/a>\r\n\t\t\t<\/h2>\r\n\r\n\t\t\t\t\t\t<div class=\"bdpp-post-content\">\r\n\t\t\t\t<div class=\"bdpp-post-desc\">D\u00e9couverte du Mus\u00e9e de Tess\u00e9 et du FIAA &nbsp; Mardi 16 d\u00e9cembre, les \u00e9l\u00e8ves de quatri\u00e8me du parcours renforc\u00e9 en...<\/div>\r\n\t\t\t\t\t\t\t\t<a href=\"https:\/\/www.stjb-delasalle.fr\/site\/2025\/12\/16\/journee-culturelle-au-mans-pour-les-eleves-de-quatrieme-du-parcours-renforce\/\" class=\"bdpp-rdmr-btn\">Lire la suite<\/a>\r\n\t\t\t\t\t\t\t<\/div>\r\n\t\t\t\t\t<\/div>\r\n\t<\/div>\r\n<\/div><div class=\"bdpp-post-grid bdpp-col-2 bdpp-columns bdpp-post-17921 bdpp-post-standard bdpp-has-thumb\">\r\n\t<div class=\"bdpp-post-grid-content\">\r\n\t\t\t\t<div class=\"bdpp-post-img-bg\">\r\n\t\t\t<a href=\"https:\/\/www.stjb-delasalle.fr\/site\/2025\/06\/23\/lea-eleve-de-3a-petit-fauve-dargent\/\">\r\n\t\t\t\t<img decoding=\"async\" src=\"https:\/\/www.stjb-delasalle.fr\/site\/wp-content\/uploads\/2025\/06\/Petit-Fauve-dArgent-Lea-3A-college-stjb-teloche-3-300x213.jpg\" class=\"bdpp-img bdpp-post-feat-img\" alt=\"L\u00e9a, \u00e9l\u00e8ve de 3\u00b0A, Petit Fauve d&rsquo;Argent\" \/>\r\n\t\t\t<\/a>\r\n\t\t<\/div>\r\n\t\t\r\n\t\t<div class=\"bdpp-post-margin-content\">\r\n\t\t\t\t\t\t<div class=\"bdpp-post-cats\"><a class=\"bdpp-post-cat-link bdpp-post-cat-60 bdpp-post-cat-activites-3e\" href=\"https:\/\/www.stjb-delasalle.fr\/site\/category\/activites-3e\/\">Activit\u00e9s 3e<\/a> <a class=\"bdpp-post-cat-link bdpp-post-cat-6 bdpp-post-cat-college\" href=\"https:\/\/www.stjb-delasalle.fr\/site\/category\/college\/\">Coll\u00e8ge<\/a> <a class=\"bdpp-post-cat-link bdpp-post-cat-99 bdpp-post-cat-option-arts-2024-2025\" href=\"https:\/\/www.stjb-delasalle.fr\/site\/category\/option-arts-2024-2025\/\">Option arts 2024-2025<\/a><\/div>\r\n\t\t\t\r\n\t\t\t<h2 class=\"bdpp-post-title\">\r\n\t\t\t\t<a href=\"https:\/\/www.stjb-delasalle.fr\/site\/2025\/06\/23\/lea-eleve-de-3a-petit-fauve-dargent\/\">L\u00e9a, \u00e9l\u00e8ve de 3\u00b0A, Petit Fauve d&rsquo;Argent<\/a>\r\n\t\t\t<\/h2>\r\n\r\n\t\t\t\t\t\t<div class=\"bdpp-post-content\">\r\n\t\t\t\t<div class=\"bdpp-post-desc\">Concours de la BD scolaire d&#39;Angoul\u00eame Vendredi 20 juin, M.Rutkowski a remis \u00e0 L\u00e9a Guiminot, \u00e9l\u00e8ve de 3\u00b0A, le prix...<\/div>\r\n\t\t\t\t\t\t\t\t<a href=\"https:\/\/www.stjb-delasalle.fr\/site\/2025\/06\/23\/lea-eleve-de-3a-petit-fauve-dargent\/\" class=\"bdpp-rdmr-btn\">Lire la suite<\/a>\r\n\t\t\t\t\t\t\t<\/div>\r\n\t\t\t\t\t<\/div>\r\n\t<\/div>\r\n<\/div><div class=\"bdpp-post-grid bdpp-col-2 bdpp-columns bdpp-post-17756 bdpp-post-standard bdpp-has-thumb\">\r\n\t<div class=\"bdpp-post-grid-content\">\r\n\t\t\t\t<div class=\"bdpp-post-img-bg\">\r\n\t\t\t<a href=\"https:\/\/www.stjb-delasalle.fr\/site\/2025\/05\/10\/inauguration-classe-exterieure\/\">\r\n\t\t\t\t<img decoding=\"async\" src=\"https:\/\/www.stjb-delasalle.fr\/site\/wp-content\/uploads\/2025\/05\/IMG_7634-300x200.jpeg\" class=\"bdpp-img bdpp-post-feat-img\" alt=\"Inauguration !\" \/>\r\n\t\t\t<\/a>\r\n\t\t<\/div>\r\n\t\t\r\n\t\t<div class=\"bdpp-post-margin-content\">\r\n\t\t\t\t\t\t<div class=\"bdpp-post-cats\"><a class=\"bdpp-post-cat-link bdpp-post-cat-105 bdpp-post-cat-classexterieure\" href=\"https:\/\/www.stjb-delasalle.fr\/site\/category\/classexterieure\/\">classe exterieure<\/a> <a class=\"bdpp-post-cat-link bdpp-post-cat-6 bdpp-post-cat-college\" href=\"https:\/\/www.stjb-delasalle.fr\/site\/category\/college\/\">Coll\u00e8ge<\/a> <a class=\"bdpp-post-cat-link bdpp-post-cat-99 bdpp-post-cat-option-arts-2024-2025\" href=\"https:\/\/www.stjb-delasalle.fr\/site\/category\/option-arts-2024-2025\/\">Option arts 2024-2025<\/a> <a class=\"bdpp-post-cat-link bdpp-post-cat-106 bdpp-post-cat-optionmetiers\" href=\"https:\/\/www.stjb-delasalle.fr\/site\/category\/optionmetiers\/\">Option m\u00e9tiers<\/a><\/div>\r\n\t\t\t\r\n\t\t\t<h2 class=\"bdpp-post-title\">\r\n\t\t\t\t<a href=\"https:\/\/www.stjb-delasalle.fr\/site\/2025\/05\/10\/inauguration-classe-exterieure\/\">Inauguration !<\/a>\r\n\t\t\t<\/h2>\r\n\r\n\t\t\t\t\t\t<div class=\"bdpp-post-content\">\r\n\t\t\t\t<div class=\"bdpp-post-desc\">Classe ext\u00e9rieure &nbsp; Lundi 5 mai, nous avons inaugur\u00e9 notre classe ext\u00e9rieure, un projet que nous avons d\u00e9but\u00e9 en 2023...<\/div>\r\n\t\t\t\t\t\t\t\t<a href=\"https:\/\/www.stjb-delasalle.fr\/site\/2025\/05\/10\/inauguration-classe-exterieure\/\" class=\"bdpp-rdmr-btn\">Lire la suite<\/a>\r\n\t\t\t\t\t\t\t<\/div>\r\n\t\t\t\t\t<\/div>\r\n\t<\/div>\r\n<\/div><div class=\"bdpp-post-grid bdpp-col-2 bdpp-columns bdpp-post-17680 bdpp-post-standard bdpp-has-thumb\">\r\n\t<div class=\"bdpp-post-grid-content\">\r\n\t\t\t\t<div class=\"bdpp-post-img-bg\">\r\n\t\t\t<a href=\"https:\/\/www.stjb-delasalle.fr\/site\/2025\/05\/08\/la-classe-exterieure-est-finie\/\">\r\n\t\t\t\t<img decoding=\"async\" src=\"https:\/\/www.stjb-delasalle.fr\/site\/wp-content\/uploads\/2025\/05\/IMG_7581-300x225.jpeg\" class=\"bdpp-img bdpp-post-feat-img\" alt=\"La classe ext\u00e9rieure est finie !\" \/>\r\n\t\t\t<\/a>\r\n\t\t<\/div>\r\n\t\t\r\n\t\t<div class=\"bdpp-post-margin-content\">\r\n\t\t\t\t\t\t<div class=\"bdpp-post-cats\"><a class=\"bdpp-post-cat-link bdpp-post-cat-105 bdpp-post-cat-classexterieure\" href=\"https:\/\/www.stjb-delasalle.fr\/site\/category\/classexterieure\/\">classe exterieure<\/a> <a class=\"bdpp-post-cat-link bdpp-post-cat-6 bdpp-post-cat-college\" href=\"https:\/\/www.stjb-delasalle.fr\/site\/category\/college\/\">Coll\u00e8ge<\/a> <a class=\"bdpp-post-cat-link bdpp-post-cat-99 bdpp-post-cat-option-arts-2024-2025\" href=\"https:\/\/www.stjb-delasalle.fr\/site\/category\/option-arts-2024-2025\/\">Option arts 2024-2025<\/a> <a class=\"bdpp-post-cat-link bdpp-post-cat-106 bdpp-post-cat-optionmetiers\" href=\"https:\/\/www.stjb-delasalle.fr\/site\/category\/optionmetiers\/\">Option m\u00e9tiers<\/a><\/div>\r\n\t\t\t\r\n\t\t\t<h2 class=\"bdpp-post-title\">\r\n\t\t\t\t<a href=\"https:\/\/www.stjb-delasalle.fr\/site\/2025\/05\/08\/la-classe-exterieure-est-finie\/\">La classe ext\u00e9rieure est finie !<\/a>\r\n\t\t\t<\/h2>\r\n\r\n\t\t\t\t\t\t<div class=\"bdpp-post-content\">\r\n\t\t\t\t<div class=\"bdpp-post-desc\">Derniers ajustements... &nbsp; Vendredi 2 mai, les \u00e9l\u00e8ves du parcours renforc\u00e9 ainsi que les \u00e9l\u00e8ves de l&#39;option m\u00e9tiers ont pu...<\/div>\r\n\t\t\t\t\t\t\t\t<a href=\"https:\/\/www.stjb-delasalle.fr\/site\/2025\/05\/08\/la-classe-exterieure-est-finie\/\" class=\"bdpp-rdmr-btn\">Lire la suite<\/a>\r\n\t\t\t\t\t\t\t<\/div>\r\n\t\t\t\t\t<\/div>\r\n\t<\/div>\r\n<\/div><div class=\"bdpp-post-grid bdpp-col-2 bdpp-columns bdpp-post-17416 bdpp-post-standard bdpp-has-thumb\">\r\n\t<div class=\"bdpp-post-grid-content\">\r\n\t\t\t\t<div class=\"bdpp-post-img-bg\">\r\n\t\t\t<a href=\"https:\/\/www.stjb-delasalle.fr\/site\/2025\/03\/13\/classe-exterieure-finitions\/\">\r\n\t\t\t\t<img decoding=\"async\" src=\"https:\/\/www.stjb-delasalle.fr\/site\/wp-content\/uploads\/2025\/03\/20250307_110932388_iOS-300x225.jpg\" class=\"bdpp-img bdpp-post-feat-img\" alt=\"Classe ext\u00e9rieure &#8211; finitions\" \/>\r\n\t\t\t<\/a>\r\n\t\t<\/div>\r\n\t\t\r\n\t\t<div class=\"bdpp-post-margin-content\">\r\n\t\t\t\t\t\t<div class=\"bdpp-post-cats\"><a class=\"bdpp-post-cat-link bdpp-post-cat-105 bdpp-post-cat-classexterieure\" href=\"https:\/\/www.stjb-delasalle.fr\/site\/category\/classexterieure\/\">classe exterieure<\/a> <a class=\"bdpp-post-cat-link bdpp-post-cat-6 bdpp-post-cat-college\" href=\"https:\/\/www.stjb-delasalle.fr\/site\/category\/college\/\">Coll\u00e8ge<\/a> <a class=\"bdpp-post-cat-link bdpp-post-cat-99 bdpp-post-cat-option-arts-2024-2025\" href=\"https:\/\/www.stjb-delasalle.fr\/site\/category\/option-arts-2024-2025\/\">Option arts 2024-2025<\/a><\/div>\r\n\t\t\t\r\n\t\t\t<h2 class=\"bdpp-post-title\">\r\n\t\t\t\t<a href=\"https:\/\/www.stjb-delasalle.fr\/site\/2025\/03\/13\/classe-exterieure-finitions\/\">Classe ext\u00e9rieure &#8211; finitions<\/a>\r\n\t\t\t<\/h2>\r\n\r\n\t\t\t\t\t\t<div class=\"bdpp-post-content\">\r\n\t\t\t\t<div class=\"bdpp-post-desc\">R\u00e9alisation des pi\u00e8ces color\u00e9s Les \u00e9l\u00e8ves du parcours renforc\u00e9 ont repris le travail en lien avec la classe ext\u00e9rieure\u00a0 -...<\/div>\r\n\t\t\t\t\t\t\t\t<a href=\"https:\/\/www.stjb-delasalle.fr\/site\/2025\/03\/13\/classe-exterieure-finitions\/\" class=\"bdpp-rdmr-btn\">Lire la suite<\/a>\r\n\t\t\t\t\t\t\t<\/div>\r\n\t\t\t\t\t<\/div>\r\n\t<\/div>\r\n<\/div><div class=\"bdpp-post-grid bdpp-col-2 bdpp-columns bdpp-post-17359 bdpp-post-standard bdpp-has-thumb\">\r\n\t<div class=\"bdpp-post-grid-content\">\r\n\t\t\t\t<div class=\"bdpp-post-img-bg\">\r\n\t\t\t<a href=\"https:\/\/www.stjb-delasalle.fr\/site\/2025\/03\/05\/concours-de-la-bd-scolaire\/\">\r\n\t\t\t\t<img decoding=\"async\" src=\"https:\/\/www.stjb-delasalle.fr\/site\/wp-content\/uploads\/2025\/03\/2025_affichebdscolaire_web-e1741094692545-274x300.jpg\" class=\"bdpp-img bdpp-post-feat-img\" alt=\"Concours de la BD scolaire\" \/>\r\n\t\t\t<\/a>\r\n\t\t<\/div>\r\n\t\t\r\n\t\t<div class=\"bdpp-post-margin-content\">\r\n\t\t\t\t\t\t<div class=\"bdpp-post-cats\"><a class=\"bdpp-post-cat-link bdpp-post-cat-6 bdpp-post-cat-college\" href=\"https:\/\/www.stjb-delasalle.fr\/site\/category\/college\/\">Coll\u00e8ge<\/a> <a class=\"bdpp-post-cat-link bdpp-post-cat-99 bdpp-post-cat-option-arts-2024-2025\" href=\"https:\/\/www.stjb-delasalle.fr\/site\/category\/option-arts-2024-2025\/\">Option arts 2024-2025<\/a><\/div>\r\n\t\t\t\r\n\t\t\t<h2 class=\"bdpp-post-title\">\r\n\t\t\t\t<a href=\"https:\/\/www.stjb-delasalle.fr\/site\/2025\/03\/05\/concours-de-la-bd-scolaire\/\">Concours de la BD scolaire<\/a>\r\n\t\t\t<\/h2>\r\n\r\n\t\t\t\t\t\t<div class=\"bdpp-post-content\">\r\n\t\t\t\t<div class=\"bdpp-post-desc\">Festival international d\u2019Angoul\u00eame &nbsp; Le groupe du Parcours renforc\u00e9 arts plastiques, compos\u00e9 d&#39;\u00e9l\u00e8ves de quatri\u00e8me et de troisi\u00e8me, a pu...<\/div>\r\n\t\t\t\t\t\t\t\t<a href=\"https:\/\/www.stjb-delasalle.fr\/site\/2025\/03\/05\/concours-de-la-bd-scolaire\/\" class=\"bdpp-rdmr-btn\">Lire la suite<\/a>\r\n\t\t\t\t\t\t\t<\/div>\r\n\t\t\t\t\t<\/div>\r\n\t<\/div>\r\n<\/div><div class=\"bdpp-post-grid bdpp-col-2 bdpp-columns bdpp-post-17002 bdpp-post-standard bdpp-has-thumb\">\r\n\t<div class=\"bdpp-post-grid-content\">\r\n\t\t\t\t<div class=\"bdpp-post-img-bg\">\r\n\t\t\t<a href=\"https:\/\/www.stjb-delasalle.fr\/site\/2024\/12\/15\/prix-dinitiative-collegienne\/\">\r\n\t\t\t\t<img decoding=\"async\" src=\"https:\/\/www.stjb-delasalle.fr\/site\/wp-content\/uploads\/2024\/12\/remise-prix-initiative-collegienne-abbaye-de-lepau-10-3-300x225.jpeg\" class=\"bdpp-img bdpp-post-feat-img\" alt=\"Prix d&rsquo;Initiative Coll\u00e9gienne\" \/>\r\n\t\t\t<\/a>\r\n\t\t<\/div>\r\n\t\t\r\n\t\t<div class=\"bdpp-post-margin-content\">\r\n\t\t\t\t\t\t<div class=\"bdpp-post-cats\"><a class=\"bdpp-post-cat-link bdpp-post-cat-60 bdpp-post-cat-activites-3e\" href=\"https:\/\/www.stjb-delasalle.fr\/site\/category\/activites-3e\/\">Activit\u00e9s 3e<\/a> <a class=\"bdpp-post-cat-link bdpp-post-cat-59 bdpp-post-cat-activites-4e\" href=\"https:\/\/www.stjb-delasalle.fr\/site\/category\/activites-4e\/\">Activit\u00e9s 4e<\/a> <a class=\"bdpp-post-cat-link bdpp-post-cat-105 bdpp-post-cat-classexterieure\" href=\"https:\/\/www.stjb-delasalle.fr\/site\/category\/classexterieure\/\">classe exterieure<\/a> <a class=\"bdpp-post-cat-link bdpp-post-cat-6 bdpp-post-cat-college\" href=\"https:\/\/www.stjb-delasalle.fr\/site\/category\/college\/\">Coll\u00e8ge<\/a> <a class=\"bdpp-post-cat-link bdpp-post-cat-99 bdpp-post-cat-option-arts-2024-2025\" href=\"https:\/\/www.stjb-delasalle.fr\/site\/category\/option-arts-2024-2025\/\">Option arts 2024-2025<\/a><\/div>\r\n\t\t\t\r\n\t\t\t<h2 class=\"bdpp-post-title\">\r\n\t\t\t\t<a href=\"https:\/\/www.stjb-delasalle.fr\/site\/2024\/12\/15\/prix-dinitiative-collegienne\/\">Prix d&rsquo;Initiative Coll\u00e9gienne<\/a>\r\n\t\t\t<\/h2>\r\n\r\n\t\t\t\t\t\t<div class=\"bdpp-post-content\">\r\n\t\t\t\t<div class=\"bdpp-post-desc\">&quot;Ma Classe ext\u00e9rieure&quot; r\u00e9compens\u00e9e &quot;Nous sommes partis du coll\u00e8ge \u00e0 10:30 vers l\u2019abbaye de l\u2019\u00c9pau pour la remise des prix...<\/div>\r\n\t\t\t\t\t\t\t\t<a href=\"https:\/\/www.stjb-delasalle.fr\/site\/2024\/12\/15\/prix-dinitiative-collegienne\/\" class=\"bdpp-rdmr-btn\">Lire la suite<\/a>\r\n\t\t\t\t\t\t\t<\/div>\r\n\t\t\t\t\t<\/div>\r\n\t<\/div>\r\n<\/div><div class=\"bdpp-post-grid bdpp-col-2 bdpp-columns bdpp-post-16861 bdpp-post-standard bdpp-has-thumb\">\r\n\t<div class=\"bdpp-post-grid-content\">\r\n\t\t\t\t<div class=\"bdpp-post-img-bg\">\r\n\t\t\t<a href=\"https:\/\/www.stjb-delasalle.fr\/site\/2024\/11\/21\/classe-exterieure-on-parle-de-nous-france-3\/\">\r\n\t\t\t\t<img decoding=\"async\" src=\"https:\/\/www.stjb-delasalle.fr\/site\/wp-content\/uploads\/2024\/11\/IMG_4909-300x225.jpeg\" class=\"bdpp-img bdpp-post-feat-img\" alt=\"On parle de nous !..France 3\" \/>\r\n\t\t\t<\/a>\r\n\t\t<\/div>\r\n\t\t\r\n\t\t<div class=\"bdpp-post-margin-content\">\r\n\t\t\t\t\t\t<div class=\"bdpp-post-cats\"><a class=\"bdpp-post-cat-link bdpp-post-cat-60 bdpp-post-cat-activites-3e\" href=\"https:\/\/www.stjb-delasalle.fr\/site\/category\/activites-3e\/\">Activit\u00e9s 3e<\/a> <a class=\"bdpp-post-cat-link bdpp-post-cat-59 bdpp-post-cat-activites-4e\" href=\"https:\/\/www.stjb-delasalle.fr\/site\/category\/activites-4e\/\">Activit\u00e9s 4e<\/a> <a class=\"bdpp-post-cat-link bdpp-post-cat-105 bdpp-post-cat-classexterieure\" href=\"https:\/\/www.stjb-delasalle.fr\/site\/category\/classexterieure\/\">classe exterieure<\/a> <a class=\"bdpp-post-cat-link bdpp-post-cat-6 bdpp-post-cat-college\" href=\"https:\/\/www.stjb-delasalle.fr\/site\/category\/college\/\">Coll\u00e8ge<\/a> <a class=\"bdpp-post-cat-link bdpp-post-cat-99 bdpp-post-cat-option-arts-2024-2025\" href=\"https:\/\/www.stjb-delasalle.fr\/site\/category\/option-arts-2024-2025\/\">Option arts 2024-2025<\/a><\/div>\r\n\t\t\t\r\n\t\t\t<h2 class=\"bdpp-post-title\">\r\n\t\t\t\t<a href=\"https:\/\/www.stjb-delasalle.fr\/site\/2024\/11\/21\/classe-exterieure-on-parle-de-nous-france-3\/\">On parle de nous !..France 3<\/a>\r\n\t\t\t<\/h2>\r\n\r\n\t\t\t\t\t\t<div class=\"bdpp-post-content\">\r\n\t\t\t\t<div class=\"bdpp-post-desc\">Projet \u00ab Ma classe ext\u00e9rieure \u00bb Chantier participatif d\u2019\u00e9l\u00e8ves &nbsp; Derni\u00e8re phase de notre chantier pour la construction de notre...<\/div>\r\n\t\t\t\t\t\t\t\t<a href=\"https:\/\/www.stjb-delasalle.fr\/site\/2024\/11\/21\/classe-exterieure-on-parle-de-nous-france-3\/\" class=\"bdpp-rdmr-btn\">Lire la suite<\/a>\r\n\t\t\t\t\t\t\t<\/div>\r\n\t\t\t\t\t<\/div>\r\n\t<\/div>\r\n<\/div><div class=\"bdpp-post-grid bdpp-col-2 bdpp-columns bdpp-post-16518 bdpp-post-standard bdpp-has-thumb\">\r\n\t<div class=\"bdpp-post-grid-content\">\r\n\t\t\t\t<div class=\"bdpp-post-img-bg\">\r\n\t\t\t<a href=\"https:\/\/www.stjb-delasalle.fr\/site\/2024\/10\/07\/workshop-serigraphie\/\">\r\n\t\t\t\t<img decoding=\"async\" src=\"https:\/\/www.stjb-delasalle.fr\/site\/wp-content\/uploads\/2024\/10\/IMG_4468-300x225.jpeg\" class=\"bdpp-img bdpp-post-feat-img\" alt=\"Workshop S\u00e9rigraphie \u00ab\u00a0Fond d&rsquo;\u00e9cran\u00a0\u00bb\" \/>\r\n\t\t\t<\/a>\r\n\t\t<\/div>\r\n\t\t\r\n\t\t<div class=\"bdpp-post-margin-content\">\r\n\t\t\t\t\t\t<div class=\"bdpp-post-cats\"><a class=\"bdpp-post-cat-link bdpp-post-cat-6 bdpp-post-cat-college\" href=\"https:\/\/www.stjb-delasalle.fr\/site\/category\/college\/\">Coll\u00e8ge<\/a> <a class=\"bdpp-post-cat-link bdpp-post-cat-99 bdpp-post-cat-option-arts-2024-2025\" href=\"https:\/\/www.stjb-delasalle.fr\/site\/category\/option-arts-2024-2025\/\">Option arts 2024-2025<\/a><\/div>\r\n\t\t\t\r\n\t\t\t<h2 class=\"bdpp-post-title\">\r\n\t\t\t\t<a href=\"https:\/\/www.stjb-delasalle.fr\/site\/2024\/10\/07\/workshop-serigraphie\/\">Workshop S\u00e9rigraphie \u00ab\u00a0Fond d&rsquo;\u00e9cran\u00a0\u00bb<\/a>\r\n\t\t\t<\/h2>\r\n\r\n\t\t\t\t\t\t<div class=\"bdpp-post-content\">\r\n\t\t\t\t<div class=\"bdpp-post-desc\">Workshop S\u00e9rigraphie Pour les \u00e9l\u00e8ves du Parcours renforc\u00e9 Arts et du dispositif Ulis. Workshop s\u00e9rigraphie avec l\u2019artiste plasticienne Camille Bleu...<\/div>\r\n\t\t\t\t\t\t\t\t<a href=\"https:\/\/www.stjb-delasalle.fr\/site\/2024\/10\/07\/workshop-serigraphie\/\" class=\"bdpp-rdmr-btn\">Lire la suite<\/a>\r\n\t\t\t\t\t\t\t<\/div>\r\n\t\t\t\t\t<\/div>\r\n\t<\/div>\r\n<\/div><div class=\"bdpp-post-grid bdpp-col-2 bdpp-columns bdpp-post-16442 bdpp-post-standard bdpp-has-thumb\">\r\n\t<div class=\"bdpp-post-grid-content\">\r\n\t\t\t\t<div class=\"bdpp-post-img-bg\">\r\n\t\t\t<a href=\"https:\/\/www.stjb-delasalle.fr\/site\/2024\/09\/30\/classe-exterieure-la-suite\/\">\r\n\t\t\t\t<img decoding=\"async\" src=\"https:\/\/www.stjb-delasalle.fr\/site\/wp-content\/uploads\/2024\/09\/IMG_4329-300x225.jpeg\" class=\"bdpp-img bdpp-post-feat-img\" alt=\"Classe ext\u00e9rieure&#8230; suite\" \/>\r\n\t\t\t<\/a>\r\n\t\t<\/div>\r\n\t\t\r\n\t\t<div class=\"bdpp-post-margin-content\">\r\n\t\t\t\t\t\t<div class=\"bdpp-post-cats\"><a class=\"bdpp-post-cat-link bdpp-post-cat-105 bdpp-post-cat-classexterieure\" href=\"https:\/\/www.stjb-delasalle.fr\/site\/category\/classexterieure\/\">classe exterieure<\/a> <a class=\"bdpp-post-cat-link bdpp-post-cat-6 bdpp-post-cat-college\" href=\"https:\/\/www.stjb-delasalle.fr\/site\/category\/college\/\">Coll\u00e8ge<\/a> <a class=\"bdpp-post-cat-link bdpp-post-cat-99 bdpp-post-cat-option-arts-2024-2025\" href=\"https:\/\/www.stjb-delasalle.fr\/site\/category\/option-arts-2024-2025\/\">Option arts 2024-2025<\/a><\/div>\r\n\t\t\t\r\n\t\t\t<h2 class=\"bdpp-post-title\">\r\n\t\t\t\t<a href=\"https:\/\/www.stjb-delasalle.fr\/site\/2024\/09\/30\/classe-exterieure-la-suite\/\">Classe ext\u00e9rieure&#8230; suite<\/a>\r\n\t\t\t<\/h2>\r\n\r\n\t\t\t\t\t\t<div class=\"bdpp-post-content\">\r\n\t\t\t\t<div class=\"bdpp-post-desc\">Workshop de rentr\u00e9e ! Pour nos \u00e9l\u00e8ves du Parcours renforc\u00e9 Arts plastiques. Rencontre avec l&#39;artiste Lucas Grandin et le projet...<\/div>\r\n\t\t\t\t\t\t\t\t<a href=\"https:\/\/www.stjb-delasalle.fr\/site\/2024\/09\/30\/classe-exterieure-la-suite\/\" class=\"bdpp-rdmr-btn\">Lire la suite<\/a>\r\n\t\t\t\t\t\t\t<\/div>\r\n\t\t\t\t\t<\/div>\r\n\t<\/div>\r\n<\/div>\t<\/div>\r\n\t<\/div>\n","protected":false},"excerpt":{"rendered":"","protected":false},"author":3,"featured_media":0,"parent":0,"menu_order":0,"comment_status":"closed","ping_status":"closed","template":"","meta":{"site-sidebar-layout":"default","site-content-layout":"default","ast-site-content-layout":"default","site-content-style":"default","site-sidebar-style":"default","ast-global-header-display":"","ast-banner-title-visibility":"","ast-main-header-display":"","ast-hfb-above-header-display":"","ast-hfb-below-header-display":"","ast-hfb-mobile-header-display":"","site-post-title":"","ast-breadcrumbs-content":"","ast-featured-img":"","footer-sml-layout":"","ast-disable-related-posts":"","theme-transparent-header-meta":"default","adv-header-id-meta":"","stick-header-meta":"","header-above-stick-meta":"","header-main-stick-meta":"","header-below-stick-meta":"","astra-migrate-meta-layouts":"set","ast-page-background-enabled":"default","ast-page-background-meta":{"desktop":{"background-color":"var(--ast-global-color-4)","background-image":"","background-repeat":"repeat","background-position":"center center","background-size":"auto","background-attachment":"scroll","background-type":"","background-media":"","overlay-type":"","overlay-color":"","overlay-opacity":"","overlay-gradient":""},"tablet":{"background-color":"","background-image":"","background-repeat":"repeat","background-position":"center center","background-size":"auto","background-attachment":"scroll","background-type":"","background-media":"","overlay-type":"","overlay-color":"","overlay-opacity":"","overlay-gradient":""},"mobile":{"background-color":"","background-image":"","background-repeat":"repeat","background-position":"center center","background-size":"auto","background-attachment":"scroll","background-type":"","background-media":"","overlay-type":"","overlay-color":"","overlay-opacity":"","overlay-gradient":""}},"ast-content-background-meta":{"desktop":{"background-color":"var(--ast-global-color-5)","background-image":"","background-repeat":"repeat","background-position":"center center","background-size":"auto","background-attachment":"scroll","background-type":"","background-media":"","overlay-type":"","overlay-color":"","overlay-opacity":"","overlay-gradient":""},"tablet":{"background-color":"var(--ast-global-color-5)","background-image":"","background-repeat":"repeat","background-position":"center center","background-size":"auto","background-attachment":"scroll","background-type":"","background-media":"","overlay-type":"","overlay-color":"","overlay-opacity":"","overlay-gradient":""},"mobile":{"background-color":"var(--ast-global-color-5)","background-image":"","background-repeat":"repeat","background-position":"center center","background-size":"auto","background-attachment":"scroll","background-type":"","background-media":"","overlay-type":"","overlay-color":"","overlay-opacity":"","overlay-gradient":""}},"footnotes":""},"class_list":["post-16444","page","type-page","status-publish","hentry"],"yoast_head":"<!-- This site is optimized with the Yoast SEO plugin v27.5 - https:\/\/yoast.com\/product\/yoast-seo-wordpress\/ -->\n<title>Parcours renforc\u00e9 Arts plastiques 2024-2025 - Coll\u00e8ge Saint Jean Baptiste de La Salle<\/title>\n<meta name=\"robots\" content=\"index, follow, max-snippet:-1, max-image-preview:large, max-video-preview:-1\" \/>\n<link rel=\"canonical\" href=\"https:\/\/www.stjb-delasalle.fr\/site\/parcours-renforce-arts-plastiques-2024-2025\/\" \/>\n<meta property=\"og:locale\" content=\"fr_FR\" \/>\n<meta property=\"og:type\" content=\"article\" \/>\n<meta property=\"og:title\" content=\"Parcours renforc\u00e9 Arts plastiques 2024-2025 - Coll\u00e8ge Saint Jean Baptiste de La Salle\" \/>\n<meta property=\"og:url\" content=\"https:\/\/www.stjb-delasalle.fr\/site\/parcours-renforce-arts-plastiques-2024-2025\/\" \/>\n<meta property=\"og:site_name\" content=\"Coll\u00e8ge Saint Jean Baptiste de La Salle\" \/>\n<meta name=\"twitter:card\" content=\"summary_large_image\" \/>\n<meta name=\"twitter:label1\" content=\"Dur\u00e9e de lecture estim\u00e9e\" \/>\n\t<meta name=\"twitter:data1\" content=\"1 minute\" \/>\n<script type=\"application\/ld+json\" class=\"yoast-schema-graph\">{\"@context\":\"https:\\\/\\\/schema.org\",\"@graph\":[{\"@type\":\"WebPage\",\"@id\":\"https:\\\/\\\/www.stjb-delasalle.fr\\\/site\\\/parcours-renforce-arts-plastiques-2024-2025\\\/\",\"url\":\"https:\\\/\\\/www.stjb-delasalle.fr\\\/site\\\/parcours-renforce-arts-plastiques-2024-2025\\\/\",\"name\":\"Parcours renforc\u00e9 Arts plastiques 2024-2025 - Coll\u00e8ge Saint Jean Baptiste de La Salle\",\"isPartOf\":{\"@id\":\"https:\\\/\\\/www.stjb-delasalle.fr\\\/site\\\/#website\"},\"datePublished\":\"2024-09-30T16:53:04+00:00\",\"breadcrumb\":{\"@id\":\"https:\\\/\\\/www.stjb-delasalle.fr\\\/site\\\/parcours-renforce-arts-plastiques-2024-2025\\\/#breadcrumb\"},\"inLanguage\":\"fr-FR\",\"potentialAction\":[{\"@type\":\"ReadAction\",\"target\":[\"https:\\\/\\\/www.stjb-delasalle.fr\\\/site\\\/parcours-renforce-arts-plastiques-2024-2025\\\/\"]}]},{\"@type\":\"BreadcrumbList\",\"@id\":\"https:\\\/\\\/www.stjb-delasalle.fr\\\/site\\\/parcours-renforce-arts-plastiques-2024-2025\\\/#breadcrumb\",\"itemListElement\":[{\"@type\":\"ListItem\",\"position\":1,\"name\":\"Accueil\",\"item\":\"https:\\\/\\\/www.stjb-delasalle.fr\\\/site\\\/\"},{\"@type\":\"ListItem\",\"position\":2,\"name\":\"Parcours renforc\u00e9 Arts plastiques 2024-2025\"}]},{\"@type\":\"WebSite\",\"@id\":\"https:\\\/\\\/www.stjb-delasalle.fr\\\/site\\\/#website\",\"url\":\"https:\\\/\\\/www.stjb-delasalle.fr\\\/site\\\/\",\"name\":\"Coll\u00e8ge Saint Jean Baptiste de La Salle\",\"description\":\"Notre coll\u00e8ge vous accueille sur le site du Rancher \u00e0 Teloch\u00e9\",\"publisher\":{\"@id\":\"https:\\\/\\\/www.stjb-delasalle.fr\\\/site\\\/#organization\"},\"potentialAction\":[{\"@type\":\"SearchAction\",\"target\":{\"@type\":\"EntryPoint\",\"urlTemplate\":\"https:\\\/\\\/www.stjb-delasalle.fr\\\/site\\\/?s={search_term_string}\"},\"query-input\":{\"@type\":\"PropertyValueSpecification\",\"valueRequired\":true,\"valueName\":\"search_term_string\"}}],\"inLanguage\":\"fr-FR\"},{\"@type\":\"Organization\",\"@id\":\"https:\\\/\\\/www.stjb-delasalle.fr\\\/site\\\/#organization\",\"name\":\"Coll\u00e8ge Saint Jean Baptiste de La Salle\",\"url\":\"https:\\\/\\\/www.stjb-delasalle.fr\\\/site\\\/\",\"logo\":{\"@type\":\"ImageObject\",\"inLanguage\":\"fr-FR\",\"@id\":\"https:\\\/\\\/www.stjb-delasalle.fr\\\/site\\\/#\\\/schema\\\/logo\\\/image\\\/\",\"url\":\"https:\\\/\\\/www.stjb-delasalle.fr\\\/site\\\/wp-content\\\/uploads\\\/2021\\\/11\\\/logostjb_petit_transp.png\",\"contentUrl\":\"https:\\\/\\\/www.stjb-delasalle.fr\\\/site\\\/wp-content\\\/uploads\\\/2021\\\/11\\\/logostjb_petit_transp.png\",\"width\":180,\"height\":127,\"caption\":\"Coll\u00e8ge Saint Jean Baptiste de La Salle\"},\"image\":{\"@id\":\"https:\\\/\\\/www.stjb-delasalle.fr\\\/site\\\/#\\\/schema\\\/logo\\\/image\\\/\"}}]}<\/script>\n<!-- \/ Yoast SEO plugin. -->","yoast_head_json":{"title":"Parcours renforc\u00e9 Arts plastiques 2024-2025 - Coll\u00e8ge Saint Jean Baptiste de La Salle","robots":{"index":"index","follow":"follow","max-snippet":"max-snippet:-1","max-image-preview":"max-image-preview:large","max-video-preview":"max-video-preview:-1"},"canonical":"https:\/\/www.stjb-delasalle.fr\/site\/parcours-renforce-arts-plastiques-2024-2025\/","og_locale":"fr_FR","og_type":"article","og_title":"Parcours renforc\u00e9 Arts plastiques 2024-2025 - Coll\u00e8ge Saint Jean Baptiste de La Salle","og_url":"https:\/\/www.stjb-delasalle.fr\/site\/parcours-renforce-arts-plastiques-2024-2025\/","og_site_name":"Coll\u00e8ge Saint Jean Baptiste de La Salle","twitter_card":"summary_large_image","twitter_misc":{"Dur\u00e9e de lecture estim\u00e9e":"1 minute"},"schema":{"@context":"https:\/\/schema.org","@graph":[{"@type":"WebPage","@id":"https:\/\/www.stjb-delasalle.fr\/site\/parcours-renforce-arts-plastiques-2024-2025\/","url":"https:\/\/www.stjb-delasalle.fr\/site\/parcours-renforce-arts-plastiques-2024-2025\/","name":"Parcours renforc\u00e9 Arts plastiques 2024-2025 - Coll\u00e8ge Saint Jean Baptiste de La Salle","isPartOf":{"@id":"https:\/\/www.stjb-delasalle.fr\/site\/#website"},"datePublished":"2024-09-30T16:53:04+00:00","breadcrumb":{"@id":"https:\/\/www.stjb-delasalle.fr\/site\/parcours-renforce-arts-plastiques-2024-2025\/#breadcrumb"},"inLanguage":"fr-FR","potentialAction":[{"@type":"ReadAction","target":["https:\/\/www.stjb-delasalle.fr\/site\/parcours-renforce-arts-plastiques-2024-2025\/"]}]},{"@type":"BreadcrumbList","@id":"https:\/\/www.stjb-delasalle.fr\/site\/parcours-renforce-arts-plastiques-2024-2025\/#breadcrumb","itemListElement":[{"@type":"ListItem","position":1,"name":"Accueil","item":"https:\/\/www.stjb-delasalle.fr\/site\/"},{"@type":"ListItem","position":2,"name":"Parcours renforc\u00e9 Arts plastiques 2024-2025"}]},{"@type":"WebSite","@id":"https:\/\/www.stjb-delasalle.fr\/site\/#website","url":"https:\/\/www.stjb-delasalle.fr\/site\/","name":"Coll\u00e8ge Saint Jean Baptiste de La Salle","description":"Notre coll\u00e8ge vous accueille sur le site du Rancher \u00e0 Teloch\u00e9","publisher":{"@id":"https:\/\/www.stjb-delasalle.fr\/site\/#organization"},"potentialAction":[{"@type":"SearchAction","target":{"@type":"EntryPoint","urlTemplate":"https:\/\/www.stjb-delasalle.fr\/site\/?s={search_term_string}"},"query-input":{"@type":"PropertyValueSpecification","valueRequired":true,"valueName":"search_term_string"}}],"inLanguage":"fr-FR"},{"@type":"Organization","@id":"https:\/\/www.stjb-delasalle.fr\/site\/#organization","name":"Coll\u00e8ge Saint Jean Baptiste de La Salle","url":"https:\/\/www.stjb-delasalle.fr\/site\/","logo":{"@type":"ImageObject","inLanguage":"fr-FR","@id":"https:\/\/www.stjb-delasalle.fr\/site\/#\/schema\/logo\/image\/","url":"https:\/\/www.stjb-delasalle.fr\/site\/wp-content\/uploads\/2021\/11\/logostjb_petit_transp.png","contentUrl":"https:\/\/www.stjb-delasalle.fr\/site\/wp-content\/uploads\/2021\/11\/logostjb_petit_transp.png","width":180,"height":127,"caption":"Coll\u00e8ge Saint Jean Baptiste de La Salle"},"image":{"@id":"https:\/\/www.stjb-delasalle.fr\/site\/#\/schema\/logo\/image\/"}}]}},"_links":{"self":[{"href":"https:\/\/www.stjb-delasalle.fr\/site\/wp-json\/wp\/v2\/pages\/16444","targetHints":{"allow":["GET"]}}],"collection":[{"href":"https:\/\/www.stjb-delasalle.fr\/site\/wp-json\/wp\/v2\/pages"}],"about":[{"href":"https:\/\/www.stjb-delasalle.fr\/site\/wp-json\/wp\/v2\/types\/page"}],"author":[{"embeddable":true,"href":"https:\/\/www.stjb-delasalle.fr\/site\/wp-json\/wp\/v2\/users\/3"}],"replies":[{"embeddable":true,"href":"https:\/\/www.stjb-delasalle.fr\/site\/wp-json\/wp\/v2\/comments?post=16444"}],"version-history":[{"count":1,"href":"https:\/\/www.stjb-delasalle.fr\/site\/wp-json\/wp\/v2\/pages\/16444\/revisions"}],"predecessor-version":[{"id":16445,"href":"https:\/\/www.stjb-delasalle.fr\/site\/wp-json\/wp\/v2\/pages\/16444\/revisions\/16445"}],"wp:attachment":[{"href":"https:\/\/www.stjb-delasalle.fr\/site\/wp-json\/wp\/v2\/media?parent=16444"}],"curies":[{"name":"wp","href":"https:\/\/api.w.org\/{rel}","templated":true}]}}