{"id":15588,"date":"2024-04-07T09:27:10","date_gmt":"2024-04-07T09:27:10","guid":{"rendered":"https:\/\/www.stjb-delasalle.fr\/site\/?page_id=15588"},"modified":"2024-04-07T09:30:59","modified_gmt":"2024-04-07T09:30:59","slug":"vie-scolaire","status":"publish","type":"page","link":"https:\/\/www.stjb-delasalle.fr\/site\/vie-scolaire\/","title":{"rendered":"Vie scolaire"},"content":{"rendered":"<h1><\/h1>\n<h1>La Vie scolaire<\/h1>\n<h2><em>au Coll\u00e8ge St Jean-Baptiste de La Salle<\/em><\/h2>\n<p>&nbsp;<\/p>\n<p>La vie scolaire a pour mission premi\u00e8re de placer les \u00e9l\u00e8ves dans les meilleures conditions de vie individuelle et collective, de r\u00e9ussite scolaire et d\u2019\u00e9panouissement personnel.<\/p>\n<p>Elle g\u00e8re et organise tous les moments o\u00f9 l\u2019\u00e9l\u00e8ve n\u2019est pas en classe : entr\u00e9es et sorties de l\u2019\u00e9tablissement, circulation dans les b\u00e2timents, pause m\u00e9ridienne et r\u00e9cr\u00e9ations, r\u00e9fectoire, salles d\u2019\u00e9tude, etc. Elle assure la surveillance des \u00e9l\u00e8ves, leur s\u00e9curit\u00e9 et le respect des r\u00e8gles collectives en dehors des temps de cours. Elle est aussi charg\u00e9e de placer les \u00e9l\u00e8ves dans des conditions de travail pendant les \u00e9tudes.<\/p>\n<p>La vie scolaire se charge de la gestion et du suivi des absences ainsi que les \u00e9changes avec les familles qui en d\u00e9coulent. Elle assure le suivi scolaire et personnel des \u00e9l\u00e8ves en liaison avec l\u2019\u00e9quipe enseignante, les Responsables de Niveau et la Direction.<\/p>\n<p>Elle participe \u00e0 la formation civique des \u00e9l\u00e8ves en les sensibilisant aux fonctions de d\u00e9l\u00e9gu\u00e9s, \u00e0 la pr\u00e9paration, \u00e0 l\u2019organisation des \u00e9lections et \u00e0 la formation des d\u00e9l\u00e9gu\u00e9s de classes.<\/p>\n<p>L\u2019\u00e9quipe est compos\u00e9e d\u2019une Responsable de Vie Scolaire, d\u2019une Coordinatrice de Vie Scolaire et des Educateurs et Educatrices de Vie scolaire. Quatre d\u2019entre eux sont r\u00e9f\u00e9rents d\u2019un niveau, ils apportent tout au long de l\u2019ann\u00e9e un regard bienveillant sur chaque \u00e9l\u00e8ve de leur niveau. Ils sont pr\u00e9sents aux diff\u00e9rentes instances de l\u2019\u00e9tablissement (conseils de classe, conseil de m\u00e9diation\u2026) et partagent leurs observations et l\u2019accompagnement effectu\u00e9 lors de ces rencontres.<\/p>\n<p>Le bureau de la vie scolaire est situ\u00e9 au rez-de-chauss\u00e9e sur la cour principale. C\u2019est un lieu d\u2019accueil pour les \u00e9l\u00e8ves : en cas de probl\u00e8me, de question ou de recherche d\u2019information, l\u2019\u00e9l\u00e8ve peut solliciter les membres de la vie scolaire qui s\u2019efforceront de l\u2019aider ou de le conseiller.<\/p>\n<p>&nbsp;<\/p>\n<p>&nbsp;<\/p>\n<h1>Actualit\u00e9s<\/h1>\n<p>&nbsp;<\/p>\n<div class=\"bdpp-wrap bdpp-lite bdpp-post-grid-wrap bdpp-post-data-wrap bdpp-design-2 bdpp-grid-2  bdpp-clearfix\" id=\"bdpp-post-grid-1\">\r\n\t<div class=\"bdpp-post-grid-inr-wrap bdpp-post-data-inr-wrap bdpp-clearfix\"><div class=\"bdpp-post-grid bdpp-col-2 bdpp-columns bdpp-post-19062 bdpp-post-standard bdpp-first bdpp-has-thumb\">\r\n\t<div class=\"bdpp-post-grid-content\">\r\n\t\t\t\t<div class=\"bdpp-post-img-bg\">\r\n\t\t\t<a href=\"https:\/\/www.stjb-delasalle.fr\/site\/2026\/04\/27\/fresque-casiers\/\">\r\n\t\t\t\t<img decoding=\"async\" src=\"https:\/\/www.stjb-delasalle.fr\/site\/wp-content\/uploads\/2026\/04\/IMG_5462-768x576.jpg\" class=\"bdpp-img bdpp-post-feat-img\" alt=\"Fresque casiers\" \/>\r\n\t\t\t<\/a>\r\n\t\t<\/div>\r\n\t\t\r\n\t\t<div class=\"bdpp-post-margin-content\">\r\n\t\t\t\r\n\t\t\t<h2 class=\"bdpp-post-title\">\r\n\t\t\t\t<a href=\"https:\/\/www.stjb-delasalle.fr\/site\/2026\/04\/27\/fresque-casiers\/\">Fresque casiers<\/a>\r\n\t\t\t<\/h2>\r\n\r\n\t\t\t\t\t\t<div class=\"bdpp-post-content\">\r\n\t\t\t\t<div class=\"bdpp-post-desc\">Un projet artistique collaboratif redonne vie aux casiers du coll\u00e8ge\u00a0 Dans le cadre d\u2019un nouveau projet p\u00e9dagogique et artistique, un...<\/div>\r\n\t\t\t\t\t\t\t\t\t<a href=\"https:\/\/www.stjb-delasalle.fr\/site\/2026\/04\/27\/fresque-casiers\/\" class=\"bdpp-rdmr-btn\">Lire la suite<\/a>\r\n\t\t\t\t\t\t\t<\/div>\r\n\t\t\t\t\t<\/div>\r\n\t<\/div>\r\n<\/div><div class=\"bdpp-post-grid bdpp-col-2 bdpp-columns bdpp-post-18746 bdpp-post-standard bdpp-has-thumb\">\r\n\t<div class=\"bdpp-post-grid-content\">\r\n\t\t\t\t<div class=\"bdpp-post-img-bg\">\r\n\t\t\t<a href=\"https:\/\/www.stjb-delasalle.fr\/site\/2026\/01\/23\/journee-des-delegues-lasalliens\/\">\r\n\t\t\t\t<img decoding=\"async\" src=\"https:\/\/www.stjb-delasalle.fr\/site\/wp-content\/uploads\/2026\/01\/image00087-768x576.jpeg\" class=\"bdpp-img bdpp-post-feat-img\" alt=\"Journ\u00e9e des d\u00e9l\u00e9gu\u00e9s lasalliens\" \/>\r\n\t\t\t<\/a>\r\n\t\t<\/div>\r\n\t\t\r\n\t\t<div class=\"bdpp-post-margin-content\">\r\n\t\t\t\r\n\t\t\t<h2 class=\"bdpp-post-title\">\r\n\t\t\t\t<a href=\"https:\/\/www.stjb-delasalle.fr\/site\/2026\/01\/23\/journee-des-delegues-lasalliens\/\">Journ\u00e9e des d\u00e9l\u00e9gu\u00e9s lasalliens<\/a>\r\n\t\t\t<\/h2>\r\n\r\n\t\t\t\t\t\t<div class=\"bdpp-post-content\">\r\n\t\t\t\t<div class=\"bdpp-post-desc\">Retour sur la journ\u00e9e des d\u00e9l\u00e9gu\u00e9s avec nos \u00e9l\u00e8ves de 6\u1d49 Le vendredi 23 janvier, nos d\u00e9l\u00e9gu\u00e9s de 6\u1d49 ont...<\/div>\r\n\t\t\t\t\t\t\t\t\t<a href=\"https:\/\/www.stjb-delasalle.fr\/site\/2026\/01\/23\/journee-des-delegues-lasalliens\/\" class=\"bdpp-rdmr-btn\">Lire la suite<\/a>\r\n\t\t\t\t\t\t\t<\/div>\r\n\t\t\t\t\t<\/div>\r\n\t<\/div>\r\n<\/div><div class=\"bdpp-post-grid bdpp-col-2 bdpp-columns bdpp-post-18734 bdpp-post-standard bdpp-first bdpp-has-thumb\">\r\n\t<div class=\"bdpp-post-grid-content\">\r\n\t\t\t\t<div class=\"bdpp-post-img-bg\">\r\n\t\t\t<a href=\"https:\/\/www.stjb-delasalle.fr\/site\/2026\/01\/20\/concours-photo\/\">\r\n\t\t\t\t<img decoding=\"async\" src=\"https:\/\/www.stjb-delasalle.fr\/site\/wp-content\/uploads\/2026\/01\/DSC06750-768x512.jpg\" class=\"bdpp-img bdpp-post-feat-img\" alt=\"Concours photo\" \/>\r\n\t\t\t<\/a>\r\n\t\t<\/div>\r\n\t\t\r\n\t\t<div class=\"bdpp-post-margin-content\">\r\n\t\t\t\r\n\t\t\t<h2 class=\"bdpp-post-title\">\r\n\t\t\t\t<a href=\"https:\/\/www.stjb-delasalle.fr\/site\/2026\/01\/20\/concours-photo\/\">Concours photo<\/a>\r\n\t\t\t<\/h2>\r\n\r\n\t\t\t\t\t\t<div class=\"bdpp-post-content\">\r\n\t\t\t\t<div class=\"bdpp-post-desc\">Les \u00e9l\u00e8ves du coll\u00e8ge brillent au concours photo annuel Comme chaque ann\u00e9e, la Vie scolaire, sous la direction de Madame...<\/div>\r\n\t\t\t\t\t\t\t\t\t<a href=\"https:\/\/www.stjb-delasalle.fr\/site\/2026\/01\/20\/concours-photo\/\" class=\"bdpp-rdmr-btn\">Lire la suite<\/a>\r\n\t\t\t\t\t\t\t<\/div>\r\n\t\t\t\t\t<\/div>\r\n\t<\/div>\r\n<\/div><div class=\"bdpp-post-grid bdpp-col-2 bdpp-columns bdpp-post-18587 bdpp-post-standard bdpp-has-thumb\">\r\n\t<div class=\"bdpp-post-grid-content\">\r\n\t\t\t\t<div class=\"bdpp-post-img-bg\">\r\n\t\t\t<a href=\"https:\/\/www.stjb-delasalle.fr\/site\/2025\/12\/19\/mois-des-generosites\/\">\r\n\t\t\t\t<img decoding=\"async\" src=\"https:\/\/www.stjb-delasalle.fr\/site\/wp-content\/uploads\/2025\/12\/20251219_090025770_iOS-e1766149100395-768x744.jpg\" class=\"bdpp-img bdpp-post-feat-img\" alt=\"Mois des g\u00e9n\u00e9rosit\u00e9s\" \/>\r\n\t\t\t<\/a>\r\n\t\t<\/div>\r\n\t\t\r\n\t\t<div class=\"bdpp-post-margin-content\">\r\n\t\t\t\r\n\t\t\t<h2 class=\"bdpp-post-title\">\r\n\t\t\t\t<a href=\"https:\/\/www.stjb-delasalle.fr\/site\/2025\/12\/19\/mois-des-generosites\/\">Mois des g\u00e9n\u00e9rosit\u00e9s<\/a>\r\n\t\t\t<\/h2>\r\n\r\n\t\t\t\t\t\t<div class=\"bdpp-post-content\">\r\n\t\t\t\t<div class=\"bdpp-post-desc\">Journ\u00e9e solidaire de No\u00ebl &nbsp; Dans l&#39;esprit de notre projet \u00e9ducatif et en coh\u00e9rence avec le th\u00e8me lasallien de l\u2019ann\u00e9e...<\/div>\r\n\t\t\t\t\t\t\t\t\t<a href=\"https:\/\/www.stjb-delasalle.fr\/site\/2025\/12\/19\/mois-des-generosites\/\" class=\"bdpp-rdmr-btn\">Lire la suite<\/a>\r\n\t\t\t\t\t\t\t<\/div>\r\n\t\t\t\t\t<\/div>\r\n\t<\/div>\r\n<\/div><div class=\"bdpp-post-grid bdpp-col-2 bdpp-columns bdpp-post-18581 bdpp-post-standard bdpp-first bdpp-has-thumb\">\r\n\t<div class=\"bdpp-post-grid-content\">\r\n\t\t\t\t<div class=\"bdpp-post-img-bg\">\r\n\t\t\t<a href=\"https:\/\/www.stjb-delasalle.fr\/site\/2025\/12\/13\/noel-2025\/\">\r\n\t\t\t\t<img decoding=\"async\" src=\"https:\/\/www.stjb-delasalle.fr\/site\/wp-content\/uploads\/2025\/12\/MIZV9553-768x576.jpg\" class=\"bdpp-img bdpp-post-feat-img\" alt=\"No\u00ebl 2025\" \/>\r\n\t\t\t<\/a>\r\n\t\t<\/div>\r\n\t\t\r\n\t\t<div class=\"bdpp-post-margin-content\">\r\n\t\t\t\r\n\t\t\t<h2 class=\"bdpp-post-title\">\r\n\t\t\t\t<a href=\"https:\/\/www.stjb-delasalle.fr\/site\/2025\/12\/13\/noel-2025\/\">No\u00ebl 2025<\/a>\r\n\t\t\t<\/h2>\r\n\r\n\t\t\t\t\t\t<div class=\"bdpp-post-content\">\r\n\t\t\t\t<div class=\"bdpp-post-desc\">L&#39;esprit de No\u00ebl s&#39;installe au coll\u00e8ge \u00c0 l\u2019approche des vacances de No\u00ebl, le coll\u00e8ge Saint Jean-Baptiste de La Salle s\u2019est...<\/div>\r\n\t\t\t\t\t\t\t\t\t<a href=\"https:\/\/www.stjb-delasalle.fr\/site\/2025\/12\/13\/noel-2025\/\" class=\"bdpp-rdmr-btn\">Lire la suite<\/a>\r\n\t\t\t\t\t\t\t<\/div>\r\n\t\t\t\t\t<\/div>\r\n\t<\/div>\r\n<\/div><div class=\"bdpp-post-grid bdpp-col-2 bdpp-columns bdpp-post-18360 bdpp-post-standard bdpp-has-thumb\">\r\n\t<div class=\"bdpp-post-grid-content\">\r\n\t\t\t\t<div class=\"bdpp-post-img-bg\">\r\n\t\t\t<a href=\"https:\/\/www.stjb-delasalle.fr\/site\/2025\/11\/12\/journee-pedagogique\/\">\r\n\t\t\t\t<img decoding=\"async\" src=\"https:\/\/www.stjb-delasalle.fr\/site\/wp-content\/uploads\/2025\/11\/IMG_3336-768x576.jpg\" class=\"bdpp-img bdpp-post-feat-img\" alt=\"Journ\u00e9e p\u00e9dagogique\" \/>\r\n\t\t\t<\/a>\r\n\t\t<\/div>\r\n\t\t\r\n\t\t<div class=\"bdpp-post-margin-content\">\r\n\t\t\t\r\n\t\t\t<h2 class=\"bdpp-post-title\">\r\n\t\t\t\t<a href=\"https:\/\/www.stjb-delasalle.fr\/site\/2025\/11\/12\/journee-pedagogique\/\">Journ\u00e9e p\u00e9dagogique<\/a>\r\n\t\t\t<\/h2>\r\n\r\n\t\t\t\t\t\t<div class=\"bdpp-post-content\">\r\n\t\t\t\t<div class=\"bdpp-post-desc\">La communaut\u00e9 \u00e9ducative mobilis\u00e9e autour de la protection de l&#39;enfance Lundi dernier, l&#39;ensemble de la communaut\u00e9 \u00e9ducative du coll\u00e8ge s&#39;est...<\/div>\r\n\t\t\t\t\t\t\t\t\t<a href=\"https:\/\/www.stjb-delasalle.fr\/site\/2025\/11\/12\/journee-pedagogique\/\" class=\"bdpp-rdmr-btn\">Lire la suite<\/a>\r\n\t\t\t\t\t\t\t<\/div>\r\n\t\t\t\t\t<\/div>\r\n\t<\/div>\r\n<\/div><div class=\"bdpp-post-grid bdpp-col-2 bdpp-columns bdpp-post-17558 bdpp-post-standard bdpp-first bdpp-has-thumb\">\r\n\t<div class=\"bdpp-post-grid-content\">\r\n\t\t\t\t<div class=\"bdpp-post-img-bg\">\r\n\t\t\t<a href=\"https:\/\/www.stjb-delasalle.fr\/site\/2025\/04\/25\/poissons-davril\/\">\r\n\t\t\t\t<img decoding=\"async\" src=\"https:\/\/www.stjb-delasalle.fr\/site\/wp-content\/uploads\/2025\/04\/IMG_4990-e1745597084988.jpeg\" class=\"bdpp-img bdpp-post-feat-img\" alt=\"Poisson(s) d&rsquo;AVRIL !\" \/>\r\n\t\t\t<\/a>\r\n\t\t<\/div>\r\n\t\t\r\n\t\t<div class=\"bdpp-post-margin-content\">\r\n\t\t\t\r\n\t\t\t<h2 class=\"bdpp-post-title\">\r\n\t\t\t\t<a href=\"https:\/\/www.stjb-delasalle.fr\/site\/2025\/04\/25\/poissons-davril\/\">Poisson(s) d&rsquo;AVRIL !<\/a>\r\n\t\t\t<\/h2>\r\n\r\n\t\t\t\t\t\t<div class=\"bdpp-post-content\">\r\n\t\t\t\t<div class=\"bdpp-post-desc\">Invasion de poissons au Self &nbsp; Les \u00e9l\u00e8ves de sixi\u00e8me ont pu s&#39;essayer \u00e0 la cr\u00e9ation de poissons hors du...<\/div>\r\n\t\t\t\t\t\t\t\t\t<a href=\"https:\/\/www.stjb-delasalle.fr\/site\/2025\/04\/25\/poissons-davril\/\" class=\"bdpp-rdmr-btn\">Lire la suite<\/a>\r\n\t\t\t\t\t\t\t<\/div>\r\n\t\t\t\t\t<\/div>\r\n\t<\/div>\r\n<\/div><div class=\"bdpp-post-grid bdpp-col-2 bdpp-columns bdpp-post-17568 bdpp-post-standard bdpp-has-thumb\">\r\n\t<div class=\"bdpp-post-grid-content\">\r\n\t\t\t\t<div class=\"bdpp-post-img-bg\">\r\n\t\t\t<a href=\"https:\/\/www.stjb-delasalle.fr\/site\/2025\/04\/25\/la-fresque-de-wikilynca-devoilee\/\">\r\n\t\t\t\t<img decoding=\"async\" src=\"https:\/\/www.stjb-delasalle.fr\/site\/wp-content\/uploads\/2025\/04\/20250408_144448000_iOS-e1745594334799-768x794.jpg\" class=\"bdpp-img bdpp-post-feat-img\" alt=\"La fresque de Wikilynca d\u00e9voil\u00e9e\" \/>\r\n\t\t\t<\/a>\r\n\t\t<\/div>\r\n\t\t\r\n\t\t<div class=\"bdpp-post-margin-content\">\r\n\t\t\t\r\n\t\t\t<h2 class=\"bdpp-post-title\">\r\n\t\t\t\t<a href=\"https:\/\/www.stjb-delasalle.fr\/site\/2025\/04\/25\/la-fresque-de-wikilynca-devoilee\/\">La fresque de Wikilynca d\u00e9voil\u00e9e<\/a>\r\n\t\t\t<\/h2>\r\n\r\n\t\t\t\t\t\t<div class=\"bdpp-post-content\">\r\n\t\t\t\t<div class=\"bdpp-post-desc\">Un couloir styl\u00e9 ! &nbsp; La reprise est faite, nous pouvons d\u00e9sormais vous d\u00e9voiler la fresque haute en couleurs r\u00e9alis\u00e9e...<\/div>\r\n\t\t\t\t\t\t\t\t\t<a href=\"https:\/\/www.stjb-delasalle.fr\/site\/2025\/04\/25\/la-fresque-de-wikilynca-devoilee\/\" class=\"bdpp-rdmr-btn\">Lire la suite<\/a>\r\n\t\t\t\t\t\t\t<\/div>\r\n\t\t\t\t\t<\/div>\r\n\t<\/div>\r\n<\/div><div class=\"bdpp-post-grid bdpp-col-2 bdpp-columns bdpp-post-17553 bdpp-post-standard bdpp-first bdpp-has-thumb\">\r\n\t<div class=\"bdpp-post-grid-content\">\r\n\t\t\t\t<div class=\"bdpp-post-img-bg\">\r\n\t\t\t<a href=\"https:\/\/www.stjb-delasalle.fr\/site\/2025\/04\/11\/lartiste-wikilynca-au-college\/\">\r\n\t\t\t\t<img decoding=\"async\" src=\"https:\/\/www.stjb-delasalle.fr\/site\/wp-content\/uploads\/2025\/04\/wikilynca-au-college-5-e1744358722509.jpg\" class=\"bdpp-img bdpp-post-feat-img\" alt=\"L&rsquo;artiste Wikilynca au coll\u00e8ge\" \/>\r\n\t\t\t<\/a>\r\n\t\t<\/div>\r\n\t\t\r\n\t\t<div class=\"bdpp-post-margin-content\">\r\n\t\t\t\r\n\t\t\t<h2 class=\"bdpp-post-title\">\r\n\t\t\t\t<a href=\"https:\/\/www.stjb-delasalle.fr\/site\/2025\/04\/11\/lartiste-wikilynca-au-college\/\">L&rsquo;artiste Wikilynca au coll\u00e8ge<\/a>\r\n\t\t\t<\/h2>\r\n\r\n\t\t\t\t\t\t<div class=\"bdpp-post-content\">\r\n\t\t\t\t<div class=\"bdpp-post-desc\">Une nouvelle fresque... &nbsp; Apr\u00e8s le foyer l&#39;an dernier, un deuxi\u00e8me projet de fresque a eu lieu au coll\u00e8ge sur...<\/div>\r\n\t\t\t\t\t\t\t\t\t<a href=\"https:\/\/www.stjb-delasalle.fr\/site\/2025\/04\/11\/lartiste-wikilynca-au-college\/\" class=\"bdpp-rdmr-btn\">Lire la suite<\/a>\r\n\t\t\t\t\t\t\t<\/div>\r\n\t\t\t\t\t<\/div>\r\n\t<\/div>\r\n<\/div><div class=\"bdpp-post-grid bdpp-col-2 bdpp-columns bdpp-post-17262 bdpp-post-standard bdpp-has-thumb\">\r\n\t<div class=\"bdpp-post-grid-content\">\r\n\t\t\t\t<div class=\"bdpp-post-img-bg\">\r\n\t\t\t<a href=\"https:\/\/www.stjb-delasalle.fr\/site\/2025\/01\/31\/rassemblement-des-delegues-lasalliens\/\">\r\n\t\t\t\t<img decoding=\"async\" src=\"https:\/\/www.stjb-delasalle.fr\/site\/wp-content\/uploads\/2025\/01\/IMG_2797-2025-01-31-13_35_13-e1738353823369-768x555.jpg\" class=\"bdpp-img bdpp-post-feat-img\" alt=\"Rassemblement des d\u00e9l\u00e9gu\u00e9s lasalliens\" \/>\r\n\t\t\t<\/a>\r\n\t\t<\/div>\r\n\t\t\r\n\t\t<div class=\"bdpp-post-margin-content\">\r\n\t\t\t\r\n\t\t\t<h2 class=\"bdpp-post-title\">\r\n\t\t\t\t<a href=\"https:\/\/www.stjb-delasalle.fr\/site\/2025\/01\/31\/rassemblement-des-delegues-lasalliens\/\">Rassemblement des d\u00e9l\u00e9gu\u00e9s lasalliens<\/a>\r\n\t\t\t<\/h2>\r\n\r\n\t\t\t\t\t\t<div class=\"bdpp-post-content\">\r\n\t\t\t\t<div class=\"bdpp-post-desc\">Rassemblement des d\u00e9l\u00e9gu\u00e9s lasalliens de 6eme &nbsp; Jeudi 30 Janvier, les d\u00e9l\u00e9gu\u00e9s de 6\u00e8me ont eu la chance de participer...<\/div>\r\n\t\t\t\t\t\t\t\t\t<a href=\"https:\/\/www.stjb-delasalle.fr\/site\/2025\/01\/31\/rassemblement-des-delegues-lasalliens\/\" class=\"bdpp-rdmr-btn\">Lire la suite<\/a>\r\n\t\t\t\t\t\t\t<\/div>\r\n\t\t\t\t\t<\/div>\r\n\t<\/div>\r\n<\/div><div class=\"bdpp-post-grid bdpp-col-2 bdpp-columns bdpp-post-17057 bdpp-post-standard bdpp-first bdpp-has-thumb\">\r\n\t<div class=\"bdpp-post-grid-content\">\r\n\t\t\t\t<div class=\"bdpp-post-img-bg\">\r\n\t\t\t<a href=\"https:\/\/www.stjb-delasalle.fr\/site\/2024\/12\/20\/concours-du-pull-de-noel-2024\/\">\r\n\t\t\t\t<img decoding=\"async\" src=\"https:\/\/www.stjb-delasalle.fr\/site\/wp-content\/uploads\/2024\/12\/noel-768x576.jpg\" class=\"bdpp-img bdpp-post-feat-img\" alt=\"Concours du pull de No\u00ebl\" \/>\r\n\t\t\t<\/a>\r\n\t\t<\/div>\r\n\t\t\r\n\t\t<div class=\"bdpp-post-margin-content\">\r\n\t\t\t\r\n\t\t\t<h2 class=\"bdpp-post-title\">\r\n\t\t\t\t<a href=\"https:\/\/www.stjb-delasalle.fr\/site\/2024\/12\/20\/concours-du-pull-de-noel-2024\/\">Concours du pull de No\u00ebl<\/a>\r\n\t\t\t<\/h2>\r\n\r\n\t\t\t\t\t\t<div class=\"bdpp-post-content\">\r\n\t\t\t\t<div class=\"bdpp-post-desc\">Edition 2024 Et les grands gagnants sont ... N\u00b01 - Mathieu C N\u00b02 - Axel B N\u00b03 - Ga\u00ebl B...<\/div>\r\n\t\t\t\t\t\t\t\t\t<a href=\"https:\/\/www.stjb-delasalle.fr\/site\/2024\/12\/20\/concours-du-pull-de-noel-2024\/\" class=\"bdpp-rdmr-btn\">Lire la suite<\/a>\r\n\t\t\t\t\t\t\t<\/div>\r\n\t\t\t\t\t<\/div>\r\n\t<\/div>\r\n<\/div><div class=\"bdpp-post-grid bdpp-col-2 bdpp-columns bdpp-post-16853 bdpp-post-standard bdpp-has-thumb\">\r\n\t<div class=\"bdpp-post-grid-content\">\r\n\t\t\t\t<div class=\"bdpp-post-img-bg\">\r\n\t\t\t<a href=\"https:\/\/www.stjb-delasalle.fr\/site\/2024\/11\/20\/ateliers-ludotheque\/\">\r\n\t\t\t\t<img decoding=\"async\" src=\"https:\/\/www.stjb-delasalle.fr\/site\/wp-content\/uploads\/2024\/11\/db7c1808-b32a-496c-b116-68c156159a2b-768x576.jpeg\" class=\"bdpp-img bdpp-post-feat-img\" alt=\"Ateliers Ludoth\u00e8que\" \/>\r\n\t\t\t<\/a>\r\n\t\t<\/div>\r\n\t\t\r\n\t\t<div class=\"bdpp-post-margin-content\">\r\n\t\t\t\r\n\t\t\t<h2 class=\"bdpp-post-title\">\r\n\t\t\t\t<a href=\"https:\/\/www.stjb-delasalle.fr\/site\/2024\/11\/20\/ateliers-ludotheque\/\">Ateliers Ludoth\u00e8que<\/a>\r\n\t\t\t<\/h2>\r\n\r\n\t\t\t\t\t\t<div class=\"bdpp-post-content\">\r\n\t\t\t\t<div class=\"bdpp-post-desc\">Ateliers jeux le midi &nbsp; Depuis la mi-novembre, les animateurs du service jeunesse de la Communaut\u00e9 de communes Or\u00e9e de...<\/div>\r\n\t\t\t\t\t\t\t\t\t<a href=\"https:\/\/www.stjb-delasalle.fr\/site\/2024\/11\/20\/ateliers-ludotheque\/\" class=\"bdpp-rdmr-btn\">Lire la suite<\/a>\r\n\t\t\t\t\t\t\t<\/div>\r\n\t\t\t\t\t<\/div>\r\n\t<\/div>\r\n<\/div><div class=\"bdpp-post-grid bdpp-col-2 bdpp-columns bdpp-post-16845 bdpp-post-standard bdpp-first bdpp-has-thumb\">\r\n\t<div class=\"bdpp-post-grid-content\">\r\n\t\t\t\t<div class=\"bdpp-post-img-bg\">\r\n\t\t\t<a href=\"https:\/\/www.stjb-delasalle.fr\/site\/2024\/11\/20\/viennoiseries-le-vendredi\/\">\r\n\t\t\t\t<img decoding=\"async\" src=\"https:\/\/www.stjb-delasalle.fr\/site\/wp-content\/uploads\/2024\/11\/888d195a-910b-49c9-b347-d81b80da2fee-1-768x576.jpeg\" class=\"bdpp-img bdpp-post-feat-img\" alt=\"Viennoiseries \u00e0 la r\u00e9cr\u00e9 !\" \/>\r\n\t\t\t<\/a>\r\n\t\t<\/div>\r\n\t\t\r\n\t\t<div class=\"bdpp-post-margin-content\">\r\n\t\t\t\r\n\t\t\t<h2 class=\"bdpp-post-title\">\r\n\t\t\t\t<a href=\"https:\/\/www.stjb-delasalle.fr\/site\/2024\/11\/20\/viennoiseries-le-vendredi\/\">Viennoiseries \u00e0 la r\u00e9cr\u00e9 !<\/a>\r\n\t\t\t<\/h2>\r\n\r\n\t\t\t\t\t\t<div class=\"bdpp-post-content\">\r\n\t\t\t\t<div class=\"bdpp-post-desc\">Un go\u00fbter \u00e0 la r\u00e9cr\u00e9\u00a0 &nbsp; Vendredi 15 novembre, c\u2019\u00e9tait la premi\u00e8re vente de viennoiseries. Ces petites gourmandises ont eu...<\/div>\r\n\t\t\t\t\t\t\t\t\t<a href=\"https:\/\/www.stjb-delasalle.fr\/site\/2024\/11\/20\/viennoiseries-le-vendredi\/\" class=\"bdpp-rdmr-btn\">Lire la suite<\/a>\r\n\t\t\t\t\t\t\t<\/div>\r\n\t\t\t\t\t<\/div>\r\n\t<\/div>\r\n<\/div><div class=\"bdpp-post-grid bdpp-col-2 bdpp-columns bdpp-post-16571 bdpp-post-standard bdpp-has-thumb\">\r\n\t<div class=\"bdpp-post-grid-content\">\r\n\t\t\t\t<div class=\"bdpp-post-img-bg\">\r\n\t\t\t<a href=\"https:\/\/www.stjb-delasalle.fr\/site\/2024\/10\/18\/un-samedi-soir-au-college\/\">\r\n\t\t\t\t<img decoding=\"async\" src=\"https:\/\/www.stjb-delasalle.fr\/site\/wp-content\/uploads\/2024\/10\/PHOTO-2024-10-15-13-03-57-3-2024-10-15-12_51_13-768x576.jpeg\" class=\"bdpp-img bdpp-post-feat-img\" alt=\"Samedi soir au coll\u00e8ge\" \/>\r\n\t\t\t<\/a>\r\n\t\t<\/div>\r\n\t\t\r\n\t\t<div class=\"bdpp-post-margin-content\">\r\n\t\t\t\r\n\t\t\t<h2 class=\"bdpp-post-title\">\r\n\t\t\t\t<a href=\"https:\/\/www.stjb-delasalle.fr\/site\/2024\/10\/18\/un-samedi-soir-au-college\/\">Samedi soir au coll\u00e8ge<\/a>\r\n\t\t\t<\/h2>\r\n\r\n\t\t\t\t\t\t<div class=\"bdpp-post-content\">\r\n\t\t\t\t<div class=\"bdpp-post-desc\">Concert IPSE Workship \u00ab\u00a0Qui que tu sois, d\u2019o\u00f9 que tu viennes, sois b\u00e9ni au nom de J\u00e9sus\u00a0! \u00bb C\u2019est avec...<\/div>\r\n\t\t\t\t\t\t\t\t\t<a href=\"https:\/\/www.stjb-delasalle.fr\/site\/2024\/10\/18\/un-samedi-soir-au-college\/\" class=\"bdpp-rdmr-btn\">Lire la suite<\/a>\r\n\t\t\t\t\t\t\t<\/div>\r\n\t\t\t\t\t<\/div>\r\n\t<\/div>\r\n<\/div><div class=\"bdpp-post-grid bdpp-col-2 bdpp-columns bdpp-post-16533 bdpp-post-standard bdpp-first bdpp-has-thumb\">\r\n\t<div class=\"bdpp-post-grid-content\">\r\n\t\t\t\t<div class=\"bdpp-post-img-bg\">\r\n\t\t\t<a href=\"https:\/\/www.stjb-delasalle.fr\/site\/2024\/10\/07\/ramassage-des-feuilles\/\">\r\n\t\t\t\t<img decoding=\"async\" src=\"https:\/\/www.stjb-delasalle.fr\/site\/wp-content\/uploads\/2024\/10\/4d3c6bdd-2dcc-487d-9c11-0eaabd13362e-e1728317829440-768x689.jpeg\" class=\"bdpp-img bdpp-post-feat-img\" alt=\"C&rsquo;est l&rsquo;automne !\" \/>\r\n\t\t\t<\/a>\r\n\t\t<\/div>\r\n\t\t\r\n\t\t<div class=\"bdpp-post-margin-content\">\r\n\t\t\t\r\n\t\t\t<h2 class=\"bdpp-post-title\">\r\n\t\t\t\t<a href=\"https:\/\/www.stjb-delasalle.fr\/site\/2024\/10\/07\/ramassage-des-feuilles\/\">C&rsquo;est l&rsquo;automne !<\/a>\r\n\t\t\t<\/h2>\r\n\r\n\t\t\t\t\t\t<div class=\"bdpp-post-content\">\r\n\t\t\t\t<div class=\"bdpp-post-desc\">Ramassage des feuilles L\u2019automne a point\u00e9 son nez, nos milliers de feuilles commencent \u00e0 tomber. C\u2019est tout naturellement que, sur...<\/div>\r\n\t\t\t\t\t\t\t\t\t<a href=\"https:\/\/www.stjb-delasalle.fr\/site\/2024\/10\/07\/ramassage-des-feuilles\/\" class=\"bdpp-rdmr-btn\">Lire la suite<\/a>\r\n\t\t\t\t\t\t\t<\/div>\r\n\t\t\t\t\t<\/div>\r\n\t<\/div>\r\n<\/div><div class=\"bdpp-post-grid bdpp-col-2 bdpp-columns bdpp-post-16176 bdpp-post-standard bdpp-has-thumb\">\r\n\t<div class=\"bdpp-post-grid-content\">\r\n\t\t\t\t<div class=\"bdpp-post-img-bg\">\r\n\t\t\t<a href=\"https:\/\/www.stjb-delasalle.fr\/site\/2024\/06\/26\/concours-photo-2024\/\">\r\n\t\t\t\t<img decoding=\"async\" src=\"https:\/\/www.stjb-delasalle.fr\/site\/wp-content\/uploads\/2024\/06\/IMG_3160-768x768.jpeg\" class=\"bdpp-img bdpp-post-feat-img\" alt=\"Concours Photo 2024\" \/>\r\n\t\t\t<\/a>\r\n\t\t<\/div>\r\n\t\t\r\n\t\t<div class=\"bdpp-post-margin-content\">\r\n\t\t\t\r\n\t\t\t<h2 class=\"bdpp-post-title\">\r\n\t\t\t\t<a href=\"https:\/\/www.stjb-delasalle.fr\/site\/2024\/06\/26\/concours-photo-2024\/\">Concours Photo 2024<\/a>\r\n\t\t\t<\/h2>\r\n\r\n\t\t\t\t\t\t<div class=\"bdpp-post-content\">\r\n\t\t\t\t<div class=\"bdpp-post-desc\">Concours Photo 2024 &nbsp; Cette ann\u00e9e, le th\u00e8me \u00e9tait \u00ab Chlorophylle o\u00f9 es-tu ? \u00bb Les \u00e9l\u00e8ves de tous les...<\/div>\r\n\t\t\t\t\t\t\t\t\t<a href=\"https:\/\/www.stjb-delasalle.fr\/site\/2024\/06\/26\/concours-photo-2024\/\" class=\"bdpp-rdmr-btn\">Lire la suite<\/a>\r\n\t\t\t\t\t\t\t<\/div>\r\n\t\t\t\t\t<\/div>\r\n\t<\/div>\r\n<\/div><div class=\"bdpp-post-grid bdpp-col-2 bdpp-columns bdpp-post-15017 bdpp-post-standard bdpp-first bdpp-has-thumb\">\r\n\t<div class=\"bdpp-post-grid-content\">\r\n\t\t\t\t<div class=\"bdpp-post-img-bg\">\r\n\t\t\t<a href=\"https:\/\/www.stjb-delasalle.fr\/site\/2024\/02\/02\/une-journee-a-la-vie-scolaire-en-tant-que-stagiaire\/\">\r\n\t\t\t\t<img decoding=\"async\" src=\"https:\/\/www.stjb-delasalle.fr\/site\/wp-content\/uploads\/2024\/02\/3cead280-a897-4c73-ad61-b76ab53a6486-768x576.jpg\" class=\"bdpp-img bdpp-post-feat-img\" alt=\"Une journ\u00e9e \u00e0 la Vie Scolaire en tant que stagiaire\" \/>\r\n\t\t\t<\/a>\r\n\t\t<\/div>\r\n\t\t\r\n\t\t<div class=\"bdpp-post-margin-content\">\r\n\t\t\t\r\n\t\t\t<h2 class=\"bdpp-post-title\">\r\n\t\t\t\t<a href=\"https:\/\/www.stjb-delasalle.fr\/site\/2024\/02\/02\/une-journee-a-la-vie-scolaire-en-tant-que-stagiaire\/\">Une journ\u00e9e \u00e0 la Vie Scolaire en tant que stagiaire<\/a>\r\n\t\t\t<\/h2>\r\n\r\n\t\t\t\t\t\t<div class=\"bdpp-post-content\">\r\n\t\t\t\t<div class=\"bdpp-post-desc\">Une journ\u00e9e \u00e0 la Vie Scolaire en tant que stagiaire &nbsp; A 8h 30, j\u2019ai fait l\u2019accueil des \u00e9l\u00e8ves au...<\/div>\r\n\t\t\t\t\t\t\t\t\t<a href=\"https:\/\/www.stjb-delasalle.fr\/site\/2024\/02\/02\/une-journee-a-la-vie-scolaire-en-tant-que-stagiaire\/\" class=\"bdpp-rdmr-btn\">Lire la suite<\/a>\r\n\t\t\t\t\t\t\t<\/div>\r\n\t\t\t\t\t<\/div>\r\n\t<\/div>\r\n<\/div><div class=\"bdpp-post-grid bdpp-col-2 bdpp-columns bdpp-post-14395 bdpp-post-standard bdpp-has-thumb\">\r\n\t<div class=\"bdpp-post-grid-content\">\r\n\t\t\t\t<div class=\"bdpp-post-img-bg\">\r\n\t\t\t<a href=\"https:\/\/www.stjb-delasalle.fr\/site\/2023\/12\/21\/concours-du-pull-de-noel\/\">\r\n\t\t\t\t<img decoding=\"async\" src=\"https:\/\/www.stjb-delasalle.fr\/site\/wp-content\/uploads\/2023\/12\/thumbnail_IMG_9338-768x576.jpg\" class=\"bdpp-img bdpp-post-feat-img\" alt=\"Concours du pull de No\u00ebl\" \/>\r\n\t\t\t<\/a>\r\n\t\t<\/div>\r\n\t\t\r\n\t\t<div class=\"bdpp-post-margin-content\">\r\n\t\t\t\r\n\t\t\t<h2 class=\"bdpp-post-title\">\r\n\t\t\t\t<a href=\"https:\/\/www.stjb-delasalle.fr\/site\/2023\/12\/21\/concours-du-pull-de-noel\/\">Concours du pull de No\u00ebl<\/a>\r\n\t\t\t<\/h2>\r\n\r\n\t\t\t\t\t\t<div class=\"bdpp-post-content\">\r\n\t\t\t\t<div class=\"bdpp-post-desc\">Les pulls de No\u00ebl \u00e9taient de retour au coll\u00e8ge cette ann\u00e9e! Que ce soit chez les adultes ou chez les...<\/div>\r\n\t\t\t\t\t\t\t\t\t<a href=\"https:\/\/www.stjb-delasalle.fr\/site\/2023\/12\/21\/concours-du-pull-de-noel\/\" class=\"bdpp-rdmr-btn\">Lire la suite<\/a>\r\n\t\t\t\t\t\t\t<\/div>\r\n\t\t\t\t\t<\/div>\r\n\t<\/div>\r\n<\/div><div class=\"bdpp-post-grid bdpp-col-2 bdpp-columns bdpp-post-14098 bdpp-post-standard bdpp-first bdpp-has-thumb\">\r\n\t<div class=\"bdpp-post-grid-content\">\r\n\t\t\t\t<div class=\"bdpp-post-img-bg\">\r\n\t\t\t<a href=\"https:\/\/www.stjb-delasalle.fr\/site\/2023\/11\/16\/formation-delegues-et-suppleants\/\">\r\n\t\t\t\t<img decoding=\"async\" src=\"https:\/\/www.stjb-delasalle.fr\/site\/wp-content\/uploads\/2023\/11\/IMG_1246-768x576.jpeg\" class=\"bdpp-img bdpp-post-feat-img\" alt=\"Formation des d\u00e9l\u00e9gu\u00e9s et suppl\u00e9ants\" \/>\r\n\t\t\t<\/a>\r\n\t\t<\/div>\r\n\t\t\r\n\t\t<div class=\"bdpp-post-margin-content\">\r\n\t\t\t\r\n\t\t\t<h2 class=\"bdpp-post-title\">\r\n\t\t\t\t<a href=\"https:\/\/www.stjb-delasalle.fr\/site\/2023\/11\/16\/formation-delegues-et-suppleants\/\">Formation des d\u00e9l\u00e9gu\u00e9s et suppl\u00e9ants<\/a>\r\n\t\t\t<\/h2>\r\n\r\n\t\t\t\t\t\t<div class=\"bdpp-post-content\">\r\n\t\t\t\t<div class=\"bdpp-post-desc\">Le mercredi 8 et ce mercredi 15 novembre les \u00e9l\u00e8ves d\u00e9l\u00e9gu\u00e9s et suppl\u00e9ants des 4 niveaux ont particip\u00e9 \u00e0 un...<\/div>\r\n\t\t\t\t\t\t\t\t\t<a href=\"https:\/\/www.stjb-delasalle.fr\/site\/2023\/11\/16\/formation-delegues-et-suppleants\/\" class=\"bdpp-rdmr-btn\">Lire la suite<\/a>\r\n\t\t\t\t\t\t\t<\/div>\r\n\t\t\t\t\t<\/div>\r\n\t<\/div>\r\n<\/div><div class=\"bdpp-post-grid bdpp-col-2 bdpp-columns bdpp-post-14087 bdpp-post-standard bdpp-has-thumb\">\r\n\t<div class=\"bdpp-post-grid-content\">\r\n\t\t\t\t<div class=\"bdpp-post-img-bg\">\r\n\t\t\t<a href=\"https:\/\/www.stjb-delasalle.fr\/site\/2023\/11\/16\/lutte-contre-le-harcelement\/\">\r\n\t\t\t\t<img decoding=\"async\" src=\"https:\/\/www.stjb-delasalle.fr\/site\/wp-content\/uploads\/2023\/11\/IMG_1244-768x418.jpeg\" class=\"bdpp-img bdpp-post-feat-img\" alt=\"Lutte contre le harc\u00e8lement\" \/>\r\n\t\t\t<\/a>\r\n\t\t<\/div>\r\n\t\t\r\n\t\t<div class=\"bdpp-post-margin-content\">\r\n\t\t\t\r\n\t\t\t<h2 class=\"bdpp-post-title\">\r\n\t\t\t\t<a href=\"https:\/\/www.stjb-delasalle.fr\/site\/2023\/11\/16\/lutte-contre-le-harcelement\/\">Lutte contre le harc\u00e8lement<\/a>\r\n\t\t\t<\/h2>\r\n\r\n\t\t\t\t\t\t<div class=\"bdpp-post-content\">\r\n\t\t\t\t<div class=\"bdpp-post-desc\">Jeudi 9 Novembre \u00a0a eu lieu la &quot;journ\u00e9e nationale\u00a0de lutte contre le harc\u00e8lement&quot;. Le minist\u00e8re de l&#39;\u00c9ducation nationale a mis...<\/div>\r\n\t\t\t\t\t\t\t\t\t<a href=\"https:\/\/www.stjb-delasalle.fr\/site\/2023\/11\/16\/lutte-contre-le-harcelement\/\" class=\"bdpp-rdmr-btn\">Lire la suite<\/a>\r\n\t\t\t\t\t\t\t<\/div>\r\n\t\t\t\t\t<\/div>\r\n\t<\/div>\r\n<\/div>\t<\/div>\r\n\t\t<div class=\"bdpp-paging bdpp-clearfix\">\r\n\t\t<span aria-current=\"page\" class=\"page-numbers current\">1<\/span>\n<a class=\"page-numbers\" href=\"https:\/\/www.stjb-delasalle.fr\/site\/wp-json\/wp\/v2\/pages\/15588\/page\/2\/\">2<\/a>\n<a class=\"next page-numbers\" href=\"https:\/\/www.stjb-delasalle.fr\/site\/wp-json\/wp\/v2\/pages\/15588\/page\/2\/\">Suivante \u00bb &raquo;<\/a>\t<\/div>\r\n<\/div>\n<p>&nbsp;<\/p>\n","protected":false},"excerpt":{"rendered":"<p>La Vie scolaire au Coll\u00e8ge St Jean-Baptiste de La Salle &nbsp; La vie scolaire a pour mission premi\u00e8re de placer les \u00e9l\u00e8ves dans les meilleures conditions de vie individuelle et collective, de r\u00e9ussite scolaire et d\u2019\u00e9panouissement personnel. Elle g\u00e8re et organise tous les moments o\u00f9 l\u2019\u00e9l\u00e8ve n\u2019est pas en classe : entr\u00e9es et sorties de [&hellip;]<\/p>\n","protected":false},"author":3,"featured_media":0,"parent":0,"menu_order":0,"comment_status":"closed","ping_status":"closed","template":"","meta":{"site-sidebar-layout":"default","site-content-layout":"default","ast-site-content-layout":"default","site-content-style":"default","site-sidebar-style":"default","ast-global-header-display":"","ast-banner-title-visibility":"","ast-main-header-display":"","ast-hfb-above-header-display":"","ast-hfb-below-header-display":"","ast-hfb-mobile-header-display":"","site-post-title":"","ast-breadcrumbs-content":"","ast-featured-img":"","footer-sml-layout":"","ast-disable-related-posts":"","theme-transparent-header-meta":"default","adv-header-id-meta":"","stick-header-meta":"","header-above-stick-meta":"","header-main-stick-meta":"","header-below-stick-meta":"","astra-migrate-meta-layouts":"set","ast-page-background-enabled":"default","ast-page-background-meta":{"desktop":{"background-color":"var(--ast-global-color-4)","background-image":"","background-repeat":"repeat","background-position":"center center","background-size":"auto","background-attachment":"scroll","background-type":"","background-media":"","overlay-type":"","overlay-color":"","overlay-opacity":"","overlay-gradient":""},"tablet":{"background-color":"","background-image":"","background-repeat":"repeat","background-position":"center center","background-size":"auto","background-attachment":"scroll","background-type":"","background-media":"","overlay-type":"","overlay-color":"","overlay-opacity":"","overlay-gradient":""},"mobile":{"background-color":"","background-image":"","background-repeat":"repeat","background-position":"center center","background-size":"auto","background-attachment":"scroll","background-type":"","background-media":"","overlay-type":"","overlay-color":"","overlay-opacity":"","overlay-gradient":""}},"ast-content-background-meta":{"desktop":{"background-color":"var(--ast-global-color-5)","background-image":"","background-repeat":"repeat","background-position":"center center","background-size":"auto","background-attachment":"scroll","background-type":"","background-media":"","overlay-type":"","overlay-color":"","overlay-opacity":"","overlay-gradient":""},"tablet":{"background-color":"var(--ast-global-color-5)","background-image":"","background-repeat":"repeat","background-position":"center center","background-size":"auto","background-attachment":"scroll","background-type":"","background-media":"","overlay-type":"","overlay-color":"","overlay-opacity":"","overlay-gradient":""},"mobile":{"background-color":"var(--ast-global-color-5)","background-image":"","background-repeat":"repeat","background-position":"center center","background-size":"auto","background-attachment":"scroll","background-type":"","background-media":"","overlay-type":"","overlay-color":"","overlay-opacity":"","overlay-gradient":""}},"footnotes":""},"class_list":["post-15588","page","type-page","status-publish","hentry"],"yoast_head":"<!-- This site is optimized with the Yoast SEO plugin v27.5 - https:\/\/yoast.com\/product\/yoast-seo-wordpress\/ -->\n<title>Coll\u00e8ge St Jean-Baptiste de La Salle - Le Rancher Teloch\u00e9<\/title>\n<meta name=\"description\" content=\"Le Coll\u00e8ge St Jean-Baptiste de La Salle accueille les \u00e9l\u00e8ves dans un cadre exceptionnel \u00e0 Teloch\u00e9 depuis 1973, et d\u00e9veloppe au quotidien des projets innovants au service des jeunes.\" \/>\n<meta name=\"robots\" content=\"index, follow, max-snippet:-1, max-image-preview:large, max-video-preview:-1\" \/>\n<link rel=\"canonical\" href=\"https:\/\/www.stjb-delasalle.fr\/site\/vie-scolaire\/\" \/>\n<meta property=\"og:locale\" content=\"fr_FR\" \/>\n<meta property=\"og:type\" content=\"article\" \/>\n<meta property=\"og:title\" content=\"Coll\u00e8ge St Jean-Baptiste de La Salle - Le Rancher Teloch\u00e9\" \/>\n<meta property=\"og:description\" content=\"Le Coll\u00e8ge St Jean-Baptiste de La Salle accueille les \u00e9l\u00e8ves dans un cadre exceptionnel \u00e0 Teloch\u00e9 depuis 1973, et d\u00e9veloppe au quotidien des projets innovants au service des jeunes.\" \/>\n<meta property=\"og:url\" content=\"https:\/\/www.stjb-delasalle.fr\/site\/vie-scolaire\/\" \/>\n<meta property=\"og:site_name\" content=\"Coll\u00e8ge Saint Jean Baptiste de La Salle\" \/>\n<meta property=\"article:modified_time\" content=\"2024-04-07T09:30:59+00:00\" \/>\n<meta name=\"twitter:card\" content=\"summary_large_image\" \/>\n<meta name=\"twitter:label1\" content=\"Dur\u00e9e de lecture estim\u00e9e\" \/>\n\t<meta name=\"twitter:data1\" content=\"2 minutes\" \/>\n<script type=\"application\/ld+json\" class=\"yoast-schema-graph\">{\"@context\":\"https:\\\/\\\/schema.org\",\"@graph\":[{\"@type\":\"WebPage\",\"@id\":\"https:\\\/\\\/www.stjb-delasalle.fr\\\/site\\\/vie-scolaire\\\/\",\"url\":\"https:\\\/\\\/www.stjb-delasalle.fr\\\/site\\\/vie-scolaire\\\/\",\"name\":\"Coll\u00e8ge St Jean-Baptiste de La Salle - Le Rancher Teloch\u00e9\",\"isPartOf\":{\"@id\":\"https:\\\/\\\/www.stjb-delasalle.fr\\\/site\\\/#website\"},\"datePublished\":\"2024-04-07T09:27:10+00:00\",\"dateModified\":\"2024-04-07T09:30:59+00:00\",\"description\":\"Le Coll\u00e8ge St Jean-Baptiste de La Salle accueille les \u00e9l\u00e8ves dans un cadre exceptionnel \u00e0 Teloch\u00e9 depuis 1973, et d\u00e9veloppe au quotidien des projets innovants au service des jeunes.\",\"breadcrumb\":{\"@id\":\"https:\\\/\\\/www.stjb-delasalle.fr\\\/site\\\/vie-scolaire\\\/#breadcrumb\"},\"inLanguage\":\"fr-FR\",\"potentialAction\":[{\"@type\":\"ReadAction\",\"target\":[\"https:\\\/\\\/www.stjb-delasalle.fr\\\/site\\\/vie-scolaire\\\/\"]}]},{\"@type\":\"BreadcrumbList\",\"@id\":\"https:\\\/\\\/www.stjb-delasalle.fr\\\/site\\\/vie-scolaire\\\/#breadcrumb\",\"itemListElement\":[{\"@type\":\"ListItem\",\"position\":1,\"name\":\"Accueil\",\"item\":\"https:\\\/\\\/www.stjb-delasalle.fr\\\/site\\\/\"},{\"@type\":\"ListItem\",\"position\":2,\"name\":\"Vie scolaire\"}]},{\"@type\":\"WebSite\",\"@id\":\"https:\\\/\\\/www.stjb-delasalle.fr\\\/site\\\/#website\",\"url\":\"https:\\\/\\\/www.stjb-delasalle.fr\\\/site\\\/\",\"name\":\"Coll\u00e8ge Saint Jean Baptiste de La Salle\",\"description\":\"Notre coll\u00e8ge vous accueille sur le site du Rancher \u00e0 Teloch\u00e9\",\"publisher\":{\"@id\":\"https:\\\/\\\/www.stjb-delasalle.fr\\\/site\\\/#organization\"},\"potentialAction\":[{\"@type\":\"SearchAction\",\"target\":{\"@type\":\"EntryPoint\",\"urlTemplate\":\"https:\\\/\\\/www.stjb-delasalle.fr\\\/site\\\/?s={search_term_string}\"},\"query-input\":{\"@type\":\"PropertyValueSpecification\",\"valueRequired\":true,\"valueName\":\"search_term_string\"}}],\"inLanguage\":\"fr-FR\"},{\"@type\":\"Organization\",\"@id\":\"https:\\\/\\\/www.stjb-delasalle.fr\\\/site\\\/#organization\",\"name\":\"Coll\u00e8ge Saint Jean Baptiste de La Salle\",\"url\":\"https:\\\/\\\/www.stjb-delasalle.fr\\\/site\\\/\",\"logo\":{\"@type\":\"ImageObject\",\"inLanguage\":\"fr-FR\",\"@id\":\"https:\\\/\\\/www.stjb-delasalle.fr\\\/site\\\/#\\\/schema\\\/logo\\\/image\\\/\",\"url\":\"https:\\\/\\\/www.stjb-delasalle.fr\\\/site\\\/wp-content\\\/uploads\\\/2021\\\/11\\\/logostjb_petit_transp.png\",\"contentUrl\":\"https:\\\/\\\/www.stjb-delasalle.fr\\\/site\\\/wp-content\\\/uploads\\\/2021\\\/11\\\/logostjb_petit_transp.png\",\"width\":180,\"height\":127,\"caption\":\"Coll\u00e8ge Saint Jean Baptiste de La Salle\"},\"image\":{\"@id\":\"https:\\\/\\\/www.stjb-delasalle.fr\\\/site\\\/#\\\/schema\\\/logo\\\/image\\\/\"}}]}<\/script>\n<!-- \/ Yoast SEO plugin. -->","yoast_head_json":{"title":"Coll\u00e8ge St Jean-Baptiste de La Salle - Le Rancher Teloch\u00e9","description":"Le Coll\u00e8ge St Jean-Baptiste de La Salle accueille les \u00e9l\u00e8ves dans un cadre exceptionnel \u00e0 Teloch\u00e9 depuis 1973, et d\u00e9veloppe au quotidien des projets innovants au service des jeunes.","robots":{"index":"index","follow":"follow","max-snippet":"max-snippet:-1","max-image-preview":"max-image-preview:large","max-video-preview":"max-video-preview:-1"},"canonical":"https:\/\/www.stjb-delasalle.fr\/site\/vie-scolaire\/","og_locale":"fr_FR","og_type":"article","og_title":"Coll\u00e8ge St Jean-Baptiste de La Salle - Le Rancher Teloch\u00e9","og_description":"Le Coll\u00e8ge St Jean-Baptiste de La Salle accueille les \u00e9l\u00e8ves dans un cadre exceptionnel \u00e0 Teloch\u00e9 depuis 1973, et d\u00e9veloppe au quotidien des projets innovants au service des jeunes.","og_url":"https:\/\/www.stjb-delasalle.fr\/site\/vie-scolaire\/","og_site_name":"Coll\u00e8ge Saint Jean Baptiste de La Salle","article_modified_time":"2024-04-07T09:30:59+00:00","twitter_card":"summary_large_image","twitter_misc":{"Dur\u00e9e de lecture estim\u00e9e":"2 minutes"},"schema":{"@context":"https:\/\/schema.org","@graph":[{"@type":"WebPage","@id":"https:\/\/www.stjb-delasalle.fr\/site\/vie-scolaire\/","url":"https:\/\/www.stjb-delasalle.fr\/site\/vie-scolaire\/","name":"Coll\u00e8ge St Jean-Baptiste de La Salle - Le Rancher Teloch\u00e9","isPartOf":{"@id":"https:\/\/www.stjb-delasalle.fr\/site\/#website"},"datePublished":"2024-04-07T09:27:10+00:00","dateModified":"2024-04-07T09:30:59+00:00","description":"Le Coll\u00e8ge St Jean-Baptiste de La Salle accueille les \u00e9l\u00e8ves dans un cadre exceptionnel \u00e0 Teloch\u00e9 depuis 1973, et d\u00e9veloppe au quotidien des projets innovants au service des jeunes.","breadcrumb":{"@id":"https:\/\/www.stjb-delasalle.fr\/site\/vie-scolaire\/#breadcrumb"},"inLanguage":"fr-FR","potentialAction":[{"@type":"ReadAction","target":["https:\/\/www.stjb-delasalle.fr\/site\/vie-scolaire\/"]}]},{"@type":"BreadcrumbList","@id":"https:\/\/www.stjb-delasalle.fr\/site\/vie-scolaire\/#breadcrumb","itemListElement":[{"@type":"ListItem","position":1,"name":"Accueil","item":"https:\/\/www.stjb-delasalle.fr\/site\/"},{"@type":"ListItem","position":2,"name":"Vie scolaire"}]},{"@type":"WebSite","@id":"https:\/\/www.stjb-delasalle.fr\/site\/#website","url":"https:\/\/www.stjb-delasalle.fr\/site\/","name":"Coll\u00e8ge Saint Jean Baptiste de La Salle","description":"Notre coll\u00e8ge vous accueille sur le site du Rancher \u00e0 Teloch\u00e9","publisher":{"@id":"https:\/\/www.stjb-delasalle.fr\/site\/#organization"},"potentialAction":[{"@type":"SearchAction","target":{"@type":"EntryPoint","urlTemplate":"https:\/\/www.stjb-delasalle.fr\/site\/?s={search_term_string}"},"query-input":{"@type":"PropertyValueSpecification","valueRequired":true,"valueName":"search_term_string"}}],"inLanguage":"fr-FR"},{"@type":"Organization","@id":"https:\/\/www.stjb-delasalle.fr\/site\/#organization","name":"Coll\u00e8ge Saint Jean Baptiste de La Salle","url":"https:\/\/www.stjb-delasalle.fr\/site\/","logo":{"@type":"ImageObject","inLanguage":"fr-FR","@id":"https:\/\/www.stjb-delasalle.fr\/site\/#\/schema\/logo\/image\/","url":"https:\/\/www.stjb-delasalle.fr\/site\/wp-content\/uploads\/2021\/11\/logostjb_petit_transp.png","contentUrl":"https:\/\/www.stjb-delasalle.fr\/site\/wp-content\/uploads\/2021\/11\/logostjb_petit_transp.png","width":180,"height":127,"caption":"Coll\u00e8ge Saint Jean Baptiste de La Salle"},"image":{"@id":"https:\/\/www.stjb-delasalle.fr\/site\/#\/schema\/logo\/image\/"}}]}},"_links":{"self":[{"href":"https:\/\/www.stjb-delasalle.fr\/site\/wp-json\/wp\/v2\/pages\/15588","targetHints":{"allow":["GET"]}}],"collection":[{"href":"https:\/\/www.stjb-delasalle.fr\/site\/wp-json\/wp\/v2\/pages"}],"about":[{"href":"https:\/\/www.stjb-delasalle.fr\/site\/wp-json\/wp\/v2\/types\/page"}],"author":[{"embeddable":true,"href":"https:\/\/www.stjb-delasalle.fr\/site\/wp-json\/wp\/v2\/users\/3"}],"replies":[{"embeddable":true,"href":"https:\/\/www.stjb-delasalle.fr\/site\/wp-json\/wp\/v2\/comments?post=15588"}],"version-history":[{"count":3,"href":"https:\/\/www.stjb-delasalle.fr\/site\/wp-json\/wp\/v2\/pages\/15588\/revisions"}],"predecessor-version":[{"id":15593,"href":"https:\/\/www.stjb-delasalle.fr\/site\/wp-json\/wp\/v2\/pages\/15588\/revisions\/15593"}],"wp:attachment":[{"href":"https:\/\/www.stjb-delasalle.fr\/site\/wp-json\/wp\/v2\/media?parent=15588"}],"curies":[{"name":"wp","href":"https:\/\/api.w.org\/{rel}","templated":true}]}}