{"id":14007,"date":"2023-10-30T12:58:51","date_gmt":"2023-10-30T12:58:51","guid":{"rendered":"https:\/\/www.stjb-delasalle.fr\/site\/?page_id=14007"},"modified":"2023-10-30T13:09:47","modified_gmt":"2023-10-30T13:09:47","slug":"chorale-2022-2023","status":"publish","type":"page","link":"https:\/\/www.stjb-delasalle.fr\/site\/chant-choral\/chorale-2022-2023\/","title":{"rendered":"Chorale 2022-2023"},"content":{"rendered":"<div id=\"bdpp-post-masonry-1\" class=\"bdpp-wrap bdpp-lite bdpp-post-masonry-wrap bdpp-post-grid-wrap bdpp-post-data-wrap bdpp-design-2 bdpp-effect-1 bdpp-grid-2  bdpp-clearfix\">\r\n\t<div class=\"bdpp-post-masonry-inr-wrap bdpp-post-data-inr-wrap bdpp-clearfix\"><div class=\"bdpp-post-grid bdpp-col-2 bdpp-columns bdpp-post-13862 bdpp-post-standard bdpp-has-thumb\">\r\n\t<div class=\"bdpp-post-grid-content\">\r\n\t\t\t\t<div class=\"bdpp-post-img-bg\">\r\n\t\t\t<a href=\"https:\/\/www.stjb-delasalle.fr\/site\/2023\/06\/18\/concert-de-chant-choral-a-la-cle-doree\/\">\r\n\t\t\t\t<img decoding=\"async\" src=\"https:\/\/www.stjb-delasalle.fr\/site\/wp-content\/uploads\/2023\/10\/Chorale-juin-2023-Auditorium-Ecole-de-musique-La-cle-d-Oree-Laigne-1-300x225.jpg\" class=\"bdpp-img bdpp-post-feat-img\" alt=\"Concert de chant choral \u00e0 la Cl\u00e9 d&rsquo;Or\u00e9e\" \/>\r\n\t\t\t<\/a>\r\n\t\t<\/div>\r\n\t\t\r\n\t\t<div class=\"bdpp-post-margin-content\">\r\n\t\t\t\t\t\t<div class=\"bdpp-post-cats\"><a class=\"bdpp-post-cat-link bdpp-post-cat-57 bdpp-post-cat-activites-6e\" href=\"https:\/\/www.stjb-delasalle.fr\/site\/category\/activites-6e\/\">Activit\u00e9s 6e<\/a> <a class=\"bdpp-post-cat-link bdpp-post-cat-66 bdpp-post-cat-chorale\" href=\"https:\/\/www.stjb-delasalle.fr\/site\/category\/chorale\/\">Chorale<\/a> <a class=\"bdpp-post-cat-link bdpp-post-cat-69 bdpp-post-cat-chorale-2022-2023\" href=\"https:\/\/www.stjb-delasalle.fr\/site\/category\/chorale\/chorale-2022-2023\/\">Chorale 2022-2023<\/a> <a class=\"bdpp-post-cat-link bdpp-post-cat-6 bdpp-post-cat-college\" href=\"https:\/\/www.stjb-delasalle.fr\/site\/category\/college\/\">Coll\u00e8ge<\/a><\/div>\r\n\t\t\t\r\n\t\t\t<h2 class=\"bdpp-post-title\">\r\n\t\t\t\t<a href=\"https:\/\/www.stjb-delasalle.fr\/site\/2023\/06\/18\/concert-de-chant-choral-a-la-cle-doree\/\">Concert de chant choral \u00e0 la Cl\u00e9 d&rsquo;Or\u00e9e<\/a>\r\n\t\t\t<\/h2>\r\n\r\n\t\t\t\t\t\t<div class=\"bdpp-post-content\">\r\n\t\t\t\t<div class=\"bdpp-post-desc\">&nbsp; Juin 2023 CONCERT DE CHANT CHORAL \u00e0 L&#39;auditorium de l&#39;\u00e9cole de musique La CL\u00c9 D&#39;OR\u00c9E, Laign\u00e9 -en-Belin &nbsp; Les...<\/div>\r\n\t\t\t\t\t\t\t\t<a href=\"https:\/\/www.stjb-delasalle.fr\/site\/2023\/06\/18\/concert-de-chant-choral-a-la-cle-doree\/\" class=\"bdpp-rdmr-btn\">Lire la suite<\/a>\r\n\t\t\t\t\t\t\t<\/div>\r\n\t\t\t\t\t<\/div>\r\n\t<\/div>\r\n<\/div><div class=\"bdpp-post-grid bdpp-col-2 bdpp-columns bdpp-post-13235 bdpp-post-standard bdpp-has-thumb\">\r\n\t<div class=\"bdpp-post-grid-content\">\r\n\t\t\t\t<div class=\"bdpp-post-img-bg\">\r\n\t\t\t<a href=\"https:\/\/www.stjb-delasalle.fr\/site\/2023\/06\/17\/concert-chorale\/\">\r\n\t\t\t\t<img decoding=\"async\" src=\"https:\/\/www.stjb-delasalle.fr\/site\/wp-content\/uploads\/2023\/06\/chorale_4-300x225.jpg\" class=\"bdpp-img bdpp-post-feat-img\" alt=\"Concert chorale\" \/>\r\n\t\t\t<\/a>\r\n\t\t<\/div>\r\n\t\t\r\n\t\t<div class=\"bdpp-post-margin-content\">\r\n\t\t\t\t\t\t<div class=\"bdpp-post-cats\"><a class=\"bdpp-post-cat-link bdpp-post-cat-57 bdpp-post-cat-activites-6e\" href=\"https:\/\/www.stjb-delasalle.fr\/site\/category\/activites-6e\/\">Activit\u00e9s 6e<\/a> <a class=\"bdpp-post-cat-link bdpp-post-cat-66 bdpp-post-cat-chorale\" href=\"https:\/\/www.stjb-delasalle.fr\/site\/category\/chorale\/\">Chorale<\/a> <a class=\"bdpp-post-cat-link bdpp-post-cat-69 bdpp-post-cat-chorale-2022-2023\" href=\"https:\/\/www.stjb-delasalle.fr\/site\/category\/chorale\/chorale-2022-2023\/\">Chorale 2022-2023<\/a> <a class=\"bdpp-post-cat-link bdpp-post-cat-6 bdpp-post-cat-college\" href=\"https:\/\/www.stjb-delasalle.fr\/site\/category\/college\/\">Coll\u00e8ge<\/a><\/div>\r\n\t\t\t\r\n\t\t\t<h2 class=\"bdpp-post-title\">\r\n\t\t\t\t<a href=\"https:\/\/www.stjb-delasalle.fr\/site\/2023\/06\/17\/concert-chorale\/\">Concert chorale<\/a>\r\n\t\t\t<\/h2>\r\n\r\n\t\t\t\t\t\t<div class=\"bdpp-post-content\">\r\n\t\t\t\t<div class=\"bdpp-post-desc\">Les CM2 de Sainte Anne et les 6e, 5e et \u00e9l\u00e8ves du dispositif ULIS de Saint Jean-Baptiste de La Salle...<\/div>\r\n\t\t\t\t\t\t\t\t<a href=\"https:\/\/www.stjb-delasalle.fr\/site\/2023\/06\/17\/concert-chorale\/\" class=\"bdpp-rdmr-btn\">Lire la suite<\/a>\r\n\t\t\t\t\t\t\t<\/div>\r\n\t\t\t\t\t<\/div>\r\n\t<\/div>\r\n<\/div>\t<\/div>\r\n\t<\/div>\n","protected":false},"excerpt":{"rendered":"","protected":false},"author":3,"featured_media":0,"parent":9197,"menu_order":0,"comment_status":"closed","ping_status":"closed","template":"","meta":{"site-sidebar-layout":"default","site-content-layout":"","ast-site-content-layout":"default","site-content-style":"default","site-sidebar-style":"default","ast-global-header-display":"","ast-banner-title-visibility":"","ast-main-header-display":"","ast-hfb-above-header-display":"","ast-hfb-below-header-display":"","ast-hfb-mobile-header-display":"","site-post-title":"","ast-breadcrumbs-content":"","ast-featured-img":"","footer-sml-layout":"","ast-disable-related-posts":"","theme-transparent-header-meta":"default","adv-header-id-meta":"","stick-header-meta":"","header-above-stick-meta":"","header-main-stick-meta":"","header-below-stick-meta":"","astra-migrate-meta-layouts":"set","ast-page-background-enabled":"default","ast-page-background-meta":{"desktop":{"background-color":"var(--ast-global-color-4)","background-image":"","background-repeat":"repeat","background-position":"center center","background-size":"auto","background-attachment":"scroll","background-type":"","background-media":"","overlay-type":"","overlay-color":"","overlay-opacity":"","overlay-gradient":""},"tablet":{"background-color":"","background-image":"","background-repeat":"repeat","background-position":"center center","background-size":"auto","background-attachment":"scroll","background-type":"","background-media":"","overlay-type":"","overlay-color":"","overlay-opacity":"","overlay-gradient":""},"mobile":{"background-color":"","background-image":"","background-repeat":"repeat","background-position":"center center","background-size":"auto","background-attachment":"scroll","background-type":"","background-media":"","overlay-type":"","overlay-color":"","overlay-opacity":"","overlay-gradient":""}},"ast-content-background-meta":{"desktop":{"background-color":"var(--ast-global-color-5)","background-image":"","background-repeat":"repeat","background-position":"center center","background-size":"auto","background-attachment":"scroll","background-type":"","background-media":"","overlay-type":"","overlay-color":"","overlay-opacity":"","overlay-gradient":""},"tablet":{"background-color":"var(--ast-global-color-5)","background-image":"","background-repeat":"repeat","background-position":"center center","background-size":"auto","background-attachment":"scroll","background-type":"","background-media":"","overlay-type":"","overlay-color":"","overlay-opacity":"","overlay-gradient":""},"mobile":{"background-color":"var(--ast-global-color-5)","background-image":"","background-repeat":"repeat","background-position":"center center","background-size":"auto","background-attachment":"scroll","background-type":"","background-media":"","overlay-type":"","overlay-color":"","overlay-opacity":"","overlay-gradient":""}},"footnotes":""},"class_list":["post-14007","page","type-page","status-publish","hentry"],"yoast_head":"<!-- This site is optimized with the Yoast SEO plugin v27.5 - https:\/\/yoast.com\/product\/yoast-seo-wordpress\/ -->\n<title>Chorale 2022-2023 - Coll\u00e8ge Saint Jean Baptiste de La Salle<\/title>\n<meta name=\"robots\" content=\"index, follow, max-snippet:-1, max-image-preview:large, max-video-preview:-1\" \/>\n<link rel=\"canonical\" href=\"https:\/\/www.stjb-delasalle.fr\/site\/chant-choral\/chorale-2022-2023\/\" \/>\n<meta property=\"og:locale\" content=\"fr_FR\" \/>\n<meta property=\"og:type\" content=\"article\" \/>\n<meta property=\"og:title\" content=\"Chorale 2022-2023 - Coll\u00e8ge Saint Jean Baptiste de La Salle\" \/>\n<meta property=\"og:url\" content=\"https:\/\/www.stjb-delasalle.fr\/site\/chant-choral\/chorale-2022-2023\/\" \/>\n<meta property=\"og:site_name\" content=\"Coll\u00e8ge Saint Jean Baptiste de La Salle\" \/>\n<meta property=\"article:modified_time\" content=\"2023-10-30T13:09:47+00:00\" \/>\n<meta name=\"twitter:card\" content=\"summary_large_image\" \/>\n<meta name=\"twitter:label1\" content=\"Dur\u00e9e de lecture estim\u00e9e\" \/>\n\t<meta name=\"twitter:data1\" content=\"1 minute\" \/>\n<script type=\"application\/ld+json\" class=\"yoast-schema-graph\">{\"@context\":\"https:\\\/\\\/schema.org\",\"@graph\":[{\"@type\":\"WebPage\",\"@id\":\"https:\\\/\\\/www.stjb-delasalle.fr\\\/site\\\/chant-choral\\\/chorale-2022-2023\\\/\",\"url\":\"https:\\\/\\\/www.stjb-delasalle.fr\\\/site\\\/chant-choral\\\/chorale-2022-2023\\\/\",\"name\":\"Chorale 2022-2023 - Coll\u00e8ge Saint Jean Baptiste de La Salle\",\"isPartOf\":{\"@id\":\"https:\\\/\\\/www.stjb-delasalle.fr\\\/site\\\/#website\"},\"datePublished\":\"2023-10-30T12:58:51+00:00\",\"dateModified\":\"2023-10-30T13:09:47+00:00\",\"breadcrumb\":{\"@id\":\"https:\\\/\\\/www.stjb-delasalle.fr\\\/site\\\/chant-choral\\\/chorale-2022-2023\\\/#breadcrumb\"},\"inLanguage\":\"fr-FR\",\"potentialAction\":[{\"@type\":\"ReadAction\",\"target\":[\"https:\\\/\\\/www.stjb-delasalle.fr\\\/site\\\/chant-choral\\\/chorale-2022-2023\\\/\"]}]},{\"@type\":\"BreadcrumbList\",\"@id\":\"https:\\\/\\\/www.stjb-delasalle.fr\\\/site\\\/chant-choral\\\/chorale-2022-2023\\\/#breadcrumb\",\"itemListElement\":[{\"@type\":\"ListItem\",\"position\":1,\"name\":\"Accueil\",\"item\":\"https:\\\/\\\/www.stjb-delasalle.fr\\\/site\\\/\"},{\"@type\":\"ListItem\",\"position\":2,\"name\":\"Chant choral\",\"item\":\"https:\\\/\\\/www.stjb-delasalle.fr\\\/site\\\/chant-choral\\\/\"},{\"@type\":\"ListItem\",\"position\":3,\"name\":\"Chorale 2022-2023\"}]},{\"@type\":\"WebSite\",\"@id\":\"https:\\\/\\\/www.stjb-delasalle.fr\\\/site\\\/#website\",\"url\":\"https:\\\/\\\/www.stjb-delasalle.fr\\\/site\\\/\",\"name\":\"Coll\u00e8ge Saint Jean Baptiste de La Salle\",\"description\":\"Notre coll\u00e8ge vous accueille sur le site du Rancher \u00e0 Teloch\u00e9\",\"publisher\":{\"@id\":\"https:\\\/\\\/www.stjb-delasalle.fr\\\/site\\\/#organization\"},\"potentialAction\":[{\"@type\":\"SearchAction\",\"target\":{\"@type\":\"EntryPoint\",\"urlTemplate\":\"https:\\\/\\\/www.stjb-delasalle.fr\\\/site\\\/?s={search_term_string}\"},\"query-input\":{\"@type\":\"PropertyValueSpecification\",\"valueRequired\":true,\"valueName\":\"search_term_string\"}}],\"inLanguage\":\"fr-FR\"},{\"@type\":\"Organization\",\"@id\":\"https:\\\/\\\/www.stjb-delasalle.fr\\\/site\\\/#organization\",\"name\":\"Coll\u00e8ge Saint Jean Baptiste de La Salle\",\"url\":\"https:\\\/\\\/www.stjb-delasalle.fr\\\/site\\\/\",\"logo\":{\"@type\":\"ImageObject\",\"inLanguage\":\"fr-FR\",\"@id\":\"https:\\\/\\\/www.stjb-delasalle.fr\\\/site\\\/#\\\/schema\\\/logo\\\/image\\\/\",\"url\":\"https:\\\/\\\/www.stjb-delasalle.fr\\\/site\\\/wp-content\\\/uploads\\\/2021\\\/11\\\/logostjb_petit_transp.png\",\"contentUrl\":\"https:\\\/\\\/www.stjb-delasalle.fr\\\/site\\\/wp-content\\\/uploads\\\/2021\\\/11\\\/logostjb_petit_transp.png\",\"width\":180,\"height\":127,\"caption\":\"Coll\u00e8ge Saint Jean Baptiste de La Salle\"},\"image\":{\"@id\":\"https:\\\/\\\/www.stjb-delasalle.fr\\\/site\\\/#\\\/schema\\\/logo\\\/image\\\/\"}}]}<\/script>\n<!-- \/ Yoast SEO plugin. -->","yoast_head_json":{"title":"Chorale 2022-2023 - Coll\u00e8ge Saint Jean Baptiste de La Salle","robots":{"index":"index","follow":"follow","max-snippet":"max-snippet:-1","max-image-preview":"max-image-preview:large","max-video-preview":"max-video-preview:-1"},"canonical":"https:\/\/www.stjb-delasalle.fr\/site\/chant-choral\/chorale-2022-2023\/","og_locale":"fr_FR","og_type":"article","og_title":"Chorale 2022-2023 - Coll\u00e8ge Saint Jean Baptiste de La Salle","og_url":"https:\/\/www.stjb-delasalle.fr\/site\/chant-choral\/chorale-2022-2023\/","og_site_name":"Coll\u00e8ge Saint Jean Baptiste de La Salle","article_modified_time":"2023-10-30T13:09:47+00:00","twitter_card":"summary_large_image","twitter_misc":{"Dur\u00e9e de lecture estim\u00e9e":"1 minute"},"schema":{"@context":"https:\/\/schema.org","@graph":[{"@type":"WebPage","@id":"https:\/\/www.stjb-delasalle.fr\/site\/chant-choral\/chorale-2022-2023\/","url":"https:\/\/www.stjb-delasalle.fr\/site\/chant-choral\/chorale-2022-2023\/","name":"Chorale 2022-2023 - Coll\u00e8ge Saint Jean Baptiste de La Salle","isPartOf":{"@id":"https:\/\/www.stjb-delasalle.fr\/site\/#website"},"datePublished":"2023-10-30T12:58:51+00:00","dateModified":"2023-10-30T13:09:47+00:00","breadcrumb":{"@id":"https:\/\/www.stjb-delasalle.fr\/site\/chant-choral\/chorale-2022-2023\/#breadcrumb"},"inLanguage":"fr-FR","potentialAction":[{"@type":"ReadAction","target":["https:\/\/www.stjb-delasalle.fr\/site\/chant-choral\/chorale-2022-2023\/"]}]},{"@type":"BreadcrumbList","@id":"https:\/\/www.stjb-delasalle.fr\/site\/chant-choral\/chorale-2022-2023\/#breadcrumb","itemListElement":[{"@type":"ListItem","position":1,"name":"Accueil","item":"https:\/\/www.stjb-delasalle.fr\/site\/"},{"@type":"ListItem","position":2,"name":"Chant choral","item":"https:\/\/www.stjb-delasalle.fr\/site\/chant-choral\/"},{"@type":"ListItem","position":3,"name":"Chorale 2022-2023"}]},{"@type":"WebSite","@id":"https:\/\/www.stjb-delasalle.fr\/site\/#website","url":"https:\/\/www.stjb-delasalle.fr\/site\/","name":"Coll\u00e8ge Saint Jean Baptiste de La Salle","description":"Notre coll\u00e8ge vous accueille sur le site du Rancher \u00e0 Teloch\u00e9","publisher":{"@id":"https:\/\/www.stjb-delasalle.fr\/site\/#organization"},"potentialAction":[{"@type":"SearchAction","target":{"@type":"EntryPoint","urlTemplate":"https:\/\/www.stjb-delasalle.fr\/site\/?s={search_term_string}"},"query-input":{"@type":"PropertyValueSpecification","valueRequired":true,"valueName":"search_term_string"}}],"inLanguage":"fr-FR"},{"@type":"Organization","@id":"https:\/\/www.stjb-delasalle.fr\/site\/#organization","name":"Coll\u00e8ge Saint Jean Baptiste de La Salle","url":"https:\/\/www.stjb-delasalle.fr\/site\/","logo":{"@type":"ImageObject","inLanguage":"fr-FR","@id":"https:\/\/www.stjb-delasalle.fr\/site\/#\/schema\/logo\/image\/","url":"https:\/\/www.stjb-delasalle.fr\/site\/wp-content\/uploads\/2021\/11\/logostjb_petit_transp.png","contentUrl":"https:\/\/www.stjb-delasalle.fr\/site\/wp-content\/uploads\/2021\/11\/logostjb_petit_transp.png","width":180,"height":127,"caption":"Coll\u00e8ge Saint Jean Baptiste de La Salle"},"image":{"@id":"https:\/\/www.stjb-delasalle.fr\/site\/#\/schema\/logo\/image\/"}}]}},"_links":{"self":[{"href":"https:\/\/www.stjb-delasalle.fr\/site\/wp-json\/wp\/v2\/pages\/14007","targetHints":{"allow":["GET"]}}],"collection":[{"href":"https:\/\/www.stjb-delasalle.fr\/site\/wp-json\/wp\/v2\/pages"}],"about":[{"href":"https:\/\/www.stjb-delasalle.fr\/site\/wp-json\/wp\/v2\/types\/page"}],"author":[{"embeddable":true,"href":"https:\/\/www.stjb-delasalle.fr\/site\/wp-json\/wp\/v2\/users\/3"}],"replies":[{"embeddable":true,"href":"https:\/\/www.stjb-delasalle.fr\/site\/wp-json\/wp\/v2\/comments?post=14007"}],"version-history":[{"count":2,"href":"https:\/\/www.stjb-delasalle.fr\/site\/wp-json\/wp\/v2\/pages\/14007\/revisions"}],"predecessor-version":[{"id":14014,"href":"https:\/\/www.stjb-delasalle.fr\/site\/wp-json\/wp\/v2\/pages\/14007\/revisions\/14014"}],"up":[{"embeddable":true,"href":"https:\/\/www.stjb-delasalle.fr\/site\/wp-json\/wp\/v2\/pages\/9197"}],"wp:attachment":[{"href":"https:\/\/www.stjb-delasalle.fr\/site\/wp-json\/wp\/v2\/media?parent=14007"}],"curies":[{"name":"wp","href":"https:\/\/api.w.org\/{rel}","templated":true}]}}