{"id":11912,"date":"2022-10-21T07:53:36","date_gmt":"2022-10-21T07:53:36","guid":{"rendered":"https:\/\/www.stjb-delasalle.fr\/site\/?page_id=11912"},"modified":"2023-02-03T19:48:02","modified_gmt":"2023-02-03T19:48:02","slug":"programmation-2022-2023","status":"publish","type":"page","link":"https:\/\/www.stjb-delasalle.fr\/site\/programmation-2022-2023\/","title":{"rendered":"Programmation 2022-2023"},"content":{"rendered":"<h2 class=\"sh-heading-content size-default text-center\" style=\"text-align: center;\">Galerie d&rsquo;art \u00e0 vocation p\u00e9dagogique<\/h2>\n<p style=\"text-align: center;\"><img decoding=\"async\" class=\"alignnone size-medium wp-image-12396\" src=\"https:\/\/www.stjb-delasalle.fr\/site\/wp-content\/uploads\/2023\/02\/logo-InSitu-galerie-couleur-300x164.png\" alt=\"\" width=\"300\" height=\"164\" srcset=\"https:\/\/www.stjb-delasalle.fr\/site\/wp-content\/uploads\/2023\/02\/logo-InSitu-galerie-couleur-300x164.png 300w, https:\/\/www.stjb-delasalle.fr\/site\/wp-content\/uploads\/2023\/02\/logo-InSitu-galerie-couleur-1024x559.png 1024w, https:\/\/www.stjb-delasalle.fr\/site\/wp-content\/uploads\/2023\/02\/logo-InSitu-galerie-couleur-768x419.png 768w, https:\/\/www.stjb-delasalle.fr\/site\/wp-content\/uploads\/2023\/02\/logo-InSitu-galerie-couleur-1536x838.png 1536w, https:\/\/www.stjb-delasalle.fr\/site\/wp-content\/uploads\/2023\/02\/logo-InSitu-galerie-couleur.png 1958w\" sizes=\"(max-width: 300px) 100vw, 300px\" \/><\/p>\n<p>&nbsp;<\/p>\n<div id=\"bdpp-post-masonry-1\" class=\"bdpp-wrap bdpp-lite bdpp-post-masonry-wrap bdpp-post-grid-wrap bdpp-post-data-wrap bdpp-design-2 bdpp-effect-1 bdpp-grid-2  bdpp-clearfix\">\r\n\t<div class=\"bdpp-post-masonry-inr-wrap bdpp-post-data-inr-wrap bdpp-clearfix\"><div class=\"bdpp-post-grid bdpp-col-2 bdpp-columns bdpp-post-13339 bdpp-post-standard bdpp-has-thumb\">\r\n\t<div class=\"bdpp-post-grid-content\">\r\n\t\t\t\t<div class=\"bdpp-post-img-bg\">\r\n\t\t\t<a href=\"https:\/\/www.stjb-delasalle.fr\/site\/2023\/06\/24\/belles-monstruosites\/\">\r\n\t\t\t\t<img decoding=\"async\" src=\"https:\/\/www.stjb-delasalle.fr\/site\/wp-content\/uploads\/2023\/06\/IMG_4835-1-300x222.jpeg\" class=\"bdpp-img bdpp-post-feat-img\" alt=\"Belles monstruosit\u00e9s\u2026d\u2019\u00e9l\u00e8ves\" \/>\r\n\t\t\t<\/a>\r\n\t\t<\/div>\r\n\t\t\r\n\t\t<div class=\"bdpp-post-margin-content\">\r\n\t\t\t\t\t\t<div class=\"bdpp-post-cats\"><a class=\"bdpp-post-cat-link bdpp-post-cat-60 bdpp-post-cat-activites-3e\" href=\"https:\/\/www.stjb-delasalle.fr\/site\/category\/activites-3e\/\">Activit\u00e9s 3e<\/a> <a class=\"bdpp-post-cat-link bdpp-post-cat-59 bdpp-post-cat-activites-4e\" href=\"https:\/\/www.stjb-delasalle.fr\/site\/category\/activites-4e\/\">Activit\u00e9s 4e<\/a> <a class=\"bdpp-post-cat-link bdpp-post-cat-57 bdpp-post-cat-activites-6e\" href=\"https:\/\/www.stjb-delasalle.fr\/site\/category\/activites-6e\/\">Activit\u00e9s 6e<\/a> <a class=\"bdpp-post-cat-link bdpp-post-cat-64 bdpp-post-cat-arts-plastiques-2022-2023\" href=\"https:\/\/www.stjb-delasalle.fr\/site\/category\/arts-plastiques-2022-2023\/\">Arts plastiques 2022-2023<\/a> <a class=\"bdpp-post-cat-link bdpp-post-cat-6 bdpp-post-cat-college\" href=\"https:\/\/www.stjb-delasalle.fr\/site\/category\/college\/\">Coll\u00e8ge<\/a> <a class=\"bdpp-post-cat-link bdpp-post-cat-62 bdpp-post-cat-galerie-2022-2023\" href=\"https:\/\/www.stjb-delasalle.fr\/site\/category\/galerie-2022-2023\/\">Galerie 2022-2023<\/a> <a class=\"bdpp-post-cat-link bdpp-post-cat-63 bdpp-post-cat-option-arts-2022-2023\" href=\"https:\/\/www.stjb-delasalle.fr\/site\/category\/option-arts-2022-2023\/\">Option arts 2022-2023<\/a><\/div>\r\n\t\t\t\r\n\t\t\t<h2 class=\"bdpp-post-title\">\r\n\t\t\t\t<a href=\"https:\/\/www.stjb-delasalle.fr\/site\/2023\/06\/24\/belles-monstruosites\/\">Belles monstruosit\u00e9s\u2026d\u2019\u00e9l\u00e8ves<\/a>\r\n\t\t\t<\/h2>\r\n\r\n\t\t\t\t\t\t<div class=\"bdpp-post-content\">\r\n\t\t\t\t<div class=\"bdpp-post-desc\">La galerie d\u2019art \u00e0 vocation p\u00e9dagogique a accueilli cette fin d\u2019ann\u00e9e scolaire des productions artistiques d\u2019\u00e9l\u00e8ves sur le th\u00e8me acad\u00e9mique...<\/div>\r\n\t\t\t\t\t\t\t\t<a href=\"https:\/\/www.stjb-delasalle.fr\/site\/2023\/06\/24\/belles-monstruosites\/\" class=\"bdpp-rdmr-btn\">Lire la suite<\/a>\r\n\t\t\t\t\t\t\t<\/div>\r\n\t\t\t\t\t<\/div>\r\n\t<\/div>\r\n<\/div><div class=\"bdpp-post-grid bdpp-col-2 bdpp-columns bdpp-post-13314 bdpp-post-standard bdpp-has-thumb\">\r\n\t<div class=\"bdpp-post-grid-content\">\r\n\t\t\t\t<div class=\"bdpp-post-img-bg\">\r\n\t\t\t<a href=\"https:\/\/www.stjb-delasalle.fr\/site\/2023\/06\/24\/autour-du-paysage\/\">\r\n\t\t\t\t<img decoding=\"async\" src=\"https:\/\/www.stjb-delasalle.fr\/site\/wp-content\/uploads\/2023\/06\/IMG_7770-1-300x207.jpeg\" class=\"bdpp-img bdpp-post-feat-img\" alt=\"Expo \u00ab\u00a0Autour du paysage\u00a0\u00bb\" \/>\r\n\t\t\t<\/a>\r\n\t\t<\/div>\r\n\t\t\r\n\t\t<div class=\"bdpp-post-margin-content\">\r\n\t\t\t\t\t\t<div class=\"bdpp-post-cats\"><a class=\"bdpp-post-cat-link bdpp-post-cat-60 bdpp-post-cat-activites-3e\" href=\"https:\/\/www.stjb-delasalle.fr\/site\/category\/activites-3e\/\">Activit\u00e9s 3e<\/a> <a class=\"bdpp-post-cat-link bdpp-post-cat-59 bdpp-post-cat-activites-4e\" href=\"https:\/\/www.stjb-delasalle.fr\/site\/category\/activites-4e\/\">Activit\u00e9s 4e<\/a> <a class=\"bdpp-post-cat-link bdpp-post-cat-57 bdpp-post-cat-activites-6e\" href=\"https:\/\/www.stjb-delasalle.fr\/site\/category\/activites-6e\/\">Activit\u00e9s 6e<\/a> <a class=\"bdpp-post-cat-link bdpp-post-cat-64 bdpp-post-cat-arts-plastiques-2022-2023\" href=\"https:\/\/www.stjb-delasalle.fr\/site\/category\/arts-plastiques-2022-2023\/\">Arts plastiques 2022-2023<\/a> <a class=\"bdpp-post-cat-link bdpp-post-cat-6 bdpp-post-cat-college\" href=\"https:\/\/www.stjb-delasalle.fr\/site\/category\/college\/\">Coll\u00e8ge<\/a> <a class=\"bdpp-post-cat-link bdpp-post-cat-62 bdpp-post-cat-galerie-2022-2023\" href=\"https:\/\/www.stjb-delasalle.fr\/site\/category\/galerie-2022-2023\/\">Galerie 2022-2023<\/a><\/div>\r\n\t\t\t\r\n\t\t\t<h2 class=\"bdpp-post-title\">\r\n\t\t\t\t<a href=\"https:\/\/www.stjb-delasalle.fr\/site\/2023\/06\/24\/autour-du-paysage\/\">Expo \u00ab\u00a0Autour du paysage\u00a0\u00bb<\/a>\r\n\t\t\t<\/h2>\r\n\r\n\t\t\t\t\t\t<div class=\"bdpp-post-content\">\r\n\t\t\t\t<div class=\"bdpp-post-desc\">Nous avons accueilli du 27 mars au 24 avril 2023, une exposition de photographies pr\u00eat\u00e9es par le Conseil d\u00e9partemental de...<\/div>\r\n\t\t\t\t\t\t\t\t<a href=\"https:\/\/www.stjb-delasalle.fr\/site\/2023\/06\/24\/autour-du-paysage\/\" class=\"bdpp-rdmr-btn\">Lire la suite<\/a>\r\n\t\t\t\t\t\t\t<\/div>\r\n\t\t\t\t\t<\/div>\r\n\t<\/div>\r\n<\/div><div class=\"bdpp-post-grid bdpp-col-2 bdpp-columns bdpp-post-12528 bdpp-post-standard bdpp-has-thumb\">\r\n\t<div class=\"bdpp-post-grid-content\">\r\n\t\t\t\t<div class=\"bdpp-post-img-bg\">\r\n\t\t\t<a href=\"https:\/\/www.stjb-delasalle.fr\/site\/2023\/02\/11\/atelier-dinitiation-au-cyanotype\/\">\r\n\t\t\t\t<img decoding=\"async\" src=\"https:\/\/www.stjb-delasalle.fr\/site\/wp-content\/uploads\/2023\/02\/6EE04429-92EC-4388-B86A-FFECF4931519-300x225.jpeg\" class=\"bdpp-img bdpp-post-feat-img\" alt=\"Initiation au Cyanotype\" \/>\r\n\t\t\t<\/a>\r\n\t\t<\/div>\r\n\t\t\r\n\t\t<div class=\"bdpp-post-margin-content\">\r\n\t\t\t\t\t\t<div class=\"bdpp-post-cats\"><a class=\"bdpp-post-cat-link bdpp-post-cat-60 bdpp-post-cat-activites-3e\" href=\"https:\/\/www.stjb-delasalle.fr\/site\/category\/activites-3e\/\">Activit\u00e9s 3e<\/a> <a class=\"bdpp-post-cat-link bdpp-post-cat-59 bdpp-post-cat-activites-4e\" href=\"https:\/\/www.stjb-delasalle.fr\/site\/category\/activites-4e\/\">Activit\u00e9s 4e<\/a> <a class=\"bdpp-post-cat-link bdpp-post-cat-64 bdpp-post-cat-arts-plastiques-2022-2023\" href=\"https:\/\/www.stjb-delasalle.fr\/site\/category\/arts-plastiques-2022-2023\/\">Arts plastiques 2022-2023<\/a> <a class=\"bdpp-post-cat-link bdpp-post-cat-6 bdpp-post-cat-college\" href=\"https:\/\/www.stjb-delasalle.fr\/site\/category\/college\/\">Coll\u00e8ge<\/a> <a class=\"bdpp-post-cat-link bdpp-post-cat-62 bdpp-post-cat-galerie-2022-2023\" href=\"https:\/\/www.stjb-delasalle.fr\/site\/category\/galerie-2022-2023\/\">Galerie 2022-2023<\/a> <a class=\"bdpp-post-cat-link bdpp-post-cat-63 bdpp-post-cat-option-arts-2022-2023\" href=\"https:\/\/www.stjb-delasalle.fr\/site\/category\/option-arts-2022-2023\/\">Option arts 2022-2023<\/a><\/div>\r\n\t\t\t\r\n\t\t\t<h2 class=\"bdpp-post-title\">\r\n\t\t\t\t<a href=\"https:\/\/www.stjb-delasalle.fr\/site\/2023\/02\/11\/atelier-dinitiation-au-cyanotype\/\">Initiation au Cyanotype<\/a>\r\n\t\t\t<\/h2>\r\n\r\n\t\t\t\t\t\t<div class=\"bdpp-post-content\">\r\n\t\t\t\t<div class=\"bdpp-post-desc\">L\u2019artiste Camille Bleu-Valentin est intervenue au coll\u00e8ge le 10 f\u00e9vrier pour rencontrer des classes au sein de son exposition dans...<\/div>\r\n\t\t\t\t\t\t\t\t<a href=\"https:\/\/www.stjb-delasalle.fr\/site\/2023\/02\/11\/atelier-dinitiation-au-cyanotype\/\" class=\"bdpp-rdmr-btn\">Lire la suite<\/a>\r\n\t\t\t\t\t\t\t<\/div>\r\n\t\t\t\t\t<\/div>\r\n\t<\/div>\r\n<\/div><div class=\"bdpp-post-grid bdpp-col-2 bdpp-columns bdpp-post-12347 bdpp-post-standard bdpp-has-thumb\">\r\n\t<div class=\"bdpp-post-grid-content\">\r\n\t\t\t\t<div class=\"bdpp-post-img-bg\">\r\n\t\t\t<a href=\"https:\/\/www.stjb-delasalle.fr\/site\/2023\/02\/03\/pratique-plastique-dans-la-galerie\/\">\r\n\t\t\t\t<img decoding=\"async\" src=\"https:\/\/www.stjb-delasalle.fr\/site\/wp-content\/uploads\/2023\/02\/A114C88D-8BAE-45BB-A018-00AA6079E217-300x225.jpeg\" class=\"bdpp-img bdpp-post-feat-img\" alt=\"Pratique plastique dans la galerie\" \/>\r\n\t\t\t<\/a>\r\n\t\t<\/div>\r\n\t\t\r\n\t\t<div class=\"bdpp-post-margin-content\">\r\n\t\t\t\t\t\t<div class=\"bdpp-post-cats\"><a class=\"bdpp-post-cat-link bdpp-post-cat-57 bdpp-post-cat-activites-6e\" href=\"https:\/\/www.stjb-delasalle.fr\/site\/category\/activites-6e\/\">Activit\u00e9s 6e<\/a> <a class=\"bdpp-post-cat-link bdpp-post-cat-6 bdpp-post-cat-college\" href=\"https:\/\/www.stjb-delasalle.fr\/site\/category\/college\/\">Coll\u00e8ge<\/a> <a class=\"bdpp-post-cat-link bdpp-post-cat-62 bdpp-post-cat-galerie-2022-2023\" href=\"https:\/\/www.stjb-delasalle.fr\/site\/category\/galerie-2022-2023\/\">Galerie 2022-2023<\/a><\/div>\r\n\t\t\t\r\n\t\t\t<h2 class=\"bdpp-post-title\">\r\n\t\t\t\t<a href=\"https:\/\/www.stjb-delasalle.fr\/site\/2023\/02\/03\/pratique-plastique-dans-la-galerie\/\">Pratique plastique dans la galerie<\/a>\r\n\t\t\t<\/h2>\r\n\r\n\t\t\t\t\t\t<div class=\"bdpp-post-content\">\r\n\t\t\t\t<div class=\"bdpp-post-desc\">La galerie d\u2019art \u00e0 vocation p\u00e9dagogique du coll\u00e8ge accueille du 13 janvier au 10 f\u00e9vrier 2023, les \u0153uvres de\u00a0Camille Bleu-Valentin...<\/div>\r\n\t\t\t\t\t\t\t\t<a href=\"https:\/\/www.stjb-delasalle.fr\/site\/2023\/02\/03\/pratique-plastique-dans-la-galerie\/\" class=\"bdpp-rdmr-btn\">Lire la suite<\/a>\r\n\t\t\t\t\t\t\t<\/div>\r\n\t\t\t\t\t<\/div>\r\n\t<\/div>\r\n<\/div><div class=\"bdpp-post-grid bdpp-col-2 bdpp-columns bdpp-post-12274 bdpp-post-standard bdpp-has-thumb\">\r\n\t<div class=\"bdpp-post-grid-content\">\r\n\t\t\t\t<div class=\"bdpp-post-img-bg\">\r\n\t\t\t<a href=\"https:\/\/www.stjb-delasalle.fr\/site\/2023\/01\/13\/camille-bleu-valentin-expose-insitu\/\">\r\n\t\t\t\t<img decoding=\"async\" src=\"https:\/\/www.stjb-delasalle.fr\/site\/wp-content\/uploads\/2023\/01\/EBBDDE9A-E2D2-4B30-9FC3-541B779A9F05-e1673645055915-300x232.jpeg\" class=\"bdpp-img bdpp-post-feat-img\" alt=\"Camille Bleu-Valentin expose InSitu\" \/>\r\n\t\t\t<\/a>\r\n\t\t<\/div>\r\n\t\t\r\n\t\t<div class=\"bdpp-post-margin-content\">\r\n\t\t\t\t\t\t<div class=\"bdpp-post-cats\"><a class=\"bdpp-post-cat-link bdpp-post-cat-60 bdpp-post-cat-activites-3e\" href=\"https:\/\/www.stjb-delasalle.fr\/site\/category\/activites-3e\/\">Activit\u00e9s 3e<\/a> <a class=\"bdpp-post-cat-link bdpp-post-cat-59 bdpp-post-cat-activites-4e\" href=\"https:\/\/www.stjb-delasalle.fr\/site\/category\/activites-4e\/\">Activit\u00e9s 4e<\/a> <a class=\"bdpp-post-cat-link bdpp-post-cat-58 bdpp-post-cat-activites-5e\" href=\"https:\/\/www.stjb-delasalle.fr\/site\/category\/activites-5e\/\">Activit\u00e9s 5e<\/a> <a class=\"bdpp-post-cat-link bdpp-post-cat-57 bdpp-post-cat-activites-6e\" href=\"https:\/\/www.stjb-delasalle.fr\/site\/category\/activites-6e\/\">Activit\u00e9s 6e<\/a> <a class=\"bdpp-post-cat-link bdpp-post-cat-6 bdpp-post-cat-college\" href=\"https:\/\/www.stjb-delasalle.fr\/site\/category\/college\/\">Coll\u00e8ge<\/a> <a class=\"bdpp-post-cat-link bdpp-post-cat-62 bdpp-post-cat-galerie-2022-2023\" href=\"https:\/\/www.stjb-delasalle.fr\/site\/category\/galerie-2022-2023\/\">Galerie 2022-2023<\/a><\/div>\r\n\t\t\t\r\n\t\t\t<h2 class=\"bdpp-post-title\">\r\n\t\t\t\t<a href=\"https:\/\/www.stjb-delasalle.fr\/site\/2023\/01\/13\/camille-bleu-valentin-expose-insitu\/\">Camille Bleu-Valentin expose InSitu<\/a>\r\n\t\t\t<\/h2>\r\n\r\n\t\t\t\t\t\t<div class=\"bdpp-post-content\">\r\n\t\t\t\t<div class=\"bdpp-post-desc\">La galerie d\u2019art \u00e0 vocation p\u00e9dagogique du coll\u00e8ge accueille pour un mois les \u0153uvres de l\u2019artiste plasticienne Camille Bleu-Valentin dans...<\/div>\r\n\t\t\t\t\t\t\t\t<a href=\"https:\/\/www.stjb-delasalle.fr\/site\/2023\/01\/13\/camille-bleu-valentin-expose-insitu\/\" class=\"bdpp-rdmr-btn\">Lire la suite<\/a>\r\n\t\t\t\t\t\t\t<\/div>\r\n\t\t\t\t\t<\/div>\r\n\t<\/div>\r\n<\/div><div class=\"bdpp-post-grid bdpp-col-2 bdpp-columns bdpp-post-12370 bdpp-post-standard bdpp-has-thumb\">\r\n\t<div class=\"bdpp-post-grid-content\">\r\n\t\t\t\t<div class=\"bdpp-post-img-bg\">\r\n\t\t\t<a href=\"https:\/\/www.stjb-delasalle.fr\/site\/2022\/12\/03\/15-manieres-de-faire-des-maquettes\/\">\r\n\t\t\t\t<img decoding=\"async\" src=\"https:\/\/www.stjb-delasalle.fr\/site\/wp-content\/uploads\/2023\/02\/IMG_3960-300x200.jpg\" class=\"bdpp-img bdpp-post-feat-img\" alt=\"\u00ab\u00a015 mani\u00e8res de faire des maquettes\u00a0\u00bb\" \/>\r\n\t\t\t<\/a>\r\n\t\t<\/div>\r\n\t\t\r\n\t\t<div class=\"bdpp-post-margin-content\">\r\n\t\t\t\t\t\t<div class=\"bdpp-post-cats\"><a class=\"bdpp-post-cat-link bdpp-post-cat-60 bdpp-post-cat-activites-3e\" href=\"https:\/\/www.stjb-delasalle.fr\/site\/category\/activites-3e\/\">Activit\u00e9s 3e<\/a> <a class=\"bdpp-post-cat-link bdpp-post-cat-6 bdpp-post-cat-college\" href=\"https:\/\/www.stjb-delasalle.fr\/site\/category\/college\/\">Coll\u00e8ge<\/a> <a class=\"bdpp-post-cat-link bdpp-post-cat-62 bdpp-post-cat-galerie-2022-2023\" href=\"https:\/\/www.stjb-delasalle.fr\/site\/category\/galerie-2022-2023\/\">Galerie 2022-2023<\/a><\/div>\r\n\t\t\t\r\n\t\t\t<h2 class=\"bdpp-post-title\">\r\n\t\t\t\t<a href=\"https:\/\/www.stjb-delasalle.fr\/site\/2022\/12\/03\/15-manieres-de-faire-des-maquettes\/\">\u00ab\u00a015 mani\u00e8res de faire des maquettes\u00a0\u00bb<\/a>\r\n\t\t\t<\/h2>\r\n\r\n\t\t\t\t\t\t<div class=\"bdpp-post-content\">\r\n\t\t\t\t<div class=\"bdpp-post-desc\">En accompagnement de l\u2019expo de photographies du CAUE, les maquettes r\u00e9alis\u00e9es par des \u00e9l\u00e8ves de 3eme lors des cours d\u2019arts...<\/div>\r\n\t\t\t\t\t\t\t\t<a href=\"https:\/\/www.stjb-delasalle.fr\/site\/2022\/12\/03\/15-manieres-de-faire-des-maquettes\/\" class=\"bdpp-rdmr-btn\">Lire la suite<\/a>\r\n\t\t\t\t\t\t\t<\/div>\r\n\t\t\t\t\t<\/div>\r\n\t<\/div>\r\n<\/div><div class=\"bdpp-post-grid bdpp-col-2 bdpp-columns bdpp-post-12038 bdpp-post-standard bdpp-has-thumb\">\r\n\t<div class=\"bdpp-post-grid-content\">\r\n\t\t\t\t<div class=\"bdpp-post-img-bg\">\r\n\t\t\t<a href=\"https:\/\/www.stjb-delasalle.fr\/site\/2022\/12\/02\/30-manieres-dhabiter-en-sarthe-exposition-du-caue\/\">\r\n\t\t\t\t<img decoding=\"async\" src=\"https:\/\/www.stjb-delasalle.fr\/site\/wp-content\/uploads\/2022\/12\/A3E658D4-2CEE-4E51-838D-090737B03421-300x225.jpeg\" class=\"bdpp-img bdpp-post-feat-img\" alt=\"\u00ab\u00a030 mani\u00e8res d\u2019habiter en Sarthe\u00a0\u00bb\" \/>\r\n\t\t\t<\/a>\r\n\t\t<\/div>\r\n\t\t\r\n\t\t<div class=\"bdpp-post-margin-content\">\r\n\t\t\t\t\t\t<div class=\"bdpp-post-cats\"><a class=\"bdpp-post-cat-link bdpp-post-cat-6 bdpp-post-cat-college\" href=\"https:\/\/www.stjb-delasalle.fr\/site\/category\/college\/\">Coll\u00e8ge<\/a> <a class=\"bdpp-post-cat-link bdpp-post-cat-62 bdpp-post-cat-galerie-2022-2023\" href=\"https:\/\/www.stjb-delasalle.fr\/site\/category\/galerie-2022-2023\/\">Galerie 2022-2023<\/a> <a class=\"bdpp-post-cat-link bdpp-post-cat-63 bdpp-post-cat-option-arts-2022-2023\" href=\"https:\/\/www.stjb-delasalle.fr\/site\/category\/option-arts-2022-2023\/\">Option arts 2022-2023<\/a><\/div>\r\n\t\t\t\r\n\t\t\t<h2 class=\"bdpp-post-title\">\r\n\t\t\t\t<a href=\"https:\/\/www.stjb-delasalle.fr\/site\/2022\/12\/02\/30-manieres-dhabiter-en-sarthe-exposition-du-caue\/\">\u00ab\u00a030 mani\u00e8res d\u2019habiter en Sarthe\u00a0\u00bb<\/a>\r\n\t\t\t<\/h2>\r\n\r\n\t\t\t\t\t\t<div class=\"bdpp-post-content\">\r\n\t\t\t\t<div class=\"bdpp-post-desc\">\u00ab Avec l&#39;option Arts Plastiques, nous avons am\u00e9nag\u00e9 la nouvelle exposition dans la galerie d&#39;Art du coll\u00e8ge. C\u2019est une exposition...<\/div>\r\n\t\t\t\t\t\t\t\t<a href=\"https:\/\/www.stjb-delasalle.fr\/site\/2022\/12\/02\/30-manieres-dhabiter-en-sarthe-exposition-du-caue\/\" class=\"bdpp-rdmr-btn\">Lire la suite<\/a>\r\n\t\t\t\t\t\t\t<\/div>\r\n\t\t\t\t\t<\/div>\r\n\t<\/div>\r\n<\/div><div class=\"bdpp-post-grid bdpp-col-2 bdpp-columns bdpp-post-11860 bdpp-post-standard bdpp-has-thumb\">\r\n\t<div class=\"bdpp-post-grid-content\">\r\n\t\t\t\t<div class=\"bdpp-post-img-bg\">\r\n\t\t\t<a href=\"https:\/\/www.stjb-delasalle.fr\/site\/2022\/10\/12\/un-midi-a-la-galerie\/\">\r\n\t\t\t\t<img decoding=\"async\" src=\"https:\/\/www.stjb-delasalle.fr\/site\/wp-content\/uploads\/2022\/10\/2D928C1E-78F6-4E12-8AF5-80E3E7A7EBAD-300x225.jpeg\" class=\"bdpp-img bdpp-post-feat-img\" alt=\"Un midi \u00e0 la galerie\" \/>\r\n\t\t\t<\/a>\r\n\t\t<\/div>\r\n\t\t\r\n\t\t<div class=\"bdpp-post-margin-content\">\r\n\t\t\t\t\t\t<div class=\"bdpp-post-cats\"><a class=\"bdpp-post-cat-link bdpp-post-cat-60 bdpp-post-cat-activites-3e\" href=\"https:\/\/www.stjb-delasalle.fr\/site\/category\/activites-3e\/\">Activit\u00e9s 3e<\/a> <a class=\"bdpp-post-cat-link bdpp-post-cat-59 bdpp-post-cat-activites-4e\" href=\"https:\/\/www.stjb-delasalle.fr\/site\/category\/activites-4e\/\">Activit\u00e9s 4e<\/a> <a class=\"bdpp-post-cat-link bdpp-post-cat-58 bdpp-post-cat-activites-5e\" href=\"https:\/\/www.stjb-delasalle.fr\/site\/category\/activites-5e\/\">Activit\u00e9s 5e<\/a> <a class=\"bdpp-post-cat-link bdpp-post-cat-57 bdpp-post-cat-activites-6e\" href=\"https:\/\/www.stjb-delasalle.fr\/site\/category\/activites-6e\/\">Activit\u00e9s 6e<\/a> <a class=\"bdpp-post-cat-link bdpp-post-cat-6 bdpp-post-cat-college\" href=\"https:\/\/www.stjb-delasalle.fr\/site\/category\/college\/\">Coll\u00e8ge<\/a> <a class=\"bdpp-post-cat-link bdpp-post-cat-62 bdpp-post-cat-galerie-2022-2023\" href=\"https:\/\/www.stjb-delasalle.fr\/site\/category\/galerie-2022-2023\/\">Galerie 2022-2023<\/a><\/div>\r\n\t\t\t\r\n\t\t\t<h2 class=\"bdpp-post-title\">\r\n\t\t\t\t<a href=\"https:\/\/www.stjb-delasalle.fr\/site\/2022\/10\/12\/un-midi-a-la-galerie\/\">Un midi \u00e0 la galerie<\/a>\r\n\t\t\t<\/h2>\r\n\r\n\t\t\t\t\t\t<div class=\"bdpp-post-content\">\r\n\t\t\t\t<div class=\"bdpp-post-desc\">La galerie est ouverte les mardi et vendredi de 13h \u00e0 14h, les \u00e9l\u00e8ves y viennent pour \u2026d\u00e9couvrir l\u2019exposition, alimenter...<\/div>\r\n\t\t\t\t\t\t\t\t<a href=\"https:\/\/www.stjb-delasalle.fr\/site\/2022\/10\/12\/un-midi-a-la-galerie\/\" class=\"bdpp-rdmr-btn\">Lire la suite<\/a>\r\n\t\t\t\t\t\t\t<\/div>\r\n\t\t\t\t\t<\/div>\r\n\t<\/div>\r\n<\/div><div class=\"bdpp-post-grid bdpp-col-2 bdpp-columns bdpp-post-11811 bdpp-post-standard bdpp-has-thumb\">\r\n\t<div class=\"bdpp-post-grid-content\">\r\n\t\t\t\t<div class=\"bdpp-post-img-bg\">\r\n\t\t\t<a href=\"https:\/\/www.stjb-delasalle.fr\/site\/2022\/10\/09\/reveil-climatique-expo-a-la-galerie\/\">\r\n\t\t\t\t<img decoding=\"async\" src=\"https:\/\/www.stjb-delasalle.fr\/site\/wp-content\/uploads\/2022\/10\/2D14E33A-1D02-472F-8251-AA3E118DC499-300x225.jpeg\" class=\"bdpp-img bdpp-post-feat-img\" alt=\"\u00ab\u00a0R\u00e9veil climatique\u00a0\u00bb \u00e0 la galerie\" \/>\r\n\t\t\t<\/a>\r\n\t\t<\/div>\r\n\t\t\r\n\t\t<div class=\"bdpp-post-margin-content\">\r\n\t\t\t\t\t\t<div class=\"bdpp-post-cats\"><a class=\"bdpp-post-cat-link bdpp-post-cat-60 bdpp-post-cat-activites-3e\" href=\"https:\/\/www.stjb-delasalle.fr\/site\/category\/activites-3e\/\">Activit\u00e9s 3e<\/a> <a class=\"bdpp-post-cat-link bdpp-post-cat-59 bdpp-post-cat-activites-4e\" href=\"https:\/\/www.stjb-delasalle.fr\/site\/category\/activites-4e\/\">Activit\u00e9s 4e<\/a> <a class=\"bdpp-post-cat-link bdpp-post-cat-58 bdpp-post-cat-activites-5e\" href=\"https:\/\/www.stjb-delasalle.fr\/site\/category\/activites-5e\/\">Activit\u00e9s 5e<\/a> <a class=\"bdpp-post-cat-link bdpp-post-cat-57 bdpp-post-cat-activites-6e\" href=\"https:\/\/www.stjb-delasalle.fr\/site\/category\/activites-6e\/\">Activit\u00e9s 6e<\/a> <a class=\"bdpp-post-cat-link bdpp-post-cat-6 bdpp-post-cat-college\" href=\"https:\/\/www.stjb-delasalle.fr\/site\/category\/college\/\">Coll\u00e8ge<\/a> <a class=\"bdpp-post-cat-link bdpp-post-cat-62 bdpp-post-cat-galerie-2022-2023\" href=\"https:\/\/www.stjb-delasalle.fr\/site\/category\/galerie-2022-2023\/\">Galerie 2022-2023<\/a><\/div>\r\n\t\t\t\r\n\t\t\t<h2 class=\"bdpp-post-title\">\r\n\t\t\t\t<a href=\"https:\/\/www.stjb-delasalle.fr\/site\/2022\/10\/09\/reveil-climatique-expo-a-la-galerie\/\">\u00ab\u00a0R\u00e9veil climatique\u00a0\u00bb \u00e0 la galerie<\/a>\r\n\t\t\t<\/h2>\r\n\r\n\t\t\t\t\t\t<div class=\"bdpp-post-content\">\r\n\t\t\t\t<div class=\"bdpp-post-desc\">La Galerie d&#39;art \u00e0 vocation p\u00e9dagogique du coll\u00e8ge accueille pour ce d\u00e9but d&#39;ann\u00e9e une exposition sur le th\u00e8me des sciences...<\/div>\r\n\t\t\t\t\t\t\t\t<a href=\"https:\/\/www.stjb-delasalle.fr\/site\/2022\/10\/09\/reveil-climatique-expo-a-la-galerie\/\" class=\"bdpp-rdmr-btn\">Lire la suite<\/a>\r\n\t\t\t\t\t\t\t<\/div>\r\n\t\t\t\t\t<\/div>\r\n\t<\/div>\r\n<\/div>\t<\/div>\r\n\t<\/div>\n","protected":false},"excerpt":{"rendered":"<p>Galerie d&rsquo;art \u00e0 vocation p\u00e9dagogique &nbsp;<\/p>\n","protected":false},"author":1,"featured_media":0,"parent":0,"menu_order":0,"comment_status":"closed","ping_status":"closed","template":"","meta":{"site-sidebar-layout":"default","site-content-layout":"default","ast-site-content-layout":"default","site-content-style":"default","site-sidebar-style":"default","ast-global-header-display":"","ast-banner-title-visibility":"","ast-main-header-display":"","ast-hfb-above-header-display":"","ast-hfb-below-header-display":"","ast-hfb-mobile-header-display":"","site-post-title":"","ast-breadcrumbs-content":"","ast-featured-img":"","footer-sml-layout":"","ast-disable-related-posts":"","theme-transparent-header-meta":"default","adv-header-id-meta":"","stick-header-meta":"","header-above-stick-meta":"","header-main-stick-meta":"","header-below-stick-meta":"","astra-migrate-meta-layouts":"default","ast-page-background-enabled":"default","ast-page-background-meta":{"desktop":{"background-color":"var(--ast-global-color-4)","background-image":"","background-repeat":"repeat","background-position":"center center","background-size":"auto","background-attachment":"scroll","background-type":"","background-media":"","overlay-type":"","overlay-color":"","overlay-opacity":"","overlay-gradient":""},"tablet":{"background-color":"","background-image":"","background-repeat":"repeat","background-position":"center center","background-size":"auto","background-attachment":"scroll","background-type":"","background-media":"","overlay-type":"","overlay-color":"","overlay-opacity":"","overlay-gradient":""},"mobile":{"background-color":"","background-image":"","background-repeat":"repeat","background-position":"center center","background-size":"auto","background-attachment":"scroll","background-type":"","background-media":"","overlay-type":"","overlay-color":"","overlay-opacity":"","overlay-gradient":""}},"ast-content-background-meta":{"desktop":{"background-color":"var(--ast-global-color-5)","background-image":"","background-repeat":"repeat","background-position":"center center","background-size":"auto","background-attachment":"scroll","background-type":"","background-media":"","overlay-type":"","overlay-color":"","overlay-opacity":"","overlay-gradient":""},"tablet":{"background-color":"var(--ast-global-color-5)","background-image":"","background-repeat":"repeat","background-position":"center center","background-size":"auto","background-attachment":"scroll","background-type":"","background-media":"","overlay-type":"","overlay-color":"","overlay-opacity":"","overlay-gradient":""},"mobile":{"background-color":"var(--ast-global-color-5)","background-image":"","background-repeat":"repeat","background-position":"center center","background-size":"auto","background-attachment":"scroll","background-type":"","background-media":"","overlay-type":"","overlay-color":"","overlay-opacity":"","overlay-gradient":""}},"footnotes":""},"class_list":["post-11912","page","type-page","status-publish","hentry"],"yoast_head":"<!-- This site is optimized with the Yoast SEO plugin v27.5 - https:\/\/yoast.com\/product\/yoast-seo-wordpress\/ -->\n<title>Programmation 2022-2023 - Coll\u00e8ge Saint Jean Baptiste de La Salle<\/title>\n<meta name=\"robots\" content=\"index, follow, max-snippet:-1, max-image-preview:large, max-video-preview:-1\" \/>\n<link rel=\"canonical\" href=\"https:\/\/www.stjb-delasalle.fr\/site\/programmation-2022-2023\/\" \/>\n<meta property=\"og:locale\" content=\"fr_FR\" \/>\n<meta property=\"og:type\" content=\"article\" \/>\n<meta property=\"og:title\" content=\"Programmation 2022-2023 - Coll\u00e8ge Saint Jean Baptiste de La Salle\" \/>\n<meta property=\"og:description\" content=\"Galerie d&rsquo;art \u00e0 vocation p\u00e9dagogique &nbsp;\" \/>\n<meta property=\"og:url\" content=\"https:\/\/www.stjb-delasalle.fr\/site\/programmation-2022-2023\/\" \/>\n<meta property=\"og:site_name\" content=\"Coll\u00e8ge Saint Jean Baptiste de La Salle\" \/>\n<meta property=\"article:modified_time\" content=\"2023-02-03T19:48:02+00:00\" \/>\n<meta property=\"og:image\" content=\"https:\/\/www.stjb-delasalle.fr\/site\/wp-content\/uploads\/2023\/02\/logo-InSitu-galerie-couleur-300x164.png\" \/>\n<meta name=\"twitter:card\" content=\"summary_large_image\" \/>\n<script type=\"application\/ld+json\" class=\"yoast-schema-graph\">{\"@context\":\"https:\\\/\\\/schema.org\",\"@graph\":[{\"@type\":\"WebPage\",\"@id\":\"https:\\\/\\\/www.stjb-delasalle.fr\\\/site\\\/programmation-2022-2023\\\/\",\"url\":\"https:\\\/\\\/www.stjb-delasalle.fr\\\/site\\\/programmation-2022-2023\\\/\",\"name\":\"Programmation 2022-2023 - Coll\u00e8ge Saint Jean Baptiste de La Salle\",\"isPartOf\":{\"@id\":\"https:\\\/\\\/www.stjb-delasalle.fr\\\/site\\\/#website\"},\"primaryImageOfPage\":{\"@id\":\"https:\\\/\\\/www.stjb-delasalle.fr\\\/site\\\/programmation-2022-2023\\\/#primaryimage\"},\"image\":{\"@id\":\"https:\\\/\\\/www.stjb-delasalle.fr\\\/site\\\/programmation-2022-2023\\\/#primaryimage\"},\"thumbnailUrl\":\"https:\\\/\\\/www.stjb-delasalle.fr\\\/site\\\/wp-content\\\/uploads\\\/2023\\\/02\\\/logo-InSitu-galerie-couleur-300x164.png\",\"datePublished\":\"2022-10-21T07:53:36+00:00\",\"dateModified\":\"2023-02-03T19:48:02+00:00\",\"breadcrumb\":{\"@id\":\"https:\\\/\\\/www.stjb-delasalle.fr\\\/site\\\/programmation-2022-2023\\\/#breadcrumb\"},\"inLanguage\":\"fr-FR\",\"potentialAction\":[{\"@type\":\"ReadAction\",\"target\":[\"https:\\\/\\\/www.stjb-delasalle.fr\\\/site\\\/programmation-2022-2023\\\/\"]}]},{\"@type\":\"ImageObject\",\"inLanguage\":\"fr-FR\",\"@id\":\"https:\\\/\\\/www.stjb-delasalle.fr\\\/site\\\/programmation-2022-2023\\\/#primaryimage\",\"url\":\"https:\\\/\\\/www.stjb-delasalle.fr\\\/site\\\/wp-content\\\/uploads\\\/2023\\\/02\\\/logo-InSitu-galerie-couleur.png\",\"contentUrl\":\"https:\\\/\\\/www.stjb-delasalle.fr\\\/site\\\/wp-content\\\/uploads\\\/2023\\\/02\\\/logo-InSitu-galerie-couleur.png\",\"width\":1958,\"height\":1068},{\"@type\":\"BreadcrumbList\",\"@id\":\"https:\\\/\\\/www.stjb-delasalle.fr\\\/site\\\/programmation-2022-2023\\\/#breadcrumb\",\"itemListElement\":[{\"@type\":\"ListItem\",\"position\":1,\"name\":\"Accueil\",\"item\":\"https:\\\/\\\/www.stjb-delasalle.fr\\\/site\\\/\"},{\"@type\":\"ListItem\",\"position\":2,\"name\":\"Programmation 2022-2023\"}]},{\"@type\":\"WebSite\",\"@id\":\"https:\\\/\\\/www.stjb-delasalle.fr\\\/site\\\/#website\",\"url\":\"https:\\\/\\\/www.stjb-delasalle.fr\\\/site\\\/\",\"name\":\"Coll\u00e8ge Saint Jean Baptiste de La Salle\",\"description\":\"Notre coll\u00e8ge vous accueille sur le site du Rancher \u00e0 Teloch\u00e9\",\"publisher\":{\"@id\":\"https:\\\/\\\/www.stjb-delasalle.fr\\\/site\\\/#organization\"},\"potentialAction\":[{\"@type\":\"SearchAction\",\"target\":{\"@type\":\"EntryPoint\",\"urlTemplate\":\"https:\\\/\\\/www.stjb-delasalle.fr\\\/site\\\/?s={search_term_string}\"},\"query-input\":{\"@type\":\"PropertyValueSpecification\",\"valueRequired\":true,\"valueName\":\"search_term_string\"}}],\"inLanguage\":\"fr-FR\"},{\"@type\":\"Organization\",\"@id\":\"https:\\\/\\\/www.stjb-delasalle.fr\\\/site\\\/#organization\",\"name\":\"Coll\u00e8ge Saint Jean Baptiste de La Salle\",\"url\":\"https:\\\/\\\/www.stjb-delasalle.fr\\\/site\\\/\",\"logo\":{\"@type\":\"ImageObject\",\"inLanguage\":\"fr-FR\",\"@id\":\"https:\\\/\\\/www.stjb-delasalle.fr\\\/site\\\/#\\\/schema\\\/logo\\\/image\\\/\",\"url\":\"https:\\\/\\\/www.stjb-delasalle.fr\\\/site\\\/wp-content\\\/uploads\\\/2021\\\/11\\\/logostjb_petit_transp.png\",\"contentUrl\":\"https:\\\/\\\/www.stjb-delasalle.fr\\\/site\\\/wp-content\\\/uploads\\\/2021\\\/11\\\/logostjb_petit_transp.png\",\"width\":180,\"height\":127,\"caption\":\"Coll\u00e8ge Saint Jean Baptiste de La Salle\"},\"image\":{\"@id\":\"https:\\\/\\\/www.stjb-delasalle.fr\\\/site\\\/#\\\/schema\\\/logo\\\/image\\\/\"}}]}<\/script>\n<!-- \/ Yoast SEO plugin. -->","yoast_head_json":{"title":"Programmation 2022-2023 - Coll\u00e8ge Saint Jean Baptiste de La Salle","robots":{"index":"index","follow":"follow","max-snippet":"max-snippet:-1","max-image-preview":"max-image-preview:large","max-video-preview":"max-video-preview:-1"},"canonical":"https:\/\/www.stjb-delasalle.fr\/site\/programmation-2022-2023\/","og_locale":"fr_FR","og_type":"article","og_title":"Programmation 2022-2023 - Coll\u00e8ge Saint Jean Baptiste de La Salle","og_description":"Galerie d&rsquo;art \u00e0 vocation p\u00e9dagogique &nbsp;","og_url":"https:\/\/www.stjb-delasalle.fr\/site\/programmation-2022-2023\/","og_site_name":"Coll\u00e8ge Saint Jean Baptiste de La Salle","article_modified_time":"2023-02-03T19:48:02+00:00","og_image":[{"url":"https:\/\/www.stjb-delasalle.fr\/site\/wp-content\/uploads\/2023\/02\/logo-InSitu-galerie-couleur-300x164.png","type":"","width":"","height":""}],"twitter_card":"summary_large_image","schema":{"@context":"https:\/\/schema.org","@graph":[{"@type":"WebPage","@id":"https:\/\/www.stjb-delasalle.fr\/site\/programmation-2022-2023\/","url":"https:\/\/www.stjb-delasalle.fr\/site\/programmation-2022-2023\/","name":"Programmation 2022-2023 - Coll\u00e8ge Saint Jean Baptiste de La Salle","isPartOf":{"@id":"https:\/\/www.stjb-delasalle.fr\/site\/#website"},"primaryImageOfPage":{"@id":"https:\/\/www.stjb-delasalle.fr\/site\/programmation-2022-2023\/#primaryimage"},"image":{"@id":"https:\/\/www.stjb-delasalle.fr\/site\/programmation-2022-2023\/#primaryimage"},"thumbnailUrl":"https:\/\/www.stjb-delasalle.fr\/site\/wp-content\/uploads\/2023\/02\/logo-InSitu-galerie-couleur-300x164.png","datePublished":"2022-10-21T07:53:36+00:00","dateModified":"2023-02-03T19:48:02+00:00","breadcrumb":{"@id":"https:\/\/www.stjb-delasalle.fr\/site\/programmation-2022-2023\/#breadcrumb"},"inLanguage":"fr-FR","potentialAction":[{"@type":"ReadAction","target":["https:\/\/www.stjb-delasalle.fr\/site\/programmation-2022-2023\/"]}]},{"@type":"ImageObject","inLanguage":"fr-FR","@id":"https:\/\/www.stjb-delasalle.fr\/site\/programmation-2022-2023\/#primaryimage","url":"https:\/\/www.stjb-delasalle.fr\/site\/wp-content\/uploads\/2023\/02\/logo-InSitu-galerie-couleur.png","contentUrl":"https:\/\/www.stjb-delasalle.fr\/site\/wp-content\/uploads\/2023\/02\/logo-InSitu-galerie-couleur.png","width":1958,"height":1068},{"@type":"BreadcrumbList","@id":"https:\/\/www.stjb-delasalle.fr\/site\/programmation-2022-2023\/#breadcrumb","itemListElement":[{"@type":"ListItem","position":1,"name":"Accueil","item":"https:\/\/www.stjb-delasalle.fr\/site\/"},{"@type":"ListItem","position":2,"name":"Programmation 2022-2023"}]},{"@type":"WebSite","@id":"https:\/\/www.stjb-delasalle.fr\/site\/#website","url":"https:\/\/www.stjb-delasalle.fr\/site\/","name":"Coll\u00e8ge Saint Jean Baptiste de La Salle","description":"Notre coll\u00e8ge vous accueille sur le site du Rancher \u00e0 Teloch\u00e9","publisher":{"@id":"https:\/\/www.stjb-delasalle.fr\/site\/#organization"},"potentialAction":[{"@type":"SearchAction","target":{"@type":"EntryPoint","urlTemplate":"https:\/\/www.stjb-delasalle.fr\/site\/?s={search_term_string}"},"query-input":{"@type":"PropertyValueSpecification","valueRequired":true,"valueName":"search_term_string"}}],"inLanguage":"fr-FR"},{"@type":"Organization","@id":"https:\/\/www.stjb-delasalle.fr\/site\/#organization","name":"Coll\u00e8ge Saint Jean Baptiste de La Salle","url":"https:\/\/www.stjb-delasalle.fr\/site\/","logo":{"@type":"ImageObject","inLanguage":"fr-FR","@id":"https:\/\/www.stjb-delasalle.fr\/site\/#\/schema\/logo\/image\/","url":"https:\/\/www.stjb-delasalle.fr\/site\/wp-content\/uploads\/2021\/11\/logostjb_petit_transp.png","contentUrl":"https:\/\/www.stjb-delasalle.fr\/site\/wp-content\/uploads\/2021\/11\/logostjb_petit_transp.png","width":180,"height":127,"caption":"Coll\u00e8ge Saint Jean Baptiste de La Salle"},"image":{"@id":"https:\/\/www.stjb-delasalle.fr\/site\/#\/schema\/logo\/image\/"}}]}},"_links":{"self":[{"href":"https:\/\/www.stjb-delasalle.fr\/site\/wp-json\/wp\/v2\/pages\/11912","targetHints":{"allow":["GET"]}}],"collection":[{"href":"https:\/\/www.stjb-delasalle.fr\/site\/wp-json\/wp\/v2\/pages"}],"about":[{"href":"https:\/\/www.stjb-delasalle.fr\/site\/wp-json\/wp\/v2\/types\/page"}],"author":[{"embeddable":true,"href":"https:\/\/www.stjb-delasalle.fr\/site\/wp-json\/wp\/v2\/users\/1"}],"replies":[{"embeddable":true,"href":"https:\/\/www.stjb-delasalle.fr\/site\/wp-json\/wp\/v2\/comments?post=11912"}],"version-history":[{"count":4,"href":"https:\/\/www.stjb-delasalle.fr\/site\/wp-json\/wp\/v2\/pages\/11912\/revisions"}],"predecessor-version":[{"id":12398,"href":"https:\/\/www.stjb-delasalle.fr\/site\/wp-json\/wp\/v2\/pages\/11912\/revisions\/12398"}],"wp:attachment":[{"href":"https:\/\/www.stjb-delasalle.fr\/site\/wp-json\/wp\/v2\/media?parent=11912"}],"curies":[{"name":"wp","href":"https:\/\/api.w.org\/{rel}","templated":true}]}}