{"id":10585,"date":"2022-03-07T12:33:12","date_gmt":"2022-03-07T12:33:12","guid":{"rendered":"https:\/\/www.stjb-delasalle.fr\/site\/?page_id=10585"},"modified":"2022-03-23T17:38:38","modified_gmt":"2022-03-23T17:38:38","slug":"parcours-arts-2021-2022","status":"publish","type":"page","link":"https:\/\/www.stjb-delasalle.fr\/site\/parcours-arts-2021-2022\/","title":{"rendered":"Parcours renforc\u00e9 Arts plastiques 2021-22"},"content":{"rendered":"<div id=\"bdpp-post-masonry-1\" class=\"bdpp-wrap bdpp-lite bdpp-post-masonry-wrap bdpp-post-grid-wrap bdpp-post-data-wrap bdpp-design-2 bdpp-effect-1 bdpp-grid-2  bdpp-clearfix\">\r\n\t<div class=\"bdpp-post-masonry-inr-wrap bdpp-post-data-inr-wrap bdpp-clearfix\"><div class=\"bdpp-post-grid bdpp-col-2 bdpp-columns bdpp-post-11433 bdpp-post-standard bdpp-has-thumb\">\r\n\t<div class=\"bdpp-post-grid-content\">\r\n\t\t\t\t<div class=\"bdpp-post-img-bg\">\r\n\t\t\t<a href=\"https:\/\/www.stjb-delasalle.fr\/site\/2022\/06\/17\/croquis-sur-le-vif\/\">\r\n\t\t\t\t<img decoding=\"async\" src=\"https:\/\/www.stjb-delasalle.fr\/site\/wp-content\/uploads\/2022\/06\/EC181824-57CA-4DF8-BB6B-A532E2F69738-e1655460331348-300x225.jpeg\" class=\"bdpp-img bdpp-post-feat-img\" alt=\"Croquis sur le vif\" \/>\r\n\t\t\t<\/a>\r\n\t\t<\/div>\r\n\t\t\r\n\t\t<div class=\"bdpp-post-margin-content\">\r\n\t\t\t\t\t\t<div class=\"bdpp-post-cats\"><a class=\"bdpp-post-cat-link bdpp-post-cat-6 bdpp-post-cat-college\" href=\"https:\/\/www.stjb-delasalle.fr\/site\/category\/college\/\">Coll\u00e8ge<\/a> <a class=\"bdpp-post-cat-link bdpp-post-cat-56 bdpp-post-cat-option-arts-2021-2022\" href=\"https:\/\/www.stjb-delasalle.fr\/site\/category\/option-arts-2021-2022\/\">Option arts 2021-2022<\/a><\/div>\r\n\t\t\t\r\n\t\t\t<h2 class=\"bdpp-post-title\">\r\n\t\t\t\t<a href=\"https:\/\/www.stjb-delasalle.fr\/site\/2022\/06\/17\/croquis-sur-le-vif\/\">Croquis sur le vif<\/a>\r\n\t\t\t<\/h2>\r\n\r\n\t\t\t\t\t\t<div class=\"bdpp-post-content\">\r\n\t\t\t\t<div class=\"bdpp-post-desc\">La m\u00e9t\u00e9o s\u2019y pr\u00eate\u2026S\u00e9ance en ext\u00e9rieur aujourd\u2019hui pour les \u00e9l\u00e8ves du parcours renforc\u00e9 \u00a0Arts plastiques, croquis sur le vif \u00e0...<\/div>\r\n\t\t\t\t\t\t\t\t<a href=\"https:\/\/www.stjb-delasalle.fr\/site\/2022\/06\/17\/croquis-sur-le-vif\/\" class=\"bdpp-rdmr-btn\">Lire la suite<\/a>\r\n\t\t\t\t\t\t\t<\/div>\r\n\t\t\t\t\t<\/div>\r\n\t<\/div>\r\n<\/div><div class=\"bdpp-post-grid bdpp-col-2 bdpp-columns bdpp-post-11546 bdpp-post-standard bdpp-has-thumb\">\r\n\t<div class=\"bdpp-post-grid-content\">\r\n\t\t\t\t<div class=\"bdpp-post-img-bg\">\r\n\t\t\t<a href=\"https:\/\/www.stjb-delasalle.fr\/site\/2022\/06\/17\/sculptures-hybrides\/\">\r\n\t\t\t\t<img decoding=\"async\" src=\"https:\/\/www.stjb-delasalle.fr\/site\/wp-content\/uploads\/2022\/06\/8C056201-1D8F-427A-86B0-53A469ED740B-e1655657260918-300x222.jpeg\" class=\"bdpp-img bdpp-post-feat-img\" alt=\"Sculptures hybrides\" \/>\r\n\t\t\t<\/a>\r\n\t\t<\/div>\r\n\t\t\r\n\t\t<div class=\"bdpp-post-margin-content\">\r\n\t\t\t\t\t\t<div class=\"bdpp-post-cats\"><a class=\"bdpp-post-cat-link bdpp-post-cat-6 bdpp-post-cat-college\" href=\"https:\/\/www.stjb-delasalle.fr\/site\/category\/college\/\">Coll\u00e8ge<\/a> <a class=\"bdpp-post-cat-link bdpp-post-cat-56 bdpp-post-cat-option-arts-2021-2022\" href=\"https:\/\/www.stjb-delasalle.fr\/site\/category\/option-arts-2021-2022\/\">Option arts 2021-2022<\/a><\/div>\r\n\t\t\t\r\n\t\t\t<h2 class=\"bdpp-post-title\">\r\n\t\t\t\t<a href=\"https:\/\/www.stjb-delasalle.fr\/site\/2022\/06\/17\/sculptures-hybrides\/\">Sculptures hybrides<\/a>\r\n\t\t\t<\/h2>\r\n\r\n\t\t\t\t\t\t<div class=\"bdpp-post-content\">\r\n\t\t\t\t<div class=\"bdpp-post-desc\">Les \u00e9l\u00e8ves du parcours renforc\u00e9 Arts plastiques ont install\u00e9 d\u00e9but juin dans des espaces ext\u00e9rieurs du coll\u00e8ge, deux sculptures hybrides,...<\/div>\r\n\t\t\t\t\t\t\t\t<a href=\"https:\/\/www.stjb-delasalle.fr\/site\/2022\/06\/17\/sculptures-hybrides\/\" class=\"bdpp-rdmr-btn\">Lire la suite<\/a>\r\n\t\t\t\t\t\t\t<\/div>\r\n\t\t\t\t\t<\/div>\r\n\t<\/div>\r\n<\/div><div class=\"bdpp-post-grid bdpp-col-2 bdpp-columns bdpp-post-10848 bdpp-post-standard bdpp-has-thumb\">\r\n\t<div class=\"bdpp-post-grid-content\">\r\n\t\t\t\t<div class=\"bdpp-post-img-bg\">\r\n\t\t\t<a href=\"https:\/\/www.stjb-delasalle.fr\/site\/2022\/03\/23\/un-parcours-artistique-renforce\/\">\r\n\t\t\t\t<img decoding=\"async\" src=\"https:\/\/www.stjb-delasalle.fr\/site\/wp-content\/uploads\/2022\/03\/1305CA7C-F61A-4217-BC1C-70389C744D13-300x225.jpeg\" class=\"bdpp-img bdpp-post-feat-img\" alt=\"Un parcours artistique renforc\u00e9 ?\" \/>\r\n\t\t\t<\/a>\r\n\t\t<\/div>\r\n\t\t\r\n\t\t<div class=\"bdpp-post-margin-content\">\r\n\t\t\t\t\t\t<div class=\"bdpp-post-cats\"><a class=\"bdpp-post-cat-link bdpp-post-cat-56 bdpp-post-cat-option-arts-2021-2022\" href=\"https:\/\/www.stjb-delasalle.fr\/site\/category\/option-arts-2021-2022\/\">Option arts 2021-2022<\/a><\/div>\r\n\t\t\t\r\n\t\t\t<h2 class=\"bdpp-post-title\">\r\n\t\t\t\t<a href=\"https:\/\/www.stjb-delasalle.fr\/site\/2022\/03\/23\/un-parcours-artistique-renforce\/\">Un parcours artistique renforc\u00e9 ?<\/a>\r\n\t\t\t<\/h2>\r\n\r\n\t\t\t\t\t\t<div class=\"bdpp-post-content\">\r\n\t\t\t\t<div class=\"bdpp-post-desc\">C\u2019est quoi ? A partir de la classe de 4\u00e8me, les \u00e9l\u00e8ves ont la possibilit\u00e9 de participer au parcours renforc\u00e9...<\/div>\r\n\t\t\t\t\t\t\t\t<a href=\"https:\/\/www.stjb-delasalle.fr\/site\/2022\/03\/23\/un-parcours-artistique-renforce\/\" class=\"bdpp-rdmr-btn\">Lire la suite<\/a>\r\n\t\t\t\t\t\t\t<\/div>\r\n\t\t\t\t\t<\/div>\r\n\t<\/div>\r\n<\/div><div class=\"bdpp-post-grid bdpp-col-2 bdpp-columns bdpp-post-11011 bdpp-post-standard bdpp-has-thumb\">\r\n\t<div class=\"bdpp-post-grid-content\">\r\n\t\t\t\t<div class=\"bdpp-post-img-bg\">\r\n\t\t\t<a href=\"https:\/\/www.stjb-delasalle.fr\/site\/2022\/03\/23\/atelier-artistique-avec-la-plasticienne-amal-tali\/\">\r\n\t\t\t\t<img decoding=\"async\" src=\"https:\/\/www.stjb-delasalle.fr\/site\/wp-content\/uploads\/2022\/05\/ACF36719-0F99-470D-BAD7-8AB1FB81A808-300x225.jpeg\" class=\"bdpp-img bdpp-post-feat-img\" alt=\"Atelier artistique avec la plasticienne Amal Tali\" \/>\r\n\t\t\t<\/a>\r\n\t\t<\/div>\r\n\t\t\r\n\t\t<div class=\"bdpp-post-margin-content\">\r\n\t\t\t\t\t\t<div class=\"bdpp-post-cats\"><a class=\"bdpp-post-cat-link bdpp-post-cat-6 bdpp-post-cat-college\" href=\"https:\/\/www.stjb-delasalle.fr\/site\/category\/college\/\">Coll\u00e8ge<\/a> <a class=\"bdpp-post-cat-link bdpp-post-cat-56 bdpp-post-cat-option-arts-2021-2022\" href=\"https:\/\/www.stjb-delasalle.fr\/site\/category\/option-arts-2021-2022\/\">Option arts 2021-2022<\/a><\/div>\r\n\t\t\t\r\n\t\t\t<h2 class=\"bdpp-post-title\">\r\n\t\t\t\t<a href=\"https:\/\/www.stjb-delasalle.fr\/site\/2022\/03\/23\/atelier-artistique-avec-la-plasticienne-amal-tali\/\">Atelier artistique avec la plasticienne Amal Tali<\/a>\r\n\t\t\t<\/h2>\r\n\r\n\t\t\t\t\t\t<div class=\"bdpp-post-content\">\r\n\t\t\t\t<div class=\"bdpp-post-desc\">Suite de l\u2019atelier de pratique artistique mis en place dans le cadre du PEAC \u00ab VIVANT(S) \u00bb propos\u00e9 par la...<\/div>\r\n\t\t\t\t\t\t\t\t<a href=\"https:\/\/www.stjb-delasalle.fr\/site\/2022\/03\/23\/atelier-artistique-avec-la-plasticienne-amal-tali\/\" class=\"bdpp-rdmr-btn\">Lire la suite<\/a>\r\n\t\t\t\t\t\t\t<\/div>\r\n\t\t\t\t\t<\/div>\r\n\t<\/div>\r\n<\/div><div class=\"bdpp-post-grid bdpp-col-2 bdpp-columns bdpp-post-10886 bdpp-post-standard bdpp-has-thumb\">\r\n\t<div class=\"bdpp-post-grid-content\">\r\n\t\t\t\t<div class=\"bdpp-post-img-bg\">\r\n\t\t\t<a href=\"https:\/\/www.stjb-delasalle.fr\/site\/2022\/03\/23\/une-plasticienne-au-college\/\">\r\n\t\t\t\t<img decoding=\"async\" src=\"https:\/\/www.stjb-delasalle.fr\/site\/wp-content\/uploads\/2022\/03\/D842248F-9416-4267-9BAC-174C52ADFEE5-300x225.jpeg\" class=\"bdpp-img bdpp-post-feat-img\" alt=\"Une plasticienne au coll\u00e8ge\u2026.\" \/>\r\n\t\t\t<\/a>\r\n\t\t<\/div>\r\n\t\t\r\n\t\t<div class=\"bdpp-post-margin-content\">\r\n\t\t\t\t\t\t<div class=\"bdpp-post-cats\"><a class=\"bdpp-post-cat-link bdpp-post-cat-6 bdpp-post-cat-college\" href=\"https:\/\/www.stjb-delasalle.fr\/site\/category\/college\/\">Coll\u00e8ge<\/a> <a class=\"bdpp-post-cat-link bdpp-post-cat-56 bdpp-post-cat-option-arts-2021-2022\" href=\"https:\/\/www.stjb-delasalle.fr\/site\/category\/option-arts-2021-2022\/\">Option arts 2021-2022<\/a><\/div>\r\n\t\t\t\r\n\t\t\t<h2 class=\"bdpp-post-title\">\r\n\t\t\t\t<a href=\"https:\/\/www.stjb-delasalle.fr\/site\/2022\/03\/23\/une-plasticienne-au-college\/\">Une plasticienne au coll\u00e8ge\u2026.<\/a>\r\n\t\t\t<\/h2>\r\n\r\n\t\t\t\t\t\t<div class=\"bdpp-post-content\">\r\n\t\t\t\t<div class=\"bdpp-post-desc\">Ateliers de pratique artistique dans le cadre du PEAC \u00ab VIVANT(S) \u00bb qui nous est propos\u00e9 par la Sc\u00e8ne nationale...<\/div>\r\n\t\t\t\t\t\t\t\t<a href=\"https:\/\/www.stjb-delasalle.fr\/site\/2022\/03\/23\/une-plasticienne-au-college\/\" class=\"bdpp-rdmr-btn\">Lire la suite<\/a>\r\n\t\t\t\t\t\t\t<\/div>\r\n\t\t\t\t\t<\/div>\r\n\t<\/div>\r\n<\/div><div class=\"bdpp-post-grid bdpp-col-2 bdpp-columns bdpp-post-10756 bdpp-post-standard bdpp-has-thumb\">\r\n\t<div class=\"bdpp-post-grid-content\">\r\n\t\t\t\t<div class=\"bdpp-post-img-bg\">\r\n\t\t\t<a href=\"https:\/\/www.stjb-delasalle.fr\/site\/2022\/03\/23\/de-la-gravure\/\">\r\n\t\t\t\t<img decoding=\"async\" src=\"https:\/\/www.stjb-delasalle.fr\/site\/wp-content\/uploads\/2022\/03\/C6D76DD2-EA82-4009-BFFC-591FAD6C4F6B-225x300.jpeg\" class=\"bdpp-img bdpp-post-feat-img\" alt=\"De la gravure&#8230; #1\" \/>\r\n\t\t\t<\/a>\r\n\t\t<\/div>\r\n\t\t\r\n\t\t<div class=\"bdpp-post-margin-content\">\r\n\t\t\t\t\t\t<div class=\"bdpp-post-cats\"><a class=\"bdpp-post-cat-link bdpp-post-cat-56 bdpp-post-cat-option-arts-2021-2022\" href=\"https:\/\/www.stjb-delasalle.fr\/site\/category\/option-arts-2021-2022\/\">Option arts 2021-2022<\/a><\/div>\r\n\t\t\t\r\n\t\t\t<h2 class=\"bdpp-post-title\">\r\n\t\t\t\t<a href=\"https:\/\/www.stjb-delasalle.fr\/site\/2022\/03\/23\/de-la-gravure\/\">De la gravure&#8230; #1<\/a>\r\n\t\t\t<\/h2>\r\n\r\n\t\t\t\t\t\t<div class=\"bdpp-post-content\">\r\n\t\t\t\t<div class=\"bdpp-post-desc\">D\u00e9couvrir le monde de l&#39;estampe, le principe de reproduction d&#39;une image \u00e0 partir d&#39;une matrice. Introduction de l&#39;image en positif...<\/div>\r\n\t\t\t\t\t\t\t\t<a href=\"https:\/\/www.stjb-delasalle.fr\/site\/2022\/03\/23\/de-la-gravure\/\" class=\"bdpp-rdmr-btn\">Lire la suite<\/a>\r\n\t\t\t\t\t\t\t<\/div>\r\n\t\t\t\t\t<\/div>\r\n\t<\/div>\r\n<\/div><div class=\"bdpp-post-grid bdpp-col-2 bdpp-columns bdpp-post-10719 bdpp-post-gallery bdpp-has-thumb\">\r\n\t<div class=\"bdpp-post-grid-content\">\r\n\t\t\t\t<div class=\"bdpp-post-img-bg\">\r\n\t\t\t<a href=\"https:\/\/www.stjb-delasalle.fr\/site\/2022\/03\/23\/de-la-bande-dessinee\/\">\r\n\t\t\t\t<img decoding=\"async\" src=\"https:\/\/www.stjb-delasalle.fr\/site\/wp-content\/uploads\/2022\/03\/96192D8D-1821-4399-A305-D473B852F85F-197x300.jpeg\" class=\"bdpp-img bdpp-post-feat-img\" alt=\"De la Bande dessin\u00e9e\u2026\" \/>\r\n\t\t\t<\/a>\r\n\t\t<\/div>\r\n\t\t\r\n\t\t<div class=\"bdpp-post-margin-content\">\r\n\t\t\t\t\t\t<div class=\"bdpp-post-cats\"><a class=\"bdpp-post-cat-link bdpp-post-cat-56 bdpp-post-cat-option-arts-2021-2022\" href=\"https:\/\/www.stjb-delasalle.fr\/site\/category\/option-arts-2021-2022\/\">Option arts 2021-2022<\/a><\/div>\r\n\t\t\t\r\n\t\t\t<h2 class=\"bdpp-post-title\">\r\n\t\t\t\t<a href=\"https:\/\/www.stjb-delasalle.fr\/site\/2022\/03\/23\/de-la-bande-dessinee\/\">De la Bande dessin\u00e9e\u2026<\/a>\r\n\t\t\t<\/h2>\r\n\r\n\t\t\t\t\t\t<div class=\"bdpp-post-content\">\r\n\t\t\t\t<div class=\"bdpp-post-desc\">Participation au Concours de la BD scolaire Les \u00e9l\u00e8ves du parcours renforc\u00e9 Arts ont particip\u00e9 cette ann\u00e9e au concours de...<\/div>\r\n\t\t\t\t\t\t\t\t<a href=\"https:\/\/www.stjb-delasalle.fr\/site\/2022\/03\/23\/de-la-bande-dessinee\/\" class=\"bdpp-rdmr-btn\">Lire la suite<\/a>\r\n\t\t\t\t\t\t\t<\/div>\r\n\t\t\t\t\t<\/div>\r\n\t<\/div>\r\n<\/div><div class=\"bdpp-post-grid bdpp-col-2 bdpp-columns bdpp-post-10759 bdpp-post-standard bdpp-has-thumb\">\r\n\t<div class=\"bdpp-post-grid-content\">\r\n\t\t\t\t<div class=\"bdpp-post-img-bg\">\r\n\t\t\t<a href=\"https:\/\/www.stjb-delasalle.fr\/site\/2022\/03\/23\/du-dessin-dobservation\/\">\r\n\t\t\t\t<img decoding=\"async\" src=\"https:\/\/www.stjb-delasalle.fr\/site\/wp-content\/uploads\/2022\/03\/DD4BBA8A-2D5B-49D6-B528-928B5557501A-300x225.jpeg\" class=\"bdpp-img bdpp-post-feat-img\" alt=\"Du dessin d&rsquo;observation&#8230;\" \/>\r\n\t\t\t<\/a>\r\n\t\t<\/div>\r\n\t\t\r\n\t\t<div class=\"bdpp-post-margin-content\">\r\n\t\t\t\t\t\t<div class=\"bdpp-post-cats\"><a class=\"bdpp-post-cat-link bdpp-post-cat-56 bdpp-post-cat-option-arts-2021-2022\" href=\"https:\/\/www.stjb-delasalle.fr\/site\/category\/option-arts-2021-2022\/\">Option arts 2021-2022<\/a><\/div>\r\n\t\t\t\r\n\t\t\t<h2 class=\"bdpp-post-title\">\r\n\t\t\t\t<a href=\"https:\/\/www.stjb-delasalle.fr\/site\/2022\/03\/23\/du-dessin-dobservation\/\">Du dessin d&rsquo;observation&#8230;<\/a>\r\n\t\t\t<\/h2>\r\n\r\n\t\t\t\t\t\t<div class=\"bdpp-post-content\">\r\n\t\t\t\t<div class=\"bdpp-post-desc\">Visite d&#39;une exposition au sein de la galerie d&#39;art \u00e0 vocation p\u00e9dagogique du coll\u00e8ge et pratique du dessin d&#39;observation des...<\/div>\r\n\t\t\t\t\t\t\t\t<a href=\"https:\/\/www.stjb-delasalle.fr\/site\/2022\/03\/23\/du-dessin-dobservation\/\" class=\"bdpp-rdmr-btn\">Lire la suite<\/a>\r\n\t\t\t\t\t\t\t<\/div>\r\n\t\t\t\t\t<\/div>\r\n\t<\/div>\r\n<\/div><div class=\"bdpp-post-grid bdpp-col-2 bdpp-columns bdpp-post-10754 bdpp-post-standard bdpp-has-thumb\">\r\n\t<div class=\"bdpp-post-grid-content\">\r\n\t\t\t\t<div class=\"bdpp-post-img-bg\">\r\n\t\t\t<a href=\"https:\/\/www.stjb-delasalle.fr\/site\/2022\/03\/23\/du-modelage\/\">\r\n\t\t\t\t<img decoding=\"async\" src=\"https:\/\/www.stjb-delasalle.fr\/site\/wp-content\/uploads\/2022\/03\/0D4874B3-C6F3-43CF-BDEC-1266F7F225AA-225x300.jpeg\" class=\"bdpp-img bdpp-post-feat-img\" alt=\"Du modelage&#8230;\" \/>\r\n\t\t\t<\/a>\r\n\t\t<\/div>\r\n\t\t\r\n\t\t<div class=\"bdpp-post-margin-content\">\r\n\t\t\t\t\t\t<div class=\"bdpp-post-cats\"><a class=\"bdpp-post-cat-link bdpp-post-cat-56 bdpp-post-cat-option-arts-2021-2022\" href=\"https:\/\/www.stjb-delasalle.fr\/site\/category\/option-arts-2021-2022\/\">Option arts 2021-2022<\/a><\/div>\r\n\t\t\t\r\n\t\t\t<h2 class=\"bdpp-post-title\">\r\n\t\t\t\t<a href=\"https:\/\/www.stjb-delasalle.fr\/site\/2022\/03\/23\/du-modelage\/\">Du modelage&#8230;<\/a>\r\n\t\t\t<\/h2>\r\n\r\n\t\t\t\t\t\t<div class=\"bdpp-post-content\">\r\n\t\t\t\t<div class=\"bdpp-post-desc\">Explorer le travail du volume \u00e0 travers la d\u00e9couverte du modelage... &nbsp;<\/div>\r\n\t\t\t\t\t\t\t\t<a href=\"https:\/\/www.stjb-delasalle.fr\/site\/2022\/03\/23\/du-modelage\/\" class=\"bdpp-rdmr-btn\">Lire la suite<\/a>\r\n\t\t\t\t\t\t\t<\/div>\r\n\t\t\t\t\t<\/div>\r\n\t<\/div>\r\n<\/div><div class=\"bdpp-post-grid bdpp-col-2 bdpp-columns bdpp-post-10751 bdpp-post-standard bdpp-has-thumb\">\r\n\t<div class=\"bdpp-post-grid-content\">\r\n\t\t\t\t<div class=\"bdpp-post-img-bg\">\r\n\t\t\t<a href=\"https:\/\/www.stjb-delasalle.fr\/site\/2022\/03\/23\/de-la-peinture\/\">\r\n\t\t\t\t<img decoding=\"async\" src=\"https:\/\/www.stjb-delasalle.fr\/site\/wp-content\/uploads\/2022\/03\/AB4F2685-30EC-49E6-AA49-73C00B0B8B39-e1648032748846-291x300.jpeg\" class=\"bdpp-img bdpp-post-feat-img\" alt=\"De la peinture&#8230;\" \/>\r\n\t\t\t<\/a>\r\n\t\t<\/div>\r\n\t\t\r\n\t\t<div class=\"bdpp-post-margin-content\">\r\n\t\t\t\t\t\t<div class=\"bdpp-post-cats\"><a class=\"bdpp-post-cat-link bdpp-post-cat-56 bdpp-post-cat-option-arts-2021-2022\" href=\"https:\/\/www.stjb-delasalle.fr\/site\/category\/option-arts-2021-2022\/\">Option arts 2021-2022<\/a><\/div>\r\n\t\t\t\r\n\t\t\t<h2 class=\"bdpp-post-title\">\r\n\t\t\t\t<a href=\"https:\/\/www.stjb-delasalle.fr\/site\/2022\/03\/23\/de-la-peinture\/\">De la peinture&#8230;<\/a>\r\n\t\t\t<\/h2>\r\n\r\n\t\t\t\t\t\t<div class=\"bdpp-post-content\">\r\n\t\t\t\t<div class=\"bdpp-post-desc\">Exp\u00e9rimenter la peinture \u00e0 travers plusieurs situations...<\/div>\r\n\t\t\t\t\t\t\t\t<a href=\"https:\/\/www.stjb-delasalle.fr\/site\/2022\/03\/23\/de-la-peinture\/\" class=\"bdpp-rdmr-btn\">Lire la suite<\/a>\r\n\t\t\t\t\t\t\t<\/div>\r\n\t\t\t\t\t<\/div>\r\n\t<\/div>\r\n<\/div><div class=\"bdpp-post-grid bdpp-col-2 bdpp-columns bdpp-post-10749 bdpp-post-standard bdpp-has-thumb\">\r\n\t<div class=\"bdpp-post-grid-content\">\r\n\t\t\t\t<div class=\"bdpp-post-img-bg\">\r\n\t\t\t<a href=\"https:\/\/www.stjb-delasalle.fr\/site\/2022\/03\/23\/du-dessin\/\">\r\n\t\t\t\t<img decoding=\"async\" src=\"https:\/\/www.stjb-delasalle.fr\/site\/wp-content\/uploads\/2022\/03\/D785AC61-942C-47E9-AE99-5CEE0EF35B44-300x208.jpeg\" class=\"bdpp-img bdpp-post-feat-img\" alt=\"Du dessin&#8230;\" \/>\r\n\t\t\t<\/a>\r\n\t\t<\/div>\r\n\t\t\r\n\t\t<div class=\"bdpp-post-margin-content\">\r\n\t\t\t\t\t\t<div class=\"bdpp-post-cats\"><a class=\"bdpp-post-cat-link bdpp-post-cat-56 bdpp-post-cat-option-arts-2021-2022\" href=\"https:\/\/www.stjb-delasalle.fr\/site\/category\/option-arts-2021-2022\/\">Option arts 2021-2022<\/a><\/div>\r\n\t\t\t\r\n\t\t\t<h2 class=\"bdpp-post-title\">\r\n\t\t\t\t<a href=\"https:\/\/www.stjb-delasalle.fr\/site\/2022\/03\/23\/du-dessin\/\">Du dessin&#8230;<\/a>\r\n\t\t\t<\/h2>\r\n\r\n\t\t\t\t\t\t<div class=\"bdpp-post-content\">\r\n\t\t\t\t<div class=\"bdpp-post-desc\">Pratiquer le dessin \u00e0 travers plusieurs propositions... &nbsp; &nbsp;<\/div>\r\n\t\t\t\t\t\t\t\t<a href=\"https:\/\/www.stjb-delasalle.fr\/site\/2022\/03\/23\/du-dessin\/\" class=\"bdpp-rdmr-btn\">Lire la suite<\/a>\r\n\t\t\t\t\t\t\t<\/div>\r\n\t\t\t\t\t<\/div>\r\n\t<\/div>\r\n<\/div><div class=\"bdpp-post-grid bdpp-col-2 bdpp-columns bdpp-post-10687 bdpp-post-standard bdpp-has-thumb\">\r\n\t<div class=\"bdpp-post-grid-content\">\r\n\t\t\t\t<div class=\"bdpp-post-img-bg\">\r\n\t\t\t<a href=\"https:\/\/www.stjb-delasalle.fr\/site\/2022\/03\/18\/sortie-theatre2\/\">\r\n\t\t\t\t<img decoding=\"async\" src=\"https:\/\/www.stjb-delasalle.fr\/site\/wp-content\/uploads\/2022\/03\/20220227_163536000_iOS-300x197.jpg\" class=\"bdpp-img bdpp-post-feat-img\" alt=\"Sortie th\u00e9\u00e2tre#2\" \/>\r\n\t\t\t<\/a>\r\n\t\t<\/div>\r\n\t\t\r\n\t\t<div class=\"bdpp-post-margin-content\">\r\n\t\t\t\t\t\t<div class=\"bdpp-post-cats\"><a class=\"bdpp-post-cat-link bdpp-post-cat-6 bdpp-post-cat-college\" href=\"https:\/\/www.stjb-delasalle.fr\/site\/category\/college\/\">Coll\u00e8ge<\/a> <a class=\"bdpp-post-cat-link bdpp-post-cat-56 bdpp-post-cat-option-arts-2021-2022\" href=\"https:\/\/www.stjb-delasalle.fr\/site\/category\/option-arts-2021-2022\/\">Option arts 2021-2022<\/a><\/div>\r\n\t\t\t\r\n\t\t\t<h2 class=\"bdpp-post-title\">\r\n\t\t\t\t<a href=\"https:\/\/www.stjb-delasalle.fr\/site\/2022\/03\/18\/sortie-theatre2\/\">Sortie th\u00e9\u00e2tre#2<\/a>\r\n\t\t\t<\/h2>\r\n\r\n\t\t\t\t\t\t<div class=\"bdpp-post-content\">\r\n\t\t\t\t<div class=\"bdpp-post-desc\">\u201cAux Plus Adultes Que Nous\u201d Le mercredi 9 mars gr\u00e2ce \u00e0 l\u2019option arts plastiques, nous avons \u00e9t\u00e9 au spectacle \u201cAux...<\/div>\r\n\t\t\t\t\t\t\t\t<a href=\"https:\/\/www.stjb-delasalle.fr\/site\/2022\/03\/18\/sortie-theatre2\/\" class=\"bdpp-rdmr-btn\">Lire la suite<\/a>\r\n\t\t\t\t\t\t\t<\/div>\r\n\t\t\t\t\t<\/div>\r\n\t<\/div>\r\n<\/div><div class=\"bdpp-post-grid bdpp-col-2 bdpp-columns bdpp-post-10681 bdpp-post-standard bdpp-has-thumb\">\r\n\t<div class=\"bdpp-post-grid-content\">\r\n\t\t\t\t<div class=\"bdpp-post-img-bg\">\r\n\t\t\t<a href=\"https:\/\/www.stjb-delasalle.fr\/site\/2022\/03\/18\/sortie-exposition\/\">\r\n\t\t\t\t<img decoding=\"async\" src=\"https:\/\/www.stjb-delasalle.fr\/site\/wp-content\/uploads\/2022\/03\/20220227_163601000_iOS-300x202.jpg\" class=\"bdpp-img bdpp-post-feat-img\" alt=\"Sortie exposition\" \/>\r\n\t\t\t<\/a>\r\n\t\t<\/div>\r\n\t\t\r\n\t\t<div class=\"bdpp-post-margin-content\">\r\n\t\t\t\t\t\t<div class=\"bdpp-post-cats\"><a class=\"bdpp-post-cat-link bdpp-post-cat-6 bdpp-post-cat-college\" href=\"https:\/\/www.stjb-delasalle.fr\/site\/category\/college\/\">Coll\u00e8ge<\/a> <a class=\"bdpp-post-cat-link bdpp-post-cat-56 bdpp-post-cat-option-arts-2021-2022\" href=\"https:\/\/www.stjb-delasalle.fr\/site\/category\/option-arts-2021-2022\/\">Option arts 2021-2022<\/a><\/div>\r\n\t\t\t\r\n\t\t\t<h2 class=\"bdpp-post-title\">\r\n\t\t\t\t<a href=\"https:\/\/www.stjb-delasalle.fr\/site\/2022\/03\/18\/sortie-exposition\/\">Sortie exposition<\/a>\r\n\t\t\t<\/h2>\r\n\r\n\t\t\t\t\t\t<div class=\"bdpp-post-content\">\r\n\t\t\t\t<div class=\"bdpp-post-desc\">PLANKT\u00d3S Nous sommes all\u00e9s voir avec l\u2019option art l\u2019exposition \u201c PLANKTOS\u201d de Th\u00e9o Massoulier le mercredi 09 Mars aux Quinconces...<\/div>\r\n\t\t\t\t\t\t\t\t<a href=\"https:\/\/www.stjb-delasalle.fr\/site\/2022\/03\/18\/sortie-exposition\/\" class=\"bdpp-rdmr-btn\">Lire la suite<\/a>\r\n\t\t\t\t\t\t\t<\/div>\r\n\t\t\t\t\t<\/div>\r\n\t<\/div>\r\n<\/div><div class=\"bdpp-post-grid bdpp-col-2 bdpp-columns bdpp-post-10523 bdpp-post-standard bdpp-has-thumb\">\r\n\t<div class=\"bdpp-post-grid-content\">\r\n\t\t\t\t<div class=\"bdpp-post-img-bg\">\r\n\t\t\t<a href=\"https:\/\/www.stjb-delasalle.fr\/site\/2022\/03\/17\/sortie-theatre\/\">\r\n\t\t\t\t<img decoding=\"async\" src=\"https:\/\/www.stjb-delasalle.fr\/site\/wp-content\/uploads\/2022\/03\/51B0B1B4-CBE6-4B17-8684-0EC8D51117CC-300x194.jpeg\" class=\"bdpp-img bdpp-post-feat-img\" alt=\"Sortie th\u00e9\u00e2tre#1\" \/>\r\n\t\t\t<\/a>\r\n\t\t<\/div>\r\n\t\t\r\n\t\t<div class=\"bdpp-post-margin-content\">\r\n\t\t\t\t\t\t<div class=\"bdpp-post-cats\"><a class=\"bdpp-post-cat-link bdpp-post-cat-6 bdpp-post-cat-college\" href=\"https:\/\/www.stjb-delasalle.fr\/site\/category\/college\/\">Coll\u00e8ge<\/a> <a class=\"bdpp-post-cat-link bdpp-post-cat-56 bdpp-post-cat-option-arts-2021-2022\" href=\"https:\/\/www.stjb-delasalle.fr\/site\/category\/option-arts-2021-2022\/\">Option arts 2021-2022<\/a><\/div>\r\n\t\t\t\r\n\t\t\t<h2 class=\"bdpp-post-title\">\r\n\t\t\t\t<a href=\"https:\/\/www.stjb-delasalle.fr\/site\/2022\/03\/17\/sortie-theatre\/\">Sortie th\u00e9\u00e2tre#1<\/a>\r\n\t\t\t<\/h2>\r\n\r\n\t\t\t\t\t\t<div class=\"bdpp-post-content\">\r\n\t\t\t\t<div class=\"bdpp-post-desc\">Nous sommes all\u00e9s voir le spectacle ZUGZWANG le vendredi 25 f\u00e9vrier avec l\u2019option art. Le spectacle s\u2019est d\u00e9roul\u00e9 au th\u00e9\u00e2tre...<\/div>\r\n\t\t\t\t\t\t\t\t<a href=\"https:\/\/www.stjb-delasalle.fr\/site\/2022\/03\/17\/sortie-theatre\/\" class=\"bdpp-rdmr-btn\">Lire la suite<\/a>\r\n\t\t\t\t\t\t\t<\/div>\r\n\t\t\t\t\t<\/div>\r\n\t<\/div>\r\n<\/div>\t<\/div>\r\n\t<\/div>\n","protected":false},"excerpt":{"rendered":"","protected":false},"author":1,"featured_media":0,"parent":0,"menu_order":0,"comment_status":"closed","ping_status":"closed","template":"","meta":{"site-sidebar-layout":"default","site-content-layout":"default","ast-site-content-layout":"default","site-content-style":"default","site-sidebar-style":"default","ast-global-header-display":"","ast-banner-title-visibility":"","ast-main-header-display":"","ast-hfb-above-header-display":"","ast-hfb-below-header-display":"","ast-hfb-mobile-header-display":"","site-post-title":"","ast-breadcrumbs-content":"","ast-featured-img":"","footer-sml-layout":"","ast-disable-related-posts":"","theme-transparent-header-meta":"default","adv-header-id-meta":"","stick-header-meta":"","header-above-stick-meta":"","header-main-stick-meta":"","header-below-stick-meta":"","astra-migrate-meta-layouts":"default","ast-page-background-enabled":"default","ast-page-background-meta":{"desktop":{"background-color":"var(--ast-global-color-4)","background-image":"","background-repeat":"repeat","background-position":"center center","background-size":"auto","background-attachment":"scroll","background-type":"","background-media":"","overlay-type":"","overlay-color":"","overlay-opacity":"","overlay-gradient":""},"tablet":{"background-color":"","background-image":"","background-repeat":"repeat","background-position":"center center","background-size":"auto","background-attachment":"scroll","background-type":"","background-media":"","overlay-type":"","overlay-color":"","overlay-opacity":"","overlay-gradient":""},"mobile":{"background-color":"","background-image":"","background-repeat":"repeat","background-position":"center center","background-size":"auto","background-attachment":"scroll","background-type":"","background-media":"","overlay-type":"","overlay-color":"","overlay-opacity":"","overlay-gradient":""}},"ast-content-background-meta":{"desktop":{"background-color":"var(--ast-global-color-5)","background-image":"","background-repeat":"repeat","background-position":"center center","background-size":"auto","background-attachment":"scroll","background-type":"","background-media":"","overlay-type":"","overlay-color":"","overlay-opacity":"","overlay-gradient":""},"tablet":{"background-color":"var(--ast-global-color-5)","background-image":"","background-repeat":"repeat","background-position":"center center","background-size":"auto","background-attachment":"scroll","background-type":"","background-media":"","overlay-type":"","overlay-color":"","overlay-opacity":"","overlay-gradient":""},"mobile":{"background-color":"var(--ast-global-color-5)","background-image":"","background-repeat":"repeat","background-position":"center center","background-size":"auto","background-attachment":"scroll","background-type":"","background-media":"","overlay-type":"","overlay-color":"","overlay-opacity":"","overlay-gradient":""}},"footnotes":""},"class_list":["post-10585","page","type-page","status-publish","hentry"],"yoast_head":"<!-- This site is optimized with the Yoast SEO plugin v27.5 - https:\/\/yoast.com\/product\/yoast-seo-wordpress\/ -->\n<title>Parcours renforc\u00e9 Arts plastiques 2021-22 - Coll\u00e8ge Saint Jean Baptiste de La Salle<\/title>\n<meta name=\"robots\" content=\"index, follow, max-snippet:-1, max-image-preview:large, max-video-preview:-1\" \/>\n<link rel=\"canonical\" href=\"https:\/\/www.stjb-delasalle.fr\/site\/parcours-arts-2021-2022\/\" \/>\n<meta property=\"og:locale\" content=\"fr_FR\" \/>\n<meta property=\"og:type\" content=\"article\" \/>\n<meta property=\"og:title\" content=\"Parcours renforc\u00e9 Arts plastiques 2021-22 - Coll\u00e8ge Saint Jean Baptiste de La Salle\" \/>\n<meta property=\"og:url\" content=\"https:\/\/www.stjb-delasalle.fr\/site\/parcours-arts-2021-2022\/\" \/>\n<meta property=\"og:site_name\" content=\"Coll\u00e8ge Saint Jean Baptiste de La Salle\" \/>\n<meta property=\"article:modified_time\" content=\"2022-03-23T17:38:38+00:00\" \/>\n<meta name=\"twitter:card\" content=\"summary_large_image\" \/>\n<script type=\"application\/ld+json\" class=\"yoast-schema-graph\">{\"@context\":\"https:\\\/\\\/schema.org\",\"@graph\":[{\"@type\":\"WebPage\",\"@id\":\"https:\\\/\\\/www.stjb-delasalle.fr\\\/site\\\/parcours-arts-2021-2022\\\/\",\"url\":\"https:\\\/\\\/www.stjb-delasalle.fr\\\/site\\\/parcours-arts-2021-2022\\\/\",\"name\":\"Parcours renforc\u00e9 Arts plastiques 2021-22 - Coll\u00e8ge Saint Jean Baptiste de La Salle\",\"isPartOf\":{\"@id\":\"https:\\\/\\\/www.stjb-delasalle.fr\\\/site\\\/#website\"},\"datePublished\":\"2022-03-07T12:33:12+00:00\",\"dateModified\":\"2022-03-23T17:38:38+00:00\",\"breadcrumb\":{\"@id\":\"https:\\\/\\\/www.stjb-delasalle.fr\\\/site\\\/parcours-arts-2021-2022\\\/#breadcrumb\"},\"inLanguage\":\"fr-FR\",\"potentialAction\":[{\"@type\":\"ReadAction\",\"target\":[\"https:\\\/\\\/www.stjb-delasalle.fr\\\/site\\\/parcours-arts-2021-2022\\\/\"]}]},{\"@type\":\"BreadcrumbList\",\"@id\":\"https:\\\/\\\/www.stjb-delasalle.fr\\\/site\\\/parcours-arts-2021-2022\\\/#breadcrumb\",\"itemListElement\":[{\"@type\":\"ListItem\",\"position\":1,\"name\":\"Accueil\",\"item\":\"https:\\\/\\\/www.stjb-delasalle.fr\\\/site\\\/\"},{\"@type\":\"ListItem\",\"position\":2,\"name\":\"Parcours renforc\u00e9 Arts plastiques 2021-22\"}]},{\"@type\":\"WebSite\",\"@id\":\"https:\\\/\\\/www.stjb-delasalle.fr\\\/site\\\/#website\",\"url\":\"https:\\\/\\\/www.stjb-delasalle.fr\\\/site\\\/\",\"name\":\"Coll\u00e8ge Saint Jean Baptiste de La Salle\",\"description\":\"Notre coll\u00e8ge vous accueille sur le site du Rancher \u00e0 Teloch\u00e9\",\"publisher\":{\"@id\":\"https:\\\/\\\/www.stjb-delasalle.fr\\\/site\\\/#organization\"},\"potentialAction\":[{\"@type\":\"SearchAction\",\"target\":{\"@type\":\"EntryPoint\",\"urlTemplate\":\"https:\\\/\\\/www.stjb-delasalle.fr\\\/site\\\/?s={search_term_string}\"},\"query-input\":{\"@type\":\"PropertyValueSpecification\",\"valueRequired\":true,\"valueName\":\"search_term_string\"}}],\"inLanguage\":\"fr-FR\"},{\"@type\":\"Organization\",\"@id\":\"https:\\\/\\\/www.stjb-delasalle.fr\\\/site\\\/#organization\",\"name\":\"Coll\u00e8ge Saint Jean Baptiste de La Salle\",\"url\":\"https:\\\/\\\/www.stjb-delasalle.fr\\\/site\\\/\",\"logo\":{\"@type\":\"ImageObject\",\"inLanguage\":\"fr-FR\",\"@id\":\"https:\\\/\\\/www.stjb-delasalle.fr\\\/site\\\/#\\\/schema\\\/logo\\\/image\\\/\",\"url\":\"https:\\\/\\\/www.stjb-delasalle.fr\\\/site\\\/wp-content\\\/uploads\\\/2021\\\/11\\\/logostjb_petit_transp.png\",\"contentUrl\":\"https:\\\/\\\/www.stjb-delasalle.fr\\\/site\\\/wp-content\\\/uploads\\\/2021\\\/11\\\/logostjb_petit_transp.png\",\"width\":180,\"height\":127,\"caption\":\"Coll\u00e8ge Saint Jean Baptiste de La Salle\"},\"image\":{\"@id\":\"https:\\\/\\\/www.stjb-delasalle.fr\\\/site\\\/#\\\/schema\\\/logo\\\/image\\\/\"}}]}<\/script>\n<!-- \/ Yoast SEO plugin. -->","yoast_head_json":{"title":"Parcours renforc\u00e9 Arts plastiques 2021-22 - Coll\u00e8ge Saint Jean Baptiste de La Salle","robots":{"index":"index","follow":"follow","max-snippet":"max-snippet:-1","max-image-preview":"max-image-preview:large","max-video-preview":"max-video-preview:-1"},"canonical":"https:\/\/www.stjb-delasalle.fr\/site\/parcours-arts-2021-2022\/","og_locale":"fr_FR","og_type":"article","og_title":"Parcours renforc\u00e9 Arts plastiques 2021-22 - Coll\u00e8ge Saint Jean Baptiste de La Salle","og_url":"https:\/\/www.stjb-delasalle.fr\/site\/parcours-arts-2021-2022\/","og_site_name":"Coll\u00e8ge Saint Jean Baptiste de La Salle","article_modified_time":"2022-03-23T17:38:38+00:00","twitter_card":"summary_large_image","schema":{"@context":"https:\/\/schema.org","@graph":[{"@type":"WebPage","@id":"https:\/\/www.stjb-delasalle.fr\/site\/parcours-arts-2021-2022\/","url":"https:\/\/www.stjb-delasalle.fr\/site\/parcours-arts-2021-2022\/","name":"Parcours renforc\u00e9 Arts plastiques 2021-22 - Coll\u00e8ge Saint Jean Baptiste de La Salle","isPartOf":{"@id":"https:\/\/www.stjb-delasalle.fr\/site\/#website"},"datePublished":"2022-03-07T12:33:12+00:00","dateModified":"2022-03-23T17:38:38+00:00","breadcrumb":{"@id":"https:\/\/www.stjb-delasalle.fr\/site\/parcours-arts-2021-2022\/#breadcrumb"},"inLanguage":"fr-FR","potentialAction":[{"@type":"ReadAction","target":["https:\/\/www.stjb-delasalle.fr\/site\/parcours-arts-2021-2022\/"]}]},{"@type":"BreadcrumbList","@id":"https:\/\/www.stjb-delasalle.fr\/site\/parcours-arts-2021-2022\/#breadcrumb","itemListElement":[{"@type":"ListItem","position":1,"name":"Accueil","item":"https:\/\/www.stjb-delasalle.fr\/site\/"},{"@type":"ListItem","position":2,"name":"Parcours renforc\u00e9 Arts plastiques 2021-22"}]},{"@type":"WebSite","@id":"https:\/\/www.stjb-delasalle.fr\/site\/#website","url":"https:\/\/www.stjb-delasalle.fr\/site\/","name":"Coll\u00e8ge Saint Jean Baptiste de La Salle","description":"Notre coll\u00e8ge vous accueille sur le site du Rancher \u00e0 Teloch\u00e9","publisher":{"@id":"https:\/\/www.stjb-delasalle.fr\/site\/#organization"},"potentialAction":[{"@type":"SearchAction","target":{"@type":"EntryPoint","urlTemplate":"https:\/\/www.stjb-delasalle.fr\/site\/?s={search_term_string}"},"query-input":{"@type":"PropertyValueSpecification","valueRequired":true,"valueName":"search_term_string"}}],"inLanguage":"fr-FR"},{"@type":"Organization","@id":"https:\/\/www.stjb-delasalle.fr\/site\/#organization","name":"Coll\u00e8ge Saint Jean Baptiste de La Salle","url":"https:\/\/www.stjb-delasalle.fr\/site\/","logo":{"@type":"ImageObject","inLanguage":"fr-FR","@id":"https:\/\/www.stjb-delasalle.fr\/site\/#\/schema\/logo\/image\/","url":"https:\/\/www.stjb-delasalle.fr\/site\/wp-content\/uploads\/2021\/11\/logostjb_petit_transp.png","contentUrl":"https:\/\/www.stjb-delasalle.fr\/site\/wp-content\/uploads\/2021\/11\/logostjb_petit_transp.png","width":180,"height":127,"caption":"Coll\u00e8ge Saint Jean Baptiste de La Salle"},"image":{"@id":"https:\/\/www.stjb-delasalle.fr\/site\/#\/schema\/logo\/image\/"}}]}},"_links":{"self":[{"href":"https:\/\/www.stjb-delasalle.fr\/site\/wp-json\/wp\/v2\/pages\/10585","targetHints":{"allow":["GET"]}}],"collection":[{"href":"https:\/\/www.stjb-delasalle.fr\/site\/wp-json\/wp\/v2\/pages"}],"about":[{"href":"https:\/\/www.stjb-delasalle.fr\/site\/wp-json\/wp\/v2\/types\/page"}],"author":[{"embeddable":true,"href":"https:\/\/www.stjb-delasalle.fr\/site\/wp-json\/wp\/v2\/users\/1"}],"replies":[{"embeddable":true,"href":"https:\/\/www.stjb-delasalle.fr\/site\/wp-json\/wp\/v2\/comments?post=10585"}],"version-history":[{"count":3,"href":"https:\/\/www.stjb-delasalle.fr\/site\/wp-json\/wp\/v2\/pages\/10585\/revisions"}],"predecessor-version":[{"id":10827,"href":"https:\/\/www.stjb-delasalle.fr\/site\/wp-json\/wp\/v2\/pages\/10585\/revisions\/10827"}],"wp:attachment":[{"href":"https:\/\/www.stjb-delasalle.fr\/site\/wp-json\/wp\/v2\/media?parent=10585"}],"curies":[{"name":"wp","href":"https:\/\/api.w.org\/{rel}","templated":true}]}}