{"version":"1.0","provider_name":"Coll\u00e8ge Saint Jean Baptiste de La Salle","provider_url":"https:\/\/www.stjb-delasalle.fr\/site","author_name":"s.couret","author_url":"https:\/\/www.stjb-delasalle.fr\/site\/author\/s-couret\/","title":"\u00c9lection des d\u00e9l\u00e9gu\u00e9s en 6\u00e8me - Coll\u00e8ge Saint Jean Baptiste de La Salle","type":"rich","width":600,"height":338,"html":"<blockquote class=\"wp-embedded-content\" data-secret=\"VvRMhO4rRG\"><a href=\"https:\/\/www.stjb-delasalle.fr\/site\/2023\/10\/24\/election-des-delegues-en-6eme\/\">\u00c9lection des d\u00e9l\u00e9gu\u00e9s en 6\u00e8me<\/a><\/blockquote><iframe sandbox=\"allow-scripts\" security=\"restricted\" src=\"https:\/\/www.stjb-delasalle.fr\/site\/2023\/10\/24\/election-des-delegues-en-6eme\/embed\/#?secret=VvRMhO4rRG\" width=\"600\" height=\"338\" title=\"\u00ab\u00a0\u00c9lection des d\u00e9l\u00e9gu\u00e9s en 6\u00e8me\u00a0\u00bb &#8212; Coll\u00e8ge Saint Jean Baptiste de La Salle\" data-secret=\"VvRMhO4rRG\" frameborder=\"0\" marginwidth=\"0\" marginheight=\"0\" scrolling=\"no\" class=\"wp-embedded-content\"><\/iframe><script>\n\/*! This file is auto-generated *\/\n!function(d,l){\"use strict\";l.querySelector&&d.addEventListener&&\"undefined\"!=typeof URL&&(d.wp=d.wp||{},d.wp.receiveEmbedMessage||(d.wp.receiveEmbedMessage=function(e){var t=e.data;if((t||t.secret||t.message||t.value)&&!\/[^a-zA-Z0-9]\/.test(t.secret)){for(var s,r,n,a=l.querySelectorAll('iframe[data-secret=\"'+t.secret+'\"]'),o=l.querySelectorAll('blockquote[data-secret=\"'+t.secret+'\"]'),c=new RegExp(\"^https?:$\",\"i\"),i=0;i<o.length;i++)o[i].style.display=\"none\";for(i=0;i<a.length;i++)s=a[i],e.source===s.contentWindow&&(s.removeAttribute(\"style\"),\"height\"===t.message?(1e3<(r=parseInt(t.value,10))?r=1e3:~~r<200&&(r=200),s.height=r):\"link\"===t.message&&(r=new URL(s.getAttribute(\"src\")),n=new URL(t.value),c.test(n.protocol))&&n.host===r.host&&l.activeElement===s&&(d.top.location.href=t.value))}},d.addEventListener(\"message\",d.wp.receiveEmbedMessage,!1),l.addEventListener(\"DOMContentLoaded\",function(){for(var e,t,s=l.querySelectorAll(\"iframe.wp-embedded-content\"),r=0;r<s.length;r++)(t=(e=s[r]).getAttribute(\"data-secret\"))||(t=Math.random().toString(36).substring(2,12),e.src+=\"#?secret=\"+t,e.setAttribute(\"data-secret\",t)),e.contentWindow.postMessage({message:\"ready\",secret:t},\"*\")},!1)))}(window,document);\n\/\/# sourceURL=https:\/\/www.stjb-delasalle.fr\/site\/wp-includes\/js\/wp-embed.min.js\n<\/script>\n","thumbnail_url":"https:\/\/www.stjb-delasalle.fr\/site\/wp-content\/uploads\/2023\/10\/209ec27d-0ffd-4fd0-baa7-4e6c79c270a2.jpg","thumbnail_width":1440,"thumbnail_height":1920,"description":"Apr\u00e8s une campagne \u00e9lectorale bien men\u00e9e, les \u00e9l\u00e8ves du niveau 6\u00e8me ont pu voter ce vendredi 20 octobre pour choisir leurs d\u00e9l\u00e9gu\u00e9s et suppl\u00e9ants. Merci \u00e0 Monsieur le Maire de Teloch\u00e9, qui comme chaque ann\u00e9e nous a fait honneur de sa pr\u00e9sence en accompagnant les \u00e9l\u00e8ves sur le sens et l\u2019importance du r\u00f4le de citoyen. [&hellip;]"}