{"version":"1.0","provider_name":"Coll\u00e8ge Saint Jean Baptiste de La Salle","provider_url":"https:\/\/www.stjb-delasalle.fr\/site","author_name":"s.couret","author_url":"https:\/\/www.stjb-delasalle.fr\/site\/author\/s-couret\/","title":"C\u00e9l\u00e9bration de la Chandeleur - Coll\u00e8ge Saint Jean Baptiste de La Salle","type":"rich","width":600,"height":338,"html":"<blockquote class=\"wp-embedded-content\" data-secret=\"9nb6dkIdVR\"><a href=\"https:\/\/www.stjb-delasalle.fr\/site\/2023\/02\/05\/celebration-de-la-chandeleur-3\/\">C\u00e9l\u00e9bration de la Chandeleur<\/a><\/blockquote><iframe sandbox=\"allow-scripts\" security=\"restricted\" src=\"https:\/\/www.stjb-delasalle.fr\/site\/2023\/02\/05\/celebration-de-la-chandeleur-3\/embed\/#?secret=9nb6dkIdVR\" width=\"600\" height=\"338\" title=\"\u00ab\u00a0C\u00e9l\u00e9bration de la Chandeleur\u00a0\u00bb &#8212; Coll\u00e8ge Saint Jean Baptiste de La Salle\" data-secret=\"9nb6dkIdVR\" frameborder=\"0\" marginwidth=\"0\" marginheight=\"0\" scrolling=\"no\" class=\"wp-embedded-content\"><\/iframe><script>\n\/*! This file is auto-generated *\/\n!function(d,l){\"use strict\";l.querySelector&&d.addEventListener&&\"undefined\"!=typeof URL&&(d.wp=d.wp||{},d.wp.receiveEmbedMessage||(d.wp.receiveEmbedMessage=function(e){var t=e.data;if((t||t.secret||t.message||t.value)&&!\/[^a-zA-Z0-9]\/.test(t.secret)){for(var s,r,n,a=l.querySelectorAll('iframe[data-secret=\"'+t.secret+'\"]'),o=l.querySelectorAll('blockquote[data-secret=\"'+t.secret+'\"]'),c=new RegExp(\"^https?:$\",\"i\"),i=0;i<o.length;i++)o[i].style.display=\"none\";for(i=0;i<a.length;i++)s=a[i],e.source===s.contentWindow&&(s.removeAttribute(\"style\"),\"height\"===t.message?(1e3<(r=parseInt(t.value,10))?r=1e3:~~r<200&&(r=200),s.height=r):\"link\"===t.message&&(r=new URL(s.getAttribute(\"src\")),n=new URL(t.value),c.test(n.protocol))&&n.host===r.host&&l.activeElement===s&&(d.top.location.href=t.value))}},d.addEventListener(\"message\",d.wp.receiveEmbedMessage,!1),l.addEventListener(\"DOMContentLoaded\",function(){for(var e,t,s=l.querySelectorAll(\"iframe.wp-embedded-content\"),r=0;r<s.length;r++)(t=(e=s[r]).getAttribute(\"data-secret\"))||(t=Math.random().toString(36).substring(2,12),e.src+=\"#?secret=\"+t,e.setAttribute(\"data-secret\",t)),e.contentWindow.postMessage({message:\"ready\",secret:t},\"*\")},!1)))}(window,document);\n\/\/# sourceURL=https:\/\/www.stjb-delasalle.fr\/site\/wp-includes\/js\/wp-embed.min.js\n<\/script>\n","thumbnail_url":"https:\/\/www.stjb-delasalle.fr\/site\/wp-content\/uploads\/2023\/02\/5A9DB934-A07D-4B79-9AD5-9BF4297EC882.jpeg","thumbnail_width":1920,"thumbnail_height":1440,"description":"J\u00e9sus ! Sois la Lumi\u00e8re qui \u00e9claire mon chemin ! &nbsp; Hom\u00e9lie du jeudi 2 f\u00e9vrier 2023 Au temps de No\u00ebl, nous avons c\u00e9l\u00e9br\u00e9 la naissance du Fils de Dieu. D\u00e8s sa naissance, il attire d\u00e9j\u00e0 des gens du monde entier puisque les \u00e9vangiles nous enseignent qu\u2019une \u00e9toile a conduit les Rois Mages vers la [&hellip;]"}