{"version":"1.0","provider_name":"Coll\u00e8ge Saint Jean Baptiste de La Salle","provider_url":"https:\/\/www.stjb-delasalle.fr\/site","author_name":"s.couret","author_url":"https:\/\/www.stjb-delasalle.fr\/site\/author\/s-couret\/","title":"Formation des d\u00e9l\u00e9gu\u00e9s 6e 5e - Coll\u00e8ge Saint Jean Baptiste de La Salle","type":"rich","width":600,"height":338,"html":"<blockquote class=\"wp-embedded-content\" data-secret=\"mMoT5hx8xg\"><a href=\"https:\/\/www.stjb-delasalle.fr\/site\/2022\/11\/24\/formation-des-delegues-6e-5e\/\">Formation des d\u00e9l\u00e9gu\u00e9s 6e 5e<\/a><\/blockquote><iframe sandbox=\"allow-scripts\" security=\"restricted\" src=\"https:\/\/www.stjb-delasalle.fr\/site\/2022\/11\/24\/formation-des-delegues-6e-5e\/embed\/#?secret=mMoT5hx8xg\" width=\"600\" height=\"338\" title=\"\u00ab\u00a0Formation des d\u00e9l\u00e9gu\u00e9s 6e 5e\u00a0\u00bb &#8212; Coll\u00e8ge Saint Jean Baptiste de La Salle\" data-secret=\"mMoT5hx8xg\" frameborder=\"0\" marginwidth=\"0\" marginheight=\"0\" scrolling=\"no\" class=\"wp-embedded-content\"><\/iframe><script>\n\/*! This file is auto-generated *\/\n!function(d,l){\"use strict\";l.querySelector&&d.addEventListener&&\"undefined\"!=typeof URL&&(d.wp=d.wp||{},d.wp.receiveEmbedMessage||(d.wp.receiveEmbedMessage=function(e){var t=e.data;if((t||t.secret||t.message||t.value)&&!\/[^a-zA-Z0-9]\/.test(t.secret)){for(var s,r,n,a=l.querySelectorAll('iframe[data-secret=\"'+t.secret+'\"]'),o=l.querySelectorAll('blockquote[data-secret=\"'+t.secret+'\"]'),c=new RegExp(\"^https?:$\",\"i\"),i=0;i<o.length;i++)o[i].style.display=\"none\";for(i=0;i<a.length;i++)s=a[i],e.source===s.contentWindow&&(s.removeAttribute(\"style\"),\"height\"===t.message?(1e3<(r=parseInt(t.value,10))?r=1e3:~~r<200&&(r=200),s.height=r):\"link\"===t.message&&(r=new URL(s.getAttribute(\"src\")),n=new URL(t.value),c.test(n.protocol))&&n.host===r.host&&l.activeElement===s&&(d.top.location.href=t.value))}},d.addEventListener(\"message\",d.wp.receiveEmbedMessage,!1),l.addEventListener(\"DOMContentLoaded\",function(){for(var e,t,s=l.querySelectorAll(\"iframe.wp-embedded-content\"),r=0;r<s.length;r++)(t=(e=s[r]).getAttribute(\"data-secret\"))||(t=Math.random().toString(36).substring(2,12),e.src+=\"#?secret=\"+t,e.setAttribute(\"data-secret\",t)),e.contentWindow.postMessage({message:\"ready\",secret:t},\"*\")},!1)))}(window,document);\n\/\/# sourceURL=https:\/\/www.stjb-delasalle.fr\/site\/wp-includes\/js\/wp-embed.min.js\n<\/script>\n","thumbnail_url":"https:\/\/www.stjb-delasalle.fr\/site\/wp-content\/uploads\/2022\/10\/03C803BF-8DAE-42E1-BFD8-4BDBE34AED7D.jpeg","thumbnail_width":768,"thumbnail_height":1024,"description":"Le mercredi 16 novembre 2022, les d\u00e9l\u00e9gu\u00e9s des niveaux 6eme et 5\u00e8me ce sont retrouv\u00e9s pour partager un temps de formation autour de leur nouvelle mission. Le coll\u00e8ge Saint Jean Baptiste de la Salle s\u2019est associ\u00e9 au coll\u00e8ge Saint Joseph La Salle de Pruill\u00e9-le-Ch\u00e9tif pour partager ce temps d\u2019\u00e9change. Nos \u00e9l\u00e8ves ont travaill\u00e9 conjointement avec [&hellip;]"}