{"version":"1.0","provider_name":"Coll\u00e8ge Saint Jean Baptiste de La Salle","provider_url":"https:\/\/www.stjb-delasalle.fr\/site","author_name":"s.couret","author_url":"https:\/\/www.stjb-delasalle.fr\/site\/author\/s-couret\/","title":"\u00c9lections des d\u00e9l\u00e9gu\u00e9s 6e - Coll\u00e8ge Saint Jean Baptiste de La Salle","type":"rich","width":600,"height":338,"html":"<blockquote class=\"wp-embedded-content\" data-secret=\"L1amwhmKi4\"><a href=\"https:\/\/www.stjb-delasalle.fr\/site\/2022\/10\/21\/elections-des-delegues-6e\/\">\u00c9lections des d\u00e9l\u00e9gu\u00e9s 6e<\/a><\/blockquote><iframe sandbox=\"allow-scripts\" security=\"restricted\" src=\"https:\/\/www.stjb-delasalle.fr\/site\/2022\/10\/21\/elections-des-delegues-6e\/embed\/#?secret=L1amwhmKi4\" width=\"600\" height=\"338\" title=\"\u00ab\u00a0\u00c9lections des d\u00e9l\u00e9gu\u00e9s 6e\u00a0\u00bb &#8212; Coll\u00e8ge Saint Jean Baptiste de La Salle\" data-secret=\"L1amwhmKi4\" frameborder=\"0\" marginwidth=\"0\" marginheight=\"0\" scrolling=\"no\" class=\"wp-embedded-content\"><\/iframe><script>\n\/*! This file is auto-generated *\/\n!function(d,l){\"use strict\";l.querySelector&&d.addEventListener&&\"undefined\"!=typeof URL&&(d.wp=d.wp||{},d.wp.receiveEmbedMessage||(d.wp.receiveEmbedMessage=function(e){var t=e.data;if((t||t.secret||t.message||t.value)&&!\/[^a-zA-Z0-9]\/.test(t.secret)){for(var s,r,n,a=l.querySelectorAll('iframe[data-secret=\"'+t.secret+'\"]'),o=l.querySelectorAll('blockquote[data-secret=\"'+t.secret+'\"]'),c=new RegExp(\"^https?:$\",\"i\"),i=0;i<o.length;i++)o[i].style.display=\"none\";for(i=0;i<a.length;i++)s=a[i],e.source===s.contentWindow&&(s.removeAttribute(\"style\"),\"height\"===t.message?(1e3<(r=parseInt(t.value,10))?r=1e3:~~r<200&&(r=200),s.height=r):\"link\"===t.message&&(r=new URL(s.getAttribute(\"src\")),n=new URL(t.value),c.test(n.protocol))&&n.host===r.host&&l.activeElement===s&&(d.top.location.href=t.value))}},d.addEventListener(\"message\",d.wp.receiveEmbedMessage,!1),l.addEventListener(\"DOMContentLoaded\",function(){for(var e,t,s=l.querySelectorAll(\"iframe.wp-embedded-content\"),r=0;r<s.length;r++)(t=(e=s[r]).getAttribute(\"data-secret\"))||(t=Math.random().toString(36).substring(2,12),e.src+=\"#?secret=\"+t,e.setAttribute(\"data-secret\",t)),e.contentWindow.postMessage({message:\"ready\",secret:t},\"*\")},!1)))}(window,document);\n\/\/# sourceURL=https:\/\/www.stjb-delasalle.fr\/site\/wp-includes\/js\/wp-embed.min.js\n<\/script>\n","thumbnail_url":"https:\/\/www.stjb-delasalle.fr\/site\/wp-content\/uploads\/2022\/10\/03C803BF-8DAE-42E1-BFD8-4BDBE34AED7D.jpeg","thumbnail_width":768,"thumbnail_height":1024,"description":"C\u2019\u00e9tait un grand jour pour les \u00e9l\u00e8ves de sixi\u00e8me aujourd\u2019hui. Apr\u00e8s\u00a0 plusieurs journ\u00e9es de campagne \u00e9lectorale, les \u00e9l\u00e8ves ont enfin pu \u00e9lire leurs d\u00e9l\u00e9gu\u00e9s de classe. M. Lambert, Maire de Teloch\u00e9 nous a fait l\u2019honneur une fois de plus de sa pr\u00e9sence . C\u2019est v\u00eatu de son \u00e9charpe tricolore qu\u2019il a accompagn\u00e9 nos jeunes \u00e9l\u00e8ves [&hellip;]"}