{"version":"1.0","provider_name":"Coll\u00e8ge Saint Jean Baptiste de La Salle","provider_url":"https:\/\/www.stjb-delasalle.fr\/site","author_name":"s.couret","author_url":"https:\/\/www.stjb-delasalle.fr\/site\/author\/s-couret\/","title":"St Jean Bapt\u2019 2022 \u2600\ufe0f - Coll\u00e8ge Saint Jean Baptiste de La Salle","type":"rich","width":600,"height":338,"html":"<blockquote class=\"wp-embedded-content\" data-secret=\"cEALNYhifX\"><a href=\"https:\/\/www.stjb-delasalle.fr\/site\/2022\/06\/03\/st-jean-bapt-2022-%e2%98%80%ef%b8%8f\/\">St Jean Bapt\u2019 2022 \u2600\ufe0f<\/a><\/blockquote><iframe sandbox=\"allow-scripts\" security=\"restricted\" src=\"https:\/\/www.stjb-delasalle.fr\/site\/2022\/06\/03\/st-jean-bapt-2022-%e2%98%80%ef%b8%8f\/embed\/#?secret=cEALNYhifX\" width=\"600\" height=\"338\" title=\"\u00ab\u00a0St Jean Bapt\u2019 2022 \u2600\ufe0f\u00a0\u00bb &#8212; Coll\u00e8ge Saint Jean Baptiste de La Salle\" data-secret=\"cEALNYhifX\" frameborder=\"0\" marginwidth=\"0\" marginheight=\"0\" scrolling=\"no\" class=\"wp-embedded-content\"><\/iframe><script>\n\/*! This file is auto-generated *\/\n!function(d,l){\"use strict\";l.querySelector&&d.addEventListener&&\"undefined\"!=typeof URL&&(d.wp=d.wp||{},d.wp.receiveEmbedMessage||(d.wp.receiveEmbedMessage=function(e){var t=e.data;if((t||t.secret||t.message||t.value)&&!\/[^a-zA-Z0-9]\/.test(t.secret)){for(var s,r,n,a=l.querySelectorAll('iframe[data-secret=\"'+t.secret+'\"]'),o=l.querySelectorAll('blockquote[data-secret=\"'+t.secret+'\"]'),c=new RegExp(\"^https?:$\",\"i\"),i=0;i<o.length;i++)o[i].style.display=\"none\";for(i=0;i<a.length;i++)s=a[i],e.source===s.contentWindow&&(s.removeAttribute(\"style\"),\"height\"===t.message?(1e3<(r=parseInt(t.value,10))?r=1e3:~~r<200&&(r=200),s.height=r):\"link\"===t.message&&(r=new URL(s.getAttribute(\"src\")),n=new URL(t.value),c.test(n.protocol))&&n.host===r.host&&l.activeElement===s&&(d.top.location.href=t.value))}},d.addEventListener(\"message\",d.wp.receiveEmbedMessage,!1),l.addEventListener(\"DOMContentLoaded\",function(){for(var e,t,s=l.querySelectorAll(\"iframe.wp-embedded-content\"),r=0;r<s.length;r++)(t=(e=s[r]).getAttribute(\"data-secret\"))||(t=Math.random().toString(36).substring(2,12),e.src+=\"#?secret=\"+t,e.setAttribute(\"data-secret\",t)),e.contentWindow.postMessage({message:\"ready\",secret:t},\"*\")},!1)))}(window,document);\n\/\/# sourceURL=https:\/\/www.stjb-delasalle.fr\/site\/wp-includes\/js\/wp-embed.min.js\n<\/script>\n","thumbnail_url":"https:\/\/www.stjb-delasalle.fr\/site\/wp-content\/uploads\/2022\/06\/99112411-7DD7-482E-BAB2-34456CF3827E.jpeg","thumbnail_width":1920,"thumbnail_height":1440,"description":"Aujourd\u2019hui nous avons f\u00eat\u00e9 le retour d\u2019une tradition du coll\u00e8ge\u2026 annul\u00e9e depuis deux ans \u00e0 cause des protocoles sanitaires li\u00e9s au Covid. Nous avons relanc\u00e9 notre f\u00eate de La St Jean Bapt&rsquo;. Il s\u2019agissait d&rsquo;un d\u00e9fil\u00e9 de toutes les classes, chacune d\u00e9guis\u00e9e selon un th\u00e8me choisi\u00a0avec leur professeur principal : les \u00e9poques, le noir et [&hellip;]"}