{"version":"1.0","provider_name":"Coll\u00e8ge Saint Jean Baptiste de La Salle","provider_url":"https:\/\/www.stjb-delasalle.fr\/site","author_name":"c.guyet","author_url":"https:\/\/www.stjb-delasalle.fr\/site\/author\/c-guyet\/","title":"Sortie exposition - Coll\u00e8ge Saint Jean Baptiste de La Salle","type":"rich","width":600,"height":338,"html":"<blockquote class=\"wp-embedded-content\" data-secret=\"O4S0G9Wz83\"><a href=\"https:\/\/www.stjb-delasalle.fr\/site\/2022\/03\/18\/sortie-exposition\/\">Sortie exposition<\/a><\/blockquote><iframe sandbox=\"allow-scripts\" security=\"restricted\" src=\"https:\/\/www.stjb-delasalle.fr\/site\/2022\/03\/18\/sortie-exposition\/embed\/#?secret=O4S0G9Wz83\" width=\"600\" height=\"338\" title=\"\u00ab\u00a0Sortie exposition\u00a0\u00bb &#8212; Coll\u00e8ge Saint Jean Baptiste de La Salle\" data-secret=\"O4S0G9Wz83\" frameborder=\"0\" marginwidth=\"0\" marginheight=\"0\" scrolling=\"no\" class=\"wp-embedded-content\"><\/iframe><script>\n\/*! This file is auto-generated *\/\n!function(d,l){\"use strict\";l.querySelector&&d.addEventListener&&\"undefined\"!=typeof URL&&(d.wp=d.wp||{},d.wp.receiveEmbedMessage||(d.wp.receiveEmbedMessage=function(e){var t=e.data;if((t||t.secret||t.message||t.value)&&!\/[^a-zA-Z0-9]\/.test(t.secret)){for(var s,r,n,a=l.querySelectorAll('iframe[data-secret=\"'+t.secret+'\"]'),o=l.querySelectorAll('blockquote[data-secret=\"'+t.secret+'\"]'),c=new RegExp(\"^https?:$\",\"i\"),i=0;i<o.length;i++)o[i].style.display=\"none\";for(i=0;i<a.length;i++)s=a[i],e.source===s.contentWindow&&(s.removeAttribute(\"style\"),\"height\"===t.message?(1e3<(r=parseInt(t.value,10))?r=1e3:~~r<200&&(r=200),s.height=r):\"link\"===t.message&&(r=new URL(s.getAttribute(\"src\")),n=new URL(t.value),c.test(n.protocol))&&n.host===r.host&&l.activeElement===s&&(d.top.location.href=t.value))}},d.addEventListener(\"message\",d.wp.receiveEmbedMessage,!1),l.addEventListener(\"DOMContentLoaded\",function(){for(var e,t,s=l.querySelectorAll(\"iframe.wp-embedded-content\"),r=0;r<s.length;r++)(t=(e=s[r]).getAttribute(\"data-secret\"))||(t=Math.random().toString(36).substring(2,12),e.src+=\"#?secret=\"+t,e.setAttribute(\"data-secret\",t)),e.contentWindow.postMessage({message:\"ready\",secret:t},\"*\")},!1)))}(window,document);\n\/\/# sourceURL=https:\/\/www.stjb-delasalle.fr\/site\/wp-includes\/js\/wp-embed.min.js\n<\/script>\n","thumbnail_url":"https:\/\/www.stjb-delasalle.fr\/site\/wp-content\/uploads\/2022\/03\/20220227_163601000_iOS.jpg","thumbnail_width":1527,"thumbnail_height":1030,"description":"PLANKT\u00d3S Nous sommes all\u00e9s voir avec l\u2019option art l\u2019exposition \u201c PLANKTOS\u201d de Th\u00e9o Massoulier le mercredi 09 Mars aux Quinconces de 17h30 \u00e0 19h.\u00a0 Th\u00e9o Massoulier est passionn\u00e9 par la question de l\u2019anthropoc\u00e8ne (en gros, tous les effets n\u00e9fastes que l\u2019activit\u00e9 humaine g\u00e9n\u00e8re sur notre \u00e9cosyst\u00e8me) et par la notion d\u2019entropie (en gros, tout ce [&hellip;]"}