{"version":"1.0","provider_name":"Coll\u00e8ge Saint Jean Baptiste de La Salle","provider_url":"https:\/\/www.stjb-delasalle.fr\/site","author_name":"s.couret","author_url":"https:\/\/www.stjb-delasalle.fr\/site\/author\/s-couret\/","title":"Une s\u00e9ance d'arts plastiques ...dans le noir ! - Coll\u00e8ge Saint Jean Baptiste de La Salle","type":"rich","width":600,"height":338,"html":"<blockquote class=\"wp-embedded-content\" data-secret=\"NkOCBi03Uj\"><a href=\"https:\/\/www.stjb-delasalle.fr\/site\/2021\/12\/09\/une-seance-darts-plastiques-dans-le-noir\/\">Une s\u00e9ance d&rsquo;arts plastiques &#8230;dans le noir !<\/a><\/blockquote><iframe sandbox=\"allow-scripts\" security=\"restricted\" src=\"https:\/\/www.stjb-delasalle.fr\/site\/2021\/12\/09\/une-seance-darts-plastiques-dans-le-noir\/embed\/#?secret=NkOCBi03Uj\" width=\"600\" height=\"338\" title=\"\u00ab\u00a0Une s\u00e9ance d&rsquo;arts plastiques &#8230;dans le noir !\u00a0\u00bb &#8212; Coll\u00e8ge Saint Jean Baptiste de La Salle\" data-secret=\"NkOCBi03Uj\" frameborder=\"0\" marginwidth=\"0\" marginheight=\"0\" scrolling=\"no\" class=\"wp-embedded-content\"><\/iframe><script>\n\/*! This file is auto-generated *\/\n!function(d,l){\"use strict\";l.querySelector&&d.addEventListener&&\"undefined\"!=typeof URL&&(d.wp=d.wp||{},d.wp.receiveEmbedMessage||(d.wp.receiveEmbedMessage=function(e){var t=e.data;if((t||t.secret||t.message||t.value)&&!\/[^a-zA-Z0-9]\/.test(t.secret)){for(var s,r,n,a=l.querySelectorAll('iframe[data-secret=\"'+t.secret+'\"]'),o=l.querySelectorAll('blockquote[data-secret=\"'+t.secret+'\"]'),c=new RegExp(\"^https?:$\",\"i\"),i=0;i<o.length;i++)o[i].style.display=\"none\";for(i=0;i<a.length;i++)s=a[i],e.source===s.contentWindow&&(s.removeAttribute(\"style\"),\"height\"===t.message?(1e3<(r=parseInt(t.value,10))?r=1e3:~~r<200&&(r=200),s.height=r):\"link\"===t.message&&(r=new URL(s.getAttribute(\"src\")),n=new URL(t.value),c.test(n.protocol))&&n.host===r.host&&l.activeElement===s&&(d.top.location.href=t.value))}},d.addEventListener(\"message\",d.wp.receiveEmbedMessage,!1),l.addEventListener(\"DOMContentLoaded\",function(){for(var e,t,s=l.querySelectorAll(\"iframe.wp-embedded-content\"),r=0;r<s.length;r++)(t=(e=s[r]).getAttribute(\"data-secret\"))||(t=Math.random().toString(36).substring(2,12),e.src+=\"#?secret=\"+t,e.setAttribute(\"data-secret\",t)),e.contentWindow.postMessage({message:\"ready\",secret:t},\"*\")},!1)))}(window,document);\n\/\/# sourceURL=https:\/\/www.stjb-delasalle.fr\/site\/wp-includes\/js\/wp-embed.min.js\n<\/script>\n","thumbnail_url":"https:\/\/www.stjb-delasalle.fr\/site\/wp-content\/uploads\/2021\/12\/83A5A537-D254-4F7D-8E8F-540DE9F62CA4.jpeg","thumbnail_width":1920,"thumbnail_height":1440,"description":"Ombres chinoises&#8230; Mardi apr\u00e8s-midi, sur le secteur de Teloch\u00e9, coupure de courant g\u00e9n\u00e9rale&#8230; le coll\u00e8ge plong\u00e9 dans l&rsquo;obscurit\u00e9 pour les derni\u00e8res heures de cours&#8230; En cours d&rsquo;arts plastiques, la classe de 6F a pu exp\u00e9rimenter un travail d&rsquo;ombre et de lumi\u00e8re&#8230;en cr\u00e9ant des formes et leurs ombres port\u00e9es sur les murs de la classe \u00e0 [&hellip;]"}