{"version":"1.0","provider_name":"Coll\u00e8ge Saint Jean Baptiste de La Salle","provider_url":"https:\/\/www.stjb-delasalle.fr\/site","author_name":"r.zucchetti","author_url":"https:\/\/www.stjb-delasalle.fr\/site\/author\/r-zucchetti\/","title":"Semaine des langues 2021, une \u00e9dition hybride ! - Coll\u00e8ge Saint Jean Baptiste de La Salle","type":"rich","width":600,"height":338,"html":"<blockquote class=\"wp-embedded-content\" data-secret=\"UK054abPsx\"><a href=\"https:\/\/www.stjb-delasalle.fr\/site\/2021\/05\/26\/semaine-des-langues-2021-une-edition-hybride\/\">Semaine des langues 2021, une \u00e9dition hybride !<\/a><\/blockquote><iframe sandbox=\"allow-scripts\" security=\"restricted\" src=\"https:\/\/www.stjb-delasalle.fr\/site\/2021\/05\/26\/semaine-des-langues-2021-une-edition-hybride\/embed\/#?secret=UK054abPsx\" width=\"600\" height=\"338\" title=\"\u00ab\u00a0Semaine des langues 2021, une \u00e9dition hybride !\u00a0\u00bb &#8212; Coll\u00e8ge Saint Jean Baptiste de La Salle\" data-secret=\"UK054abPsx\" frameborder=\"0\" marginwidth=\"0\" marginheight=\"0\" scrolling=\"no\" class=\"wp-embedded-content\"><\/iframe><script>\n\/*! This file is auto-generated *\/\n!function(d,l){\"use strict\";l.querySelector&&d.addEventListener&&\"undefined\"!=typeof URL&&(d.wp=d.wp||{},d.wp.receiveEmbedMessage||(d.wp.receiveEmbedMessage=function(e){var t=e.data;if((t||t.secret||t.message||t.value)&&!\/[^a-zA-Z0-9]\/.test(t.secret)){for(var s,r,n,a=l.querySelectorAll('iframe[data-secret=\"'+t.secret+'\"]'),o=l.querySelectorAll('blockquote[data-secret=\"'+t.secret+'\"]'),c=new RegExp(\"^https?:$\",\"i\"),i=0;i<o.length;i++)o[i].style.display=\"none\";for(i=0;i<a.length;i++)s=a[i],e.source===s.contentWindow&&(s.removeAttribute(\"style\"),\"height\"===t.message?(1e3<(r=parseInt(t.value,10))?r=1e3:~~r<200&&(r=200),s.height=r):\"link\"===t.message&&(r=new URL(s.getAttribute(\"src\")),n=new URL(t.value),c.test(n.protocol))&&n.host===r.host&&l.activeElement===s&&(d.top.location.href=t.value))}},d.addEventListener(\"message\",d.wp.receiveEmbedMessage,!1),l.addEventListener(\"DOMContentLoaded\",function(){for(var e,t,s=l.querySelectorAll(\"iframe.wp-embedded-content\"),r=0;r<s.length;r++)(t=(e=s[r]).getAttribute(\"data-secret\"))||(t=Math.random().toString(36).substring(2,12),e.src+=\"#?secret=\"+t,e.setAttribute(\"data-secret\",t)),e.contentWindow.postMessage({message:\"ready\",secret:t},\"*\")},!1)))}(window,document);\n\/\/# sourceURL=https:\/\/www.stjb-delasalle.fr\/site\/wp-includes\/js\/wp-embed.min.js\n<\/script>\n","thumbnail_url":null,"thumbnail_width":null,"thumbnail_height":null,"description":"La semaine des langues a eu lieu du 17 au 21 mai et a pris diff\u00e9rentes formes\u00a0: format num\u00e9rique avec les padlets pr\u00e9sentant le travail de tous les \u00e9l\u00e8ves du coll\u00e8ge (6\u00e8me avec le th\u00e8me de l\u2019\u00e9cole, 5\u00e8me avec les personnalit\u00e9s des diff\u00e9rents pays, 4\u00e8me avec des recettes ou des dialogues au restaurant, 3\u00e8me avec [&hellip;]"}