{"version":"1.0","provider_name":"Coll\u00e8ge Saint Jean Baptiste de La Salle","provider_url":"https:\/\/www.stjb-delasalle.fr\/site","author_name":"r.zucchetti","author_url":"https:\/\/www.stjb-delasalle.fr\/site\/author\/r-zucchetti\/","title":"22 janvier, journ\u00e9e de l\u2019amiti\u00e9 franco-allemande ! - Coll\u00e8ge Saint Jean Baptiste de La Salle","type":"rich","width":600,"height":338,"html":"<blockquote class=\"wp-embedded-content\" data-secret=\"m5866Fybuy\"><a href=\"https:\/\/www.stjb-delasalle.fr\/site\/2021\/01\/28\/22-janvier-journee-de-lamitie-franco-allemande\/\">22 janvier, journ\u00e9e de l\u2019amiti\u00e9 franco-allemande !<\/a><\/blockquote><iframe sandbox=\"allow-scripts\" security=\"restricted\" src=\"https:\/\/www.stjb-delasalle.fr\/site\/2021\/01\/28\/22-janvier-journee-de-lamitie-franco-allemande\/embed\/#?secret=m5866Fybuy\" width=\"600\" height=\"338\" title=\"\u00ab\u00a022 janvier, journ\u00e9e de l\u2019amiti\u00e9 franco-allemande !\u00a0\u00bb &#8212; Coll\u00e8ge Saint Jean Baptiste de La Salle\" data-secret=\"m5866Fybuy\" frameborder=\"0\" marginwidth=\"0\" marginheight=\"0\" scrolling=\"no\" class=\"wp-embedded-content\"><\/iframe><script>\n\/*! This file is auto-generated *\/\n!function(d,l){\"use strict\";l.querySelector&&d.addEventListener&&\"undefined\"!=typeof URL&&(d.wp=d.wp||{},d.wp.receiveEmbedMessage||(d.wp.receiveEmbedMessage=function(e){var t=e.data;if((t||t.secret||t.message||t.value)&&!\/[^a-zA-Z0-9]\/.test(t.secret)){for(var s,r,n,a=l.querySelectorAll('iframe[data-secret=\"'+t.secret+'\"]'),o=l.querySelectorAll('blockquote[data-secret=\"'+t.secret+'\"]'),c=new RegExp(\"^https?:$\",\"i\"),i=0;i<o.length;i++)o[i].style.display=\"none\";for(i=0;i<a.length;i++)s=a[i],e.source===s.contentWindow&&(s.removeAttribute(\"style\"),\"height\"===t.message?(1e3<(r=parseInt(t.value,10))?r=1e3:~~r<200&&(r=200),s.height=r):\"link\"===t.message&&(r=new URL(s.getAttribute(\"src\")),n=new URL(t.value),c.test(n.protocol))&&n.host===r.host&&l.activeElement===s&&(d.top.location.href=t.value))}},d.addEventListener(\"message\",d.wp.receiveEmbedMessage,!1),l.addEventListener(\"DOMContentLoaded\",function(){for(var e,t,s=l.querySelectorAll(\"iframe.wp-embedded-content\"),r=0;r<s.length;r++)(t=(e=s[r]).getAttribute(\"data-secret\"))||(t=Math.random().toString(36).substring(2,12),e.src+=\"#?secret=\"+t,e.setAttribute(\"data-secret\",t)),e.contentWindow.postMessage({message:\"ready\",secret:t},\"*\")},!1)))}(window,document);\n\/\/# sourceURL=https:\/\/www.stjb-delasalle.fr\/site\/wp-includes\/js\/wp-embed.min.js\n<\/script>\n","thumbnail_url":null,"thumbnail_width":null,"thumbnail_height":null,"description":"Le 22 janvier\u00a0 a \u00e9t\u00e9 symbolis\u00e9 par le trait\u00e9 de coop\u00e9ration sign\u00e9 le\u00a022 janvier\u00a01963 entre le pr\u00e9sident fran\u00e7ais Charles de Gaulle et le chancelier allemand Konrad Adenauer. Ce trait\u00e9 avait vocation \u00e0 sceller la r\u00e9conciliation et l&rsquo;amiti\u00e9 franco&#8211;allemande. Il engage les deux gouvernements \u00e0 \u00e9largir les programmes franco-allemands de mobilit\u00e9 et \u00e0 mettre en place [&hellip;]"}