{"version":"1.0","provider_name":"Coll\u00e8ge Saint Jean Baptiste de La Salle","provider_url":"https:\/\/www.stjb-delasalle.fr\/site","author_name":"c.guyet","author_url":"https:\/\/www.stjb-delasalle.fr\/site\/author\/c-guyet\/","title":"La libert\u00e9 d'expression : caricatures et dessin de presse - Coll\u00e8ge Saint Jean Baptiste de La Salle","type":"rich","width":600,"height":338,"html":"<blockquote class=\"wp-embedded-content\" data-secret=\"6NiZdEswED\"><a href=\"https:\/\/www.stjb-delasalle.fr\/site\/2021\/01\/17\/liberte-expression-2\/\">La libert\u00e9 d&rsquo;expression : caricatures et dessin de presse<\/a><\/blockquote><iframe sandbox=\"allow-scripts\" security=\"restricted\" src=\"https:\/\/www.stjb-delasalle.fr\/site\/2021\/01\/17\/liberte-expression-2\/embed\/#?secret=6NiZdEswED\" width=\"600\" height=\"338\" title=\"\u00ab\u00a0La libert\u00e9 d&rsquo;expression : caricatures et dessin de presse\u00a0\u00bb &#8212; Coll\u00e8ge Saint Jean Baptiste de La Salle\" data-secret=\"6NiZdEswED\" frameborder=\"0\" marginwidth=\"0\" marginheight=\"0\" scrolling=\"no\" class=\"wp-embedded-content\"><\/iframe><script>\n\/*! This file is auto-generated *\/\n!function(d,l){\"use strict\";l.querySelector&&d.addEventListener&&\"undefined\"!=typeof URL&&(d.wp=d.wp||{},d.wp.receiveEmbedMessage||(d.wp.receiveEmbedMessage=function(e){var t=e.data;if((t||t.secret||t.message||t.value)&&!\/[^a-zA-Z0-9]\/.test(t.secret)){for(var s,r,n,a=l.querySelectorAll('iframe[data-secret=\"'+t.secret+'\"]'),o=l.querySelectorAll('blockquote[data-secret=\"'+t.secret+'\"]'),c=new RegExp(\"^https?:$\",\"i\"),i=0;i<o.length;i++)o[i].style.display=\"none\";for(i=0;i<a.length;i++)s=a[i],e.source===s.contentWindow&&(s.removeAttribute(\"style\"),\"height\"===t.message?(1e3<(r=parseInt(t.value,10))?r=1e3:~~r<200&&(r=200),s.height=r):\"link\"===t.message&&(r=new URL(s.getAttribute(\"src\")),n=new URL(t.value),c.test(n.protocol))&&n.host===r.host&&l.activeElement===s&&(d.top.location.href=t.value))}},d.addEventListener(\"message\",d.wp.receiveEmbedMessage,!1),l.addEventListener(\"DOMContentLoaded\",function(){for(var e,t,s=l.querySelectorAll(\"iframe.wp-embedded-content\"),r=0;r<s.length;r++)(t=(e=s[r]).getAttribute(\"data-secret\"))||(t=Math.random().toString(36).substring(2,12),e.src+=\"#?secret=\"+t,e.setAttribute(\"data-secret\",t)),e.contentWindow.postMessage({message:\"ready\",secret:t},\"*\")},!1)))}(window,document);\n\/\/# sourceURL=https:\/\/www.stjb-delasalle.fr\/site\/wp-includes\/js\/wp-embed.min.js\n<\/script>\n","thumbnail_url":null,"thumbnail_width":null,"thumbnail_height":null,"description":"S\u00e9quence sur&#8230;\u00a0 La libert\u00e9 d&rsquo;expression : Caricatures et dessins de presse &#8211;\u00a0 Arts plastiques\/EMC Apr\u00e8s avoir visionn\u00e9 un\u00a0 diaporama de caricatures et avoir rep\u00e9r\u00e9 des dessins de presse dans deux grands quotidiens, les \u00e9l\u00e8ves de 6eC et de 6eE ont \u00e9tudi\u00e9 des textes officiels sur la libert\u00e9 d&rsquo;expression en EMC. Ils ont ensuite fait un [&hellip;]"}