{"version":"1.0","provider_name":"Coll\u00e8ge Saint Jean Baptiste de La Salle","provider_url":"https:\/\/www.stjb-delasalle.fr\/site","author_name":"c.guyet","author_url":"https:\/\/www.stjb-delasalle.fr\/site\/author\/c-guyet\/","title":"Le 1er mai - Coll\u00e8ge Saint Jean Baptiste de La Salle","type":"rich","width":600,"height":338,"html":"<blockquote class=\"wp-embedded-content\" data-secret=\"F6ntquzG5i\"><a href=\"https:\/\/www.stjb-delasalle.fr\/site\/2020\/09\/26\/la-revolution-neolithique-2-2-3-2\/\">Le 1er mai<\/a><\/blockquote><iframe sandbox=\"allow-scripts\" security=\"restricted\" src=\"https:\/\/www.stjb-delasalle.fr\/site\/2020\/09\/26\/la-revolution-neolithique-2-2-3-2\/embed\/#?secret=F6ntquzG5i\" width=\"600\" height=\"338\" title=\"\u00ab\u00a0Le 1er mai\u00a0\u00bb &#8212; Coll\u00e8ge Saint Jean Baptiste de La Salle\" data-secret=\"F6ntquzG5i\" frameborder=\"0\" marginwidth=\"0\" marginheight=\"0\" scrolling=\"no\" class=\"wp-embedded-content\"><\/iframe><script>\n\/*! This file is auto-generated *\/\n!function(d,l){\"use strict\";l.querySelector&&d.addEventListener&&\"undefined\"!=typeof URL&&(d.wp=d.wp||{},d.wp.receiveEmbedMessage||(d.wp.receiveEmbedMessage=function(e){var t=e.data;if((t||t.secret||t.message||t.value)&&!\/[^a-zA-Z0-9]\/.test(t.secret)){for(var s,r,n,a=l.querySelectorAll('iframe[data-secret=\"'+t.secret+'\"]'),o=l.querySelectorAll('blockquote[data-secret=\"'+t.secret+'\"]'),c=new RegExp(\"^https?:$\",\"i\"),i=0;i<o.length;i++)o[i].style.display=\"none\";for(i=0;i<a.length;i++)s=a[i],e.source===s.contentWindow&&(s.removeAttribute(\"style\"),\"height\"===t.message?(1e3<(r=parseInt(t.value,10))?r=1e3:~~r<200&&(r=200),s.height=r):\"link\"===t.message&&(r=new URL(s.getAttribute(\"src\")),n=new URL(t.value),c.test(n.protocol))&&n.host===r.host&&l.activeElement===s&&(d.top.location.href=t.value))}},d.addEventListener(\"message\",d.wp.receiveEmbedMessage,!1),l.addEventListener(\"DOMContentLoaded\",function(){for(var e,t,s=l.querySelectorAll(\"iframe.wp-embedded-content\"),r=0;r<s.length;r++)(t=(e=s[r]).getAttribute(\"data-secret\"))||(t=Math.random().toString(36).substring(2,12),e.src+=\"#?secret=\"+t,e.setAttribute(\"data-secret\",t)),e.contentWindow.postMessage({message:\"ready\",secret:t},\"*\")},!1)))}(window,document);\n\/\/# sourceURL=https:\/\/www.stjb-delasalle.fr\/site\/wp-includes\/js\/wp-embed.min.js\n<\/script>\n","thumbnail_url":null,"thumbnail_width":null,"thumbnail_height":null,"description":"Le Premier mai ou journ\u00e9e internationale des travailleurs est une journ\u00e9e de c\u00e9l\u00e9bration des combats du mouvement ouvrier. Elle est c\u00e9l\u00e9br\u00e9e dans de nombreux pays du monde et est souvent un jour f\u00e9ri\u00e9\u00a0; le 1er\u00a0mai est l\u2019occasion d\u2019importantes manifestations des travailleurs et des travailleuses. \u00a0#Les vid\u00e9o : Un jour une actu (1:42) https:\/\/www.1jour1actu.com\/info-animee\/pourquoi-y-a-t-il-une-fete-du-travail"}