{"version":"1.0","provider_name":"Coll\u00e8ge Saint Jean Baptiste de La Salle","provider_url":"https:\/\/www.stjb-delasalle.fr\/site","author_name":"r.zucchetti","author_url":"https:\/\/www.stjb-delasalle.fr\/site\/author\/r-zucchetti\/","title":"Journ\u00e9e \u00e0 Caen \/ M\u00e9morial & Cimeti\u00e8re am\u00e9ricain - Coll\u00e8ge Saint Jean Baptiste de La Salle","type":"rich","width":600,"height":338,"html":"<blockquote class=\"wp-embedded-content\" data-secret=\"KszBAVFyen\"><a href=\"https:\/\/www.stjb-delasalle.fr\/site\/2019\/05\/15\/journee-a-caen-memorial-cimetiere-americain\/\">Journ\u00e9e \u00e0 Caen \/ M\u00e9morial &#038; Cimeti\u00e8re am\u00e9ricain<\/a><\/blockquote><iframe sandbox=\"allow-scripts\" security=\"restricted\" src=\"https:\/\/www.stjb-delasalle.fr\/site\/2019\/05\/15\/journee-a-caen-memorial-cimetiere-americain\/embed\/#?secret=KszBAVFyen\" width=\"600\" height=\"338\" title=\"\u00ab\u00a0Journ\u00e9e \u00e0 Caen \/ M\u00e9morial &#038; Cimeti\u00e8re am\u00e9ricain\u00a0\u00bb &#8212; Coll\u00e8ge Saint Jean Baptiste de La Salle\" data-secret=\"KszBAVFyen\" frameborder=\"0\" marginwidth=\"0\" marginheight=\"0\" scrolling=\"no\" class=\"wp-embedded-content\"><\/iframe><script>\n\/*! This file is auto-generated *\/\n!function(d,l){\"use strict\";l.querySelector&&d.addEventListener&&\"undefined\"!=typeof URL&&(d.wp=d.wp||{},d.wp.receiveEmbedMessage||(d.wp.receiveEmbedMessage=function(e){var t=e.data;if((t||t.secret||t.message||t.value)&&!\/[^a-zA-Z0-9]\/.test(t.secret)){for(var s,r,n,a=l.querySelectorAll('iframe[data-secret=\"'+t.secret+'\"]'),o=l.querySelectorAll('blockquote[data-secret=\"'+t.secret+'\"]'),c=new RegExp(\"^https?:$\",\"i\"),i=0;i<o.length;i++)o[i].style.display=\"none\";for(i=0;i<a.length;i++)s=a[i],e.source===s.contentWindow&&(s.removeAttribute(\"style\"),\"height\"===t.message?(1e3<(r=parseInt(t.value,10))?r=1e3:~~r<200&&(r=200),s.height=r):\"link\"===t.message&&(r=new URL(s.getAttribute(\"src\")),n=new URL(t.value),c.test(n.protocol))&&n.host===r.host&&l.activeElement===s&&(d.top.location.href=t.value))}},d.addEventListener(\"message\",d.wp.receiveEmbedMessage,!1),l.addEventListener(\"DOMContentLoaded\",function(){for(var e,t,s=l.querySelectorAll(\"iframe.wp-embedded-content\"),r=0;r<s.length;r++)(t=(e=s[r]).getAttribute(\"data-secret\"))||(t=Math.random().toString(36).substring(2,12),e.src+=\"#?secret=\"+t,e.setAttribute(\"data-secret\",t)),e.contentWindow.postMessage({message:\"ready\",secret:t},\"*\")},!1)))}(window,document);\n\/\/# sourceURL=https:\/\/www.stjb-delasalle.fr\/site\/wp-includes\/js\/wp-embed.min.js\n<\/script>\n","thumbnail_url":null,"thumbnail_width":null,"thumbnail_height":null,"description":"Mardi 26 F\u00e9vrier 2019, tous les \u00e9l\u00e8ves de 3\u00e8me sont all\u00e9s \u00e0 Caen afin de rendre plus concr\u00e8tes certaines parties du programme d\u2019Histoire sur la Seconde Guerre Mondiale, \u00e0 travers la visite du cimeti\u00e8re am\u00e9ricain d&rsquo;Omaha et du M\u00e9morial de Caen. Au retour, il a \u00e9t\u00e9 demand\u00e9 aux \u00e9l\u00e8ves de r\u00e9diger \u00e0 l\u2019aide de l\u2019outil [&hellip;]"}