{"version":"1.0","provider_name":"Coll\u00e8ge Saint Jean Baptiste de La Salle","provider_url":"https:\/\/www.stjb-delasalle.fr\/site","author_name":"r.zucchetti","author_url":"https:\/\/www.stjb-delasalle.fr\/site\/author\/r-zucchetti\/","title":"Concert de No\u00ebl - Coll\u00e8ge Saint Jean Baptiste de La Salle","type":"rich","width":600,"height":338,"html":"<blockquote class=\"wp-embedded-content\" data-secret=\"VtmzYd5KnY\"><a href=\"https:\/\/www.stjb-delasalle.fr\/site\/2018\/12\/18\/concert-de-noel-2\/\">Concert de No\u00ebl<\/a><\/blockquote><iframe sandbox=\"allow-scripts\" security=\"restricted\" src=\"https:\/\/www.stjb-delasalle.fr\/site\/2018\/12\/18\/concert-de-noel-2\/embed\/#?secret=VtmzYd5KnY\" width=\"600\" height=\"338\" title=\"\u00ab\u00a0Concert de No\u00ebl\u00a0\u00bb &#8212; Coll\u00e8ge Saint Jean Baptiste de La Salle\" data-secret=\"VtmzYd5KnY\" frameborder=\"0\" marginwidth=\"0\" marginheight=\"0\" scrolling=\"no\" class=\"wp-embedded-content\"><\/iframe><script>\n\/*! This file is auto-generated *\/\n!function(d,l){\"use strict\";l.querySelector&&d.addEventListener&&\"undefined\"!=typeof URL&&(d.wp=d.wp||{},d.wp.receiveEmbedMessage||(d.wp.receiveEmbedMessage=function(e){var t=e.data;if((t||t.secret||t.message||t.value)&&!\/[^a-zA-Z0-9]\/.test(t.secret)){for(var s,r,n,a=l.querySelectorAll('iframe[data-secret=\"'+t.secret+'\"]'),o=l.querySelectorAll('blockquote[data-secret=\"'+t.secret+'\"]'),c=new RegExp(\"^https?:$\",\"i\"),i=0;i<o.length;i++)o[i].style.display=\"none\";for(i=0;i<a.length;i++)s=a[i],e.source===s.contentWindow&&(s.removeAttribute(\"style\"),\"height\"===t.message?(1e3<(r=parseInt(t.value,10))?r=1e3:~~r<200&&(r=200),s.height=r):\"link\"===t.message&&(r=new URL(s.getAttribute(\"src\")),n=new URL(t.value),c.test(n.protocol))&&n.host===r.host&&l.activeElement===s&&(d.top.location.href=t.value))}},d.addEventListener(\"message\",d.wp.receiveEmbedMessage,!1),l.addEventListener(\"DOMContentLoaded\",function(){for(var e,t,s=l.querySelectorAll(\"iframe.wp-embedded-content\"),r=0;r<s.length;r++)(t=(e=s[r]).getAttribute(\"data-secret\"))||(t=Math.random().toString(36).substring(2,12),e.src+=\"#?secret=\"+t,e.setAttribute(\"data-secret\",t)),e.contentWindow.postMessage({message:\"ready\",secret:t},\"*\")},!1)))}(window,document);\n\/\/# sourceURL=https:\/\/www.stjb-delasalle.fr\/site\/wp-includes\/js\/wp-embed.min.js\n<\/script>\n","thumbnail_url":null,"thumbnail_width":null,"thumbnail_height":null,"description":"MERCI \u00e0 chaque choriste pour la belle prestation de ce dimanche 16 d\u00e9cembre dans le cadre du Concert \u00a0\u00bb 200 choristes pour les 200 ans de Stille Nacht\u00a0\u00bb au Mans.\u00a0 Interpr\u00e9tation de No\u00ebls en plusieurs langues avec les jeunes choristes de La Psallette Saint Vincent. Ils \u00e9taient \u00e9paul\u00e9s par plusieurs ch\u0153urs d&rsquo;adultes sarthois. Joyeux No\u00ebl [&hellip;]"}