{"version":"1.0","provider_name":"Coll\u00e8ge Saint Jean Baptiste de La Salle","provider_url":"https:\/\/www.stjb-delasalle.fr\/site","author_name":"r.zucchetti","author_url":"https:\/\/www.stjb-delasalle.fr\/site\/author\/r-zucchetti\/","title":"Journ\u00e9e de rentr\u00e9e d'un \u00e9l\u00e8ve de sixi\u00e8me - Coll\u00e8ge Saint Jean Baptiste de La Salle","type":"rich","width":600,"height":338,"html":"<blockquote class=\"wp-embedded-content\" data-secret=\"ahpXO9Wjut\"><a href=\"https:\/\/www.stjb-delasalle.fr\/site\/2018\/09\/04\/journee-de-rentree-dun-eleve-de-sixieme\/\">Journ\u00e9e de rentr\u00e9e d&rsquo;un \u00e9l\u00e8ve de sixi\u00e8me<\/a><\/blockquote><iframe sandbox=\"allow-scripts\" security=\"restricted\" src=\"https:\/\/www.stjb-delasalle.fr\/site\/2018\/09\/04\/journee-de-rentree-dun-eleve-de-sixieme\/embed\/#?secret=ahpXO9Wjut\" width=\"600\" height=\"338\" title=\"\u00ab\u00a0Journ\u00e9e de rentr\u00e9e d&rsquo;un \u00e9l\u00e8ve de sixi\u00e8me\u00a0\u00bb &#8212; Coll\u00e8ge Saint Jean Baptiste de La Salle\" data-secret=\"ahpXO9Wjut\" frameborder=\"0\" marginwidth=\"0\" marginheight=\"0\" scrolling=\"no\" class=\"wp-embedded-content\"><\/iframe><script>\n\/*! This file is auto-generated *\/\n!function(d,l){\"use strict\";l.querySelector&&d.addEventListener&&\"undefined\"!=typeof URL&&(d.wp=d.wp||{},d.wp.receiveEmbedMessage||(d.wp.receiveEmbedMessage=function(e){var t=e.data;if((t||t.secret||t.message||t.value)&&!\/[^a-zA-Z0-9]\/.test(t.secret)){for(var s,r,n,a=l.querySelectorAll('iframe[data-secret=\"'+t.secret+'\"]'),o=l.querySelectorAll('blockquote[data-secret=\"'+t.secret+'\"]'),c=new RegExp(\"^https?:$\",\"i\"),i=0;i<o.length;i++)o[i].style.display=\"none\";for(i=0;i<a.length;i++)s=a[i],e.source===s.contentWindow&&(s.removeAttribute(\"style\"),\"height\"===t.message?(1e3<(r=parseInt(t.value,10))?r=1e3:~~r<200&&(r=200),s.height=r):\"link\"===t.message&&(r=new URL(s.getAttribute(\"src\")),n=new URL(t.value),c.test(n.protocol))&&n.host===r.host&&l.activeElement===s&&(d.top.location.href=t.value))}},d.addEventListener(\"message\",d.wp.receiveEmbedMessage,!1),l.addEventListener(\"DOMContentLoaded\",function(){for(var e,t,s=l.querySelectorAll(\"iframe.wp-embedded-content\"),r=0;r<s.length;r++)(t=(e=s[r]).getAttribute(\"data-secret\"))||(t=Math.random().toString(36).substring(2,12),e.src+=\"#?secret=\"+t,e.setAttribute(\"data-secret\",t)),e.contentWindow.postMessage({message:\"ready\",secret:t},\"*\")},!1)))}(window,document);\n\/\/# sourceURL=https:\/\/www.stjb-delasalle.fr\/site\/wp-includes\/js\/wp-embed.min.js\n<\/script>\n","thumbnail_url":null,"thumbnail_width":null,"thumbnail_height":null,"description":"Tout au long de la journ\u00e9e du lundi 3 septembre, jour de rentr\u00e9e des \u00e9l\u00e8ves de sixi\u00e8me du coll\u00e8ge Saint Jean Baptiste de La Salle, nous avons publi\u00e9 sur notre page Facebook plusieurs photos montrant quelques \u00e9tapes de cette premi\u00e8re journ\u00e9e riche en informations et en d\u00e9couvertes. Veuillez cliquer sur les images pour les agrandir."}